{"version":"1.0","provider_name":"Avenir Cycliste Lanester 56","provider_url":"https:\/\/www.aclanester56.com\/velo","title":"Trois dirigeants lanest\u00e9riens honor\u00e9s vendredi dernier - Avenir Cycliste Lanester 56","type":"rich","width":600,"height":338,"html":"<blockquote class=\"wp-embedded-content\" data-secret=\"nZjkdM4UYJ\"><a href=\"https:\/\/www.aclanester56.com\/velo\/trois-dirigeants-lanesteriens-honores-vendredi-dernier\/\">Trois dirigeants lanest\u00e9riens honor\u00e9s vendredi dernier<\/a><\/blockquote><iframe sandbox=\"allow-scripts\" security=\"restricted\" src=\"https:\/\/www.aclanester56.com\/velo\/trois-dirigeants-lanesteriens-honores-vendredi-dernier\/embed\/#?secret=nZjkdM4UYJ\" width=\"600\" height=\"338\" title=\"\u00ab\u00a0Trois dirigeants lanest\u00e9riens honor\u00e9s vendredi dernier\u00a0\u00bb &#8212; Avenir Cycliste Lanester 56\" data-secret=\"nZjkdM4UYJ\" frameborder=\"0\" marginwidth=\"0\" marginheight=\"0\" scrolling=\"no\" class=\"wp-embedded-content\"><\/iframe><script type=\"text\/javascript\">\n\/* <![CDATA[ *\/\n\/*! This file is auto-generated *\/\n!function(d,l){\"use strict\";l.querySelector&&d.addEventListener&&\"undefined\"!=typeof URL&&(d.wp=d.wp||{},d.wp.receiveEmbedMessage||(d.wp.receiveEmbedMessage=function(e){var t=e.data;if((t||t.secret||t.message||t.value)&&!\/[^a-zA-Z0-9]\/.test(t.secret)){for(var s,r,n,a=l.querySelectorAll('iframe[data-secret=\"'+t.secret+'\"]'),o=l.querySelectorAll('blockquote[data-secret=\"'+t.secret+'\"]'),c=new RegExp(\"^https?:$\",\"i\"),i=0;i<o.length;i++)o[i].style.display=\"none\";for(i=0;i<a.length;i++)s=a[i],e.source===s.contentWindow&&(s.removeAttribute(\"style\"),\"height\"===t.message?(1e3<(r=parseInt(t.value,10))?r=1e3:~~r<200&&(r=200),s.height=r):\"link\"===t.message&&(r=new URL(s.getAttribute(\"src\")),n=new URL(t.value),c.test(n.protocol))&&n.host===r.host&&l.activeElement===s&&(d.top.location.href=t.value))}},d.addEventListener(\"message\",d.wp.receiveEmbedMessage,!1),l.addEventListener(\"DOMContentLoaded\",function(){for(var e,t,s=l.querySelectorAll(\"iframe.wp-embedded-content\"),r=0;r<s.length;r++)(t=(e=s[r]).getAttribute(\"data-secret\"))||(t=Math.random().toString(36).substring(2,12),e.src+=\"#?secret=\"+t,e.setAttribute(\"data-secret\",t)),e.contentWindow.postMessage({message:\"ready\",secret:t},\"*\")},!1)))}(window,document);\n\/\/# sourceURL=https:\/\/www.aclanester56.com\/velo\/wp-includes\/js\/wp-embed.min.js\n\/* ]]> *\/\n<\/script>\n","thumbnail_url":"https:\/\/www.aclanester56.com\/velo\/wp-content\/uploads\/2011\/02\/DSC_8375.jpg","thumbnail_width":3216,"thumbnail_height":2136,"description":"Trois b\u00e9n\u00e9voles actifs licenci\u00e9s \u00e0 l&rsquo;AC LANESTER 56 avaient \u00e9t\u00e9 r\u00e9compens\u00e9s lors de l&rsquo;assembl\u00e9e g\u00e9n\u00e9rale du Comit\u00e9 du Morbihan de [&hellip;]"}