{"id":16903,"date":"2013-12-23T22:22:04","date_gmt":"2013-12-23T20:22:04","guid":{"rendered":"http:\/\/www.aclanester56.com\/velo\/?page_id=16903"},"modified":"2013-12-23T23:15:38","modified_gmt":"2013-12-23T21:15:38","slug":"archives-des-articles","status":"publish","type":"page","link":"https:\/\/www.aclanester56.com\/velo\/archives-des-articles\/","title":{"rendered":"Archives des articles"},"content":{"rendered":"<div id=\"smart-archives-fancy\">\n\t<ul class=\"tabs year-list\">\n\t\t<li>\n\t<a  href=\"https:\/\/www.aclanester56.com\/velo\/2010\/\">2010<\/a>\n<\/li>\n<li>\n\t<a  href=\"https:\/\/www.aclanester56.com\/velo\/2011\/\">2011<\/a>\n<\/li>\n<li>\n\t<a  href=\"https:\/\/www.aclanester56.com\/velo\/2012\/\">2012<\/a>\n<\/li>\n<li>\n\t<a  href=\"https:\/\/www.aclanester56.com\/velo\/2013\/\">2013<\/a>\n<\/li>\n<li>\n\t<a  href=\"https:\/\/www.aclanester56.com\/velo\/2014\/\">2014<\/a>\n<\/li>\n<li>\n\t<a  href=\"https:\/\/www.aclanester56.com\/velo\/2015\/\">2015<\/a>\n<\/li>\n<li>\n\t<a  href=\"https:\/\/www.aclanester56.com\/velo\/2016\/\">2016<\/a>\n<\/li>\n<li>\n\t<a  href=\"https:\/\/www.aclanester56.com\/velo\/2017\/\">2017<\/a>\n<\/li>\n<li>\n\t<a  href=\"https:\/\/www.aclanester56.com\/velo\/2018\/\">2018<\/a>\n<\/li>\n<li>\n\t<a  href=\"https:\/\/www.aclanester56.com\/velo\/2019\/\">2019<\/a>\n<\/li>\n<li>\n\t<a  href=\"https:\/\/www.aclanester56.com\/velo\/2020\/\">2020<\/a>\n<\/li>\n<li>\n\t<a  href=\"https:\/\/www.aclanester56.com\/velo\/2021\/\">2021<\/a>\n<\/li>\n<li>\n\t<a  href=\"https:\/\/www.aclanester56.com\/velo\/2022\/\">2022<\/a>\n<\/li>\n<li>\n\t<a  href=\"https:\/\/www.aclanester56.com\/velo\/2023\/\">2023<\/a>\n<\/li>\n<li>\n\t<a  href=\"https:\/\/www.aclanester56.com\/velo\/2024\/\">2024<\/a>\n<\/li>\n<li>\n\t<a  href=\"https:\/\/www.aclanester56.com\/velo\/2025\/\">2025<\/a>\n<\/li>\n<li>\n\t<a  href=\"https:\/\/www.aclanester56.com\/velo\/2026\/\">2026<\/a>\n<\/li>\n\n\t<\/ul>\n\n\t<div class=\"pane\">\n\t\t<ul id=\"month-list-2010\" class=\"tabs month-list\">\n\t\t\t<li>\t<a  href=\"https:\/\/www.aclanester56.com\/velo\/2010\/01\/\">Jan<\/a>\t<\/li><li>\t<a  href=\"https:\/\/www.aclanester56.com\/velo\/2010\/02\/\">F&eacute;v<\/a>\t<\/li><li>\t<a  href=\"https:\/\/www.aclanester56.com\/velo\/2010\/03\/\">Mar<\/a>\t<\/li><li>\t<a  href=\"https:\/\/www.aclanester56.com\/velo\/2010\/04\/\">Avr<\/a>\t<\/li><li>\t<a  href=\"https:\/\/www.aclanester56.com\/velo\/2010\/05\/\">Mai<\/a>\t<\/li><li>\t<a  href=\"https:\/\/www.aclanester56.com\/velo\/2010\/06\/\">Juin<\/a>\t<\/li><li>\t<a  href=\"https:\/\/www.aclanester56.com\/velo\/2010\/07\/\">Juil<\/a>\t<\/li><li>\t<a  href=\"https:\/\/www.aclanester56.com\/velo\/2010\/08\/\">Ao&ucirc;t<\/a>\t<\/li><li>\t<a  href=\"https:\/\/www.aclanester56.com\/velo\/2010\/09\/\">Sep<\/a>\t<\/li><li>\t<a  href=\"https:\/\/www.aclanester56.com\/velo\/2010\/10\/\">Oct<\/a>\t<\/li><li>\t<a  href=\"https:\/\/www.aclanester56.com\/velo\/2010\/11\/\">Nov<\/a>\t<\/li><li>\t<a  href=\"https:\/\/www.aclanester56.com\/velo\/2010\/12\/\">D&eacute;c<\/a>\t<\/li>\n\t\t<\/ul>\n\t\t<div class=\"pane\">\n\t\t\t<h2 class=\"month-heading\">janvier 2010 <span class=\"month-archive-link\">( <a href=\"https:\/\/www.aclanester56.com\/velo\/2010\/01\/\">Voir la page d&rsquo;archive compl&egrave;te<\/a> )<\/span><\/h2>\n\t\t\t<ul class=\"archive-list\">\n\t\t\t\t<li><a href=\"https:\/\/www.aclanester56.com\/velo\/accident-de-la-circulation\/\">Accident de la circulation<\/a><\/li>\n<li><a href=\"https:\/\/www.aclanester56.com\/velo\/1504\/\">Les Samedis D\u00e9couverte de la Piste 2010<\/a><\/li>\n<li><a href=\"https:\/\/www.aclanester56.com\/velo\/le-soleil-cloture-notre-stage\/\">Le soleil cl\u00f4ture notre stage<\/a><\/li>\n<li><a href=\"https:\/\/www.aclanester56.com\/velo\/%c2%ab-retour-en-angleterre-%c2%bb\/\">\u00ab Retour en Angleterre \u00bb<\/a><\/li>\n<li><a href=\"https:\/\/www.aclanester56.com\/velo\/%c2%ab-convalescence-%c2%bb\/\">\u00ab Convalescence \u00bb<\/a><\/li>\n<li><a href=\"https:\/\/www.aclanester56.com\/velo\/entorse-du-genou\/\">Entorse du Genou<\/a><\/li>\n<li><a href=\"https:\/\/www.aclanester56.com\/velo\/reprise-en-douceur\/\">Reprise en douceur<\/a><\/li>\n<li><a href=\"https:\/\/www.aclanester56.com\/velo\/recuperation-et-liberte\/\">R\u00e9cup\u00e9ration et libert\u00e9<\/a><\/li>\n<li><a href=\"https:\/\/www.aclanester56.com\/velo\/1327\/\">TRO DIV STER<\/a><\/li>\n<li><a href=\"https:\/\/www.aclanester56.com\/velo\/a-propos-de-warren-barguil\/\">A propos de Warren BARGUIL<\/a><\/li>\n<li><a href=\"https:\/\/www.aclanester56.com\/velo\/infirmerie\/\">Infirmerie...<\/a><\/li>\n<li><a href=\"https:\/\/www.aclanester56.com\/velo\/grosse-journee-avant-repos-merite\/\">Grosse journ\u00e9e avant un repos bien m\u00e9rit\u00e9<\/a><\/li>\n<li><a href=\"https:\/\/www.aclanester56.com\/velo\/les-rendez-vous\/\">Agenda<\/a><\/li>\n<li><a href=\"https:\/\/www.aclanester56.com\/velo\/%c2%ab%c2%a0le-soleil-est-arrive%c2%a0%c2%bb\/\">\u00ab\u00a0Le soleil est arriv\u00e9\u00a0\u00bb<\/a><\/li>\n<li><a href=\"https:\/\/www.aclanester56.com\/velo\/premieres-descentes-a-ski\/\">Premi\u00e8res descentes \u00e0 ski<\/a><\/li>\n<li><a href=\"https:\/\/www.aclanester56.com\/velo\/les-samedis-decouverte-de-la-piste-2010\/\">Les samedis d\u00e9couverte de la piste 2010<\/a><\/li>\n<li><a href=\"https:\/\/www.aclanester56.com\/velo\/%c2%ab%c2%a0la-deplacement%c2%a0%c2%bb\/\">\u00ab\u00a0Le d\u00e9placement\u00a0\u00bb<\/a><\/li>\n<li><a href=\"https:\/\/www.aclanester56.com\/velo\/la-galere-de-romain-le-goff\/\">La gal\u00e8re de Romain LE GOFF<\/a><\/li>\n<li><a href=\"https:\/\/www.aclanester56.com\/velo\/du-16-01-au-24-01-stage-doxygenation-dans-les-pyrenees\/\">Du 16 au 24 janvier : Stage d'oxyg\u00e9nation dans les Pyr\u00e9n\u00e9es.<\/a><\/li>\n<li><a href=\"https:\/\/www.aclanester56.com\/velo\/mauvaises-conditions-climatiques\/\">Mauvaises conditions climatiques<\/a><\/li>\n<li><a href=\"https:\/\/www.aclanester56.com\/velo\/978\/\">Un ancien professionnel \u00e0 l'AC LANESTER 56<\/a><\/li>\n<li><a href=\"https:\/\/www.aclanester56.com\/velo\/on-parle-de-nous\/\">On parle de nous ...<\/a><\/li>\n<li><a href=\"https:\/\/www.aclanester56.com\/velo\/du-talent\/\">Du talent...<\/a><\/li>\n<li><a href=\"https:\/\/www.aclanester56.com\/velo\/matthieu-boulo-champion-de-france\/\">Matthieu Boulo champion de France ! <\/a><\/li>\n<li><a href=\"https:\/\/www.aclanester56.com\/velo\/lapoisse-faut-que-cela-change\/\">\"La poisse\" faut que cela change !!! <\/a><\/li>\n<li><a href=\"https:\/\/www.aclanester56.com\/velo\/le-poulidor-de-lanester\/\">\"Le Poulidor\" de Lanester<\/a><\/li>\n<li><a href=\"https:\/\/www.aclanester56.com\/velo\/deuxieme-annee-pour-confirmer\/\">Deuxi\u00e8me ann\u00e9e pour confirmer<\/a><\/li>\n<li><a href=\"https:\/\/www.aclanester56.com\/velo\/le-policier\/\">Le Policier<\/a><\/li>\n<li><a href=\"https:\/\/www.aclanester56.com\/velo\/le-champion-du-morbihan-elite\/\">Le Champion du Morbihan Elite<\/a><\/li>\n<li><a href=\"https:\/\/www.aclanester56.com\/velo\/le-pilier-de-lequipe\/\">Le Pilier de l'\u00e9quipe<\/a><\/li>\n<li><a href=\"https:\/\/www.aclanester56.com\/velo\/encore-un-jeune-coureur-forme-au-club\/\">Encore un jeune coureur form\u00e9 au Club<\/a><\/li>\n<li><a href=\"https:\/\/www.aclanester56.com\/velo\/le-vainqueur-du-tro-div-ster\/\">Le Vainqueur du Tro Div Ster...<\/a><\/li>\n<li><a href=\"https:\/\/www.aclanester56.com\/velo\/lexperience\/\">L'exp\u00e9rience<\/a><\/li>\n<li><a href=\"https:\/\/www.aclanester56.com\/velo\/trois-ans-de-formation\/\">Trois ans de formation<\/a><\/li>\n<li><a href=\"https:\/\/www.aclanester56.com\/velo\/un-champion-de-france-dans-la-dn1-espoirs\/\">Un Champion de France dans la DN1 Espoirs<\/a><\/li>\n<li><a href=\"https:\/\/www.aclanester56.com\/velo\/un-anglais-dans-lequipe-dn1-espoirs\/\">Un Anglais dans l'\u00e9quipe DN1 Espoirs<\/a><\/li>\n<li><a href=\"https:\/\/www.aclanester56.com\/velo\/1er-rendez-vous-de-cette-annee-2010-pour-la-dn1-espoirs\/\">1er rendez vous de cette ann\u00e9e 2010 pour la DN Espoirs<\/a><\/li>\n<li><a href=\"https:\/\/www.aclanester56.com\/velo\/materiel\/\">Mat\u00e9riel<\/a><\/li>\n<li><a href=\"https:\/\/www.aclanester56.com\/velo\/equipement\/\">Equipement<\/a><\/li>\n<li><a href=\"https:\/\/www.aclanester56.com\/velo\/bonjour-tout-le-monde\/\">Bonjour tout le monde !<\/a><\/li>\n\n\t\t\t<\/ul>\n\t\t<\/div>\n\t\t<div class=\"pane\">\n\t\t\t<h2 class=\"month-heading\">f&eacute;vrier 2010 <span class=\"month-archive-link\">( <a href=\"https:\/\/www.aclanester56.com\/velo\/2010\/02\/\">Voir la page d&rsquo;archive compl&egrave;te<\/a> )<\/span><\/h2>\n\t\t\t<ul class=\"archive-list\">\n\t\t\t\t<li><a href=\"https:\/\/www.aclanester56.com\/velo\/loperation-sest-bien-deroulee\/\">L'op\u00e9ration s'est bien d\u00e9roul\u00e9e<\/a><\/li>\n<li><a href=\"https:\/\/www.aclanester56.com\/velo\/la-chance-finie-par-tourner\/\">La chance finit par tourner<\/a><\/li>\n<li><a href=\"https:\/\/www.aclanester56.com\/velo\/ac-lanester-56-presentation-officielle-du-club-2010-et-du-tro-div-ster-les-10-ans\/\">AC LANESTER 56 - Pr\u00e9sentation Officielle du Club 2010 et du TRO DIV STER \"Les 10 Ans\"<\/a><\/li>\n<li><a href=\"https:\/\/www.aclanester56.com\/velo\/linterclub-de-camors\/\">L'interclub de Camors<\/a><\/li>\n<li><a href=\"https:\/\/www.aclanester56.com\/velo\/les-courses-sur-route-commencent\/\">Les courses sur route commencent<\/a><\/li>\n<li><a href=\"https:\/\/www.aclanester56.com\/velo\/warren-barguil-commence-bien-la-saison\/\">Warren Barguil commence bien la saison<\/a><\/li>\n<li><a href=\"https:\/\/www.aclanester56.com\/velo\/les-photos-du-stage-du-6-et-7-fevrier-2010\/\">Les photos du stage des 6 et 7 f\u00e9vrier 2010<\/a><\/li>\n<li><a href=\"https:\/\/www.aclanester56.com\/velo\/finale-des-samedis-decouverte-de-la-piste-2010\/\">Finale des Samedis D\u00e9couverte de la Piste 2010<\/a><\/li>\n<li><a href=\"https:\/\/www.aclanester56.com\/velo\/la-lettre-dinformation-de-votre-club\/\">La lettre d'information de votre Club<\/a><\/li>\n<li><a href=\"https:\/\/www.aclanester56.com\/velo\/le-stage-des-juniors-au-professionnel\/\">Le stage : Des juniors au professionnel<\/a><\/li>\n<li><a href=\"https:\/\/www.aclanester56.com\/velo\/entrainement-des-benjaminsminimes-et-cadets\/\">Entrainement des benjamins, minimes et cadets<\/a><\/li>\n<li><a href=\"https:\/\/www.aclanester56.com\/velo\/les-routes-sont-dangereuses\/\">Les routes sont dangereuses<\/a><\/li>\n<li><a href=\"https:\/\/www.aclanester56.com\/velo\/en-fevrier-encore-des-cyclos-cross\/\">En f\u00e9vrier, encore des cyclo-cross avant la route<\/a><\/li>\n<li><a href=\"https:\/\/www.aclanester56.com\/velo\/le-stage-pre-courses-fevrier-2010\/\">Le stage pr\u00e9-courses F\u00e9vrier 2010<\/a><\/li>\n<li><a href=\"https:\/\/www.aclanester56.com\/velo\/reprise-des-entrainements-sur-piste\/\">Reprise des entrainements sur piste<\/a><\/li>\n\n\t\t\t<\/ul>\n\t\t<\/div>\n\t\t<div class=\"pane\">\n\t\t\t<h2 class=\"month-heading\">mars 2010 <span class=\"month-archive-link\">( <a href=\"https:\/\/www.aclanester56.com\/velo\/2010\/03\/\">Voir la page d&rsquo;archive compl&egrave;te<\/a> )<\/span><\/h2>\n\t\t\t<ul class=\"archive-list\">\n\t\t\t\t<li><a href=\"https:\/\/www.aclanester56.com\/velo\/tro-div-ster-le-tour-des-deux-rivieres-entre-scorff-et-blavet\/\">Tro Div Ster (Le Tour des Deux Rivi\u00e8res \u2013 entre Scorff et Blavet)<\/a><\/li>\n<li><a href=\"https:\/\/www.aclanester56.com\/velo\/le-president-j-y-le-gal-en-visite-chez-notre-partenaire-cycle-marcel-rault\/\">Le Pr\u00e9sident Jean-Yves Le Gal en visite chez notre partenaire Cycle Marcel Rault<\/a><\/li>\n<li><a href=\"https:\/\/www.aclanester56.com\/velo\/la-fleche-de-locmine\/\">La Fl\u00e8che de Locmin\u00e9<\/a><\/li>\n<li><a href=\"https:\/\/www.aclanester56.com\/velo\/ronde-du-printemps-juniors-a-plancoet\/\">Ronde Du Printemps Juniors \u00e0 Planco\u00ebt<\/a><\/li>\n<li><a href=\"https:\/\/www.aclanester56.com\/velo\/presentations-du-tro-div-ster-mais-aussi-des-coursiers-retrospective\/\">Pr\u00e9sentations du Tro Div Ster... mais aussi des Coursiers (r\u00e9trospective)<\/a><\/li>\n<li><a href=\"https:\/\/www.aclanester56.com\/velo\/calendrier-depreuves-sur-route\/\">Calendrier des \u00e9preuves sur route<\/a><\/li>\n<li><a href=\"https:\/\/www.aclanester56.com\/velo\/trophee-louison-bobet-juniors\/\">TROPHEE LOUISON BOBET JUNIORS<\/a><\/li>\n<li><a href=\"https:\/\/www.aclanester56.com\/velo\/tro-div-ster-2010\/\">TRO DIV STER 2010<\/a><\/li>\n<li><a href=\"https:\/\/www.aclanester56.com\/velo\/echange-avec-le-club-de-bmx-dhennebont-3\/\">Echange avec le Club de BMX d'HENNEBONT<\/a><\/li>\n<li><a href=\"https:\/\/www.aclanester56.com\/velo\/noyal-pontivy-minimes-cadets\/\">NOYAL-PONTIVY : Minimes Cadets<\/a><\/li>\n<li><a href=\"https:\/\/www.aclanester56.com\/velo\/circuit-du-morbihan\/\">Circuit du Morbihan<\/a><\/li>\n<li><a href=\"https:\/\/www.aclanester56.com\/velo\/souvenir-louison-bobet\/\">Souvenir Louison Bobet<\/a><\/li>\n<li><a href=\"https:\/\/www.aclanester56.com\/velo\/malchance-pour-frederic-le-dorze\/\">Malchance pour Frederic Le Dorze<\/a><\/li>\n<li><a href=\"https:\/\/www.aclanester56.com\/velo\/manche-atlantique\/\">Manche Atlantique<\/a><\/li>\n<li><a href=\"https:\/\/www.aclanester56.com\/velo\/des-nouvelles-de-matthieu-boulo\/\">Des nouvelles de Matthieu Boulo<\/a><\/li>\n<li><a href=\"https:\/\/www.aclanester56.com\/velo\/la-revanche-de-william-lecorre\/\">La revanche de William LE CORRE<\/a><\/li>\n<li><a href=\"https:\/\/www.aclanester56.com\/velo\/letoile-de-tressignaux\/\">L'\u00e9toile de Tressignaux<\/a><\/li>\n<li><a href=\"https:\/\/www.aclanester56.com\/velo\/programme-courses-juniors-2010-epreuves-federales\/\">Programme courses juniors 2010 - Epreuves f\u00e9d\u00e9rales<\/a><\/li>\n<li><a href=\"https:\/\/www.aclanester56.com\/velo\/les-epreuves-sur-route-a-venir\/\">Les \u00e9preuves sur route \u00e0 venir<\/a><\/li>\n<li><a href=\"https:\/\/www.aclanester56.com\/velo\/photo-revelatrice\/\">Photo r\u00e9v\u00e9latrice<\/a><\/li>\n<li><a href=\"https:\/\/www.aclanester56.com\/velo\/course-ecole-de-cyclisme-radenac\/\">Course pour l'Ecole de Cyclisme \u00e0 Radenac<\/a><\/li>\n<li><a href=\"https:\/\/www.aclanester56.com\/velo\/un-podium-chez-notre-sponsor-cycle\/\">Un podium chez notre sponsor Cycles  <\/a><\/li>\n<li><a href=\"https:\/\/www.aclanester56.com\/velo\/la-route-bretonne\/\">La Route Bretonne<\/a><\/li>\n<li><a href=\"https:\/\/www.aclanester56.com\/velo\/la-melrandaise\/\">La Melrandaise<\/a><\/li>\n\n\t\t\t<\/ul>\n\t\t<\/div>\n\t\t<div class=\"pane\">\n\t\t\t<h2 class=\"month-heading\">avril 2010 <span class=\"month-archive-link\">( <a href=\"https:\/\/www.aclanester56.com\/velo\/2010\/04\/\">Voir la page d&rsquo;archive compl&egrave;te<\/a> )<\/span><\/h2>\n\t\t\t<ul class=\"archive-list\">\n\t\t\t\t<li><a href=\"https:\/\/www.aclanester56.com\/velo\/1ere-victoire-sur-route-pour-nicolas-primas\/\">1ere victoire sur route pour Nicolas Primas<\/a><\/li>\n<li><a href=\"https:\/\/www.aclanester56.com\/velo\/authon-du-perche\/\">Authon du Perche<\/a><\/li>\n<li><a href=\"https:\/\/www.aclanester56.com\/velo\/les-boucles-de-la-loire\/\">Les Boucles de la Loire<\/a><\/li>\n<li><a href=\"https:\/\/www.aclanester56.com\/velo\/week-end-en-loire-atlantique\/\">Week end en Loire Atlantique<\/a><\/li>\n<li><a href=\"https:\/\/www.aclanester56.com\/velo\/tro-div-ster-reunions-techniques\/\">Tro Div Ster : R\u00e9unions techniques<\/a><\/li>\n<li><a href=\"https:\/\/www.aclanester56.com\/velo\/tds\/\">Tro Div Ster 2010 \u2013 les \u00e9quipes \u00e0 ce jour<\/a><\/li>\n<li><a href=\"https:\/\/www.aclanester56.com\/velo\/apres-la-ronde-du-maquis-a-st-marcelrecuperation-pour-les-juniors\/\">Apr\u00e8s la Ronde Du Maquis \u00e0 St Marcel,r\u00e9cup\u00e9ration pour les juniors<\/a><\/li>\n<li><a href=\"https:\/\/www.aclanester56.com\/velo\/challenge-leclerc-dispute-en-vendee-a-olonne-sur-mer\/\">Challenge Leclerc, disput\u00e9 en Vend\u00e9e \u00e0 Olonne-sur-Mer<\/a><\/li>\n<li><a href=\"https:\/\/www.aclanester56.com\/velo\/deux-courreurs-de-lacl-56-places-a-redon\/\">Deux coureurs de l'ACL 56 plac\u00e9s \u00e0 Redon<\/a><\/li>\n<li><a href=\"https:\/\/www.aclanester56.com\/velo\/premier-podium-en-cadet-pour-pierre-hole\/\">Premier podium en cadet pour Pierre Hol\u00e9<\/a><\/li>\n<li><a href=\"https:\/\/www.aclanester56.com\/velo\/tour-du-pays-pourleth-trophee-credit-agricole-mozaic-juniors\/\">Tour du Pays Pourleth-Troph\u00e9e Cr\u00e9dit Agricole Mozaic Juniors<\/a><\/li>\n<li><a href=\"https:\/\/www.aclanester56.com\/velo\/nouvelle-victoire-en-premiere-categorie\/\">Nouvelle victoire en premi\u00e8re cat\u00e9gorie<\/a><\/li>\n<li><a href=\"https:\/\/www.aclanester56.com\/velo\/le-circuit-du-mene-2\/\">Course F\u00e9d\u00e9rale espoirs :Le circuit du Men\u00e9<\/a><\/li>\n<li><a href=\"https:\/\/www.aclanester56.com\/velo\/1ere-manche-du-chalenge-promotionnel-des-divisions-nationales\/\">1\u00e8re Manche du Chalenge Promotionnel des Divisions Nationales<\/a><\/li>\n<li><a href=\"https:\/\/www.aclanester56.com\/velo\/deux-victoires-detapes-sur-la-fleche-darmor-2010\/\">Deux victoires d'\u00e9tapes sur la Fl\u00e8che d'Armor 2010<\/a><\/li>\n<li><a href=\"https:\/\/www.aclanester56.com\/velo\/tour-du-pays-pourlet-trophee-credit-agricole-mozaic-juniors\/\">Tour du Pays Pourlet-Troph\u00e9e Cr\u00e9dit Agricole Mozaic Juniors<\/a><\/li>\n<li><a href=\"https:\/\/www.aclanester56.com\/velo\/echange-avec-le-bmx-dhennebont\/\">Echange avec le BMX d'Hennebont<\/a><\/li>\n\n\t\t\t<\/ul>\n\t\t<\/div>\n\t\t<div class=\"pane\">\n\t\t\t<h2 class=\"month-heading\">mai 2010 <span class=\"month-archive-link\">( <a href=\"https:\/\/www.aclanester56.com\/velo\/2010\/05\/\">Voir la page d&rsquo;archive compl&egrave;te<\/a> )<\/span><\/h2>\n\t\t\t<ul class=\"archive-list\">\n\t\t\t\t<li><a href=\"https:\/\/www.aclanester56.com\/velo\/trophee-credit-agricole-mozaic-juniors-2010-4\/\">Troph\u00e9e Cr\u00e9dit Agricole \"Mozaic\" Juniors 2010<\/a><\/li>\n<li><a href=\"https:\/\/www.aclanester56.com\/velo\/retour-en-images-sur-le-tds-2010\/\">Retour en images sur le TDS 2010<\/a><\/li>\n<li><a href=\"https:\/\/www.aclanester56.com\/velo\/victoire-a-domicile\/\">Victoire \u00e0 Domicile<\/a><\/li>\n<li><a href=\"https:\/\/www.aclanester56.com\/velo\/les-dernieres-nouvelles-dalastair\/\">Les derni\u00e8res nouvelles d'Alastair<\/a><\/li>\n<li><a href=\"https:\/\/www.aclanester56.com\/velo\/yohann-david-dedie-sa-victoire-a-vincet-ragot\/\">Yohann David d\u00e9die sa victoire \u00e0 Vincent Ragot <\/a><\/li>\n<li><a href=\"https:\/\/www.aclanester56.com\/velo\/grand-prix-de-la-pentecote\/\">Grand Prix de la Pentec\u00f4te<\/a><\/li>\n<li><a href=\"https:\/\/www.aclanester56.com\/velo\/11eme-tro-div-ster-tous-les-classements\/\">11\u00e8me Tro Div Ster \u2013 Tous les classements<\/a><\/li>\n<li><a href=\"https:\/\/www.aclanester56.com\/velo\/ty-tele-emission-du-17-mai-2010-le-tro-div-ster\/\">Ty T\u00e9l\u00e9 : Emission du 17 mai 2010 : le Tro Div Ster<\/a><\/li>\n<li><a href=\"https:\/\/www.aclanester56.com\/velo\/3eme-etape-du-tro-div-ster\/\">3\u00e9me Etape du 11\u00e8me Tro Div Ster<\/a><\/li>\n<li><a href=\"https:\/\/www.aclanester56.com\/velo\/2eme-etape-du-11eme-tro-div-ster\/\">2\u00e8me Etape du 11\u00e8me Tro Div Ster<\/a><\/li>\n<li><a href=\"https:\/\/www.aclanester56.com\/velo\/au-tour-du-coglais-juniors%e2%80%a6-encore-la-poisse-a-l%e2%80%99acl56\/\">AU TOUR DU COGLAIS JUNIORS\u2026. Encore la poisse \u00e0 l\u2019ACL56<\/a><\/li>\n<li><a href=\"https:\/\/www.aclanester56.com\/velo\/1ere-etape-du-11eme-tro-div-ster\/\">1\u00e8re Etape du 11\u00e8me Tro Div Ster\u2026. et tous les classements !<\/a><\/li>\n<li><a href=\"https:\/\/www.aclanester56.com\/velo\/trodivster-les-parcours-des-15-16-mai-2010\/\">Tro Div Ster : les parcours des 15 & 16 mai 2010<\/a><\/li>\n<li><a href=\"https:\/\/www.aclanester56.com\/velo\/tro-div-ster\/\">Tro Div Ster<\/a><\/li>\n<li><a href=\"https:\/\/www.aclanester56.com\/velo\/retour-en-image-sur-lessor-breton-2010\/\">Retour en image sur l'Essor Breton 2010<\/a><\/li>\n<li><a href=\"https:\/\/www.aclanester56.com\/velo\/un-soutien-de-taille\/\">Un soutien de taille<\/a><\/li>\n<li><a href=\"https:\/\/www.aclanester56.com\/velo\/championnat-du-morbihan\/\">Championnat du Morbihan<\/a><\/li>\n<li><a href=\"https:\/\/www.aclanester56.com\/velo\/les-cadets-et-minimes-ont-brilles-ce-week-end\/\">Les cadets et minimes ont brill\u00e9s ce week end<\/a><\/li>\n<li><a href=\"https:\/\/www.aclanester56.com\/velo\/trophee-centre-morbihanbilan\/\">Troph\u00e9e Centre Morbihan:Bilan<\/a><\/li>\n<li><a href=\"https:\/\/www.aclanester56.com\/velo\/tro-div-ster-emission-du-10-mai-2010-ty-tele\/\">Tro Div Ster : Emission du 10 mai 2010  Ty T\u00e9l\u00e9<\/a><\/li>\n<li><a href=\"https:\/\/www.aclanester56.com\/velo\/nouveau-podium-pour-medhi\/\">Nouveau podium pour Medhi<\/a><\/li>\n<li><a href=\"https:\/\/www.aclanester56.com\/velo\/bonne-progression\/\">Bonne Progression<\/a><\/li>\n<li><a href=\"https:\/\/www.aclanester56.com\/velo\/infirmerie-2\/\">Infirmerie<\/a><\/li>\n<li><a href=\"https:\/\/www.aclanester56.com\/velo\/quatrieme-etape-de-lessor-breton\/\">Quatri\u00e8me \u00e9tape de l'essor breton<\/a><\/li>\n<li><a href=\"https:\/\/www.aclanester56.com\/velo\/troisieme-etape-de-lessor-breton-clm-par-equipe\/\">Troisi\u00e8me \u00e9tape de l'essor breton: CLM par \u00e9quipe<\/a><\/li>\n<li><a href=\"https:\/\/www.aclanester56.com\/velo\/deuxieme-etape-de-lessor-breton\/\">Deuxi\u00e8me \u00e9tape de l'essor breton<\/a><\/li>\n<li><a href=\"https:\/\/www.aclanester56.com\/velo\/les-juniors-sur-le-trophee-centre-morbihan-ce-week-end\/\">Les juniors sur le troph\u00e9e Centre Morbihan ce week-end<\/a><\/li>\n<li><a href=\"https:\/\/www.aclanester56.com\/velo\/premiere-etape-de-lessor-breton\/\">Premi\u00e8re \u00e9tape de l'Essor Breton<\/a><\/li>\n<li><a href=\"https:\/\/www.aclanester56.com\/velo\/romain-le-pipec-vainqueur-a-gourin-en-cadet\/\">Romain Le Pipec vainqueur \u00e0 Gourin en cadet<\/a><\/li>\n<li><a href=\"https:\/\/www.aclanester56.com\/velo\/retour-sur-le-championnat-de-bretagne-juniors-clm-par-equipe\/\">Retour sur le championnat de Bretagne juniors CLM par \u00e9quipe<\/a><\/li>\n<li><a href=\"https:\/\/www.aclanester56.com\/velo\/essor-breton-2010\/\">Essor Breton 2010<\/a><\/li>\n<li><a href=\"https:\/\/www.aclanester56.com\/velo\/retour-sur-quimper\/\">Retour sur Quimper<\/a><\/li>\n<li><a href=\"https:\/\/www.aclanester56.com\/velo\/championnat-de-bretagne-juniors-clm-par-equipes\/\">Championnat de Bretagne juniors clm par \u00e9quipes<\/a><\/li>\n<li><a href=\"https:\/\/www.aclanester56.com\/velo\/tour-de-betagne\/\">Tour de Bretagne<\/a><\/li>\n<li><a href=\"https:\/\/www.aclanester56.com\/velo\/ecole-de-cyclisme-au-sourn-2\/\">Ecole de cyclisme au Sourn<\/a><\/li>\n<li><a href=\"https:\/\/www.aclanester56.com\/velo\/pour-lanniversaire-de-notre-president\/\">Pour l'anniversaire de notre Pr\u00e9sident...<\/a><\/li>\n\n\t\t\t<\/ul>\n\t\t<\/div>\n\t\t<div class=\"pane\">\n\t\t\t<h2 class=\"month-heading\">juin 2010 <span class=\"month-archive-link\">( <a href=\"https:\/\/www.aclanester56.com\/velo\/2010\/06\/\">Voir la page d&rsquo;archive compl&egrave;te<\/a> )<\/span><\/h2>\n\t\t\t<ul class=\"archive-list\">\n\t\t\t\t<li><a href=\"https:\/\/www.aclanester56.com\/velo\/le-temps-des-retours\/\">Le temps des retours...<\/a><\/li>\n<li><a href=\"https:\/\/www.aclanester56.com\/velo\/la-prennessayela-seule-course-du-week-end-en-bretagne\/\">La Prennessaye:la seule course du week end en Bretagne!!!<\/a><\/li>\n<li><a href=\"https:\/\/www.aclanester56.com\/velo\/la-performance-du-jour\/\">La Performance du Jour<\/a><\/li>\n<li><a href=\"https:\/\/www.aclanester56.com\/velo\/nouvelle-victoire-a-ligne-pour-william-le-corre\/\">Nouvelle victoire \u00e0 Lign\u00e9 pour William Le Corre<\/a><\/li>\n<li><a href=\"https:\/\/www.aclanester56.com\/velo\/le-grand-prix-de-la-ville-de-lanester-2010\/\">Le Grand Prix de la Ville de Lanester 2010<\/a><\/li>\n<li><a href=\"https:\/\/www.aclanester56.com\/velo\/criterium-de-quessoy\/\"> Criterium de Quessoy<\/a><\/li>\n<li><a href=\"https:\/\/www.aclanester56.com\/velo\/la-seule-course-1-2-3-eme-categories-en-bretagne-ce-dimanche-a-retiers\/\">La seule course 1.2.3 eme cat\u00e9gories en Bretagne ce dimanche \u00e0 Retiers<\/a><\/li>\n<li><a href=\"https:\/\/www.aclanester56.com\/velo\/3e-victoire-a-treal-pour-nicolas-primas\/\">3e victoire \u00e0 Tr\u00e9al pour Nicolas Primas<\/a><\/li>\n<li><a href=\"https:\/\/www.aclanester56.com\/velo\/nocturne-de-caudan\/\">Nocturne de Caudan<\/a><\/li>\n<li><a href=\"https:\/\/www.aclanester56.com\/velo\/3083\/\">Nouvelle victoire sur le Grand prix de la ville de Vannes<\/a><\/li>\n<li><a href=\"https:\/\/www.aclanester56.com\/velo\/ergue-gaberic-trophee-sebaco-juniors\/\">Ergu\u00e9 Gaberic Troph\u00e9e S\u00e9baco Juniors<\/a><\/li>\n<li><a href=\"https:\/\/www.aclanester56.com\/velo\/challenge-du-roi-morvan-a-plouay\/\">Challenge du Roi Morvan \u00e0 Plouay<\/a><\/li>\n<li><a href=\"https:\/\/www.aclanester56.com\/velo\/la-val-dile-u-a-la-meziere\/\">La Val d'Ile U \u00e0 la M\u00e9zi\u00e8re<\/a><\/li>\n<li><a href=\"https:\/\/www.aclanester56.com\/velo\/premiere-victoire-de-warren-barguil-a-la-nocturne-dauray\/\">Premi\u00e8re victoire de Warren Barguil \u00e0 la nocturne d'Auray<\/a><\/li>\n<li><a href=\"https:\/\/www.aclanester56.com\/velo\/velos-de-piste\/\">V\u00e9los de piste<\/a><\/li>\n<li><a href=\"https:\/\/www.aclanester56.com\/velo\/le-geste-du-championnat-de-bretagne\/\">Le geste du championnat de Bretagne<\/a><\/li>\n<li><a href=\"https:\/\/www.aclanester56.com\/velo\/les-jeunes-lanesteriens-toujours-bien-places\/\">Les jeunes Lanest\u00e9riens toujours bien plac\u00e9s<\/a><\/li>\n<li><a href=\"https:\/\/www.aclanester56.com\/velo\/la-selection-bretonne-route-elites-pour-le-france-de-chantonnay-le-2606\/\">La s\u00e9lection bretonne route \u00e9lites pour le France de Chantonnay le 26\/06<\/a><\/li>\n<li><a href=\"https:\/\/www.aclanester56.com\/velo\/anthony-mira-vainqueur-a-redene\/\">Anthony Mira vainqueur \u00e0 Red\u00e9n\u00e9<\/a><\/li>\n<li><a href=\"https:\/\/www.aclanester56.com\/velo\/un-podium-au-championnat-de-bretagne\/\">Un Podium au championnat de Bretagne<\/a><\/li>\n<li><a href=\"https:\/\/www.aclanester56.com\/velo\/3029\/\">Retour<\/a><\/li>\n\n\t\t\t<\/ul>\n\t\t<\/div>\n\t\t<div class=\"pane\">\n\t\t\t<h2 class=\"month-heading\">juillet 2010 <span class=\"month-archive-link\">( <a href=\"https:\/\/www.aclanester56.com\/velo\/2010\/07\/\">Voir la page d&rsquo;archive compl&egrave;te<\/a> )<\/span><\/h2>\n\t\t\t<ul class=\"archive-list\">\n\t\t\t\t<li><a href=\"https:\/\/www.aclanester56.com\/velo\/50eme-ronde-des-korrigans-a-camors\/\">50\u00e8me Ronde des Korrigans \u00e0 Camors<\/a><\/li>\n<li><a href=\"https:\/\/www.aclanester56.com\/velo\/vincent-ragot-3eme-a-saint-lo-manche\/\">Vincent Ragot 3\u00e8me \u00e0 Saint-L\u00f4 (Manche)<\/a><\/li>\n<li><a href=\"https:\/\/www.aclanester56.com\/velo\/trois-lanesteriens-selectionnes-par-le-comite-de-bretagne-pour-les-championnats-de-france-de-lavenir\/\">Trois Lanest\u00e9riens s\u00e9lectionn\u00e9s par le comit\u00e9 de Bretagne pour les championnats de France de l'Avenir<\/a><\/li>\n<li><a href=\"https:\/\/www.aclanester56.com\/velo\/yoann-david-et-warren-barguil-face-a-thomas-voeckler\/\">Yoann David et Warren Barguil face \u00e0 ... Thomas Voeckler !<\/a><\/li>\n<li><a href=\"https:\/\/www.aclanester56.com\/velo\/4eme-etape-du-kreiz-breizh-elites\/\">4\u00e8me \u00e9tape du Kreiz Breizh Elites : Vincent Ragot 2\u00e8me au classement g\u00e9n\u00e9ral final !<\/a><\/li>\n<li><a href=\"https:\/\/www.aclanester56.com\/velo\/resultats-du-week-end\/\">R\u00e9sultats du week-end : 2 podiums \u00e0 Plouasne !<\/a><\/li>\n<li><a href=\"https:\/\/www.aclanester56.com\/velo\/3eme-etape-du-kreiz-breizh-elites-vincent-ragot-2eme\/\">3\u00e8me \u00e9tape du Kreiz Breizh Elites : Vincent Ragot 2\u00e8me !<\/a><\/li>\n<li><a href=\"https:\/\/www.aclanester56.com\/velo\/2eme-etape-du-kreiz-breizh-elites\/\">2\u00e8me \u00e9tape du Kreiz Breizh Elites<\/a><\/li>\n<li><a href=\"https:\/\/www.aclanester56.com\/velo\/1ere-etape-du-kreiz-breizh-elites\/\">1\u00e8re \u00e9tape du Kreiz Breizh Elites<\/a><\/li>\n<li><a href=\"https:\/\/www.aclanester56.com\/velo\/les-lanesteriens-sur-le-kreiz-breizh-elites-ce-week-end\/\">Les Lanest\u00e9riens sur le Kreiz Breizh Elites ce week-end<\/a><\/li>\n<li><a href=\"https:\/\/www.aclanester56.com\/velo\/autres-resultats-du-week-end\/\">Autres r\u00e9sultats du week-end : Victoire de Vincent Teirlynck !<\/a><\/li>\n<li><a href=\"https:\/\/www.aclanester56.com\/velo\/warren-barguil-nouveau-leader-du-trophee-credit-agricole\/\">Warren Barguil, nouveau leader du Troph\u00e9e Cr\u00e9dit Agricole<\/a><\/li>\n<li><a href=\"https:\/\/www.aclanester56.com\/velo\/warren-barguil-4eme-au-grand-prix-de-la-moisson\/\">Warren Barguil 4\u00e8me au Grand Prix de la Moisson<\/a><\/li>\n<li><a href=\"https:\/\/www.aclanester56.com\/velo\/tour-des-deux-sevres\/\">L'ACL56 au Tour des Deux-S\u00e8vres<\/a><\/li>\n<li><a href=\"https:\/\/www.aclanester56.com\/velo\/resultats-de-plouguernevel-22\/\">R\u00e9sultats de Plouguern\u00e9vel (22)<\/a><\/li>\n<li><a href=\"https:\/\/www.aclanester56.com\/velo\/un-junior-sur-le-podium-a-pont-scorff\/\">Un junior de l'AC Lanester 56 sur le podium \u00e0 Pont-Scorff !<\/a><\/li>\n<li><a href=\"https:\/\/www.aclanester56.com\/velo\/entrainements-minimes-cadets-route-et-piste\/\">Entrainements minimes cadets route et piste<\/a><\/li>\n<li><a href=\"https:\/\/www.aclanester56.com\/velo\/nicolas-primas-vice-champion-de-bretagne-minimes\/\">Championnat de Bretagne de l'Avenir : Nicolas Primas vice-champion minimes !<\/a><\/li>\n<li><a href=\"https:\/\/www.aclanester56.com\/velo\/yoann-david-vainqueur-a-henvic\/\">Yoann David vainqueur \u00e0 Henvic<\/a><\/li>\n<li><a href=\"https:\/\/www.aclanester56.com\/velo\/grand-prix-de-quimper-vincent-guezennec-au-pied-du-podium\/\">Grand Prix de Quimper : Vincent Guezennec au pied du podium<\/a><\/li>\n<li><a href=\"https:\/\/www.aclanester56.com\/velo\/championnats-de-bretagne-de-lavenir-a-maure-de-bretagne-dimanche-prochain\/\">Championnats de Bretagne de l'Avenir \u00e0 Maure-de-Bretagne dimanche prochain<\/a><\/li>\n<li><a href=\"https:\/\/www.aclanester56.com\/velo\/reactions-de-warren-barguil-au-retour-du-challenge-national\/\">R\u00e9actions de Warren Barguil au retour du challenge national ...<\/a><\/li>\n<li><a href=\"https:\/\/www.aclanester56.com\/velo\/tour-de-france-en-streaming-sur-votre-pc\/\">[ Tour de France] : en streaming sur votre PC<\/a><\/li>\n<li><a href=\"https:\/\/www.aclanester56.com\/velo\/tour-de-france-2010-suivez-le-depuis-google-earth\/\">[Tour de France 2010] : suivez le depuis Google Earth<\/a><\/li>\n<li><a href=\"https:\/\/www.aclanester56.com\/velo\/warren-barguil-sur-le-challenge-national-espoirs\/\">Warren Barguil sur le challenge national espoirs<\/a><\/li>\n<li><a href=\"https:\/\/www.aclanester56.com\/velo\/44eme-manche-ocean\/\">44\u00e8me Manche-Oc\u00e9an<\/a><\/li>\n<li><a href=\"https:\/\/www.aclanester56.com\/velo\/modification-des-horaires-de-depart-des-entrainements-minimes-et-cadets-le-mercredi\/\">Modification des horaires de d\u00e9part des entrainements minimes et cadets le mercredi<\/a><\/li>\n<li><a href=\"https:\/\/www.aclanester56.com\/velo\/nouvelle-victoire-du-champion-du-morbihan-minimes-a-guillac-2\/\">Nouvelle victoire du champion du Morbihan minimes \u00e0 Guillac<\/a><\/li>\n<li><a href=\"https:\/\/www.aclanester56.com\/velo\/chalenge-national-1ere-etape-du-tour-du-canton-mareuil-vertillac\/\">Challenge national :  1\u00e8re \u00e9tape du Tour du canton Mareuil Vertillac<\/a><\/li>\n<li><a href=\"https:\/\/www.aclanester56.com\/velo\/grand-prix-de-la-ville-de-loudeac\/\">Grand Prix de la Ville de Loud\u00e9ac <\/a><\/li>\n<li><a href=\"https:\/\/www.aclanester56.com\/velo\/challenge-national-tour-du-canton-mareuil-vertillac\/\">Challenge national : Tour du canton Mareuil Vertillac<\/a><\/li>\n<li><a href=\"https:\/\/www.aclanester56.com\/velo\/des-nouvelles-de-matthieu-gaultier\/\">Des nouvelles de Matthieu Gaultier<\/a><\/li>\n<li><a href=\"https:\/\/www.aclanester56.com\/velo\/grand-prix-de-la-ville-de-lanester-le-plus-fort-a-gagne\/\">Grand Prix de la Ville de Lanester : Le plus fort a gagn\u00e9<\/a><\/li>\n\n\t\t\t<\/ul>\n\t\t<\/div>\n\t\t<div class=\"pane\">\n\t\t\t<h2 class=\"month-heading\">ao&ucirc;t 2010 <span class=\"month-archive-link\">( <a href=\"https:\/\/www.aclanester56.com\/velo\/2010\/08\/\">Voir la page d&rsquo;archive compl&egrave;te<\/a> )<\/span><\/h2>\n\t\t\t<ul class=\"archive-list\">\n\t\t\t\t<li><a href=\"https:\/\/www.aclanester56.com\/velo\/resultats-du-week-end-victoire-de-yohan-le-bleiz-et-de-nicolas-primas-a-josselin\/\">R\u00e9sultats du week-end : Des victoires chez les jeunes !<\/a><\/li>\n<li><a href=\"https:\/\/www.aclanester56.com\/velo\/lac-lanester-56-qualifie-pour-la-finale-du-challenge-promotionnel-des-clubs\/\">L\u2019AC Lanester 56 qualifi\u00e9 pour la finale du challenge promotionnel des clubs<\/a><\/li>\n<li><a href=\"https:\/\/www.aclanester56.com\/velo\/lagglo-tour-a-st-brieuc\/\">L\u2019Agglo-Tour \u00e0 St-Brieuc<\/a><\/li>\n<li><a href=\"https:\/\/www.aclanester56.com\/velo\/1ere-etape-du-st-brieuc-agglo-tour\/\">1\u00e8re \u00e9tape du St-Brieuc Agglo-Tour<\/a><\/li>\n<li><a href=\"https:\/\/www.aclanester56.com\/velo\/reaction-de-warren-barguil-de-retour-des-championnats-de-france-espoirs\/\">R\u00e9action de Warren Barguil, de retour des championnats de France espoirs<\/a><\/li>\n<li><a href=\"https:\/\/www.aclanester56.com\/velo\/retour-en-images-sur-les-championnats-de-france-de-lavenir-a-brecey\/\">Retour en images sur les championnats de France de l\u2019Avenir \u00e0 Br\u00e9cey<\/a><\/li>\n<li><a href=\"https:\/\/www.aclanester56.com\/velo\/circuit-des-2-provinces-au-pertre-35\/\">Circuit des 2 Provinces au Pertre (35)<\/a><\/li>\n<li><a href=\"https:\/\/www.aclanester56.com\/velo\/lequipe-dn-espoirs-a-la-2eme-manche-du-challenge-promotionnel-des-clubs-a-saintes\/\">L\u2019\u00e9quipe DN Espoirs \u00e0 la 2\u00e8me manche du challenge promotionnel des clubs \u00e0 Saintes<\/a><\/li>\n<li><a href=\"https:\/\/www.aclanester56.com\/velo\/championnat-de-france-espoirs-sur-route-les-espoirs-bretons-moins-en-reussite-que-les-juniors\/\">Championnat de France espoirs sur route : les espoirs bretons moins en r\u00e9ussite que les juniors<\/a><\/li>\n<li><a href=\"https:\/\/www.aclanester56.com\/velo\/anthony-mira-3eme-du-championnat-de-france-juniors-sur-route\/\">Anthony MIRA 3\u00e8me du championnat de France juniors sur route !<\/a><\/li>\n<li><a href=\"https:\/\/www.aclanester56.com\/velo\/grand-prix-de-plouay-cmb-elite-open\/\">Grand Prix de Plouay \u2013 CMB Elite Open<\/a><\/li>\n<li><a href=\"https:\/\/www.aclanester56.com\/velo\/championnat-de-france-de-lavenir-reactions-davant-course-de-warren-barguil\/\">Championnat de France de l\u2019Avenir : R\u00e9action d\u2019avant-course de Warren Barguil<\/a><\/li>\n<li><a href=\"https:\/\/www.aclanester56.com\/velo\/3765\/\">Matthieu Boulo sur le podium des championnats de France espoirs du contre-la-montre<\/a><\/li>\n<li><a href=\"https:\/\/www.aclanester56.com\/velo\/les-championnats-de-france-de-lavenir-debutent-demain\/\">Les championnats de France de l\u2019Avenir d\u00e9butent demain !<\/a><\/li>\n<li><a href=\"https:\/\/www.aclanester56.com\/velo\/4eme-etape-de-la-mi-aout-en-bretagne-le-lanesterien-vincent-ragot-lemporte\/\">4\u00e8me \u00e9tape de la Mi-Ao\u00fbt en Bretagne : Le Lanest\u00e9rien Vincent Ragot l\u2019emporte !<\/a><\/li>\n<li><a href=\"https:\/\/www.aclanester56.com\/velo\/les-juniors-lanesteriens-sur-la-ronde-des-vallees-internationale-a-hemonstoir\/\">Les juniors lanest\u00e9riens sur la Ronde des Vall\u00e9es internationale \u00e0 H\u00e9monstoir<\/a><\/li>\n<li><a href=\"https:\/\/www.aclanester56.com\/velo\/resultats-du-week-end-3\/\">R\u00e9sultats du week-end<\/a><\/li>\n<li><a href=\"https:\/\/www.aclanester56.com\/velo\/3eme-etape-de-la-mi-aout-en-bretagne-les-lanesteriens-dans-le-coup\/\">3\u00e8me \u00e9tape de la Mi-Aout en Bretagne : les Lanest\u00e9riens dans le coup<\/a><\/li>\n<li><a href=\"https:\/\/www.aclanester56.com\/velo\/2eme-etape-de-la-mi-aout-en-bretagne\/\">2\u00e8me \u00e9tape de la Mi-Ao\u00fbt en Bretagne<\/a><\/li>\n<li><a href=\"https:\/\/www.aclanester56.com\/velo\/1ere-etape-de-la-mi-aout-en-bretagne-les-lanesteriens-ratent-le-coche\/\">1\u00e8re \u00e9tape de la Mi-Ao\u00fbt en Bretagne : Les Lanest\u00e9riens ratent le coche<\/a><\/li>\n<li><a href=\"https:\/\/www.aclanester56.com\/velo\/revue-de-presse-aout-2010\/\">Revue de Presse aout 2010<\/a><\/li>\n<li><a href=\"https:\/\/www.aclanester56.com\/velo\/lacl-56-sur-la-mi-aout-en-bretagne\/\">L'ACL 56 sur la \"Mi-Ao\u00fbt en Bretagne\"<\/a><\/li>\n<li><a href=\"https:\/\/www.aclanester56.com\/velo\/resultats-du-week-end-2\/\">R\u00e9sultats du week-end : de nombreux podiums pour les Lanest\u00e9riens !<\/a><\/li>\n<li><a href=\"https:\/\/www.aclanester56.com\/velo\/grand-prix-de-la-saint-laurent-juniors-a-montpinchon\/\">Grand Prix de la Saint Laurent Juniors \u00e0 Montpinchon<\/a><\/li>\n<li><a href=\"https:\/\/www.aclanester56.com\/velo\/warren-barguil-vainqueur-par-k-o-a-montpinchon\/\">Warren Barguil, vainqueur par K.O. \u00e0 Montpinchon<\/a><\/li>\n<li><a href=\"https:\/\/www.aclanester56.com\/velo\/grand-prix-du-port-de-peche-a-lorient\/\">Grand-Prix du Port de p\u00eache \u00e0 Lorient<\/a><\/li>\n<li><a href=\"https:\/\/www.aclanester56.com\/velo\/resultats-du-week-end-victoire-de-vincent-ragot\/\">R\u00e9sultats du week-end : Victoire de Vincent Ragot !<\/a><\/li>\n<li><a href=\"https:\/\/www.aclanester56.com\/velo\/reprise-des-entrainements-route-et-piste-minimes-et-cadets\/\">Reprise des entrainements route et piste minimes et cadets<\/a><\/li>\n\n\t\t\t<\/ul>\n\t\t<\/div>\n\t\t<div class=\"pane\">\n\t\t\t<h2 class=\"month-heading\">septembre 2010 <span class=\"month-archive-link\">( <a href=\"https:\/\/www.aclanester56.com\/velo\/2010\/09\/\">Voir la page d&rsquo;archive compl&egrave;te<\/a> )<\/span><\/h2>\n\t\t\t<ul class=\"archive-list\">\n\t\t\t\t<li><a href=\"https:\/\/www.aclanester56.com\/velo\/retour-sur-lechange-avec-le-club-de-bmx-dhennebont\/\">Retour sur l'\u00e9change avec le club de BMX d'Hennebont<\/a><\/li>\n<li><a href=\"https:\/\/www.aclanester56.com\/velo\/resultats-du-week-end-6\/\">R\u00e9sultats du week-end<\/a><\/li>\n<li><a href=\"https:\/\/www.aclanester56.com\/velo\/revue-de-presse-les-bmx-a-lanester\/\">Revue de presse : les bmx \u00e0 Lanester <\/a><\/li>\n<li><a href=\"https:\/\/www.aclanester56.com\/velo\/championnat-de-bretagne-du-contre-la-montre-2-podiums-pour-les-lanesteriens\/\">Championnat de Bretagne du Contre-la-Montre : 2 podiums pour les Lanest\u00e9riens !<\/a><\/li>\n<li><a href=\"https:\/\/www.aclanester56.com\/velo\/warren-barguil-vainqueur-a-quimperle\/\">Warren Barguil vainqueur \u00e0 Quimperl\u00e9 !<\/a><\/li>\n<li><a href=\"https:\/\/www.aclanester56.com\/velo\/deces-de-claude-derrien\/\">D\u00e9c\u00e8s de Claude DERRIEN<\/a><\/li>\n<li><a href=\"https:\/\/www.aclanester56.com\/velo\/echange-avec-le-club-bmx-dhennebont\/\">Echange avec le club BMX d'Hennebont<\/a><\/li>\n<li><a href=\"https:\/\/www.aclanester56.com\/velo\/warren-barguil-vainqueur-du-trophee-du-credit-agricole-2010\/\">Warren Barguil, vainqueur du Troph\u00e9e du Cr\u00e9dit Agricole 2010<\/a><\/li>\n<li><a href=\"https:\/\/www.aclanester56.com\/velo\/retour-en-images-sur-le-tour-de-moselle\/\">Retour en images sur le Tour de Moselle<\/a><\/li>\n<li><a href=\"https:\/\/www.aclanester56.com\/velo\/belle-fin-de-saison-pour-les-cadets\/\">Belle fin de saison pour les cadets<\/a><\/li>\n<li><a href=\"https:\/\/www.aclanester56.com\/velo\/resultats-du-week-end-5\/\">R\u00e9sultats du week-end<\/a><\/li>\n<li><a href=\"https:\/\/www.aclanester56.com\/velo\/grand-prix-de-la-tomate-2010-a-marmande\/\">Grand Prix de la Tomate 2010 \u00e0 Marmande<\/a><\/li>\n<li><a href=\"https:\/\/www.aclanester56.com\/velo\/warren-barguil-en-equipe-de-france-sur-le-tour-de-moselle\/\">Warren Barguil en \u00e9quipe de France sur le Tour de Moselle<\/a><\/li>\n<li><a href=\"https:\/\/www.aclanester56.com\/velo\/retour-en-images-sur-les-deux-jours-de-machecoul\/\">Retour en images sur les Deux Jours de Machecoul<\/a><\/li>\n<li><a href=\"https:\/\/www.aclanester56.com\/velo\/journee-sans-voiture-a-lanester\/\">Journ\u00e9e sans voiture \u00e0 Lanester<\/a><\/li>\n<li><a href=\"https:\/\/www.aclanester56.com\/velo\/4225\/\">C\u2019est la rentr\u00e9e pour l\u2019Ecole de Cyclisme : d\u00e9ja 15 petits nouveaux !<\/a><\/li>\n<li><a href=\"https:\/\/www.aclanester56.com\/velo\/deux-jours-de-machecoul-double-lanesterien-sur-la-derniere-etape\/\">Deux jours de Machecoul : Fantastique doubl\u00e9 Lanest\u00e9rien sur la derni\u00e8re \u00e9tape !<\/a><\/li>\n<li><a href=\"https:\/\/www.aclanester56.com\/velo\/resultats-du-week-end-victoire-de-pierre-hole\/\">R\u00e9sultats du week-end (Mise \u00e0 jour) : Victoire de Pierre Hol\u00e9 \u00e0 Lorient ! <\/a><\/li>\n<li><a href=\"https:\/\/www.aclanester56.com\/velo\/grand-prix-de-la-ville-de-fougeres\/\">Grand Prix de la Ville de Foug\u00e8res<\/a><\/li>\n<li><a href=\"https:\/\/www.aclanester56.com\/velo\/resultats-du-week-end-4\/\">R\u00e9sultats du week-end<\/a><\/li>\n<li><a href=\"https:\/\/www.aclanester56.com\/velo\/tour-du-morbihan-juniors\/\">Tour du Morbihan Juniors 2010<\/a><\/li>\n<li><a href=\"https:\/\/www.aclanester56.com\/velo\/reprise-de-lecole-de-cyclisme\/\">Reprise de l'Ecole de Cyclisme<\/a><\/li>\n<li><a href=\"https:\/\/www.aclanester56.com\/velo\/reaction-danthony-mira-3eme-du-championnat-de-france-juniors-sur-route\/\">R\u00e9action d\u2019Anthony Mira, 3\u00e8me du championnat de France juniors sur route<\/a><\/li>\n\n\t\t\t<\/ul>\n\t\t<\/div>\n\t\t<div class=\"pane\">\n\t\t\t<h2 class=\"month-heading\">octobre 2010 <span class=\"month-archive-link\">( <a href=\"https:\/\/www.aclanester56.com\/velo\/2010\/10\/\">Voir la page d&rsquo;archive compl&egrave;te<\/a> )<\/span><\/h2>\n\t\t\t<ul class=\"archive-list\">\n\t\t\t\t<li><a href=\"https:\/\/www.aclanester56.com\/velo\/1ere-manche-du-challenge-national-de-cyclo-cross-elites-florian-le-corre-7eme\/\">1\u00e8re manche du Challenge National de cyclo-cross \u00e9lites : Florian LE CORRE 7\u00e8me !<\/a><\/li>\n<li><a href=\"https:\/\/www.aclanester56.com\/velo\/1ere-manche-du-challenge-national-de-cyclo-cross-espoirs-daniel-17eme-balannec-malade\/\">1\u00e8re manche du Challenge National de cyclo-cross espoirs: DANIEL 17\u00e8me, BALANNEC malade !<\/a><\/li>\n<li><a href=\"https:\/\/www.aclanester56.com\/velo\/4856\/\">1\u00e8re manche du Challenge National de cyclo-cross juniors : COZ 24\u00e8me, LE GUELLEC malade !<\/a><\/li>\n<li><a href=\"https:\/\/www.aclanester56.com\/velo\/reprise-de-lentrainement-sur-route-pour-les-juniors-et-seniors\/\">Reprise de l'entrainement sur route pour les juniors et seniors<\/a><\/li>\n<li><a href=\"https:\/\/www.aclanester56.com\/velo\/les-lanesteriens-sur-la-1ere-manche-du-challenge-national-de-cyclo-cross\/\">Les Lanest\u00e9riens sur la 1\u00e8re manche du challenge national de cyclo-cross<\/a><\/li>\n<li><a href=\"https:\/\/www.aclanester56.com\/velo\/stages-de-cyclo-cross-avec-le-comite-du-morbihan\/\">Stages de cyclo-cross avec le Comit\u00e9 du Morbihan<\/a><\/li>\n<li><a href=\"https:\/\/www.aclanester56.com\/velo\/florian-le-corre-4eme-du-tour-du-val-dorge\/\">Florian LE CORRE 4\u00e8me du Tour du Val d'Orge <\/a><\/li>\n<li><a href=\"https:\/\/www.aclanester56.com\/velo\/programme-de-courses-du-team-cyclo-cross-avenir\/\">Programme de courses du TEAM CYCLO-CROSS AVENIR<\/a><\/li>\n<li><a href=\"https:\/\/www.aclanester56.com\/velo\/carton-plein-pour-les-lanesteriens-au-championnat-du-morbihan-a-taupont\/\">Carton plein pour les Lanest\u00e9riens au championnat du Morbihan \u00e0 Taupont !<\/a><\/li>\n<li><a href=\"https:\/\/www.aclanester56.com\/velo\/championnats-du-morbihan-de-cyclo-cross-demain-a-taupont\/\">Championnats du Morbihan de Cyclo-Cross demain \u00e0 Taupont<\/a><\/li>\n<li><a href=\"https:\/\/www.aclanester56.com\/velo\/organisation-du-team-cyclo-cross-avenir\/\">Organisation g\u00e9n\u00e9rale du TEAM CYCLO-CROSS AVENIR<\/a><\/li>\n<li><a href=\"https:\/\/www.aclanester56.com\/velo\/revue-de-presse\/\">Revue de presse<\/a><\/li>\n<li><a href=\"https:\/\/www.aclanester56.com\/velo\/presentation-des-coureurs-du-team-cyclo-cross-avenir\/\">Pr\u00e9sentation des coureurs du TEAM CYCLO-CROSS AVENIR<\/a><\/li>\n<li><a href=\"https:\/\/www.aclanester56.com\/velo\/maxime-cornic-le-cyclo-crossman\/\">Maxime CORNIC, le cyclo-crossman<\/a><\/li>\n<li><a href=\"https:\/\/www.aclanester56.com\/velo\/deux-juniors-lanesteriens-en-stage-avec-le-comite-de-bretagne\/\">Deux juniors lanest\u00e9riens en stage avec le Comit\u00e9 de Bretagne<\/a><\/li>\n<li><a href=\"https:\/\/www.aclanester56.com\/velo\/assemblee-generale-2010-de-lac-lanester-56\/\">Assembl\u00e9e g\u00e9n\u00e9rale 2010 de l'AC LANESTER 56<\/a><\/li>\n<li><a href=\"https:\/\/www.aclanester56.com\/velo\/bons-debuts-pour-le-team-cyclo-cross-avenir-a-kerlouan\/\">Bons d\u00e9buts pour le TEAM CYCLO-CROSS AVENIR \u00e0 Kerlouan<\/a><\/li>\n<li><a href=\"https:\/\/www.aclanester56.com\/velo\/premiers-tours-de-roue-du-team-cyclo-cross-de-lac-lanester-56-ce-dimanche-sur-le-challenge-regional\/\">Premiers tours de roue du Team Cyclo-Cross de l\u2019AC LANESTER 56 ce dimanche sur le Troph\u00e9e R\u00e9gional<\/a><\/li>\n<li><a href=\"https:\/\/www.aclanester56.com\/velo\/carnet-rose-encore\/\">Carnet rose (encore !)<\/a><\/li>\n<li><a href=\"https:\/\/www.aclanester56.com\/velo\/vincent-ragot-2eme-a-trelaze\/\">Vincent RAGOT 2\u00e8me \u00e0 Tr\u00e9laz\u00e9<\/a><\/li>\n<li><a href=\"https:\/\/www.aclanester56.com\/velo\/paris-tours-espoirs-2010\/\">Paris-Tours espoirs 2010 : les Lanest\u00e9riens malchanceux !<\/a><\/li>\n<li><a href=\"https:\/\/www.aclanester56.com\/velo\/avis-aux-juniors-2-places-restantes-dans-lequipe-de-lac-lanester-56\/\">Avis aux Juniors : 2 places restantes dans l\u2019\u00e9quipe juniors de l\u2019AC Lanester 56 !<\/a><\/li>\n<li><a href=\"https:\/\/www.aclanester56.com\/velo\/carnet-rose\/\">Carnet rose<\/a><\/li>\n<li><a href=\"https:\/\/www.aclanester56.com\/velo\/votez-pour-warren-barguil-sur-directvelo-com\/\">Votez pour Warren Barguil sur directvelo.com !<\/a><\/li>\n<li><a href=\"https:\/\/www.aclanester56.com\/velo\/lac-lanester-56-sur-le-paris-tours-espoirs\/\">L'AC Lanester 56 sur le Paris-Tours espoirs<\/a><\/li>\n<li><a href=\"https:\/\/www.aclanester56.com\/velo\/reportage-photo-des-championnats-de-france-de-lavenir-2010\/\">Reportage photo des championnats de France de l'Avenir 2010<\/a><\/li>\n<li><a href=\"https:\/\/www.aclanester56.com\/velo\/assemblee-generale-du-club-2010\/\">Assembl\u00e9e G\u00e9n\u00e9rale du Club 2010<\/a><\/li>\n<li><a href=\"https:\/\/www.aclanester56.com\/velo\/recrutement-de-lac-lanester-56-pour-la-saison-2011\/\">Recrutement de l'AC LANESTER 56 pour la saison 2011<\/a><\/li>\n<li><a href=\"https:\/\/www.aclanester56.com\/velo\/resultats-du-week-end-vincent-ragot-sur-le-podium-a-nevez\/\">R\u00e9sultats du week-end : Vincent Ragot sur le podium \u00e0 Nevez<\/a><\/li>\n<li><a href=\"https:\/\/www.aclanester56.com\/velo\/paris-connere\/\">Paris-Connerr\u00e9 2010 : Warren Barguil 6\u00e8me<\/a><\/li>\n<li><a href=\"https:\/\/www.aclanester56.com\/velo\/classement-national-par-points-ffc-tous-les-resultats\/\">Classement national par points FFC : Tous les r\u00e9sultats !<\/a><\/li>\n<li><a href=\"https:\/\/www.aclanester56.com\/velo\/classement-ffc-5-lanesteriens-dans-les-300-premiers\/\">Classement FFC : 5 Lanest\u00e9riens dans les 300 premiers <\/a><\/li>\n\n\t\t\t<\/ul>\n\t\t<\/div>\n\t\t<div class=\"pane\">\n\t\t\t<h2 class=\"month-heading\">novembre 2010 <span class=\"month-archive-link\">( <a href=\"https:\/\/www.aclanester56.com\/velo\/2010\/11\/\">Voir la page d&rsquo;archive compl&egrave;te<\/a> )<\/span><\/h2>\n\t\t\t<ul class=\"archive-list\">\n\t\t\t\t<li><a href=\"https:\/\/www.aclanester56.com\/velo\/chpt-bretagne-cyclo-cross-aurelien-daniel-donner-le-meilleur-pour-lequipe\/\">Chpt Bretagne cyclo-cross - Aur\u00e9lien DANIEL : \"Donner le meilleur pour l'\u00e9quipe\"<\/a><\/li>\n<li><a href=\"https:\/\/www.aclanester56.com\/velo\/reprise-de-lentrainement-pour-les-cadets\/\">Reprise de l'entrainement pour les cadets<\/a><\/li>\n<li><a href=\"https:\/\/www.aclanester56.com\/velo\/resultats-du-week-end-7\/\">R\u00e9sultats : Podiums lanest\u00e9riens \u00e0 Pont-de-Buis (29), St-Maugan (35) et Marles Les Mines (59)<\/a><\/li>\n<li><a href=\"https:\/\/www.aclanester56.com\/velo\/report-du-premier-stage-de-lequipe-dn2\/\">Report du premier stage de l'\u00e9quipe DN2 <\/a><\/li>\n<li><a href=\"https:\/\/www.aclanester56.com\/velo\/florian-le-corre-40eme-sur-la-coupe-du-monde-de-cyclo-cross\/\">Florian LE CORRE 40\u00e8me sur la Coupe du Monde de cyclo-cross<\/a><\/li>\n<li><a href=\"https:\/\/www.aclanester56.com\/velo\/un-lanesterien-chez-les-bleus\/\">Un Lanest\u00e9rien chez les Bleus !<\/a><\/li>\n<li><a href=\"https:\/\/www.aclanester56.com\/velo\/remise-des-brassards-du-credit-agricole-56\/\">Remise des prix du brassard du Cr\u00e9dit Agricole 56<\/a><\/li>\n<li><a href=\"https:\/\/www.aclanester56.com\/velo\/challenge-national-de-cyclo-cross-elites-a-miramas-florian-le-corre-7eme\/\">Challenge national de cyclo-cross \u00e9lites \u00e0 Miramas : Florian LE CORRE 7\u00e8me ! <\/a><\/li>\n<li><a href=\"https:\/\/www.aclanester56.com\/velo\/lecole-de-cyclisme-seclate-2\/\">L\u2019\u00e9cole de cyclisme s\u2019\u00e9clate !<\/a><\/li>\n<li><a href=\"https:\/\/www.aclanester56.com\/velo\/challenge-national-de-cyclo-cross-a-miramas-bon-comportement-des-espoirs-lanesteriens\/\">Challenge national cyclo-cross espoirs \u00e0 Miramas : bon comportement des Lanest\u00e9riens !<\/a><\/li>\n<li><a href=\"https:\/\/www.aclanester56.com\/velo\/challenge-national-de-cyclo-cross-a-miramas-la-malchance-pour-un-impressionnant-le-guellec\/\">Challenge national cyclo-cross juniors \u00e0 Miramas : la malchance pour un impressionnant LE GUELLEC !<\/a><\/li>\n<li><a href=\"https:\/\/www.aclanester56.com\/velo\/5286\/\">Les Lanest\u00e9riens sur la 2\u00e8me manche du challenge national de cyclo-cross \u00e0 Miramas<\/a><\/li>\n<li><a href=\"https:\/\/www.aclanester56.com\/velo\/nouvel-de-lecole-de-cyclisme\/\">Des nouvelles de l\u2019\u00e9cole de cyclisme !<\/a><\/li>\n<li><a href=\"https:\/\/www.aclanester56.com\/velo\/retour-en-photos-et-en-video-sur-la-course-espoirs-de-quelneuc\/\">Retour en photos et en video sur la course espoirs de Quelneuc<\/a><\/li>\n<li><a href=\"https:\/\/www.aclanester56.com\/velo\/trois-dirigeants-lanesteriens-distingues-a-lassemblee-generale-du-comite-du-morbihan\/\">Trois dirigeants lanest\u00e9riens distingu\u00e9s \u00e0 l\u2019assembl\u00e9e g\u00e9n\u00e9rale du Comit\u00e9 du Morbihan<\/a><\/li>\n<li><a href=\"https:\/\/www.aclanester56.com\/velo\/cyclo-cross-national-de-quelneuc-le-lanesterien-florian-le-corre-au-dessus-du-lot\/\">Cyclo-cross national de Quelneuc : le Lanest\u00e9rien Florian LE CORRE au-dessus du lot<\/a><\/li>\n<li><a href=\"https:\/\/www.aclanester56.com\/velo\/cyclo-cross-de-melrand-le-corre-chez-les-elites-le-guellec-chez-les-juniors\/\">Cyclo-Cross de Melrand : LE CORRE chez les \u00e9lites, LE GUELLEC chez les juniors !<\/a><\/li>\n<li><a href=\"https:\/\/www.aclanester56.com\/velo\/sondage-revelation-2010-sur-directvelo-com-soutenez-warren-barguil\/\">Sondage \u00ab\u00a0R\u00e9v\u00e9lation 2010 \u00a0\u00bb sur DirectVelo.com : soutenez Warren BARGUIL !<\/a><\/li>\n<li><a href=\"https:\/\/www.aclanester56.com\/velo\/retour-en-images-sur-le-cyclo-cross-de-plougasnou\/\">Retour en images sur le cyclo-cross de Plougasnou<\/a><\/li>\n<li><a href=\"https:\/\/www.aclanester56.com\/velo\/sept-lanesteriens-au-pole-espoirs-de-lorient\/\">Sept Lanest\u00e9riens au P\u00f4le Espoirs de Lorient ! <\/a><\/li>\n<li><a href=\"https:\/\/www.aclanester56.com\/velo\/cyclo-cross-national-de-plougasnou-double-lanesterien-chez-les-juniors-le-corre-4eme-chez-les-elites\/\">Cyclo-cross national de Plougasnou : Doubl\u00e9 lanest\u00e9rien en juniors, LE CORRE 4\u00e8me chez les \u00e9lites<\/a><\/li>\n<li><a href=\"https:\/\/www.aclanester56.com\/velo\/photos\/\">Mise \u00e0 jour de la galerie photos de la 1\u00e8re manche du challenge national de cyclo-cross<\/a><\/li>\n<li><a href=\"https:\/\/www.aclanester56.com\/velo\/autres-resultats-du-week-end-2\/\">Autres r\u00e9sultats du week-end<\/a><\/li>\n\n\t\t\t<\/ul>\n\t\t<\/div>\n\t\t<div class=\"pane\">\n\t\t\t<h2 class=\"month-heading\">d&eacute;cembre 2010 <span class=\"month-archive-link\">( <a href=\"https:\/\/www.aclanester56.com\/velo\/2010\/12\/\">Voir la page d&rsquo;archive compl&egrave;te<\/a> )<\/span><\/h2>\n\t\t\t<ul class=\"archive-list\">\n\t\t\t\t<li><a href=\"https:\/\/www.aclanester56.com\/velo\/meilleurs-voeux-2011\/\">Meilleurs voeux 2011<\/a><\/li>\n<li><a href=\"https:\/\/www.aclanester56.com\/velo\/epidemie-de-grippe-a-lac-lanester-56\/\">\u00c9pid\u00e9mie de grippe \u00e0 l'AC LANESTER 56<\/a><\/li>\n<li><a href=\"https:\/\/www.aclanester56.com\/velo\/retrospective-2010-66\/\">R\u00e9trospective 2010 (6\/6)<\/a><\/li>\n<li><a href=\"https:\/\/www.aclanester56.com\/velo\/retrospective-2010-56\/\">R\u00e9trospective 2010 (5\/6)<\/a><\/li>\n<li><a href=\"https:\/\/www.aclanester56.com\/velo\/antoine-coz-et-flavian-le-guellec-en-stage-avec-le-comite-de-bretagne\/\">Antoine COZ et Flavian LE GUELLEC en stage avec le comit\u00e9 de Bretagne<\/a><\/li>\n<li><a href=\"https:\/\/www.aclanester56.com\/velo\/retrospective-2010-46\/\">R\u00e9trospective 2010 (4\/6)<\/a><\/li>\n<li><a href=\"https:\/\/www.aclanester56.com\/velo\/reportage-de-france-3-sur-le-cyclo-cross-de-camors\/\">Reportage de France 3 sur le cyclo-cross de Camors<\/a><\/li>\n<li><a href=\"https:\/\/www.aclanester56.com\/velo\/retrospective-39\/\">R\u00e9trospective 2010 (3\/6)<\/a><\/li>\n<li><a href=\"https:\/\/www.aclanester56.com\/velo\/retrospective-2010-26\/\">R\u00e9trospective 2010 (2\/6)<\/a><\/li>\n<li><a href=\"https:\/\/www.aclanester56.com\/velo\/retrospective-2010-16\/\">R\u00e9trospective 2010 (1\/6)<\/a><\/li>\n<li><a href=\"https:\/\/www.aclanester56.com\/velo\/cyclo-cross-national-de-camors-florian-le-corre-et-les-lanesteriens-brillent\/\">Cyclo-cross national de Camors : Florian LE CORRE et les Lanest\u00e9riens brillent<\/a><\/li>\n<li><a href=\"https:\/\/www.aclanester56.com\/velo\/aurelien-daniel-en-haut-de-laffiche\/\">Aur\u00e9lien DANIEL en haut de l'affiche !<\/a><\/li>\n<li><a href=\"https:\/\/www.aclanester56.com\/velo\/des-lanesteriens-dans-le-livre-cyclisme-amateur-2010\/\">Des Lanest\u00e9riens dans le livre \"Cyclisme amateur 2010\" !<\/a><\/li>\n<li><a href=\"https:\/\/www.aclanester56.com\/velo\/2eme-manche-trophee-regional-a-plessala-double-lanesterien-en-juniors-balannec-2eme-en-espoirs\/\">2\u00e8me manche Troph\u00e9e R\u00e9gional \u00e0 Plessala : Doubl\u00e9 lanest\u00e9rien en juniors, BALANNEC 2\u00e8me en espoirs<\/a><\/li>\n<li><a href=\"https:\/\/www.aclanester56.com\/velo\/warren-barguil-elu-revelation-de-lannee-sur-directvelo\/\">Warren BARGUIL, \u00e9lu \"r\u00e9v\u00e9lation de l'ann\u00e9e 2010\" sur directV\u00e9lo <\/a><\/li>\n<li><a href=\"https:\/\/www.aclanester56.com\/velo\/entrainement-hivernal-des-benjamins-du-club\/\">Entrainement hivernal des benjamins du club <\/a><\/li>\n<li><a href=\"https:\/\/www.aclanester56.com\/velo\/le-lanesterien-florian-le-corre-dans-la-selection-tricolore-a-kalmthout\/\">Le Lanest\u00e9rien Florian LE CORRE dans la s\u00e9lection tricolore \u00e0 Kalmthout <\/a><\/li>\n<li><a href=\"https:\/\/www.aclanester56.com\/velo\/retour-en-images-sur-la-finale-du-challenge-national-de-cyclo-cross-2010-a-st-jean-de-monts\/\">Retour en images sur la finale du challenge national de cyclo-cross 2010 \u00e0 St Jean-de-Monts<\/a><\/li>\n<li><a href=\"https:\/\/www.aclanester56.com\/velo\/emission-ty-tele\/\">Quelques images du championnat de Bretagne de cyclo-cross 2010 sur Ty T\u00e9l\u00e9<\/a><\/li>\n<li><a href=\"https:\/\/www.aclanester56.com\/velo\/challenge-national-elites-a-st-jean-de-monts-le-corre-11eme\/\">Challenge national \u00e9lites 2010 \u00e0 St Jean-de-Monts : LE CORRE 11\u00e8me !<\/a><\/li>\n<li><a href=\"https:\/\/www.aclanester56.com\/velo\/challenge-national-espoirs-a-st-jean-de-monts-balannec-19eme-daniel-24eme\/\">Challenge national espoirs 2010 \u00e0 St Jean-de-Monts : BALANNEC 19\u00e8me, DANIEL 24\u00e8me<\/a><\/li>\n<li><a href=\"https:\/\/www.aclanester56.com\/velo\/challenge-national-juniors-a-st-jean-de-monts-le-guellec-5eme\/\">Challenge national juniors 2010 \u00e0 St Jean-de-Monts : LE GUELLEC 5\u00e8me, COZ 46\u00e8me !<\/a><\/li>\n<li><a href=\"https:\/\/www.aclanester56.com\/velo\/les-lanesteriens-sur-la-finale-du-challenge-national-de-cyclo-cross-a-st-jean-de-monts-85\/\">Les Lanest\u00e9riens sur la finale du challenge national de cyclo-cross \u00e0 St Jean-de-Monts (85)<\/a><\/li>\n<li><a href=\"https:\/\/www.aclanester56.com\/velo\/revue-de-presse-un-nouveau-tres-bel-article-sur-lac-lanester-56\/\">Revue de presse : Encore un tr\u00e8s bel article sur l\u2019AC LANESTER 56 !<\/a><\/li>\n<li><a href=\"https:\/\/www.aclanester56.com\/velo\/les-cadets-et-juniors-de-lac-lanester-56-en-stage\/\">Les cadets et juniors de l'AC LANESTER 56 en stage<\/a><\/li>\n<li><a href=\"https:\/\/www.aclanester56.com\/velo\/championnat-de-bretagne-de-cyclo-cross-le-corre-sincline-devant-boulo\/\">Championnat de Bretagne de cyclo-cross \u00e9lites : LE CORRE s\u2019incline devant BOULO<\/a><\/li>\n<li><a href=\"https:\/\/www.aclanester56.com\/velo\/championnat-de-bretagne-de-cyclo-cross-espoirs\/\">Championnat de Bretagne de cyclo-cross espoirs : BALANNEC deuxi\u00e8me<\/a><\/li>\n<li><a href=\"https:\/\/www.aclanester56.com\/velo\/championnat-de-bretagne-de-cyclo-cross-juniors-le-guellec-champion\/\">Championnat de Bretagne de cyclo-cross juniors : LE GUELLEC champion !<\/a><\/li>\n<li><a href=\"https:\/\/www.aclanester56.com\/velo\/revue-de-presse-championnats-de-bretagne-de-cyclo-cross\/\">Revue de presse : Championnats de Bretagne de cyclo-cross<\/a><\/li>\n<li><a href=\"https:\/\/www.aclanester56.com\/velo\/chpt-bretagne-cyclo-cross-florian-le-corre-le-circuit-me-plait-beaucoup\/\">Chpt Bretagne cyclo-cross - Florian LE CORRE : \"Le circuit me pla\u00eet beaucoup !\"<\/a><\/li>\n<li><a href=\"https:\/\/www.aclanester56.com\/velo\/championnat-de-bretagne-de-cyclo-cross-a-plouay-dimanche\/\">Championnat de Bretagne de cyclo-cross \u00e0 Plouay dimanche<\/a><\/li>\n<li><a href=\"https:\/\/www.aclanester56.com\/velo\/chpt-bretagne-cyclo-cross-christophe-balannec-ramener-le-titre-a-lacl\/\">Chpt Bretagne cyclo-cross \u2013 Christophe BALANNEC : \u00a0\u00a0\u00ab\u00a0Ramener le titre \u00e0 l\u2019ACL !\u00a0\u00bb<\/a><\/li>\n<li><a href=\"https:\/\/www.aclanester56.com\/velo\/chpt-bretagne-cyclo-cross-flavian-le-guellec-au-moins-faire-un-podium\/\">Chpt Bretagne cyclo-cross \u2013 Flavian LE GUELLEC : \u00ab\u00a0Au moins faire un podium\u00a0\u00bb<\/a><\/li>\n<li><a href=\"https:\/\/www.aclanester56.com\/velo\/chpt-bretagne-cyclo-cross-antoine-coz-aucune-pression\/\">Chpt Bretagne cyclo-cross - Antoine COZ : \"Aucune pression\"<\/a><\/li>\n\n\t\t\t<\/ul>\n\t\t<\/div>\n\t<\/div>\n\t<div class=\"pane\">\n\t\t<ul id=\"month-list-2011\" class=\"tabs month-list\">\n\t\t\t<li>\t<a  href=\"https:\/\/www.aclanester56.com\/velo\/2011\/01\/\">Jan<\/a>\t<\/li><li>\t<a  href=\"https:\/\/www.aclanester56.com\/velo\/2011\/02\/\">F&eacute;v<\/a>\t<\/li><li>\t<a  href=\"https:\/\/www.aclanester56.com\/velo\/2011\/03\/\">Mar<\/a>\t<\/li><li>\t<a  href=\"https:\/\/www.aclanester56.com\/velo\/2011\/04\/\">Avr<\/a>\t<\/li><li>\t<a  href=\"https:\/\/www.aclanester56.com\/velo\/2011\/05\/\">Mai<\/a>\t<\/li><li>\t<a  href=\"https:\/\/www.aclanester56.com\/velo\/2011\/06\/\">Juin<\/a>\t<\/li><li>\t<a  href=\"https:\/\/www.aclanester56.com\/velo\/2011\/07\/\">Juil<\/a>\t<\/li><li>\t<a  href=\"https:\/\/www.aclanester56.com\/velo\/2011\/08\/\">Ao&ucirc;t<\/a>\t<\/li><li>\t<a  href=\"https:\/\/www.aclanester56.com\/velo\/2011\/09\/\">Sep<\/a>\t<\/li><li>\t<a  href=\"https:\/\/www.aclanester56.com\/velo\/2011\/10\/\">Oct<\/a>\t<\/li><li>\t<a  href=\"https:\/\/www.aclanester56.com\/velo\/2011\/11\/\">Nov<\/a>\t<\/li><li>\t<a  href=\"https:\/\/www.aclanester56.com\/velo\/2011\/12\/\">D&eacute;c<\/a>\t<\/li>\n\t\t<\/ul>\n\t\t<div class=\"pane\">\n\t\t\t<h2 class=\"month-heading\">janvier 2011 <span class=\"month-archive-link\">( <a href=\"https:\/\/www.aclanester56.com\/velo\/2011\/01\/\">Voir la page d&rsquo;archive compl&egrave;te<\/a> )<\/span><\/h2>\n\t\t\t<ul class=\"archive-list\">\n\t\t\t\t<li><a href=\"https:\/\/www.aclanester56.com\/velo\/ouverture-prochaine-de-la-boutique\/\">Ouverture prochaine de la Boutique !<\/a><\/li>\n<li><a href=\"https:\/\/www.aclanester56.com\/velo\/stage-acl-56-a-la-montagne-gildas-le-priellec-dur-mais-tres-instructif\/\">Stage ACL 56 \u00e0 la montagne \u2013 Gildas LE PRIELLEC : \u201cDur mais tr\u00e8s instructif !\u201d<\/a><\/li>\n<li><a href=\"https:\/\/www.aclanester56.com\/velo\/matthieu-boulo-4eme-au-championnat-du-monde-espoirs-de-cyclo-cross\/\">Matthieu BOULO 4\u00e8me au championnat du monde espoirs de cyclo-cross<\/a><\/li>\n<li><a href=\"https:\/\/www.aclanester56.com\/velo\/des-nouvelles-de-mickael-siby\/\">Des nouvelles de Mickael SIBY<\/a><\/li>\n<li><a href=\"https:\/\/www.aclanester56.com\/velo\/le-lanesterien-warren-barguil-en-equipe-de-france\/\">Le Lanest\u00e9rien Warren BARGUIL en \u00e9quipe de France<\/a><\/li>\n<li><a href=\"https:\/\/www.aclanester56.com\/velo\/stage-acl-56-a-la-montagne-compte-rendu-de-la-6eme-journee\/\">Stage ACL 56 \u00e0 la montagne \u2013 Compte-rendu de la 6\u00e8me journ\u00e9e<\/a><\/li>\n<li><a href=\"https:\/\/www.aclanester56.com\/velo\/stage-acl-56-a-la-montagne-yann-le-burel-me-tester-par-rapport-a-moi-meme\/\">Stage ACL 56 \u00e0 la montagne \u2013 Yann LE BUREL : \u201cMe tester par rapport \u00e0 moi-m\u00eame\u201d<\/a><\/li>\n<li><a href=\"https:\/\/www.aclanester56.com\/velo\/stage-acl-56-a-la-montagne-christophe-balannec-une-super-ambiance\/\">Stage ACL 56 \u00e0 la montagne \u2013 Christophe BALANNEC : \u201cUne super ambiance !\u201d<\/a><\/li>\n<li><a href=\"https:\/\/www.aclanester56.com\/velo\/stage-acl-56-a-la-montagne-anthony-mira-je-ne-pensais-pas-que-cetait-aussi-dur\/\">Stage ACL 56 \u00e0 la montagne \u2013 Anthony MIRA : \u201cJe ne pensais pas que c\u2019\u00e9tait aussi dur !\u201d<\/a><\/li>\n<li><a href=\"https:\/\/www.aclanester56.com\/velo\/stage-acl-56-a-la-montagne-compte-rendu-de-la-5eme-journee\/\">Stage ACL 56 \u00e0 la montagne \u2013 Compte-rendu de la 5\u00e8me journ\u00e9e<\/a><\/li>\n<li><a href=\"https:\/\/www.aclanester56.com\/velo\/nouveau-a-lecole-de-cyclisme\/\">L\u2019Ecole de Cyclisme teste de nouvelles activit\u00e9s !<\/a><\/li>\n<li><a href=\"https:\/\/www.aclanester56.com\/velo\/stage-acl-56-a-la-montagne-quand-le-coach-montre-lexemple\/\">Stage ACL 56 \u00e0 la montagne \u2013 Quand le coach montre l\u2019exemple \u2026<\/a><\/li>\n<li><a href=\"https:\/\/www.aclanester56.com\/velo\/stage-acl-56-a-la-montagne-compte-rendu-de-la-4eme-journee\/\">Stage ACL 56 \u00e0 la montagne \u2013 Compte-rendu de la 4\u00e8me journ\u00e9e<\/a><\/li>\n<li><a href=\"https:\/\/www.aclanester56.com\/velo\/stage-acl-56-a-la-montagne-reaction-de-vincent-ragot\/\">Stage ACL 56 \u00e0 la montagne \u2013 R\u00e9action de Vincent RAGOT<\/a><\/li>\n<li><a href=\"https:\/\/www.aclanester56.com\/velo\/stage-acl-56-a-la-montagne-compte-rendu-de-la-3eme-journee\/\">Stage ACL 56 \u00e0 la montagne \u2013 Compte-rendu de la 3\u00e8me journ\u00e9e<\/a><\/li>\n<li><a href=\"https:\/\/www.aclanester56.com\/velo\/trophee-regional-de-cyclo-cross-a-la-meziere-antoine-coz-remporte-le-classement\/\">Troph\u00e9e r\u00e9gional de cyclo-cross \u00e0 La M\u00e9zi\u00e8re : Antoine COZ remporte le classement g\u00e9n\u00e9ral juniors<\/a><\/li>\n<li><a href=\"https:\/\/www.aclanester56.com\/velo\/debut-du-stage-de-lac-lanester-56-a-la-montagne-du-velo-du-ski-et-un-froid-glacial\/\">D\u00e9but du stage de l\u2019AC LANESTER 56 \u00e0 la montagne : v\u00e9lo, ski et \u2026 un froid glacial !<\/a><\/li>\n<li><a href=\"https:\/\/www.aclanester56.com\/velo\/2eme-manche-des-samedis-decouverte-de-la-piste-tous-les-resultats\/\">2\u00e8me manche des Samedis D\u00e9couverte de la piste : tous les r\u00e9sultats  !<\/a><\/li>\n<li><a href=\"https:\/\/www.aclanester56.com\/velo\/matthieu-boulo-vainqueur-de-la-finale-de-la-coupe-du-monde-de-cyclo-cross\/\">Matthieu BOULO vainqueur de la finale de la Coupe du Monde de cyclo-cross !<\/a><\/li>\n<li><a href=\"https:\/\/www.aclanester56.com\/velo\/de-beaux-vehicules-a-lac-lanester-56-pour-2011\/\">De beaux v\u00e9hicules \u00e0 l\u2019AC LANESTER 56 pour 2011 !<\/a><\/li>\n<li><a href=\"https:\/\/www.aclanester56.com\/velo\/au-programme-ce-week-end-2\/\">Au programme ce week-end !<\/a><\/li>\n<li><a href=\"https:\/\/www.aclanester56.com\/velo\/lecole-de-cyclisme-tire-ses-rois\/\">L\u2019Ecole de Cyclisme tire ses rois !<\/a><\/li>\n<li><a href=\"https:\/\/www.aclanester56.com\/velo\/matthieu-boulo-remporte-la-manche-de-coupe-du-monde-de-pontchateau\/\">Matthieu BOULO remporte la manche de Coupe du Monde de Pontch\u00e2teau !<\/a><\/li>\n<li><a href=\"https:\/\/www.aclanester56.com\/velo\/revue-de-presse-alain-giroux-distingue\/\">Revue de presse : Alain GIROUX distingu\u00e9<\/a><\/li>\n<li><a href=\"https:\/\/www.aclanester56.com\/velo\/stage-de-lequipe-dn-de-lac-lanester-56\/\">Stage de l'\u00e9quipe DN de l'AC LANESTER 56 <\/a><\/li>\n<li><a href=\"https:\/\/www.aclanester56.com\/velo\/revue-de-presse-les-samedis-decouverte-de-la-piste\/\">Revue de presse : les Samedis D\u00e9couverte de la piste<\/a><\/li>\n<li><a href=\"https:\/\/www.aclanester56.com\/velo\/championnat-france-juniors-2011-de-cyclo-cross-le-guellec-malchanceux\/\">Championnat France Juniors 2011 de cyclo-cross : LE GUELLEC malchanceux ! <\/a><\/li>\n<li><a href=\"https:\/\/www.aclanester56.com\/velo\/championnat-france-juniors-2011-de-cyclo-cross-matthieu-boulo-en-bleu-blanc-rouge\/\">Championnat France Espoirs 2011 de cyclo-cross : Matthieu BOULO en bleu-blanc-rouge ! <\/a><\/li>\n<li><a href=\"https:\/\/www.aclanester56.com\/velo\/1ere-manche-des-samedis-decouverte-de-la-piste-resultats\/\">1\u00e8re manche des Samedis D\u00e9couverte de la piste : R\u00e9sultats<\/a><\/li>\n<li><a href=\"https:\/\/www.aclanester56.com\/velo\/un-gros-programme-du-cote-de-lac-lanester-56-ce-week-end\/\">Un gros programme du c\u00f4t\u00e9 de l'AC LANESTER 56 ce week-end !<\/a><\/li>\n<li><a href=\"https:\/\/www.aclanester56.com\/velo\/connectez-vous-avec-votre-iphone-sur-aclanester56-com\/\">Connectez-vous avec votre iPhone sur aclanester56.com !<\/a><\/li>\n<li><a href=\"https:\/\/www.aclanester56.com\/velo\/revue-de-presse-anthony-mira-dans-velomazine\/\">Revue de presse : Anthony MIRA dans V\u00e9lomagazine<\/a><\/li>\n<li><a href=\"https:\/\/www.aclanester56.com\/velo\/les-etapes-du-tro-div-ster-2011\/\">Les \u00e9tapes du TRO DIV STER 2011<\/a><\/li>\n<li><a href=\"https:\/\/www.aclanester56.com\/velo\/nouveau-maillot-de-lac-lanester-56\/\">Nouveau maillot de l'AC LANESTER 56<\/a><\/li>\n<li><a href=\"https:\/\/www.aclanester56.com\/velo\/voeux-du-president-de-lac-lanester-56-jean-yves-le-gal\/\">Voeux du pr\u00e9sident de l\u2019AC LANESTER 56 Jean-Yves LE GAL<\/a><\/li>\n<li><a href=\"https:\/\/www.aclanester56.com\/velo\/revue-de-presse-2\/\">Revue de presse<\/a><\/li>\n<li><a href=\"https:\/\/www.aclanester56.com\/velo\/retour-en-images-sur-le-cyclo-cross-de-quimper\/\">Retour en images sur le cyclo-cross de Quimper<\/a><\/li>\n<li><a href=\"https:\/\/www.aclanester56.com\/velo\/resultats-du-week-end-le-guellec-et-balannec-excellents-sur-le-cyclo-cross-de-quimper\/\">R\u00e9sultats du week-end : LE GUELLEC et BALANNEC excellents sur le cyclo-cross de Quimper !<\/a><\/li>\n\n\t\t\t<\/ul>\n\t\t<\/div>\n\t\t<div class=\"pane\">\n\t\t\t<h2 class=\"month-heading\">f&eacute;vrier 2011 <span class=\"month-archive-link\">( <a href=\"https:\/\/www.aclanester56.com\/velo\/2011\/02\/\">Voir la page d&rsquo;archive compl&egrave;te<\/a> )<\/span><\/h2>\n\t\t\t<ul class=\"archive-list\">\n\t\t\t\t<li><a href=\"https:\/\/www.aclanester56.com\/velo\/la-newsletter-du-mois-de-mars-sort-jeudi\/\">La newsletter du mois de mars sort jeudi !<\/a><\/li>\n<li><a href=\"https:\/\/www.aclanester56.com\/velo\/le-lanesterien-kevin-sadoudi-vainqueur-de-plaintel-plaintel\/\">Le Lanest\u00e9rien Kevin SADOUDI vainqueur de Plaintel-Plaintel !<\/a><\/li>\n<li><a href=\"https:\/\/www.aclanester56.com\/velo\/un-podium-a-radenac\/\">Un podium \u00e0 Radenac !<\/a><\/li>\n<li><a href=\"https:\/\/www.aclanester56.com\/velo\/la-route-bretonne-warren-barguil-5eme\/\">La Route Bretonne : Warren BARGUIL 5\u00e8me<\/a><\/li>\n<li><a href=\"https:\/\/www.aclanester56.com\/velo\/la-melrandaise-les-lanesteriens-butent-sur-le-normand-fabien-taillefer\/\">La Melrandaise : Les Lanest\u00e9riens butent sur le Normand Taillefer<\/a><\/li>\n<li><a href=\"https:\/\/www.aclanester56.com\/velo\/debuts-de-l%e2%80%99ecole-de-cyclisme-a-radenac\/\">D\u00e9buts de l\u2019Ecole de Cyclisme \u00e0 Radenac<\/a><\/li>\n<li><a href=\"https:\/\/www.aclanester56.com\/velo\/trois-dirigeants-lanesteriens-honores-vendredi-dernier\/\">Trois dirigeants lanest\u00e9riens honor\u00e9s vendredi dernier<\/a><\/li>\n<li><a href=\"https:\/\/www.aclanester56.com\/velo\/ou-seront-ils-ce-week-end\/\">O\u00f9 seront-ils ce week-end ?<\/a><\/li>\n<li><a href=\"https:\/\/www.aclanester56.com\/velo\/revue-de-presse-5\/\">Revue de presse<\/a><\/li>\n<li><a href=\"https:\/\/www.aclanester56.com\/velo\/retour-sur-la-presentation-du-12eme-tro-div-ster\/\">Retour sur la pr\u00e9sentation du 12\u00e8me TRO DIV STER<\/a><\/li>\n<li><a href=\"https:\/\/www.aclanester56.com\/velo\/un-petit-coucou-depuis-le-pays-basque\/\">Un petit coucou depuis le Pays Basque !<\/a><\/li>\n<li><a href=\"https:\/\/www.aclanester56.com\/velo\/revue-de-presse-4\/\">Revue de presse<\/a><\/li>\n<li><a href=\"https:\/\/www.aclanester56.com\/velo\/velos-a-vendre\/\">Un v\u00e9lo disponible \u00e0 la vente !<\/a><\/li>\n<li><a href=\"https:\/\/www.aclanester56.com\/velo\/carnet-rose-2\/\">Carnet rose<\/a><\/li>\n<li><a href=\"https:\/\/www.aclanester56.com\/velo\/le-gouter-de-lecole-de-cyclisme\/\">Les go\u00fbters de l\u2019Ecole de Cyclisme !<\/a><\/li>\n<li><a href=\"https:\/\/www.aclanester56.com\/velo\/fin-des-entrainements-bmx-et-reprise-de-la-piste-2\/\">Fin des entrainements BMX et reprise de la piste<\/a><\/li>\n<li><a href=\"https:\/\/www.aclanester56.com\/velo\/resultats-des-interclubs-de-mellac-et-camors\/\">R\u00e9sultats des interclubs de Mellac et Camors<\/a><\/li>\n<li><a href=\"https:\/\/www.aclanester56.com\/velo\/resultats-du-1902-v-ragot-3eme-a-rostrenen-w-barguil-17eme-sur-l%e2%80%99essor-basque\/\">R\u00e9sultats du 19\/02 : V. RAGOT 3\u00e8me \u00e0 Rostrenen, W. BARGUIL 17\u00e8me sur l\u2019Essor Basque<\/a><\/li>\n<li><a href=\"https:\/\/www.aclanester56.com\/velo\/ouverture-officielle-de-la-boutique-de-lac-lanester-56\/\">Ouverture officielle de la Boutique de l\u2019AC LANESTER 56<\/a><\/li>\n<li><a href=\"https:\/\/www.aclanester56.com\/velo\/lac-lanester-56-officiellement-en-dn2\/\">L\u2019AC LANESTER 56 officiellement en DN2 !<\/a><\/li>\n<li><a href=\"https:\/\/www.aclanester56.com\/velo\/rappel-presentation-des-equipes-et-du-12eme-tro-div-ster\/\">Rappel : Pr\u00e9sentation des \u00e9quipes et du 12\u00e8me TRO DIV STER<\/a><\/li>\n<li><a href=\"https:\/\/www.aclanester56.com\/velo\/dernier-stage-de-lequipe-dn-avant-la-reprise\/\">Dernier stage de l\u2019\u00e9quipe DN avant la reprise !<\/a><\/li>\n<li><a href=\"https:\/\/www.aclanester56.com\/velo\/revue-de-presse-3\/\">Revue de presse<\/a><\/li>\n<li><a href=\"https:\/\/www.aclanester56.com\/velo\/juniors-et-seniors-lanesteriens-ont-roule-ensemble-le-week-end-dernier\/\">Juniors et seniors lanest\u00e9riens ont roul\u00e9 ensemble le week-end dernier !<\/a><\/li>\n<li><a href=\"https:\/\/www.aclanester56.com\/velo\/lac-lanester-56-a-sa-page-facebook\/\">L\u2019AC LANESTER 56 a sa page Facebook !<\/a><\/li>\n<li><a href=\"https:\/\/www.aclanester56.com\/velo\/le-bf2-pour-guy-nivinou\/\">Le BF2 pour Guy NIVINOU  !<\/a><\/li>\n<li><a href=\"https:\/\/www.aclanester56.com\/velo\/retour-en-images-sur-les-samedis-decouverte-de-la-piste-2011\/\">Retour en images sur les Samedis D\u00e9couverte de la piste 2011<\/a><\/li>\n<li><a href=\"https:\/\/www.aclanester56.com\/velo\/finale-des-samedis-decouverte-de-la-piste-tous-les-resultats\/\">Finale des Samedis D\u00e9couverte de la piste : Tous les r\u00e9sultats !<\/a><\/li>\n<li><a href=\"https:\/\/www.aclanester56.com\/velo\/remise-des-equipements-et-soiree-officielle-de-presentation\/\">Remise des \u00e9quipements et soir\u00e9e officielle de pr\u00e9sentation<\/a><\/li>\n<li><a href=\"https:\/\/www.aclanester56.com\/velo\/la-finale-des-samedis-decouverte-de-la-piste-cest-ce-samedi\/\">La finale des Samedis D\u00e9couverte de la piste, c\u2019est ce samedi !<\/a><\/li>\n<li><a href=\"https:\/\/www.aclanester56.com\/velo\/fin-du-stage-de-lac-lanester-56-a-la-montagne\/\">Fin du stage de l\u2019AC LANESTER 56 \u00e0 la montagne<\/a><\/li>\n\n\t\t\t<\/ul>\n\t\t<\/div>\n\t\t<div class=\"pane\">\n\t\t\t<h2 class=\"month-heading\">mars 2011 <span class=\"month-archive-link\">( <a href=\"https:\/\/www.aclanester56.com\/velo\/2011\/03\/\">Voir la page d&rsquo;archive compl&egrave;te<\/a> )<\/span><\/h2>\n\t\t\t<ul class=\"archive-list\">\n\t\t\t\t<li><a href=\"https:\/\/www.aclanester56.com\/velo\/warren-barguil-et-lac-lanester-56-en-bonne-position-dans-le-challenge-directvelo\/\">Warren BARGUIL et l'AC LANESTER 56 en bonne position dans le challenge DirectV\u00e9lo !<\/a><\/li>\n<li><a href=\"https:\/\/www.aclanester56.com\/velo\/grand-prix-super-u-warren-barguil-lemporte\/\">Grand Prix Super U : Warren BARGUIL l'emporte !<\/a><\/li>\n<li><a href=\"https:\/\/www.aclanester56.com\/velo\/retour-sur-les-boucles-guegonnaises-et-la-course-dattente\/\">Retour sur les Boucles Gu\u00e9gonnaises et la course d'attente<\/a><\/li>\n<li><a href=\"https:\/\/www.aclanester56.com\/velo\/resultats-des-jeunes-lanesteriens-a-tregunc-et-st-gerand\/\">R\u00e9sultats des jeunes Lanest\u00e9riens \u00e0 Tr\u00e9gunc et St G\u00e9rand<\/a><\/li>\n<li><a href=\"https:\/\/www.aclanester56.com\/velo\/route-des-lutteurs-maxime-cornic-lemporte-en-puncheur-pour-son-entraineur\/\">Route des Lutteurs : Maxime CORNIC l'emporte en puncheur, pour son entraineur !<\/a><\/li>\n<li><a href=\"https:\/\/www.aclanester56.com\/velo\/boucles-guegonnaises-warren-barguil-au-pied-du-podium\/\">Boucles Gu\u00e9gonnaises : Warren BARGUIL au pied du podium !<\/a><\/li>\n<li><a href=\"https:\/\/www.aclanester56.com\/velo\/fleche-darmor-yann-rault-victorieux-sur-la-derniere-etape-et-2eme-du-general\/\">Fl\u00e8che d'Armor : Yann RAULT victorieux sur la derni\u00e8re \u00e9tape et 2\u00e8me du g\u00e9n\u00e9ral<\/a><\/li>\n<li><a href=\"https:\/\/www.aclanester56.com\/velo\/warren-barguil-2eme-du-grand-prix-gilbert-bousquet\/\">Warren BARGUIL 2\u00e8me du Grand Prix Gilbert BOUSQUET !<\/a><\/li>\n<li><a href=\"https:\/\/www.aclanester56.com\/velo\/1ere-etape-fleche-darmor-balannec-2eme-au-sprint-massif\/\">1\u00e8re \u00e9tape Fl\u00e8che d'Armor : BALANNEC 2\u00e8me au sprint massif<\/a><\/li>\n<li><a href=\"https:\/\/www.aclanester56.com\/velo\/la-boutique-de-nouveaux-equipements-disponibles\/\">La Boutique : de nouveaux \u00e9quipements disponibles !<\/a><\/li>\n<li><a href=\"https:\/\/www.aclanester56.com\/velo\/un-autre-cadet-lanesterien-retenu-en-equipe-du-morbihan\/\">Un autre cadet lanest\u00e9rien retenu en \u00e9quipe du Morbihan !<\/a><\/li>\n<li><a href=\"https:\/\/www.aclanester56.com\/velo\/les-jeunes-lanesteriens-travaillent-leur-adresse\/\">Les jeunes Lanest\u00e9riens travaillent leur adresse !<\/a><\/li>\n<li><a href=\"https:\/\/www.aclanester56.com\/velo\/une-lanesterienne-en-selection-du-morbihan\/\">Une Lanest\u00e9rienne en s\u00e9lection du Morbihan !<\/a><\/li>\n<li><a href=\"https:\/\/www.aclanester56.com\/velo\/resultats-du-week-end-8\/\">R\u00e9sultats du week-end<\/a><\/li>\n<li><a href=\"https:\/\/www.aclanester56.com\/velo\/ecoles-de-cyclisme-a-sainte-anne-dauray-benjamin-duval-1er-chez-les-minimes\/\">Ecoles de Cyclisme \u00e0 Sainte-Anne d'Auray : Benjamin DUVAL 1er chez les minimes !<\/a><\/li>\n<li><a href=\"https:\/\/www.aclanester56.com\/velo\/coupe-de-france-dn2-buxerolles\/\">Coupe de France DN2 - Buxerolles : Barguil 6\u00e8me !<\/a><\/li>\n<li><a href=\"https:\/\/www.aclanester56.com\/velo\/deux-lanesteriens-preselectionnes-pour-le-tour-de-bretagne\/\">Deux Lanest\u00e9riens pr\u00e9s\u00e9lectionn\u00e9s pour le Tour de Bretagne<\/a><\/li>\n<li><a href=\"https:\/\/www.aclanester56.com\/velo\/la-photo-du-jour\/\">La photo du jour !<\/a><\/li>\n<li><a href=\"https:\/\/www.aclanester56.com\/velo\/composition-de-lequipe-pour-la-coupe-de-france-dn2\/\">Composition de l'\u00e9quipe pour la Coupe de France DN2<\/a><\/li>\n<li><a href=\"https:\/\/www.aclanester56.com\/velo\/romain-guillou-imperial-sur-le-tro-bro-guerne-a-plomeur\/\">Romain GUILLOU imp\u00e9rial sur le Tro Bro Guerne \u00e0 Plomeur !<\/a><\/li>\n<li><a href=\"https:\/\/www.aclanester56.com\/velo\/les-jeunes-categories-de-lac-lanester-56-a-noyal-pontivy\/\">Les jeunes cat\u00e9gories de l'AC LANESTER 56 \u00e0 Noyal-Pontivy<\/a><\/li>\n<li><a href=\"https:\/\/www.aclanester56.com\/velo\/des-lanesteriens-offensifs-sur-le-circuit-du-morbihan\/\">Des Lanest\u00e9riens offensifs sur le Circuit du Morbihan<\/a><\/li>\n<li><a href=\"https:\/\/www.aclanester56.com\/velo\/retour-sur-le-stage-de-detection-minimes-a-plouay\/\">Retour sur le stage de d\u00e9tection minimes \u00e0 Plouay<\/a><\/li>\n<li><a href=\"https:\/\/www.aclanester56.com\/velo\/ou-va-l%e2%80%99ecole-de-cyclisme-ce-week-end\/\">O\u00f9 va l\u2019Ecole de Cyclisme ce week-end ?<\/a><\/li>\n<li><a href=\"https:\/\/www.aclanester56.com\/velo\/rencontre-avec-thomas-le-boucher\/\">Rencontre avec Thomas LE BOUCHER<\/a><\/li>\n<li><a href=\"https:\/\/www.aclanester56.com\/velo\/les-lanesteriens-brillent-sur-manche-atlantique\/\">Les Lanest\u00e9riens brillent sur Manche-Atlantique<\/a><\/li>\n<li><a href=\"https:\/\/www.aclanester56.com\/velo\/si-vous-avez-rate-la-news-letter-du-mois-de-mars\/\">Si vous avez rat\u00e9 la newsletter du mois de Mars \u2026<\/a><\/li>\n<li><a href=\"https:\/\/www.aclanester56.com\/velo\/13-cadets-lanesteriens-a-la-detection-du-cd56\/\">13 cadets lanest\u00e9riens \u00e0 la d\u00e9tection du CD56<\/a><\/li>\n<li><a href=\"https:\/\/www.aclanester56.com\/velo\/revue-de-presse-la-melrandaise-et-plaintel-plaintel\/\">Revue de presse : La Melrandaise et Plaintel-Plaintel<\/a><\/li>\n\n\t\t\t<\/ul>\n\t\t<\/div>\n\t\t<div class=\"pane\">\n\t\t\t<h2 class=\"month-heading\">avril 2011 <span class=\"month-archive-link\">( <a href=\"https:\/\/www.aclanester56.com\/velo\/2011\/04\/\">Voir la page d&rsquo;archive compl&egrave;te<\/a> )<\/span><\/h2>\n\t\t\t<ul class=\"archive-list\">\n\t\t\t\t<li><a href=\"https:\/\/www.aclanester56.com\/velo\/bon-comportement-des-lanesteriens-sur-le-circuit-du-mene\/\">Bon comportement des Lanest\u00e9riens sur le Circuit du Men\u00e9<\/a><\/li>\n<li><a href=\"https:\/\/www.aclanester56.com\/velo\/le-12eme-tro-div-ster-se-prepare-et-on-en-parle-dans-la-presse\/\">Le 12\u00e8me Tro Div Ster se pr\u00e9pare ... et on en parle dans la presse !<\/a><\/li>\n<li><a href=\"https:\/\/www.aclanester56.com\/velo\/resultats-de-lecole-de-cyclisme-a-ploerdut\/\">R\u00e9sultats de l'\u00e9cole de cyclisme \u00e0 Plo\u00ebrdut<\/a><\/li>\n<li><a href=\"https:\/\/www.aclanester56.com\/velo\/vincent-guego-4eme-a-lanvaudan\/\">Vincent Gu\u00e9go 4\u00e8me \u00e0 Lanvaudan<\/a><\/li>\n<li><a href=\"https:\/\/www.aclanester56.com\/velo\/cadets-a-moustoir-ac-un-lanesterien-se-revele\/\">Cadets \u00e0 Moustoir-Ac : un Lanest\u00e9rien se r\u00e9v\u00e8le !<\/a><\/li>\n<li><a href=\"https:\/\/www.aclanester56.com\/velo\/nicolas-primas-retenu-en-stage-avec-le-comite-de-bretagne\/\">Nicolas Primas retenu en stage avec le Comit\u00e9 de Bretagne<\/a><\/li>\n<li><a href=\"https:\/\/www.aclanester56.com\/velo\/autres-resultats-du-week-end-3\/\">Autres r\u00e9sultats du week-end<\/a><\/li>\n<li><a href=\"https:\/\/www.aclanester56.com\/velo\/warren-barguil-malchanceux-sur-la-1ere-etape-du-tour-de-toscane\/\">Warren Barguil malchanceux sur la 1\u00e8re \u00e9tape du Tour de Toscane<\/a><\/li>\n<li><a href=\"https:\/\/www.aclanester56.com\/velo\/une-competition-entre-jeunes-coureurs-du-club-pour-lecole-de-cyclisme\/\">Une comp\u00e9tition entre jeunes coureurs du club pour l'\u00e9cole de cyclisme !<\/a><\/li>\n<li><a href=\"https:\/\/www.aclanester56.com\/velo\/encore-un-superbe-week-end-pour-les-coureurs-de-lac-lanester-56\/\">Encore un superbe week-end pour les coureurs de l'AC LANESTER 56 !<\/a><\/li>\n<li><a href=\"https:\/\/www.aclanester56.com\/velo\/ludovic-poilvet-imperial-sur-le-tour-demeraude\/\">Ludovic Poilvet imp\u00e9rial sur le Tour d'Emeraude<\/a><\/li>\n<li><a href=\"https:\/\/www.aclanester56.com\/velo\/retour-en-images-sur-les-epreuves-de-redon\/\">Retour en images sur les \u00e9preuves de Redon<\/a><\/li>\n<li><a href=\"https:\/\/www.aclanester56.com\/velo\/vincent-ragot-participera-au-tour-de-bretagne\/\">Vincent RAGOT participera au Tour de Bretagne<\/a><\/li>\n<li><a href=\"https:\/\/www.aclanester56.com\/velo\/si-vous-avez-rate-notre-newsletter-du-mois-davril\/\">Si vous avez manqu\u00e9 notre newsletter du mois d'avril ...<\/a><\/li>\n<li><a href=\"https:\/\/www.aclanester56.com\/velo\/tonton-ben-mouille-le-maillot-de-lac-lanester-56-sur-le-marathon-de-paris\/\">Tonton Ben mouille le maillot de l'AC LANESTER 56 sur le marathon de Paris !<\/a><\/li>\n<li><a href=\"https:\/\/www.aclanester56.com\/velo\/resultats-du-week-end-niveau-formation\/\">R\u00e9sultats du week-end (niveau Formation)<\/a><\/li>\n<li><a href=\"https:\/\/www.aclanester56.com\/velo\/warren-barguil-selectionne-en-equipe-de-france-pour-la-coupe-des-nations-espoirs\/\">Warren BARGUIL s\u00e9lectionn\u00e9 en \u00e9quipe de France pour la Coupe des Nations espoirs !<\/a><\/li>\n<li><a href=\"https:\/\/www.aclanester56.com\/velo\/trophee-job-morvan-le-burel-et-mira-2eme-et-3eme-a-moreac\/\">Troph\u00e9e Job Morvan : Le Burel et Mira, 2\u00e8me et 3\u00e8me \u00e0 Mor\u00e9ac<\/a><\/li>\n<li><a href=\"https:\/\/www.aclanester56.com\/velo\/52eme-redon-redon-bichot-en-solitaire-barguil-6eme\/\">52\u00e8me Redon-Redon : Bichot en solitaire, Barguil 6\u00e8me<\/a><\/li>\n<li><a href=\"https:\/\/www.aclanester56.com\/velo\/guillaume-coquen-et-warren-barguil-donnent-le-coup-denvoi-de-lorient-sochaux\/\">Guillaume Coquen et Warren Barguil donnent le coup d'envoi de Lorient-Sochaux !<\/a><\/li>\n<li><a href=\"https:\/\/www.aclanester56.com\/velo\/operation-promotion-du-cyclisme-morbihannais-au-moustoir-ce-week-end\/\">Op\u00e9ration Promotion du Cyclisme Morbihannais au Moustoir ce week-end<\/a><\/li>\n<li><a href=\"https:\/\/www.aclanester56.com\/velo\/christophe-balannec-a-larret\/\">Christophe BALANNEC \u00e0 l'arr\u00eat<\/a><\/li>\n<li><a href=\"https:\/\/www.aclanester56.com\/velo\/les-minimes-lanesteriens-sur-la-coupe-du-conseil-general-piste\/\">Les minimes lanest\u00e9riens sur la Coupe du Conseil G\u00e9n\u00e9ral piste<\/a><\/li>\n<li><a href=\"https:\/\/www.aclanester56.com\/velo\/les-juniors-preparent-le-contre-la-montre-par-equipes\/\">Les juniors pr\u00e9parent le contre-la-montre par \u00e9quipes !<\/a><\/li>\n<li><a href=\"https:\/\/www.aclanester56.com\/velo\/resultats-du-week-end-de-nombreux-podiums-du-cote-des-lanesteriens\/\">R\u00e9sultats du week-end : de nombreux podiums du c\u00f4t\u00e9 des Lanest\u00e9riens !<\/a><\/li>\n<li><a href=\"https:\/\/www.aclanester56.com\/velo\/maxime-cornic-double-la-mise-a-mellac\/\">Maxime CORNIC double la mise \u00e0 Mellac !<\/a><\/li>\n<li><a href=\"https:\/\/www.aclanester56.com\/velo\/tour-du-pays-de-lesneven-vincent-guego-victorieux-podium-100-lanesterien\/\">Tour du Pays de Lesneven : Vincent GUEGO victorieux, podium 100% lanest\u00e9rien !<\/a><\/li>\n<li><a href=\"https:\/\/www.aclanester56.com\/velo\/poisson-davril\/\">Poisson d'avril !<\/a><\/li>\n<li><a href=\"https:\/\/www.aclanester56.com\/velo\/un-curieux-nouveau-reglement-concernant-les-jeunes-cyclistes\/\">Un curieux nouveau r\u00e8glement concernant les jeunes cyclistes ...<\/a><\/li>\n\n\t\t\t<\/ul>\n\t\t<\/div>\n\t\t<div class=\"pane\">\n\t\t\t<h2 class=\"month-heading\">mai 2011 <span class=\"month-archive-link\">( <a href=\"https:\/\/www.aclanester56.com\/velo\/2011\/05\/\">Voir la page d&rsquo;archive compl&egrave;te<\/a> )<\/span><\/h2>\n\t\t\t<ul class=\"archive-list\">\n\t\t\t\t<li><a href=\"https:\/\/www.aclanester56.com\/velo\/resultats-du-week-end-11\/\">R\u00e9sultats du week-end<\/a><\/li>\n<li><a href=\"https:\/\/www.aclanester56.com\/velo\/ploemel-vincent-guego-lemporte-en-costaud\/\">Ploemel : Vincent Gu\u00e9go l'emporte en costaud !<\/a><\/li>\n<li><a href=\"https:\/\/www.aclanester56.com\/velo\/les-juniors-lanesteriens-3eme-sur-la-coupe-des-clubs-clm-par-equipe-a-thorigny\/\">Les juniors lanest\u00e9riens 3\u00e8me sur la Coupe des Clubs CLM par \u00e9quipe \u00e0 Thorigny !<\/a><\/li>\n<li><a href=\"https:\/\/www.aclanester56.com\/velo\/la-plus-belle-des-victoires-pour-christophe-balannec\/\">La plus belle des victoires pour Christophe Balannec !<\/a><\/li>\n<li><a href=\"https:\/\/www.aclanester56.com\/velo\/retour-en-images-sur-les-boucles-du-val-doust\/\">Retour en images sur les Boucles du Val d'Oust<\/a><\/li>\n<li><a href=\"https:\/\/www.aclanester56.com\/velo\/resultats-du-week-end-10\/\">R\u00e9sultats du week-end<\/a><\/li>\n<li><a href=\"https:\/\/www.aclanester56.com\/velo\/randonnee-sur-la-cote-pour-lecole-de-cyclisme\/\">Randonn\u00e9e sur la c\u00f4te pour l'\u00e9cole de cyclisme !<\/a><\/li>\n<li><a href=\"https:\/\/www.aclanester56.com\/velo\/j-victor-picard-2eme-de-la-course-dattente-cadets-du-tro-div-ster\/\">J-Victor Picard 2\u00e8me de la course d'attente cadets du Tro Div Ster !<\/a><\/li>\n<li><a href=\"https:\/\/www.aclanester56.com\/velo\/3eme-etape-du-tro-div-ster-a-bouchevreau-letape-a-louyest-le-general\/\">3\u00e8me \u00e9tape du Tro Div Ster : A Bouchevreau l'\u00e9tape, \u00e0 Louyest le g\u00e9n\u00e9ral !<\/a><\/li>\n<li><a href=\"https:\/\/www.aclanester56.com\/velo\/2eme-etape-du-tro-div-ster-sojasun-espoirs-sur-le-clm-par-equipe\/\">2\u00e8me \u00e9tape du Tro Div Ster : Sojasun Espoirs sur le CLM par \u00e9quipe<\/a><\/li>\n<li><a href=\"https:\/\/www.aclanester56.com\/velo\/1ere-etape-du-tro-div-ster-renou-au-bout-du-suspense\/\">1\u00e8re \u00e9tape du Tro Div Ster : Renou au bout du suspense<\/a><\/li>\n<li><a href=\"https:\/\/www.aclanester56.com\/velo\/nicolas-primas-en-selection-du-morbihan\/\">Nicolas Primas en s\u00e9lection du Morbihan<\/a><\/li>\n<li><a href=\"https:\/\/www.aclanester56.com\/velo\/tro-div-ster-2011-3eme-etape-erdeven-lanester\/\">Tro Div Ster 2011 : 3\u00e8me \u00e9tape : Erdeven - Lanester<\/a><\/li>\n<li><a href=\"https:\/\/www.aclanester56.com\/velo\/tro-div-ster-2011-2eme-etape-kervignac-lanester\/\">Tro Div Ster 2011 : 2\u00e8me \u00e9tape : Kervignac - Lanester<\/a><\/li>\n<li><a href=\"https:\/\/www.aclanester56.com\/velo\/tro-div-ster-2011-1ere-etape-guemene-scorff-languidic\/\">Tro Div Ster 2011 : 1\u00e8re \u00e9tape Gu\u00e9men\u00e9\/Scorff - Languidic<\/a><\/li>\n<li><a href=\"https:\/\/www.aclanester56.com\/velo\/warren-barguil-selectionne-pour-la-manche-canadienne-de-la-coupe-des-nations\/\">Warren Barguil s\u00e9lectionn\u00e9 pour la manche canadienne de la Coupe des Nations<\/a><\/li>\n<li><a href=\"https:\/\/www.aclanester56.com\/velo\/tro-div-ster-14-et-15-mai-2011-la-liste-des-engages\/\">Tro Div Ster - 14 et 15 mai 2011 : la liste des engag\u00e9s<\/a><\/li>\n<li><a href=\"https:\/\/www.aclanester56.com\/velo\/retour-en-images-sur-les-championnats-de-bretagne-du-clm-par-equipes\/\">Retour en images sur les championnats de Bretagne du CLM par \u00e9quipes<\/a><\/li>\n<li><a href=\"https:\/\/www.aclanester56.com\/velo\/resultats-du-week-end-9\/\">R\u00e9sultats du week-end<\/a><\/li>\n<li><a href=\"https:\/\/www.aclanester56.com\/velo\/double-lanesterien-a-leuhan\/\">Doubl\u00e9 lanest\u00e9rien \u00e0 Leuhan !<\/a><\/li>\n<li><a href=\"https:\/\/www.aclanester56.com\/velo\/essor-breton-4eme-et-5eme-etapes\/\">Essor Breton : 4\u00e8me et 5\u00e8me \u00e9tapes<\/a><\/li>\n<li><a href=\"https:\/\/www.aclanester56.com\/velo\/les-juniors-lanesteriens-sur-le-podium-du-chpt-de-bretagne-du-clm-par-equipes\/\">Les juniors lanest\u00e9riens sur le podium du Chpt de Bretagne du CLM par \u00e9quipes !<\/a><\/li>\n<li><a href=\"https:\/\/www.aclanester56.com\/velo\/les-cadets-lanesteriens-7eme-du-chpt-de-bretagne-clm-par-equipes\/\">Les cadets lanest\u00e9riens 7\u00e8me du chpt de Bretagne CLM par \u00e9quipes<\/a><\/li>\n<li><a href=\"https:\/\/www.aclanester56.com\/velo\/tro-div-ster-2011-les-equipes-participantes\/\">Tro Div Ster 2011 : Les \u00e9quipes participantes<\/a><\/li>\n<li><a href=\"https:\/\/www.aclanester56.com\/velo\/essor-breton-1ere-et-2eme-etapes\/\">Essor Breton : 1\u00e8re et 2\u00e8me \u00e9tapes<\/a><\/li>\n<li><a href=\"https:\/\/www.aclanester56.com\/velo\/resultats-du-week-end-dernier\/\">R\u00e9sultats du week-end dernier<\/a><\/li>\n<li><a href=\"https:\/\/www.aclanester56.com\/velo\/romain-guillou-a-larret\/\">Romain Guillou \u00e0 l'arr\u00eat<\/a><\/li>\n<li><a href=\"https:\/\/www.aclanester56.com\/velo\/les-cadets-lanesteriens-sur-les-boucles-sournaises\/\">Les cadets lanest\u00e9riens sur les Boucles Sournaises<\/a><\/li>\n<li><a href=\"https:\/\/www.aclanester56.com\/velo\/poilvet-4eme-sur-la-seconde-manche-de-la-coupe-de-france-des-clubs-dn2\/\">Poilvet 4\u00e8me sur la seconde manche de la Coupe de France des clubs DN2 !<\/a><\/li>\n\n\t\t\t<\/ul>\n\t\t<\/div>\n\t\t<div class=\"pane\">\n\t\t\t<h2 class=\"month-heading\">juin 2011 <span class=\"month-archive-link\">( <a href=\"https:\/\/www.aclanester56.com\/velo\/2011\/06\/\">Voir la page d&rsquo;archive compl&egrave;te<\/a> )<\/span><\/h2>\n\t\t\t<ul class=\"archive-list\">\n\t\t\t\t<li><a href=\"https:\/\/www.aclanester56.com\/velo\/warren-barguil-remporte-le-gp-de-la-ville-de-lanester-devant-les-siens\/\">Warren Barguil remporte le GP de la Ville de Lanester devant les siens<\/a><\/li>\n<li><a href=\"https:\/\/www.aclanester56.com\/velo\/tir-groupe-lanesterien-sur-le-circuit-du-viaduc-au-ponthou\/\">Tir group\u00e9 lanest\u00e9rien sur le Circuit du Viaduc au Ponthou !<\/a><\/li>\n<li><a href=\"https:\/\/www.aclanester56.com\/velo\/les-jeunes-lanesteriens-sur-les-championnats-du-morbihan-de-lavenir-a-treal\/\">Les jeunes Lanest\u00e9riens sur les championnats du Morbihan de l'Avenir \u00e0 Tr\u00e9al<\/a><\/li>\n<li><a href=\"https:\/\/www.aclanester56.com\/velo\/le-grand-prix-de-la-ville-de-lanester-fete-ses-20-ans-le-mercredi-29-juin\/\">Le Grand Prix de la Ville de Lanester f\u00eate ses 20 ans le mercredi 29 juin !<\/a><\/li>\n<li><a href=\"https:\/\/www.aclanester56.com\/velo\/resultats-du-week-end-m-gaultier-victorieux-a-bobital\/\">R\u00e9sultats du week-end : Matthieu Gaultier victorieux \u00e0 Bobital !<\/a><\/li>\n<li><a href=\"https:\/\/www.aclanester56.com\/velo\/quelques-resultats-de-la-semaine-derniere\/\">Quelques r\u00e9sultats de la semaine derni\u00e8re !<\/a><\/li>\n<li><a href=\"https:\/\/www.aclanester56.com\/velo\/yann-rault-et-ses-coequipiers-dominateurs-sur-le-circuit-de-la-pentecote-a-moncontour\/\">Yann Rault et les Lanest\u00e9riens dominateurs sur le Circuit de la Pentec\u00f4te \u00e0 Moncontour !<\/a><\/li>\n<li><a href=\"https:\/\/www.aclanester56.com\/velo\/deux-lanesteriens-dans-la-selection-regionale-pour-le-championnat-de-france-elite\/\">Deux Lanest\u00e9riens dans la s\u00e9lection r\u00e9gionale pour le championnat de France Elite !<\/a><\/li>\n<li><a href=\"https:\/\/www.aclanester56.com\/velo\/le-lanesterien-warren-barguil-brille-sur-la-coupe-des-nations-au-canada\/\">Le Lanest\u00e9rien Warren Barguil brille sur la Coupe des Nations au Canada !<\/a><\/li>\n<li><a href=\"https:\/\/www.aclanester56.com\/velo\/resultats-du-week-end-12\/\">R\u00e9sultats du week-end<\/a><\/li>\n<li><a href=\"https:\/\/www.aclanester56.com\/velo\/st-donan-a-mira-champion-de-bretagne-2eme-categories\/\">St Donan : A. Mira champion de Bretagne 2\u00e8me cat\u00e9gories !<\/a><\/li>\n<li><a href=\"https:\/\/www.aclanester56.com\/velo\/resultats-du-jeudi-de-lascension\/\">R\u00e9sultats du jeudi de l'ascension<\/a><\/li>\n<li><a href=\"https:\/\/www.aclanester56.com\/velo\/depart-de-rodolphe-henry\/\">D\u00e9part de Rodolphe Henry<\/a><\/li>\n<li><a href=\"https:\/\/www.aclanester56.com\/velo\/championnat-du-morbihan-le-lanesterien-yann-rault-double-la-mise\/\">Championnat du Morbihan : le Lanest\u00e9rien Yann RAULT double la mise !<\/a><\/li>\n<li><a href=\"https:\/\/www.aclanester56.com\/velo\/gp-hauts-de-france-coupe-de-france-dn2-du-soleil-des-paves-et-des-crevaisons\/\">GP Hauts de France ( Coupe de France DN2) : du soleil, des pav\u00e9s et ... des crevaisons !<\/a><\/li>\n\n\t\t\t<\/ul>\n\t\t<\/div>\n\t\t<div class=\"pane\">\n\t\t\t<h2 class=\"month-heading\">juillet 2011 <span class=\"month-archive-link\">( <a href=\"https:\/\/www.aclanester56.com\/velo\/2011\/07\/\">Voir la page d&rsquo;archive compl&egrave;te<\/a> )<\/span><\/h2>\n\t\t\t<ul class=\"archive-list\">\n\t\t\t\t<li><a href=\"https:\/\/www.aclanester56.com\/velo\/contribuez-a-la-mise-en-ligne-dinformations-sur-notre-site-internet\/\">Contribuez \u00e0 la mise en ligne d'informations sur notre site internet !<\/a><\/li>\n<li><a href=\"https:\/\/www.aclanester56.com\/velo\/un-gros-programme-dete-pour-warren-barguil\/\">Un gros programme d'\u00e9t\u00e9 pour Warren Barguil !<\/a><\/li>\n<li><a href=\"https:\/\/www.aclanester56.com\/velo\/deux-lanesteriens-selectionnes-pour-les-championnats-de-france-de-lavenir\/\">Deux Lanest\u00e9riens s\u00e9lectionn\u00e9s pour les championnats de France de l'Avenir<\/a><\/li>\n<li><a href=\"https:\/\/www.aclanester56.com\/velo\/beaucoup-de-victoires-ce-week-end\/\">Beaucoup de victoires ce week-end !<\/a><\/li>\n<li><a href=\"https:\/\/www.aclanester56.com\/velo\/les-plus-jeunes-a-berne\/\">Les plus jeunes \u00e0 Bern\u00e9 !<\/a><\/li>\n<li><a href=\"https:\/\/www.aclanester56.com\/velo\/bonne-route-jean-victor\/\">Bonne route Jean-Victor !<\/a><\/li>\n<li><a href=\"https:\/\/www.aclanester56.com\/velo\/resultats-du-week-end-14\/\">R\u00e9sultats du week-end<\/a><\/li>\n<li><a href=\"https:\/\/www.aclanester56.com\/velo\/championnats-de-bretagne-de-lavenir-a-nicolas-primas-3eme-chez-les-cadets\/\">Championnats de Bretagne de l'Avenir \u00e0  : Nicolas Primas 3\u00e8me chez les cadets !<\/a><\/li>\n<li><a href=\"https:\/\/www.aclanester56.com\/velo\/au-programme-ce-week-end\/\">Au programme ce week-end !<\/a><\/li>\n<li><a href=\"https:\/\/www.aclanester56.com\/velo\/tour-des-2-sevres-etapes-1-2\/\">Tour des 2 S\u00e8vres - Etapes 1 & 2<\/a><\/li>\n<li><a href=\"https:\/\/www.aclanester56.com\/velo\/resultats-du-week-end-13\/\">R\u00e9sultats du week-end<\/a><\/li>\n<li><a href=\"https:\/\/www.aclanester56.com\/velo\/lecole-de-cyclisme-fete-lete\/\">L'\u00e9cole de cyclisme f\u00eate l'\u00e9t\u00e9 !<\/a><\/li>\n<li><a href=\"https:\/\/www.aclanester56.com\/velo\/warren-barguil-en-stage-de-preparation-pour-le-championnat-deurope-avec-les-bleus\/\">Warren Barguil en stage de pr\u00e9paration pour le championnat d'Europe avec les Bleus<\/a><\/li>\n<li><a href=\"https:\/\/www.aclanester56.com\/velo\/appel-a-candidature-pour-le-recrutement-dun-directeur-technique-et-sportif\/\">Appel \u00e0 candidature pour le recrutement d'un Directeur Technique et Sportif<\/a><\/li>\n<li><a href=\"https:\/\/www.aclanester56.com\/velo\/semi-nocture-dhennebont-vincent-ragot-4eme\/\">Semi-nocture d'Hennebont : Vincent Ragot 4\u00e8me !<\/a><\/li>\n<li><a href=\"https:\/\/www.aclanester56.com\/velo\/les-lanesteriens-sur-les-epreuves-de-bubry\/\">Les Lanest\u00e9riens sur les \u00e9preuves de Bubry<\/a><\/li>\n<li><a href=\"https:\/\/www.aclanester56.com\/velo\/le-tour-de-france-passe-par-lanester-demain\/\">Le Tour de France passe par Lanester demain !<\/a><\/li>\n<li><a href=\"https:\/\/www.aclanester56.com\/velo\/la-classique-manche-ocean-pour-le-lanesterien-vincent-ragot\/\">La classique Manche-Oc\u00e9an pour le Lanest\u00e9rien Vincent Ragot !<\/a><\/li>\n<li><a href=\"https:\/\/www.aclanester56.com\/velo\/lanneau-gerard-le-maguer-se-refait-une-beaute\/\">L'anneau cycliste G\u00e9rard Le Maguer se refait une beaut\u00e9 !<\/a><\/li>\n<li><a href=\"https:\/\/www.aclanester56.com\/velo\/championnat-de-france-amateurs-reactions-danthony-mira-et-warren-barguil\/\">Championnat de France amateurs : R\u00e9actions d'Anthony Mira et Warren Barguil<\/a><\/li>\n\n\t\t\t<\/ul>\n\t\t<\/div>\n\t\t<div class=\"pane\">\n\t\t\t<h2 class=\"month-heading\">ao&ucirc;t 2011 <span class=\"month-archive-link\">( <a href=\"https:\/\/www.aclanester56.com\/velo\/2011\/08\/\">Voir la page d&rsquo;archive compl&egrave;te<\/a> )<\/span><\/h2>\n\t\t\t<ul class=\"archive-list\">\n\t\t\t\t<li><a href=\"https:\/\/www.aclanester56.com\/velo\/bon-comportement-densemble-des-lanesteriens-sur-lagglo-tour-a-st-brieuc-2\/\">Bon comportement d'ensemble des Lanest\u00e9riens sur l'Agglo-Tour \u00e0 St Brieuc<\/a><\/li>\n<li><a href=\"https:\/\/www.aclanester56.com\/velo\/le-lanesterien-pierre-hole-sur-le-podium-a-queven\/\">Le Lanest\u00e9rien Pierre Hol\u00e9 sur le podium \u00e0 Qu\u00e9ven !<\/a><\/li>\n<li><a href=\"https:\/\/www.aclanester56.com\/velo\/un-circuit-des-2-provinces-2011-tres-difficile\/\">Un Circuit des 2 Provinces 2011 tr\u00e8s difficile !<\/a><\/li>\n<li><a href=\"https:\/\/www.aclanester56.com\/velo\/un-tres-bon-week-end-du-15-aout-pour-les-jeunes-lanesteriens\/\">Un tr\u00e8s bon week-end du 15 ao\u00fbt pour les jeunes Lanest\u00e9riens !<\/a><\/li>\n<li><a href=\"https:\/\/www.aclanester56.com\/velo\/dans-la-roue-des-lanesteriens-en-selection\/\">Dans la roue des Lanest\u00e9riens en s\u00e9lection ...<\/a><\/li>\n<li><a href=\"https:\/\/www.aclanester56.com\/velo\/premier-entrainement-sur-piste-des-cadets-sur-lanneau-gerard-le-maguer-renove\/\">Premier entrainement sur piste des cadets sur l'anneau G\u00e9rard Le Maguer r\u00e9nov\u00e9 !<\/a><\/li>\n\n\t\t\t<\/ul>\n\t\t<\/div>\n\t\t<div class=\"pane\">\n\t\t\t<h2 class=\"month-heading\">septembre 2011 <span class=\"month-archive-link\">( <a href=\"https:\/\/www.aclanester56.com\/velo\/2011\/09\/\">Voir la page d&rsquo;archive compl&egrave;te<\/a> )<\/span><\/h2>\n\t\t\t<ul class=\"archive-list\">\n\t\t\t\t<li><a href=\"https:\/\/www.aclanester56.com\/velo\/deux-lanesteriens-en-selection-regionale\/\">Deux Lanest\u00e9riens en s\u00e9lection r\u00e9gionale pour Paris-Tours Espoirs<\/a><\/li>\n<li><a href=\"https:\/\/www.aclanester56.com\/velo\/ou-seront-nos-coureurs-ce-week-end-4\/\">O\u00f9 seront nos coureurs ce week-end ?<\/a><\/li>\n<li><a href=\"https:\/\/www.aclanester56.com\/velo\/resultats-du-week-end-16\/\">R\u00e9sultats du week-end<\/a><\/li>\n<li><a href=\"https:\/\/www.aclanester56.com\/velo\/warren-barguil-a-deux-doigts-du-parfait-hat-trick-ce-week-end\/\">Warren Barguil \u00e0 deux doigts du parfait \"hat-trick\" ce week-end !<\/a><\/li>\n<li><a href=\"https:\/\/www.aclanester56.com\/velo\/dernier-entrainement-sur-piste-de-lannee-pour-les-jeunes-lanesteriens\/\">Dernier entrainement sur piste de l'ann\u00e9e pour les jeunes Lanest\u00e9riens !<\/a><\/li>\n<li><a href=\"https:\/\/www.aclanester56.com\/velo\/warren-barguil-victorieux-detape-sur-le-tour-de-lavenir-cetait-formidable\/\">Warren Barguil, vainqueur d'\u00e9tape sur le Tour de l'Avenir : \"C'\u00e9tait formidable !\"<\/a><\/li>\n<li><a href=\"https:\/\/www.aclanester56.com\/velo\/ou-seront-nos-coureurs-ce-week-end-3\/\">O\u00f9 seront nos coureurs ce week-end ?<\/a><\/li>\n<li><a href=\"https:\/\/www.aclanester56.com\/velo\/resultats-du-week-end-a-mael-nivinou-le-challenge-elle-isole\/\">R\u00e9sultats du week-end : A Ma\u00ebl Nivinou le Challenge Elle-Isole !<\/a><\/li>\n<li><a href=\"https:\/\/www.aclanester56.com\/velo\/les-lanesteriens-sur-la-route-de-lespoir-a-muzillac\/\">Les Lanest\u00e9riens sur la Route de l'Espoir \u00e0 Muzillac<\/a><\/li>\n<li><a href=\"https:\/\/www.aclanester56.com\/velo\/double-lanesterien-sur-la-pluvignoise\/\">Doubl\u00e9 lanest\u00e9rien sur la Pluvignoise !<\/a><\/li>\n<li><a href=\"https:\/\/www.aclanester56.com\/velo\/reprise-des-entrainements-pour-lecole-de-cyclisme\/\">Reprise des entra\u00eenements pour l'Ecole de Cyclisme !<\/a><\/li>\n<li><a href=\"https:\/\/www.aclanester56.com\/velo\/ou-seront-nos-coureurs-ce-week-end-2\/\">O\u00f9 seront nos coureurs ce week-end ?<\/a><\/li>\n<li><a href=\"https:\/\/www.aclanester56.com\/velo\/resultats-du-week-end-15\/\">R\u00e9sultats du week-end<\/a><\/li>\n<li><a href=\"https:\/\/www.aclanester56.com\/velo\/ou-seront-nos-coureurs-ce-week-end\/\">O\u00f9 seront nos coureurs ce week-end ?<\/a><\/li>\n<li><a href=\"https:\/\/www.aclanester56.com\/velo\/resultats-du-week-end-yann-rault-victorieux-a-chateaulin\/\">R\u00e9sultats du week-end : Yann Rault victorieux \u00e0 Chateaulin !<\/a><\/li>\n<li><a href=\"https:\/\/www.aclanester56.com\/velo\/les-plus-jeunes-a-plumeliau-le-week-end-dernier\/\">Les plus jeunes \u00e0 Plum\u00e9liau le week-end dernier !<\/a><\/li>\n<li><a href=\"https:\/\/www.aclanester56.com\/velo\/guillaume-coquen-remporte-la-3eme-manche-de-la-coupe-deurope-de-descente-vtt-marathon\/\">Guillaume Coquen remporte la 3\u00e8me manche de la Coupe d'Europe de descente VTT Marathon !<\/a><\/li>\n<li><a href=\"https:\/\/www.aclanester56.com\/velo\/warren-barguil-au-depart-du-tour-de-lavenir\/\">Warren Barguil au d\u00e9part du Tour de l'Avenir !<\/a><\/li>\n<li><a href=\"https:\/\/www.aclanester56.com\/velo\/resultats-du-week-end-victoire-de-pierre-hole-a-scaer\/\">R\u00e9sultats du week-end : Victoire de Pierre Hol\u00e9 \u00e0 Sca\u00ebr !<\/a><\/li>\n\n\t\t\t<\/ul>\n\t\t<\/div>\n\t\t<div class=\"pane\">\n\t\t\t<h2 class=\"month-heading\">octobre 2011 <span class=\"month-archive-link\">( <a href=\"https:\/\/www.aclanester56.com\/velo\/2011\/10\/\">Voir la page d&rsquo;archive compl&egrave;te<\/a> )<\/span><\/h2>\n\t\t\t<ul class=\"archive-list\">\n\t\t\t\t<li><a href=\"https:\/\/www.aclanester56.com\/velo\/assemblee-generale-de-lac-lanester-56\/\">Assembl\u00e9e g\u00e9n\u00e9rale de l'AC LANESTER 56<\/a><\/li>\n<li><a href=\"https:\/\/www.aclanester56.com\/velo\/hausse-des-effectifs-cadets-a-lac-lanester-56\/\">Effectif des cadets de l'AC LANESTER 56 en hausse !<\/a><\/li>\n<li><a href=\"https:\/\/www.aclanester56.com\/velo\/guillaume-coquen-champion-deurope-de-descente-vtt-marathon\/\">Guillaume Coquen champion d'Europe de descente VTT Marathon<\/a><\/li>\n<li><a href=\"https:\/\/www.aclanester56.com\/velo\/ou-seront-nos-coureurs-ce-week-end-7\/\">O\u00f9 seront nos coureurs ce week-end ?<\/a><\/li>\n<li><a href=\"https:\/\/www.aclanester56.com\/velo\/victoire-de-christophe-balannec-sur-le-trophee-regional-de-cyclo-cross\/\">Victoire de Christophe Balannec sur le Troph\u00e9e R\u00e9gional de Cyclo-Cross<\/a><\/li>\n<li><a href=\"https:\/\/www.aclanester56.com\/velo\/ou-seront-nos-coureurs-ce-week-end-6\/\">O\u00f9 seront nos coureurs ce week-end ?<\/a><\/li>\n<li><a href=\"https:\/\/www.aclanester56.com\/velo\/departs-de-vincent-ragot-et-flavian-le-guellec\/\">D\u00e9parts de Vincent Ragot et Flavian Le Guellec<\/a><\/li>\n<li><a href=\"https:\/\/www.aclanester56.com\/velo\/mael-nivinou-change-de-couleurs\/\">Ma\u00ebl Nivinou change de couleurs<\/a><\/li>\n<li><a href=\"https:\/\/www.aclanester56.com\/velo\/revue-de-presse-6\/\">Revue de presse<\/a><\/li>\n<li><a href=\"https:\/\/www.aclanester56.com\/velo\/resultats-des-cyclo-cross-du-week-end\/\">R\u00e9sultats des cyclo-cross du week-end<\/a><\/li>\n<li><a href=\"https:\/\/www.aclanester56.com\/velo\/resultats-des-courses-sur-route-de-ce-week-end\/\">R\u00e9sultats des courses sur route de ce week-end<\/a><\/li>\n<li><a href=\"https:\/\/www.aclanester56.com\/velo\/ou-seront-nos-coureurs-ce-week-end-5\/\">O\u00f9 seront nos coureurs ce week-end ?<\/a><\/li>\n<li><a href=\"https:\/\/www.aclanester56.com\/velo\/mael-nivinou-aime-les-pois\/\">Ma\u00ebl Nivinou aime les \"pois\" !<\/a><\/li>\n<li><a href=\"https:\/\/www.aclanester56.com\/velo\/warren-barguil-je-remercie-lac-lanester-56\/\">Warren Barguil : \"Je remercie l'AC LANESTER 56 \"<\/a><\/li>\n<li><a href=\"https:\/\/www.aclanester56.com\/velo\/les-lanesteriens-sur-le-41eme-paris-connerre\/\">Les Lanest\u00e9riens sur le 41\u00e8me Paris-Connerr\u00e9<\/a><\/li>\n<li><a href=\"https:\/\/www.aclanester56.com\/velo\/une-equipe-de-lac-lanester-56-sur-le-tour-de-vendee-cadets\/\">Une \u00e9quipe de l'AC LANESTER 56 sur le Tour de Vend\u00e9e Cadets<\/a><\/li>\n<li><a href=\"https:\/\/www.aclanester56.com\/velo\/classement-ffc-des-lanesteriens\/\">Classement FFC des Lanest\u00e9riens<\/a><\/li>\n\n\t\t\t<\/ul>\n\t\t<\/div>\n\t\t<div class=\"pane\">\n\t\t\t<h2 class=\"month-heading\">novembre 2011 <span class=\"month-archive-link\">( <a href=\"https:\/\/www.aclanester56.com\/velo\/2011\/11\/\">Voir la page d&rsquo;archive compl&egrave;te<\/a> )<\/span><\/h2>\n\t\t\t<ul class=\"archive-list\">\n\t\t\t\t<li><a href=\"https:\/\/www.aclanester56.com\/velo\/reprise-des-entrainements-sur-route-pour-les-cadets-le-week-end-prochain\/\">Reprise des entra\u00eenements sur route pour les cadets le week-end prochain !<\/a><\/li>\n<li><a href=\"https:\/\/www.aclanester56.com\/velo\/interview-de-jean-yves-le-gal-president-de-l%e2%80%99ac-lanester-56\/\">Interview de Jean-Yves Le Gal, pr\u00e9sident de l\u2019AC Lanester 56<\/a><\/li>\n<li><a href=\"https:\/\/www.aclanester56.com\/velo\/remise-des-prix-du-brassard-du-credit-agricole\/\">Remise des prix du Brassard du Cr\u00e9dit Agricole<\/a><\/li>\n<li><a href=\"https:\/\/www.aclanester56.com\/velo\/premier-entrainement-sur-route-pour-les-juniors-seniors\/\">Premier entrainement sur route pour les juniors-seniors !<\/a><\/li>\n<li><a href=\"https:\/\/www.aclanester56.com\/velo\/debut-des-activites-de-preparation-physique\/\">D\u00e9but des activit\u00e9s de pr\u00e9paration physique<\/a><\/li>\n<li><a href=\"https:\/\/www.aclanester56.com\/velo\/appel-a-candidature-pour-le-recrutement-d%e2%80%99un-directeur-technique-et-sportif\/\">Appel \u00e0 candidature pour le recrutement d\u2019un Directeur Technique et Sportif<\/a><\/li>\n<li><a href=\"https:\/\/www.aclanester56.com\/velo\/reprise-des-entrainements-juniors-seniors\/\">Reprise des entrainements sur route<\/a><\/li>\n\n\t\t\t<\/ul>\n\t\t<\/div>\n\t\t<div class=\"pane\">\n\t\t\t<h2 class=\"month-heading\">d&eacute;cembre 2011 <span class=\"month-archive-link\">( <a href=\"https:\/\/www.aclanester56.com\/velo\/2011\/12\/\">Voir la page d&rsquo;archive compl&egrave;te<\/a> )<\/span><\/h2>\n\t\t\t<ul class=\"archive-list\">\n\t\t\t\t<li><a href=\"https:\/\/www.aclanester56.com\/velo\/voeux-2012-du-president-de-l%e2%80%99ac-lanester-56-jean-yves-le-gal\/\">Voeux 2012 du pr\u00e9sident de l\u2019AC LANESTER 56 Jean-Yves LE GAL<\/a><\/li>\n<li><a href=\"https:\/\/www.aclanester56.com\/velo\/retrospective-2011-77\/\">R\u00e9trospective 2011 (7\/7)<\/a><\/li>\n<li><a href=\"https:\/\/www.aclanester56.com\/velo\/retrospective-2011-67\/\">R\u00e9trospective 2011 (6\/7)<\/a><\/li>\n<li><a href=\"https:\/\/www.aclanester56.com\/velo\/retrospective-2011-57\/\">R\u00e9trospective 2011 (5\/7)<\/a><\/li>\n<li><a href=\"https:\/\/www.aclanester56.com\/velo\/retrospective-2011-47\/\">R\u00e9trospective 2011 (4\/7)<\/a><\/li>\n<li><a href=\"https:\/\/www.aclanester56.com\/velo\/retrospective-2011-37\/\">R\u00e9trospective 2011 (3\/7)<\/a><\/li>\n<li><a href=\"https:\/\/www.aclanester56.com\/velo\/retrospective-2011-27\/\">R\u00e9trospective 2011 (2\/7)<\/a><\/li>\n<li><a href=\"https:\/\/www.aclanester56.com\/velo\/retrospective-2011-17\/\">R\u00e9trospective 2011 (1\/7)<\/a><\/li>\n<li><a href=\"https:\/\/www.aclanester56.com\/velo\/dix-cadets-de-lac-lanester-56-a-la-detection-du-comite-du-morbihan\/\">Dix cadets de l'AC Lanester 56 \u00e0 la d\u00e9tection du Comit\u00e9 du Morbihan<\/a><\/li>\n<li><a href=\"https:\/\/www.aclanester56.com\/velo\/des-lanesteriens-dans-le-livre-%e2%80%9ccyclisme-amateur-2011%e2%80%b3\/\">Des Lanest\u00e9riens dans le livre \u201cCyclisme amateur 2011\u2033 !<\/a><\/li>\n<li><a href=\"https:\/\/www.aclanester56.com\/velo\/kevin-barguil-et-pierre-hole-dans-le-club-morbihan-juniors-2012\/\">K\u00e9vin Barguil et Pierre Hol\u00e9 dans le Club Morbihan Juniors 2012 !<\/a><\/li>\n<li><a href=\"https:\/\/www.aclanester56.com\/velo\/des-lanesteriens-honores-lors-des-brassards-du-credit-agricole-du-morbihan\/\">Des Lanest\u00e9riens honor\u00e9s lors des Brassards du Cr\u00e9dit Agricole du Morbihan<\/a><\/li>\n<li><a href=\"https:\/\/www.aclanester56.com\/velo\/roues-lenticulaires-et-casques-clm-disponibles-a-la-vente\/\">Roues lenticulaires et casques CLM disponibles \u00e0 la vente !<\/a><\/li>\n\n\t\t\t<\/ul>\n\t\t<\/div>\n\t<\/div>\n\t<div class=\"pane\">\n\t\t<ul id=\"month-list-2012\" class=\"tabs month-list\">\n\t\t\t<li>\t<a  href=\"https:\/\/www.aclanester56.com\/velo\/2012\/01\/\">Jan<\/a>\t<\/li><li>\t<a  href=\"https:\/\/www.aclanester56.com\/velo\/2012\/02\/\">F&eacute;v<\/a>\t<\/li><li>\t<a  href=\"https:\/\/www.aclanester56.com\/velo\/2012\/03\/\">Mar<\/a>\t<\/li><li>\t<a  href=\"https:\/\/www.aclanester56.com\/velo\/2012\/04\/\">Avr<\/a>\t<\/li><li>\t<a  href=\"https:\/\/www.aclanester56.com\/velo\/2012\/05\/\">Mai<\/a>\t<\/li><li>\t<a  href=\"https:\/\/www.aclanester56.com\/velo\/2012\/06\/\">Juin<\/a>\t<\/li><li>\t<a  href=\"https:\/\/www.aclanester56.com\/velo\/2012\/07\/\">Juil<\/a>\t<\/li><li>\t<a  href=\"https:\/\/www.aclanester56.com\/velo\/2012\/08\/\">Ao&ucirc;t<\/a>\t<\/li><li>\t<a  href=\"https:\/\/www.aclanester56.com\/velo\/2012\/09\/\">Sep<\/a>\t<\/li><li>\t<a  href=\"https:\/\/www.aclanester56.com\/velo\/2012\/10\/\">Oct<\/a>\t<\/li><li>\t<a  href=\"https:\/\/www.aclanester56.com\/velo\/2012\/11\/\">Nov<\/a>\t<\/li><li>\t<a  href=\"https:\/\/www.aclanester56.com\/velo\/2012\/12\/\">D&eacute;c<\/a>\t<\/li>\n\t\t<\/ul>\n\t\t<div class=\"pane\">\n\t\t\t<h2 class=\"month-heading\">janvier 2012 <span class=\"month-archive-link\">( <a href=\"https:\/\/www.aclanester56.com\/velo\/2012\/01\/\">Voir la page d&rsquo;archive compl&egrave;te<\/a> )<\/span><\/h2>\n\t\t\t<ul class=\"archive-list\">\n\t\t\t\t<li><a href=\"https:\/\/www.aclanester56.com\/velo\/les-etapes-du-tro-div-ster-2012\/\">Les \u00e9tapes du TRO DIV STER 2012<\/a><\/li>\n<li><a href=\"https:\/\/www.aclanester56.com\/velo\/journees-decouverte-de-la-piste-2012-resultats-de-la-2eme-manche\/\">Journ\u00e9es D\u00e9couverte de la piste 2012 : R\u00e9sultats de la 2\u00e8me manche<\/a><\/li>\n<li><a href=\"https:\/\/www.aclanester56.com\/velo\/retour-en-images-sur-la-1ere-manche-des-journees-decouverte-de-la-piste-2012\/\">Retour en images sur la 1\u00e8re manche des Journ\u00e9es D\u00e9couverte de la Piste 2012<\/a><\/li>\n<li><a href=\"https:\/\/www.aclanester56.com\/velo\/journees-decouverte-de-la-piste-2012-resultats-de-la-1ere-manche\/\">Journ\u00e9es D\u00e9couverte de la piste 2012 : R\u00e9sultats de la 1\u00e8re manche<\/a><\/li>\n\n\t\t\t<\/ul>\n\t\t<\/div>\n\t\t<div class=\"pane\">\n\t\t\t<h2 class=\"month-heading\">f&eacute;vrier 2012 <span class=\"month-archive-link\">( <a href=\"https:\/\/www.aclanester56.com\/velo\/2012\/02\/\">Voir la page d&rsquo;archive compl&egrave;te<\/a> )<\/span><\/h2>\n\t\t\t<ul class=\"archive-list\">\n\t\t\t\t<li><a href=\"https:\/\/www.aclanester56.com\/velo\/les-lanesteriens-sur-le-grand-prix-jean-robic-a-radenac\/\">Les Lanest\u00e9riens sur le Grand Prix Jean Robic \u00e0 Radenac<\/a><\/li>\n<li><a href=\"https:\/\/www.aclanester56.com\/velo\/15eme-edition-de-la-melrandaise\/\">15\u00e8me \u00e9dition de la Melrandaise<\/a><\/li>\n<li><a href=\"https:\/\/www.aclanester56.com\/velo\/les-cadets-et-les-feminines-en-stage-avec-le-cd-56\/\">Les cadets et les f\u00e9minines en stage avec le CD 56 !<\/a><\/li>\n<li><a href=\"https:\/\/www.aclanester56.com\/velo\/ou-seront-nos-coureurs-ce-week-end-9\/\">O\u00f9 seront nos coureurs ce week-end ?<\/a><\/li>\n<li><a href=\"https:\/\/www.aclanester56.com\/velo\/les-lanesteriens-sur-linterclub-de-camors\/\">Les Lanest\u00e9riens sur l'interclub de Camors<\/a><\/li>\n<li><a href=\"https:\/\/www.aclanester56.com\/velo\/ou-seront-nos-coureurs-ce-week-end-8\/\">O\u00f9 seront nos coureurs ce week-end ?<\/a><\/li>\n<li><a href=\"https:\/\/www.aclanester56.com\/velo\/information-aux-licencies-remise-des-equipements-samedi-prochain\/\">Information aux licenci\u00e9s : Remise des \u00e9quipements samedi prochain<\/a><\/li>\n<li><a href=\"https:\/\/www.aclanester56.com\/velo\/karl-chandavoine-a-larret\/\">Karl Chandavoine \u00e0 l'arr\u00eat<\/a><\/li>\n<li><a href=\"https:\/\/www.aclanester56.com\/velo\/les-juniors-seniors-de-lac-lanester-56-reunis-en-stage\/\">Les juniors-seniors de l'AC LANESTER 56 r\u00e9unis en stage<\/a><\/li>\n<li><a href=\"https:\/\/www.aclanester56.com\/velo\/les-lanesteriens-en-stage-avec-le-comite-du-morbihan\/\">Les Lanest\u00e9riens en stage avec le Comit\u00e9 du Morbihan<\/a><\/li>\n<li><a href=\"https:\/\/www.aclanester56.com\/velo\/reprise-des-entrainements-sur-piste-2\/\">Reprise des entra\u00eenements sur piste<\/a><\/li>\n<li><a href=\"https:\/\/www.aclanester56.com\/velo\/retour-en-images-sur-la-finale-des-journees-decouverte-de-la-piste-2012\/\">Retour en images sur la finale des Journ\u00e9es D\u00e9couverte de la Piste 2012<\/a><\/li>\n<li><a href=\"https:\/\/www.aclanester56.com\/velo\/finale-des-journees-decouverte-de-la-piste-2012-tous-les-resultats\/\">Finale des Journ\u00e9es D\u00e9couverte de la piste 2012 : Tous les r\u00e9sultats !<\/a><\/li>\n<li><a href=\"https:\/\/www.aclanester56.com\/velo\/revue-de-presse-qui-etait-gerard-le-maguer\/\">Revue de presse : Qui \u00e9tait G\u00e9rard Le Maguer ?<\/a><\/li>\n<li><a href=\"https:\/\/www.aclanester56.com\/velo\/la-finale-des-journees-decouverte-de-la-piste-2012-cest-ce-samedi\/\">La finale des Journ\u00e9es D\u00e9couverte de la Piste 2012, c\u2019est ce samedi !<\/a><\/li>\n<li><a href=\"https:\/\/www.aclanester56.com\/velo\/un-cadet-lanesterien-aux-pre-mondiaux-piste-a-bordeaux\/\">Un cadet lanest\u00e9rien aux Pr\u00e9-Mondiaux Piste \u00e0 Bordeaux<\/a><\/li>\n\n\t\t\t<\/ul>\n\t\t<\/div>\n\t\t<div class=\"pane\">\n\t\t\t<h2 class=\"month-heading\">mars 2012 <span class=\"month-archive-link\">( <a href=\"https:\/\/www.aclanester56.com\/velo\/2012\/03\/\">Voir la page d&rsquo;archive compl&egrave;te<\/a> )<\/span><\/h2>\n\t\t\t<ul class=\"archive-list\">\n\t\t\t\t<li><a href=\"https:\/\/www.aclanester56.com\/velo\/ou-seront-nos-coureurs-ce-week-end-14\/\">O\u00f9 seront nos coureurs ce week-end ?<\/a><\/li>\n<li><a href=\"https:\/\/www.aclanester56.com\/velo\/resultats-du-week-end-nicolas-primas-et-richard-meleuc-a-nouveau-sur-le-podium\/\">R\u00e9sultats du week-end : Nicolas Primas et Richard M\u00e9leuc \u00e0 nouveau sur le podium !<\/a><\/li>\n<li><a href=\"https:\/\/www.aclanester56.com\/velo\/plusieurs-lanesteriens-en-selection-du-morbihan\/\">Plusieurs Lanest\u00e9riens en s\u00e9lection du Morbihan !<\/a><\/li>\n<li><a href=\"https:\/\/www.aclanester56.com\/velo\/les-juniors-lanesteriens-sur-la-penn-ar-bed-2012\/\">Les juniors lanest\u00e9riens sur la Penn Ar Bed 2012 !<\/a><\/li>\n<li><a href=\"https:\/\/www.aclanester56.com\/velo\/ou-seront-nos-coureurs-ce-week-end-13\/\">O\u00f9 seront nos coureurs ce week-end ?<\/a><\/li>\n<li><a href=\"https:\/\/www.aclanester56.com\/velo\/resultats-du-week-end-22\/\">R\u00e9sultats du week-end (2\/2)<\/a><\/li>\n<li><a href=\"https:\/\/www.aclanester56.com\/velo\/resultats-du-week-end-12-2\/\">R\u00e9sultats du week-end (1\/2)<\/a><\/li>\n<li><a href=\"https:\/\/www.aclanester56.com\/velo\/pierre-hole-avec-le-cd56-sur-la-ronde-du-printemps-une-super-experience\/\">Pierre Hol\u00e9 avec le CD56 sur la Ronde du Printemps : \"Une super exp\u00e9rience !\"<\/a><\/li>\n<li><a href=\"https:\/\/www.aclanester56.com\/velo\/ou-seront-nos-coureurs-ce-week-end-12\/\">O\u00f9 seront nos coureurs ce week-end ?<\/a><\/li>\n<li><a href=\"https:\/\/www.aclanester56.com\/velo\/les-cadets-lanesteriens-debutent-la-saison-en-fanfare\/\">Bon d\u00e9but de saison pour les cadets lanest\u00e9riens !<\/a><\/li>\n<li><a href=\"https:\/\/www.aclanester56.com\/velo\/ou-seront-nos-coureurs-ce-week-end-11\/\">O\u00f9 seront nos coureurs ce week-end ?<\/a><\/li>\n<li><a href=\"https:\/\/www.aclanester56.com\/velo\/presentation-du-maillot-2012-de-lac-lanester-56\/\">Pr\u00e9sentation du maillot 2012 de l'AC LANESTER 56<\/a><\/li>\n<li><a href=\"https:\/\/www.aclanester56.com\/velo\/deux-nouveaux-titulaires-du-bf3-au-club\/\">Deux nouveaux titulaires du BF3 au club !<\/a><\/li>\n<li><a href=\"https:\/\/www.aclanester56.com\/velo\/des-lanesteriens-sur-les-journees-decouverte-des-ecoles-de-cyclisme-sur-piste\/\">Des Lanest\u00e9riens sur les Journ\u00e9es D\u00e9couverte des Ecoles de Cyclisme sur Piste<\/a><\/li>\n<li><a href=\"https:\/\/www.aclanester56.com\/velo\/kevin-barguil-en-selection-du-morbihan-juniors\/\">K\u00e9vin Barguil en s\u00e9lection du Morbihan Juniors<\/a><\/li>\n<li><a href=\"https:\/\/www.aclanester56.com\/velo\/resultats-du-week-end-18\/\">R\u00e9sultats du week-end<\/a><\/li>\n<li><a href=\"https:\/\/www.aclanester56.com\/velo\/ou-seront-nos-coureurs-ce-week-end-10\/\">O\u00f9 seront nos coureurs ce week-end ?<\/a><\/li>\n\n\t\t\t<\/ul>\n\t\t<\/div>\n\t\t<div class=\"pane\">\n\t\t\t<h2 class=\"month-heading\">avril 2012 <span class=\"month-archive-link\">( <a href=\"https:\/\/www.aclanester56.com\/velo\/2012\/04\/\">Voir la page d&rsquo;archive compl&egrave;te<\/a> )<\/span><\/h2>\n\t\t\t<ul class=\"archive-list\">\n\t\t\t\t<li><a href=\"https:\/\/www.aclanester56.com\/velo\/tro-div-ster-2012-les-equipes-engagees-asptt-de-rennes\/\">Tro Div Ster 2012 Les \u00e9quipes engag\u00e9es : ASPTT de Rennes<\/a><\/li>\n<li><a href=\"https:\/\/www.aclanester56.com\/velo\/tro-div-ster-2012-j-20\/\">Tro Div Ster 2012 : J-20<\/a><\/li>\n<li><a href=\"https:\/\/www.aclanester56.com\/velo\/ou-seront-nos-coureurs-en-ce-week-end-du-1er-mai\/\">O\u00f9 seront nos coureurs en ce week-end du 1er mai ?<\/a><\/li>\n<li><a href=\"https:\/\/www.aclanester56.com\/velo\/resultats-du-week-end-17\/\">R\u00e9sultats du week-end<\/a><\/li>\n<li><a href=\"https:\/\/www.aclanester56.com\/velo\/tro-div-ster-2012-les-equipes-engagees-le-vc-quintin\/\">Tro Div Ster 2012 Les \u00e9quipes engag\u00e9es : le VC Quintin<\/a><\/li>\n<li><a href=\"https:\/\/www.aclanester56.com\/velo\/tro-div-ster-2012-les-equipes-engagees-ac-lanester-56\/\">Tro Div Ster 2012 Les \u00e9quipes engag\u00e9es : AC Lanester 56<\/a><\/li>\n<li><a href=\"https:\/\/www.aclanester56.com\/velo\/tro-div-ster-2012-les-equipes-engagees-team-pays-de-dinan\/\">Tro Div Ster 2012 Les \u00e9quipes engag\u00e9es : Team Pays de Dinan<\/a><\/li>\n<li><a href=\"https:\/\/www.aclanester56.com\/velo\/tro-div-ster-2012-les-equipes-engagees-hennebont-cyclisme\/\">Tro Div Ster 2012 Les \u00e9quipes engag\u00e9es : Hennebont cyclisme<\/a><\/li>\n<li><a href=\"https:\/\/www.aclanester56.com\/velo\/tro-div-ster-2012-les-equipes-engagees-etoile-cycliste-landerneau\/\">Tro Div Ster 2012 Les \u00e9quipes engag\u00e9es : Etoile Cycliste Landerneau<\/a><\/li>\n<li><a href=\"https:\/\/www.aclanester56.com\/velo\/tro-div-ster-2012-les-equipes-engagees-etoile-cycliste-de-queven\/\">Tro Div Ster 2012 Les \u00e9quipes engag\u00e9es : Etoile Cycliste de Qu\u00e9ven<\/a><\/li>\n<li><a href=\"https:\/\/www.aclanester56.com\/velo\/tro-div-ster-2012-les-equipes-engagees-uc-nantes-atlantique\/\">Tro Div Ster 2012 Les \u00e9quipes engag\u00e9es : UC Nantes Atlantique<\/a><\/li>\n<li><a href=\"https:\/\/www.aclanester56.com\/velo\/tro-div-ster-2012-les-equipes-engagees-team-spondylarthrite\/\">Tro Div Ster 2012 Les \u00e9quipes engag\u00e9es : Team Spondylarthrite<\/a><\/li>\n<li><a href=\"https:\/\/www.aclanester56.com\/velo\/tro-div-ster-2012-les-equipes-engagees-uc-lochrist-hennebont\/\">Tro Div Ster 2012 Les \u00e9quipes engag\u00e9es : UC Lochrist Hennebont<\/a><\/li>\n<li><a href=\"https:\/\/www.aclanester56.com\/velo\/tro-div-ster-2012-les-equipes-engagees-uc-briochine\/\">Tro Div Ster 2012 Les \u00e9quipes engag\u00e9es : UC Briochine<\/a><\/li>\n<li><a href=\"https:\/\/www.aclanester56.com\/velo\/tro-div-ster-2012-les-equipes-engagees-vcp-loudeac\/\">Tro Div Ster 2012 Les \u00e9quipes engag\u00e9es : VCP Loud\u00e9ac<\/a><\/li>\n<li><a href=\"https:\/\/www.aclanester56.com\/velo\/tro-div-ster-2012-les-equipes-engagees-cotes-darmor-marie-morin\/\">Tro Div Ster 2012 Les \u00e9quipes engag\u00e9es : C\u00f4tes d'Armor Marie Morin<\/a><\/li>\n<li><a href=\"https:\/\/www.aclanester56.com\/velo\/tro-div-ster-2012-les-equipes-engagees-pays-des-olonnes-ccl\/\">Tro Div Ster 2012 Les \u00e9quipes engag\u00e9es : Pays des Olonnes CCL<\/a><\/li>\n<li><a href=\"https:\/\/www.aclanester56.com\/velo\/tro-div-ster-2012-les-equipes-engagees-vcp-lorient\/\">Tro Div Ster 2012 Les \u00e9quipes engag\u00e9es : VCP Lorient<\/a><\/li>\n<li><a href=\"https:\/\/www.aclanester56.com\/velo\/tro-div-ster-2012-les-equipes-engagees-bic-2000\/\">Tro Div Ster 2012 Les \u00e9quipes engag\u00e9es : Bic 2000<\/a><\/li>\n<li><a href=\"https:\/\/www.aclanester56.com\/velo\/tro-div-ster-2012-les-equipes-engagees-sojasun-espoir-acnc\/\">Tro Div Ster 2012 Les \u00e9quipes engag\u00e9es : Sojasun Espoir ACNC<\/a><\/li>\n<li><a href=\"https:\/\/www.aclanester56.com\/velo\/ou-seront-nos-coureurs-ce-week-end-17\/\">O\u00f9 seront nos coureurs ce week-end ?<\/a><\/li>\n<li><a href=\"https:\/\/www.aclanester56.com\/velo\/suite-des-aventures-des-lanesteriens-en-stage-au-pays-basque\/\">Suite des aventures des Lanest\u00e9riens en stage au Pays-Basque !<\/a><\/li>\n<li><a href=\"https:\/\/www.aclanester56.com\/velo\/page-speciale-tro-div-ster\/\">Page sp\u00e9ciale Tro Div Ster<\/a><\/li>\n<li><a href=\"https:\/\/www.aclanester56.com\/velo\/debut-du-stage-de-lac-lanester-56-au-pays-basque\/\">D\u00e9but du stage de l'AC Lanester 56 au Pays-Basque<\/a><\/li>\n<li><a href=\"https:\/\/www.aclanester56.com\/velo\/presentation-de-la-3eme-etape-du-tro-div-ster-2012-branderion-lanester\/\">Pr\u00e9sentation de la 3\u00e8me \u00e9tape du Tro Div Ster 2012 : Brand\u00e9rion - Lanester<\/a><\/li>\n<li><a href=\"https:\/\/www.aclanester56.com\/velo\/presentation-de-la-2eme-etape-du-tro-div-ster-2012-riantec-lanester-clm-par-equipes\/\">Pr\u00e9sentation de la 2\u00e8me \u00e9tape du Tro Div Ster 2012 : Riantec - Lanester (CLM par \u00e9quipes)<\/a><\/li>\n<li><a href=\"https:\/\/www.aclanester56.com\/velo\/lac-lanester-56-en-stage-au-pays-basque\/\">L'AC Lanester 56 en stage au Pays Basque !<\/a><\/li>\n<li><a href=\"https:\/\/www.aclanester56.com\/velo\/presentation-de-la-1ere-etape-du-tro-div-ster-2012-silfiac-erdeven\/\">Pr\u00e9sentation de la 1\u00e8re \u00e9tape du Tro Div Ster 2012 : Silfiac - Erdeven<\/a><\/li>\n<li><a href=\"https:\/\/www.aclanester56.com\/velo\/ou-seront-nos-coureurs-ce-week-end-16\/\">O\u00f9 seront nos coureurs ce week-end ?<\/a><\/li>\n<li><a href=\"https:\/\/www.aclanester56.com\/velo\/mathieu-le-gal-sur-le-circuit-du-mene-un-gros-palier-entre-3eme-cat-et-une-federale-espoirs\/\">Mathieu Le Gal sur le Circuit du Men\u00e9 : \"un gros palier entre une 3\u00e8me Cat et une f\u00e9d\u00e9rale espoirs\"<\/a><\/li>\n<li><a href=\"https:\/\/www.aclanester56.com\/velo\/bientot-le-tro-div-ster\/\">Bient\u00f4t le Tro Div Ster !<\/a><\/li>\n<li><a href=\"https:\/\/www.aclanester56.com\/velo\/les-cadets-de-lac-lanester-56-sur-plusieurs-fronts-le-week-end-dernier\/\">Les cadets de l'AC Lanester 56 sur plusieurs fronts le week-end dernier<\/a><\/li>\n<li><a href=\"https:\/\/www.aclanester56.com\/velo\/les-cadets-et-juniors-sur-le-printemps-darmorique-a-st-brieuc\/\">Les Cadets et Juniors sur le Printemps d'Armorique \u00e0 St Brieuc<\/a><\/li>\n<li><a href=\"https:\/\/www.aclanester56.com\/velo\/ou-seront-nos-coureurs-ce-week-end-15\/\">O\u00f9 seront nos coureurs ce week-end ?<\/a><\/li>\n<li><a href=\"https:\/\/www.aclanester56.com\/velo\/les-lanesteriens-sur-le-grand-prix-des-commercants-a-languidic\/\">Les Lanest\u00e9riens sur le Grand Prix des Commer\u00e7ants \u00e0 Languidic<\/a><\/li>\n<li><a href=\"https:\/\/www.aclanester56.com\/velo\/du-nouveau-pour-ledition-2012-du-tro-div-ster-poisson-davril\/\">Du nouveau pour l\u2019\u00e9dition 2012 du Tro Div Ster : Poisson d'avril !<\/a><\/li>\n<li><a href=\"https:\/\/www.aclanester56.com\/velo\/les-partenaires-2012-du-tro-div-ster\/\">Les Partenaires 2012 du Tro Div Ster<\/a><\/li>\n<li><a href=\"https:\/\/www.aclanester56.com\/velo\/du-nouveau-pour-ledition-2012-du-tro-div-ster\/\">Du nouveau pour l'\u00e9dition 2012 du Tro Div Ster !<\/a><\/li>\n\n\t\t\t<\/ul>\n\t\t<\/div>\n\t\t<div class=\"pane\">\n\t\t\t<h2 class=\"month-heading\">mai 2012 <span class=\"month-archive-link\">( <a href=\"https:\/\/www.aclanester56.com\/velo\/2012\/05\/\">Voir la page d&rsquo;archive compl&egrave;te<\/a> )<\/span><\/h2>\n\t\t\t<ul class=\"archive-list\">\n\t\t\t\t<li><a href=\"https:\/\/www.aclanester56.com\/velo\/deux-belles-victoires-chez-les-cadets-ce-week-end\/\">Deux belles victoires chez les cadets ce week-end !<\/a><\/li>\n<li><a href=\"https:\/\/www.aclanester56.com\/velo\/reaction-de-benoit-le-bruchec-apres-le-tro-div-ster-un-club-qui-nous-met-en-bonne-condition\/\">R\u00e9action de Benoit Le Bruchec apr\u00e8s le Tro Div Ster : \"un club qui nous met en bonne condition\"<\/a><\/li>\n<li><a href=\"https:\/\/www.aclanester56.com\/velo\/reaction-de-jerome-beldent-apres-le-tro-div-ster-contrat-rempli\/\">R\u00e9action de J\u00e9r\u00f4me Beldent apr\u00e8s le Tro Div Ster : \"contrat rempli\"<\/a><\/li>\n<li><a href=\"https:\/\/www.aclanester56.com\/velo\/ou-seront-nos-coureurs-ce-week-end-19\/\">O\u00f9 seront nos coureurs ce week-end ?<\/a><\/li>\n<li><a href=\"https:\/\/www.aclanester56.com\/velo\/reaction-de-karl-chandavoine-apres-le-tro-div-ster-tous-solidaires-sur-le-clm-par-equipes\/\">R\u00e9action de Karl Chandavoine apr\u00e8s le Tro Div Ster : \u201cTous solidaires sur le CLM par \u00e9quipes\u201d<\/a><\/li>\n<li><a href=\"https:\/\/www.aclanester56.com\/velo\/reaction-de-mathieu-le-gal-apres-le-tro-div-ster-un-tres-bon-week-end-avec-une-super-equipe\/\">R\u00e9action de Mathieu Le Gal apr\u00e8s le Tro Div Ster : \u201cun tr\u00e8s bon week-end avec une super \u00e9quipe\"<\/a><\/li>\n<li><a href=\"https:\/\/www.aclanester56.com\/velo\/reaction-de-mickael-siby-apres-le-tro-div-ster-lenvie-etait-forte-de-remettre-le-couvert-cette-annee\/\">R\u00e9action de Micka\u00ebl Siby apr\u00e8s le Tro Div Ster : \"l\u2019envie \u00e9tait forte de remettre le couvert cette ann\u00e9e\"<\/a><\/li>\n<li><a href=\"https:\/\/www.aclanester56.com\/velo\/13eme-tro-div-ster-encore-quelques-photos\/\">13\u00e8me Tro Div Ster : encore quelques photos ...<\/a><\/li>\n<li><a href=\"https:\/\/www.aclanester56.com\/velo\/13eme-tro-div-ster-la-presse-en-parle\/\">13\u00e8me Tro Div Ster : la presse en parle !<\/a><\/li>\n<li><a href=\"https:\/\/www.aclanester56.com\/velo\/13eme-tro-div-ster-le-classement-general\/\">13eme Tro Div Ster : Le classement g\u00e9n\u00e9ral<\/a><\/li>\n<li><a href=\"https:\/\/www.aclanester56.com\/velo\/13eme-tro-div-ster-branderion-lanester-les-resultats-de-la-3eme-etape\/\">13eme Tro Div Ster : Brand\u00e9rion -  Lanester : Les r\u00e9sultats de la 3\u00e8me \u00e9tape<\/a><\/li>\n<li><a href=\"https:\/\/www.aclanester56.com\/velo\/13eme-tro-div-ster-en-attendant-les-resultats-des-videos\/\">13eme Tro Div Ster : En attendant les r\u00e9sultats : des vid\u00e9os ....<\/a><\/li>\n<li><a href=\"https:\/\/www.aclanester56.com\/velo\/13eme-tro-div-ster-riantec-lanester-contre-la-montre-par-equipe-le-podium\/\">13\u00e8me Tro Div Ster : Riantec \u2013 Lanester : Contre la montre par \u00e9quipe Le Podium<\/a><\/li>\n<li><a href=\"https:\/\/www.aclanester56.com\/velo\/13eme-tro-div-ster-riantec-lanester-contre-la-montre-par-equipe\/\">13\u00e8me Tro Div Ster : Riantec - Lanester : Contre la montre par \u00e9quipe<\/a><\/li>\n<li><a href=\"https:\/\/www.aclanester56.com\/velo\/13eme-tro-div-ster-silfiac-erdeven-le-classement\/\">13\u00e8me Tro Div Ster : Silfiac-Erdeven : Le classement<\/a><\/li>\n<li><a href=\"https:\/\/www.aclanester56.com\/velo\/13eme-tro-div-ster-silfiac-erdeven-les-podiums\/\">13\u00e8me Tro Div Ster : Silfiac-Erdeven : Les podiums<\/a><\/li>\n<li><a href=\"https:\/\/www.aclanester56.com\/velo\/13eme-tro-div-ster-1ere-etape-silfiac-erdeven-les-premieres-photos\/\">13\u00e8me Tro Div Ster  :1\u00e8re \u00e9tape Silfiac - Erdeven : les premi\u00e8res photos<\/a><\/li>\n<li><a href=\"https:\/\/www.aclanester56.com\/velo\/tro-div-ster-2012-course-d-attente-erdeven\/\">Tro div ster 2012 : course d attente Erdeven<\/a><\/li>\n<li><a href=\"https:\/\/www.aclanester56.com\/velo\/les-maillots-distinctifs-du-tro-div-ster\/\">Les maillots distinctifs du Tro Div Ster<\/a><\/li>\n<li><a href=\"https:\/\/www.aclanester56.com\/velo\/itineraires-horaires-du-tro-div-ster-2012\/\">Itin\u00e9raires-horaires du Tro Div Ster 2012 !<\/a><\/li>\n<li><a href=\"https:\/\/www.aclanester56.com\/velo\/13eme-edition-du-tro-div-ster-19-et-20-mai-2012\/\">13\u00e8me \u00e9dition du Tro Div Ster : 19 et 20 Mai 2012<\/a><\/li>\n<li><a href=\"https:\/\/www.aclanester56.com\/velo\/resultats-du-week-end-de-belles-performances-chez-les-cadets\/\">R\u00e9sultats du week-end : de belles performances chez les cadets !<\/a><\/li>\n<li><a href=\"https:\/\/www.aclanester56.com\/velo\/toutes-les-equipes-engagees-pour-le-tro-div-ster-2012\/\">Toutes les \u00e9quipes engag\u00e9es pour le Tro div Ster 2012<\/a><\/li>\n<li><a href=\"https:\/\/www.aclanester56.com\/velo\/ou-seront-nos-coureurs-ce-week-end-18\/\">O\u00f9 seront nos coureurs ce week-end ?<\/a><\/li>\n<li><a href=\"https:\/\/www.aclanester56.com\/velo\/resultats-du-week-end-19\/\">R\u00e9sultats du week-end<\/a><\/li>\n<li><a href=\"https:\/\/www.aclanester56.com\/velo\/les-cadets-lanesteriens-en-apprentissage-sur-les-boucles-sournaises-par-etapes\/\">Les cadets lanest\u00e9riens en apprentissage sur les Boucles Sournaises par \u00e9tapes !<\/a><\/li>\n<li><a href=\"https:\/\/www.aclanester56.com\/velo\/ou-seront-nos-coureurs-en-ce-week-end-du-8-mai\/\">O\u00f9 seront nos coureurs en ce week-end du 8 mai ?<\/a><\/li>\n<li><a href=\"https:\/\/www.aclanester56.com\/velo\/les-lanesteriens-sur-la-ronde-des-legendes-u-a-st-marcel\/\">Les Lanest\u00e9riens sur la Ronde des L\u00e9gendes U \u00e0 St Marcel<\/a><\/li>\n<li><a href=\"https:\/\/www.aclanester56.com\/velo\/karl-chandavoine-champion-du-morbihan-sur-piste\/\">Karl Chandavoine champion du Morbihan sur piste !<\/a><\/li>\n\n\t\t\t<\/ul>\n\t\t<\/div>\n\t\t<div class=\"pane\">\n\t\t\t<h2 class=\"month-heading\">juin 2012 <span class=\"month-archive-link\">( <a href=\"https:\/\/www.aclanester56.com\/velo\/2012\/06\/\">Voir la page d&rsquo;archive compl&egrave;te<\/a> )<\/span><\/h2>\n\t\t\t<ul class=\"archive-list\">\n\t\t\t\t<li><a href=\"https:\/\/www.aclanester56.com\/velo\/yoann-selo-vice-champion-du-morbihan-cadets-sur-route\/\">Yoann S\u00e9lo vice-champion du Morbihan cadets sur route !<\/a><\/li>\n<li><a href=\"https:\/\/www.aclanester56.com\/velo\/le-coreen-ho-sung-cho-en-forme-olympique-sur-le-grand-prix-de-la-ville-de-lanester\/\">Le Cor\u00e9en Ho Sung Cho en forme olympique sur le Grand Prix de la Ville de Lanester !<\/a><\/li>\n<li><a href=\"https:\/\/www.aclanester56.com\/velo\/liste-des-engages-du-21eme-grand-prix-de-la-ville-de-lanester\/\">Liste des engag\u00e9s du 21\u00e8me Grand Prix de la Ville de Lanester<\/a><\/li>\n<li><a href=\"https:\/\/www.aclanester56.com\/velo\/le-circuit-du-grand-prix-de-la-ville-de-lanester-se-devoile\/\">Le circuit du Grand Prix de la ville de Lanester se d\u00e9voile<\/a><\/li>\n<li><a href=\"https:\/\/www.aclanester56.com\/velo\/ou-seront-nos-coureurs-ce-week-end-23\/\">O\u00f9 seront nos coureurs ce week-end ?<\/a><\/li>\n<li><a href=\"https:\/\/www.aclanester56.com\/velo\/des-jeunes-lanesteriens-sur-les-podiums-a-rimaison-en-baud\/\">Des jeunes Lanest\u00e9riens sur les podiums \u00e0 Rimaison en Baud !<\/a><\/li>\n<li><a href=\"https:\/\/www.aclanester56.com\/velo\/warren-barguil-au-depart-du-grand-prix-de-la-ville-de-lanester\/\">Warren Barguil au d\u00e9part du Grand Prix de la Ville de Lanester<\/a><\/li>\n<li><a href=\"https:\/\/www.aclanester56.com\/velo\/un-2eme-titre-de-champion-de-france-pour-karl-chandavoine\/\">Un 2\u00e8me titre de champion de France pour Karl Chandavoine !<\/a><\/li>\n<li><a href=\"https:\/\/www.aclanester56.com\/velo\/le-grand-prix-de-la-ville-de-lanester-le-27-juin\/\">Le Grand Prix de la Ville de Lanester le 27 juin !<\/a><\/li>\n<li><a href=\"https:\/\/www.aclanester56.com\/velo\/karl-chandavoine-champion-de-france-masters-de-poursuite-individuelle\/\">Karl Chandavoine champion de France Masters de poursuite individuelle !<\/a><\/li>\n<li><a href=\"https:\/\/www.aclanester56.com\/velo\/ou-seront-nos-coureurs-ce-week-end-22\/\">O\u00f9 seront nos coureurs ce week-end ?<\/a><\/li>\n<li><a href=\"https:\/\/www.aclanester56.com\/velo\/des-places-dhonneur-pour-les-lanesteriens-a-plouay\/\">Des places d'honneur pour les Lanest\u00e9riens \u00e0 Plouay !<\/a><\/li>\n<li><a href=\"https:\/\/www.aclanester56.com\/velo\/pierre-hole-et-melvyn-le-hen-sur-le-trophee-sebaco-avec-le-cd-56\/\">Pierre Hol\u00e9 et Melvyn Le Hen sur le Troph\u00e9e S\u00e9baco avec le CD 56<\/a><\/li>\n<li><a href=\"https:\/\/www.aclanester56.com\/velo\/thomas-denis-vice-champion-de-bretagne-de-vitesse-individuelle-sur-piste\/\">Thomas Denis vice-champion de Bretagne de vitesse individuelle sur piste !<\/a><\/li>\n<li><a href=\"https:\/\/www.aclanester56.com\/velo\/ou-seront-nos-coureurs-ce-week-end-21\/\">O\u00f9 seront nos coureurs ce week-end ?<\/a><\/li>\n<li><a href=\"https:\/\/www.aclanester56.com\/velo\/belles-performances-des-cadets-lanesteriens-a-inguiniel-et-st-jean-villenard\/\">Belles performances des cadets lanest\u00e9riens \u00e0 Inguiniel et St Jean Villenard !<\/a><\/li>\n<li><a href=\"https:\/\/www.aclanester56.com\/velo\/resultats-j-christophe-sagot-et-richard-meleuc-simposent\/\">R\u00e9sultats : J-Christophe Sagot et Richard Meleuc s'imposent<\/a><\/li>\n<li><a href=\"https:\/\/www.aclanester56.com\/velo\/ou-seront-nos-coureurs-ce-week-end-20\/\">O\u00f9 seront nos coureurs ce week-end ?<\/a><\/li>\n\n\t\t\t<\/ul>\n\t\t<\/div>\n\t\t<div class=\"pane\">\n\t\t\t<h2 class=\"month-heading\">juillet 2012 <span class=\"month-archive-link\">( <a href=\"https:\/\/www.aclanester56.com\/velo\/2012\/07\/\">Voir la page d&rsquo;archive compl&egrave;te<\/a> )<\/span><\/h2>\n\t\t\t<ul class=\"archive-list\">\n\t\t\t\t<li><a href=\"https:\/\/www.aclanester56.com\/velo\/ou-seront-nos-coureurs-ce-week-end-26\/\">O\u00f9 seront nos coureurs ce week-end ?<\/a><\/li>\n<li><a href=\"https:\/\/www.aclanester56.com\/velo\/thomas-denis-vice-champion-de-france-de-vitesse-par-equipes\/\">Thomas Denis vice-champion de France de vitesse par \u00e9quipes !<\/a><\/li>\n<li><a href=\"https:\/\/www.aclanester56.com\/velo\/jean-christophe-sagot-double-la-mise-a-inguiniel\/\">Jean-Christophe Sagot double la mise \u00e0 Inguiniel !<\/a><\/li>\n<li><a href=\"https:\/\/www.aclanester56.com\/velo\/laurent-jalabert-a-lanester-le-25-aout-prochain\/\">Laurent Jalabert \u00e0 Lanester le 25 ao\u00fbt prochain !<\/a><\/li>\n<li><a href=\"https:\/\/www.aclanester56.com\/velo\/thomas-denis-vainqueur-du-scratch-aux-championnats-de-france-sur-piste\/\">Thomas Denis vainqueur du scratch aux championnats de France sur piste !<\/a><\/li>\n<li><a href=\"https:\/\/www.aclanester56.com\/velo\/le-lanesterien-nicolas-primas-3eme-du-championnat-de-bretagne-cadets-sur-route\/\">Le Lanest\u00e9rien Nicolas Primas 3\u00e8me du championnat de Bretagne cadets sur route !<\/a><\/li>\n<li><a href=\"https:\/\/www.aclanester56.com\/velo\/ou-seront-nos-coureurs-ce-week-end-25\/\">O\u00f9 seront nos coureurs ce week-end ?<\/a><\/li>\n<li><a href=\"https:\/\/www.aclanester56.com\/velo\/onze-representants-lac-lanester-56-sur-les-championnats-de-bretagne-de-lavenir-dimanche\/\">Onze repr\u00e9sentants l'AC Lanester 56 sur les championnats de Bretagne de l'Avenir dimanche !<\/a><\/li>\n<li><a href=\"https:\/\/www.aclanester56.com\/velo\/resultats-du-week-end-nicolas-primas-vainqueur-a-st-thuriau\/\">R\u00e9sultats du week-end : Nicolas Primas vainqueur \u00e0 St Thuriau !<\/a><\/li>\n<li><a href=\"https:\/\/www.aclanester56.com\/velo\/le-lanesterien-heimrick-siby-remporte-en-costaud-la-route-mauritanienne\/\">Le Lanest\u00e9rien Heimrick Siby remporte en costaud la Route Mauritanienne !<\/a><\/li>\n<li><a href=\"https:\/\/www.aclanester56.com\/velo\/ou-seront-nos-coureurs-ce-week-end-24\/\">O\u00f9 seront nos coureurs ce week-end ?<\/a><\/li>\n<li><a href=\"https:\/\/www.aclanester56.com\/velo\/cadets-thomas-denis-2eme-a-arzon\/\">Cadets : Thomas Denis 2\u00e8me \u00e0 Arzon !<\/a><\/li>\n\n\t\t\t<\/ul>\n\t\t<\/div>\n\t\t<div class=\"pane\">\n\t\t\t<h2 class=\"month-heading\">ao&ucirc;t 2012 <span class=\"month-archive-link\">( <a href=\"https:\/\/www.aclanester56.com\/velo\/2012\/08\/\">Voir la page d&rsquo;archive compl&egrave;te<\/a> )<\/span><\/h2>\n\t\t\t<ul class=\"archive-list\">\n\t\t\t\t<li><a href=\"https:\/\/www.aclanester56.com\/velo\/ou-seront-nos-coureurs-ce-week-end-29\/\">O\u00f9 seront nos coureurs ce week-end ?<\/a><\/li>\n<li><a href=\"https:\/\/www.aclanester56.com\/velo\/resultats-du-week-end-loic-le-barbier-et-thibault-morvan-sur-le-podium\/\">R\u00e9sultats du week-end : Loic Le Barbier et Thibault Morvan sur le podium !<\/a><\/li>\n<li><a href=\"https:\/\/www.aclanester56.com\/velo\/reprise-des-entrainements-pour-lecole-de-cyclisme-2\/\">Reprise des entra\u00eenements pour l'Ecole de Cyclisme<\/a><\/li>\n<li><a href=\"https:\/\/www.aclanester56.com\/velo\/ou-seront-nos-coureurs-ce-week-end-28\/\">O\u00f9 seront nos coureurs ce week-end ?<\/a><\/li>\n<li><a href=\"https:\/\/www.aclanester56.com\/velo\/nicolas-primas-au-depart-vendredi-du-championnat-de-france-sur-route\/\">Nicolas Primas au d\u00e9part vendredi du championnat de France sur route !<\/a><\/li>\n<li><a href=\"https:\/\/www.aclanester56.com\/velo\/resultats-du-week-end-20\/\">R\u00e9sultats du week-end<\/a><\/li>\n<li><a href=\"https:\/\/www.aclanester56.com\/velo\/ou-seront-nos-coureurs-ce-week-end-27\/\">O\u00f9 seront nos coureurs ce week-end ?<\/a><\/li>\n<li><a href=\"https:\/\/www.aclanester56.com\/velo\/revue-de-presse-les-cadets-ne-sarretent-jamais\/\">Revue de Presse : Les cadets ne s'arr\u00eatent jamais ...<\/a><\/li>\n<li><a href=\"https:\/\/www.aclanester56.com\/velo\/resultats-du-week-end-nicolas-primas-2eme-a-la-prenessaye\/\">R\u00e9sultats du week-end : Nicolas Primas 2\u00e8me \u00e0 La Prenessaye<\/a><\/li>\n\n\t\t\t<\/ul>\n\t\t<\/div>\n\t\t<div class=\"pane\">\n\t\t\t<h2 class=\"month-heading\">septembre 2012 <span class=\"month-archive-link\">( <a href=\"https:\/\/www.aclanester56.com\/velo\/2012\/09\/\">Voir la page d&rsquo;archive compl&egrave;te<\/a> )<\/span><\/h2>\n\t\t\t<ul class=\"archive-list\">\n\t\t\t\t<li><a href=\"https:\/\/www.aclanester56.com\/velo\/belle-performance-des-cadets-lanesteriens-sur-la-coupe-de-france-sur-route\/\">Belle performance des cadets lanest\u00e9riens sur la Coupe de France sur route !<\/a><\/li>\n<li><a href=\"https:\/\/www.aclanester56.com\/velo\/quatre-lanesteriens-sur-la-coupe-de-france-cadets-sur-route\/\">Quatre Lanest\u00e9riens sur la Coupe de France cadets sur route !<\/a><\/li>\n<li><a href=\"https:\/\/www.aclanester56.com\/velo\/t-denis-et-m-lannurien-laureats-de-la-coupe-de-france-sur-piste-des-comites-departementaux\/\">T. Denis et M. Lannurien laur\u00e9ats de la Coupe de France sur piste des Comit\u00e9s D\u00e9partementaux !<\/a><\/li>\n<li><a href=\"https:\/\/www.aclanester56.com\/velo\/les-lanesteriens-sur-la-route-de-lespoir-a-muzillac-2\/\">Les Lanest\u00e9riens sur la Route de l'Espoir \u00e0 Muzillac<\/a><\/li>\n<li><a href=\"https:\/\/www.aclanester56.com\/velo\/ou-seront-nos-coureurs-ce-week-end-31\/\">O\u00f9 seront nos coureurs ce week-end ?<\/a><\/li>\n<li><a href=\"https:\/\/www.aclanester56.com\/velo\/thomas-denis-et-maxime-lannurien-sur-la-coupe-de-france-sur-piste-des-comites\/\">Thomas Denis et Maxime Lannurien sur la Coupe de France sur piste des Comit\u00e9s<\/a><\/li>\n<li><a href=\"https:\/\/www.aclanester56.com\/velo\/resultats-du-week-end-nicolas-primas-victorieux-a-lorient-lanveur\/\">R\u00e9sultats du week-end : Nicolas Primas victorieux \u00e0 Lorient-Lanveur !<\/a><\/li>\n<li><a href=\"https:\/\/www.aclanester56.com\/velo\/heimrick-siby-au-pied-du-podium-sur-le-championnat-de-bretagne-3eme-categorie\/\">Heimrick Siby au pied du podium sur le championnat de Bretagne 3\u00e8me cat\u00e9gorie<\/a><\/li>\n<li><a href=\"https:\/\/www.aclanester56.com\/velo\/warren-barguil-de-lac-lanester-56-au-tour-de-lavenir\/\">Warren Barguil, de l'AC Lanester 56 au Tour de l'Avenir !<\/a><\/li>\n<li><a href=\"https:\/\/www.aclanester56.com\/velo\/ou-seront-nos-coureurs-ce-week-end-30\/\">O\u00f9 seront nos coureurs ce week-end ?<\/a><\/li>\n<li><a href=\"https:\/\/www.aclanester56.com\/velo\/plusieurs-lanesteriens-en-selection-departementale\/\">Plusieurs Lanest\u00e9riens en s\u00e9lection d\u00e9partementale !<\/a><\/li>\n<li><a href=\"https:\/\/www.aclanester56.com\/velo\/thomas-denis-et-karl-chandavoine-contribuent-au-succes-du-cd56-sur-la-coupe-de-bretagne-piste\/\">Thomas Denis et Karl Chandavoine contribuent au succ\u00e8s du CD56 sur la Coupe de Bretagne Piste<\/a><\/li>\n<li><a href=\"https:\/\/www.aclanester56.com\/velo\/lac-lanester-56-brille-sur-la-route-du-roc-par-etapes\/\">L'AC Lanester 56 brille sur la Route du Roc par \u00e9tapes !<\/a><\/li>\n<li><a href=\"https:\/\/www.aclanester56.com\/velo\/resultats-3eme-podium-daffilee-pour-thibault-morvan\/\">R\u00e9sultats : 3\u00e8me podium d'affil\u00e9e pour Thibault Morvan !<\/a><\/li>\n\n\t\t\t<\/ul>\n\t\t<\/div>\n\t\t<div class=\"pane\">\n\t\t\t<h2 class=\"month-heading\">octobre 2012 <span class=\"month-archive-link\">( <a href=\"https:\/\/www.aclanester56.com\/velo\/2012\/10\/\">Voir la page d&rsquo;archive compl&egrave;te<\/a> )<\/span><\/h2>\n\t\t\t<ul class=\"archive-list\">\n\t\t\t\t<li><a href=\"https:\/\/www.aclanester56.com\/velo\/revue-de-presse-warren-bargui-dans-la-500eme-de-velo-magazine\/\">Revue de Presse : Warren Barguil dans la 500\u00e8me de V\u00e9lo Magazine<\/a><\/li>\n<li><a href=\"https:\/\/www.aclanester56.com\/velo\/assemblee-generale-2012-de-lac-lanester-56-une-annee-de-changements-dans-la-continuite\/\">Assembl\u00e9e g\u00e9n\u00e9rale 2012 de l'AC Lanester 56 : \"une ann\u00e9e de changements dans la continuit\u00e9\"<\/a><\/li>\n<li><a href=\"https:\/\/www.aclanester56.com\/velo\/le-tro-div-ster-mis-en-sommeil-en-2013\/\">Le TRO DIV STER mis en sommeil en 2013<\/a><\/li>\n<li><a href=\"https:\/\/www.aclanester56.com\/velo\/les-cadets-lanesteriens-sur-le-km-paris-tours-et-en-vendee\/\">Les cadets lanest\u00e9riens sur le KM Paris-Tours et en Vend\u00e9e !<\/a><\/li>\n<li><a href=\"https:\/\/www.aclanester56.com\/velo\/assemblee-generale-2013\/\">Assembl\u00e9e g\u00e9n\u00e9rale 2013<\/a><\/li>\n<li><a href=\"https:\/\/www.aclanester56.com\/velo\/thomas-denis-sur-la-1ere-manche-du-challenge-national-de-cyclo-cross\/\">Thomas Denis sur la 1\u00e8re manche du challenge national de cyclo-cross<\/a><\/li>\n<li><a href=\"https:\/\/www.aclanester56.com\/velo\/fin-de-saison-sur-le-tour-de-belle-ile-en-mer-pour-les-lanesteriens\/\">Fin de saison sur le Tour de Belle-Ile-en-Mer pour les Lanest\u00e9riens !<\/a><\/li>\n<li><a href=\"https:\/\/www.aclanester56.com\/velo\/maxime-lannurien-et-nicolas-primas-sur-le-km-paris-tours\/\">Maxime Lannurien et Nicolas Primas sur le KM Paris-Tours<\/a><\/li>\n\n\t\t\t<\/ul>\n\t\t<\/div>\n\t\t<div class=\"pane\">\n\t\t\t<h2 class=\"month-heading\">novembre 2012 <span class=\"month-archive-link\">( <a href=\"https:\/\/www.aclanester56.com\/velo\/2012\/11\/\">Voir la page d&rsquo;archive compl&egrave;te<\/a> )<\/span><\/h2>\n\t\t\t<ul class=\"archive-list\">\n\t\t\t\t<li><a href=\"https:\/\/www.aclanester56.com\/velo\/warren-barguil-de-retour-a-lac-lanester-56-2\/\">Warren Barguil de retour \u00e0 l'AC Lanester 56 !<\/a><\/li>\n<li><a href=\"https:\/\/www.aclanester56.com\/velo\/thomas-denis-champion-du-morbihan-de-cyclo-cross\/\">Thomas Denis champion du Morbihan de cyclo-cross !<\/a><\/li>\n<li><a href=\"https:\/\/www.aclanester56.com\/velo\/nicolas-primas-au-club-bretagne-juniors-2013\/\">Nicolas Primas au Club Bretagne Juniors 2013<\/a><\/li>\n<li><a href=\"https:\/\/www.aclanester56.com\/velo\/calendrier-des-entrainements-par-categorie\/\">Calendrier des entrainements par cat\u00e9gorie<\/a><\/li>\n<li><a href=\"https:\/\/www.aclanester56.com\/velo\/thomas-denis-vainqueur-a-cranne-en-baud\/\">Thomas Denis vainqueur \u00e0 Cranne en Baud<\/a><\/li>\n<li><a href=\"https:\/\/www.aclanester56.com\/velo\/lecole-de-cyclisme-de-lac-lanester-56-varie-ses-activites\/\">L'\u00e9cole de cyclisme de l'AC Lanester 56 varie ses activit\u00e9s<\/a><\/li>\n<li><a href=\"https:\/\/www.aclanester56.com\/velo\/plusieurs-lanesteriens-a-lhonneur-lors-de-lag-du-comite-du-morbihan\/\">Plusieurs Lanest\u00e9riens \u00e0 l'honneur lors de l'AG du Comit\u00e9 du Morbihan<\/a><\/li>\n<li><a href=\"https:\/\/www.aclanester56.com\/velo\/victoire-de-thomas-denis-a-locmine\/\">Victoire de Thomas Denis \u00e0 Locmin\u00e9<\/a><\/li>\n\n\t\t\t<\/ul>\n\t\t<\/div>\n\t\t<div class=\"pane\">\n\t\t\t<h2 class=\"month-heading\">d&eacute;cembre 2012 <span class=\"month-archive-link\">( <a href=\"https:\/\/www.aclanester56.com\/velo\/2012\/12\/\">Voir la page d&rsquo;archive compl&egrave;te<\/a> )<\/span><\/h2>\n\t\t\t<ul class=\"archive-list\">\n\t\t\t\t<li><a href=\"https:\/\/www.aclanester56.com\/velo\/retrospective-2012\/\">R\u00e9trospective 2012<\/a><\/li>\n<li><a href=\"https:\/\/www.aclanester56.com\/velo\/thomas-denis-3eme-a-camors-pour-terminer-lannee-2012\/\">Thomas Denis : 3\u00e8me \u00e0 Camors pour terminer l'ann\u00e9e 2012<\/a><\/li>\n<li><a href=\"https:\/\/www.aclanester56.com\/velo\/warren-barguil-honore-par-sa-ville\/\">Warren Barguil honor\u00e9 par sa ville<\/a><\/li>\n<li><a href=\"https:\/\/www.aclanester56.com\/velo\/joyeux-noel-a-tous\/\">Joyeux Noel \u00e0 tous !<\/a><\/li>\n<li><a href=\"https:\/\/www.aclanester56.com\/velo\/cyclo-cross-de-plouay-thomas-denis-sur-toute-la-ligne\/\">Cyclo Cross de Plouay : Thomas Denis sur toute la ligne !<\/a><\/li>\n<li><a href=\"https:\/\/www.aclanester56.com\/velo\/bientot-les-samedis-decouverte-de-la-piste-a-lanester\/\">Bient\u00f4t les Samedis D\u00e9couverte de la Piste \u00e0 Lanester !<\/a><\/li>\n<li><a href=\"https:\/\/www.aclanester56.com\/velo\/du-nouveau-dans-la-boutique-de-lac-lanester-56\/\">Du nouveau dans la Boutique de l'AC Lanester 56 !<\/a><\/li>\n<li><a href=\"https:\/\/www.aclanester56.com\/velo\/thomas-denis-dans-le-top-10-sur-le-challenge-national-a-pontchateau\/\">Thomas Denis dans le top 10 sur le Challenge National \u00e0 Pontch\u00e2teau !<\/a><\/li>\n<li><a href=\"https:\/\/www.aclanester56.com\/velo\/warren-barguil-a-signe-sa-licence-a-lac-lanester-56-2\/\">Warren Barguil a sign\u00e9 sa licence \u00e0 l'AC Lanester 56 !<\/a><\/li>\n\n\t\t\t<\/ul>\n\t\t<\/div>\n\t<\/div>\n\t<div class=\"pane\">\n\t\t<ul id=\"month-list-2013\" class=\"tabs month-list\">\n\t\t\t<li>\t<a  href=\"https:\/\/www.aclanester56.com\/velo\/2013\/01\/\">Jan<\/a>\t<\/li><li>\t<a  href=\"https:\/\/www.aclanester56.com\/velo\/2013\/02\/\">F&eacute;v<\/a>\t<\/li><li>\t<a  href=\"https:\/\/www.aclanester56.com\/velo\/2013\/03\/\">Mar<\/a>\t<\/li><li>\t<a  href=\"https:\/\/www.aclanester56.com\/velo\/2013\/04\/\">Avr<\/a>\t<\/li><li>\t<a  href=\"https:\/\/www.aclanester56.com\/velo\/2013\/05\/\">Mai<\/a>\t<\/li><li>\t<a  href=\"https:\/\/www.aclanester56.com\/velo\/2013\/06\/\">Juin<\/a>\t<\/li><li>\t<a  href=\"https:\/\/www.aclanester56.com\/velo\/2013\/07\/\">Juil<\/a>\t<\/li><li>\t<a  href=\"https:\/\/www.aclanester56.com\/velo\/2013\/08\/\">Ao&ucirc;t<\/a>\t<\/li><li>\t<a  href=\"https:\/\/www.aclanester56.com\/velo\/2013\/09\/\">Sep<\/a>\t<\/li><li>\t<a  href=\"https:\/\/www.aclanester56.com\/velo\/2013\/10\/\">Oct<\/a>\t<\/li><li>\t<a  href=\"https:\/\/www.aclanester56.com\/velo\/2013\/11\/\">Nov<\/a>\t<\/li><li>\t<a  href=\"https:\/\/www.aclanester56.com\/velo\/2013\/12\/\">D&eacute;c<\/a>\t<\/li>\n\t\t<\/ul>\n\t\t<div class=\"pane\">\n\t\t\t<h2 class=\"month-heading\">janvier 2013 <span class=\"month-archive-link\">( <a href=\"https:\/\/www.aclanester56.com\/velo\/2013\/01\/\">Voir la page d&rsquo;archive compl&egrave;te<\/a> )<\/span><\/h2>\n\t\t\t<ul class=\"archive-list\">\n\t\t\t\t<li><a href=\"https:\/\/www.aclanester56.com\/velo\/2eme-manche-des-samedis-decouverte-de-la-piste-2013-resultats-et-classements-generaux\/\">2\u00e8me manche des Samedis D\u00e9couverte de la Piste 2013 : r\u00e9sultats et classements g\u00e9n\u00e9raux<\/a><\/li>\n<li><a href=\"https:\/\/www.aclanester56.com\/velo\/presse-les-samedis-populaires-60-cyclistes-au-premier-rendez-vous\/\">Presse : Les samedis populaires - 60 cyclistes au premier rendez-vous<\/a><\/li>\n<li><a href=\"https:\/\/www.aclanester56.com\/velo\/thomas-denis-21eme-du-championnat-de-france-de-cyclo-cross\/\">Thomas Denis 21\u00e8me du championnat de France de cyclo-cross<\/a><\/li>\n<li><a href=\"https:\/\/www.aclanester56.com\/velo\/lettre-dinformation-de-janvier-2013\/\">Lettre d'information de Janvier 2013<\/a><\/li>\n<li><a href=\"https:\/\/www.aclanester56.com\/velo\/les-juniors-seniors-de-lac-lanester-56-en-stage\/\">Les juniors-seniors de l'AC Lanester 56 en stage<\/a><\/li>\n<li><a href=\"https:\/\/www.aclanester56.com\/velo\/1ere-journee-des-samedis-decouverte-de-la-piste-les-resultats\/\">1\u00e8re Journ\u00e9e des Samedis D\u00e9couverte de la Piste : les r\u00e9sultats<\/a><\/li>\n<li><a href=\"https:\/\/www.aclanester56.com\/velo\/cyclo-cross-de-la-chapelle-neuve-premiere-victoire-de-lannee-2013-pour-thomas-denis\/\">Cyclo-cross de la Chapelle-Neuve : Premi\u00e8re victoire de l'ann\u00e9e 2013 pour Thomas Denis !<\/a><\/li>\n<li><a href=\"https:\/\/www.aclanester56.com\/velo\/voeux-2013-du-president-de-lac-lanester-56-marc-esvan\/\">Voeux 2013 du pr\u00e9sident de l'AC LANESTER 56 Marc ESVAN<\/a><\/li>\n<li><a href=\"https:\/\/www.aclanester56.com\/velo\/bonne-annee-2013\/\">Bonne ann\u00e9e 2013  !<\/a><\/li>\n\n\t\t\t<\/ul>\n\t\t<\/div>\n\t\t<div class=\"pane\">\n\t\t\t<h2 class=\"month-heading\">f&eacute;vrier 2013 <span class=\"month-archive-link\">( <a href=\"https:\/\/www.aclanester56.com\/velo\/2013\/02\/\">Voir la page d&rsquo;archive compl&egrave;te<\/a> )<\/span><\/h2>\n\t\t\t<ul class=\"archive-list\">\n\t\t\t\t<li><a href=\"https:\/\/www.aclanester56.com\/velo\/ou-seront-nos-coureurs-ce-week-end-34\/\">O\u00f9 seront nos coureurs ce week-end ?<\/a><\/li>\n<li><a href=\"https:\/\/www.aclanester56.com\/velo\/en-piste-pour-lentrainement-tous-sur-lanneau-le-maguer\/\">En piste pour l'entrainement : tous sur l'anneau le Maguer<\/a><\/li>\n<li><a href=\"https:\/\/www.aclanester56.com\/velo\/ouverture-de-la-saison-sur-route-pour-les-coureurs-de-lac-lanester-56\/\">Ouverture de la saison sur route pour les coureurs de l'AC Lanester 56<\/a><\/li>\n<li><a href=\"https:\/\/www.aclanester56.com\/velo\/nicolas-primas-sur-kuurne-bruxelles-kuurne\/\">Le Lanest\u00e9rien Nicolas Primas sur Kuurne-Bruxelles-Kuurne Juniors !<\/a><\/li>\n<li><a href=\"https:\/\/www.aclanester56.com\/velo\/ou-seront-nos-coureurs-ce-week-end-33\/\">O\u00f9 seront nos coureurs ce week-end ?<\/a><\/li>\n<li><a href=\"https:\/\/www.aclanester56.com\/velo\/les-lanesteriens-sur-linterclub-de-camors-2\/\">Les Lanest\u00e9riens sur l'interclub de Camors<\/a><\/li>\n<li><a href=\"https:\/\/www.aclanester56.com\/velo\/ou-seront-nos-coureurs-ce-week-end-32\/\">O\u00f9 seront nos coureurs ce week-end ?<\/a><\/li>\n<li><a href=\"https:\/\/www.aclanester56.com\/velo\/equipement-des-velos-a-vendre\/\">Equipement : Des v\u00e9los \u00e0 vendre ...<\/a><\/li>\n<li><a href=\"https:\/\/www.aclanester56.com\/velo\/revue-de-presse-60-jeunes-a-la-derniere-epreuve\/\">Revue de presse : \"60 jeunes a la derni\u00e8re \u00e9preuve\"<\/a><\/li>\n<li><a href=\"https:\/\/www.aclanester56.com\/velo\/finale-des-samedis-decouverte-de-la-piste-a-lanester-tous-les-classements\/\">Finale des Samedis D\u00e9couverte de la Piste \u00e0 Lanester : Tous les classements !<\/a><\/li>\n<li><a href=\"https:\/\/www.aclanester56.com\/velo\/tous-en-piste-les-entrainements-reprennent\/\">Tous en piste ! les entrainements reprennent ...<\/a><\/li>\n<li><a href=\"https:\/\/www.aclanester56.com\/velo\/9-fevrier-2013-16h30-remise-des-equipements-et-des-licences-2013\/\">9 F\u00e9vrier 2013 :16h30 : Remise des \u00e9quipements et des licences  2013<\/a><\/li>\n\n\t\t\t<\/ul>\n\t\t<\/div>\n\t\t<div class=\"pane\">\n\t\t\t<h2 class=\"month-heading\">mars 2013 <span class=\"month-archive-link\">( <a href=\"https:\/\/www.aclanester56.com\/velo\/2013\/03\/\">Voir la page d&rsquo;archive compl&egrave;te<\/a> )<\/span><\/h2>\n\t\t\t<ul class=\"archive-list\">\n\t\t\t\t<li><a href=\"https:\/\/www.aclanester56.com\/velo\/ou-seront-nos-coureurs-ce-week-end-38\/\">O\u00f9 seront nos coureurs ce week-end ?<\/a><\/li>\n<li><a href=\"https:\/\/www.aclanester56.com\/velo\/les-juniors-de-lac-lanester-56-places-sur-la-penn-ar-bed\/\">Les juniors de l'AC Lanester 56 plac\u00e9s sur la Penn Ar Bed<\/a><\/li>\n<li><a href=\"https:\/\/www.aclanester56.com\/velo\/ou-seront-nos-coureurs-ce-week-end-37\/\">O\u00f9 seront nos coureurs ce week-end ?<\/a><\/li>\n<li><a href=\"https:\/\/www.aclanester56.com\/velo\/victoire-de-davy-le-ker-a-ste-anne-dauray\/\">Victoire de Davy Le Ker \u00e0 Ste Anne d'Auray !<\/a><\/li>\n<li><a href=\"https:\/\/www.aclanester56.com\/velo\/le-circuit-des-jeunes-laffiche\/\">Le circuit des Jeunes : L'affiche<\/a><\/li>\n<li><a href=\"https:\/\/www.aclanester56.com\/velo\/ou-seront-nos-coureurs-ce-week-end-36\/\">O\u00f9 seront nos coureurs ce week-end ?<\/a><\/li>\n<li><a href=\"https:\/\/www.aclanester56.com\/velo\/mathieu-le-gal-sur-le-podium-a-moreac\/\">Mathieu Le Gal sur le podium \u00e0 Mor\u00e9ac !<\/a><\/li>\n<li><a href=\"https:\/\/www.aclanester56.com\/velo\/les-lanesteriens-malchanceux-sur-le-trophee-louison-bobet\/\">Des Lanest\u00e9riens malchanceux sur le Troph\u00e9e Louison Bobet<\/a><\/li>\n<li><a href=\"https:\/\/www.aclanester56.com\/velo\/noyal-pontivy-le-lanesterien-benjamin-duval-sur-le-podium\/\">Noyal-Pontivy : le Lanest\u00e9rien Benjamin Duval sur le podium !<\/a><\/li>\n<li><a href=\"https:\/\/www.aclanester56.com\/velo\/les-cadets-lanesteriens-se-distinguent-sur-la-detection-du-cd-56\/\">Les cadets lanest\u00e9riens se distinguent sur la d\u00e9tection du CD 56 !<\/a><\/li>\n<li><a href=\"https:\/\/www.aclanester56.com\/velo\/ou-seront-nos-coureurs-ce-week-end-35\/\">O\u00f9 seront nos coureurs ce week-end ?<\/a><\/li>\n\n\t\t\t<\/ul>\n\t\t<\/div>\n\t\t<div class=\"pane\">\n\t\t\t<h2 class=\"month-heading\">avril 2013 <span class=\"month-archive-link\">( <a href=\"https:\/\/www.aclanester56.com\/velo\/2013\/04\/\">Voir la page d&rsquo;archive compl&egrave;te<\/a> )<\/span><\/h2>\n\t\t\t<ul class=\"archive-list\">\n\t\t\t\t<li><a href=\"https:\/\/www.aclanester56.com\/velo\/le-jeune-gagnant-de-la-tombola-du-circuit-des-jeunes-tres-heureux\/\">Le jeune gagnant de la tombola du Circuit des Jeunes tr\u00e8s heureux !<\/a><\/li>\n<li><a href=\"https:\/\/www.aclanester56.com\/velo\/ou-seront-nos-coureurs-ce-mercredi-1er-mai\/\">O\u00f9 seront nos coureurs ce mercredi 1er mai ?<\/a><\/li>\n<li><a href=\"https:\/\/www.aclanester56.com\/velo\/les-lanesteriens-sur-la-2eme-ronde-des-legendes\/\">Les Lanest\u00e9riens sur la 2\u00e8me Ronde des L\u00e9gendes<\/a><\/li>\n<li><a href=\"https:\/\/www.aclanester56.com\/velo\/resultats-du-week-end-double-lanesterien-chez-les-cadets-a-lanvaudan\/\">R\u00e9sultats du week-end : doubl\u00e9 lanest\u00e9rien chez les cadets \u00e0 Lanvaudan !<\/a><\/li>\n<li><a href=\"https:\/\/www.aclanester56.com\/velo\/ou-seront-nos-coureurs-ce-week-end-41\/\">O\u00f9 seront nos coureurs ce week-end ?<\/a><\/li>\n<li><a href=\"https:\/\/www.aclanester56.com\/velo\/une-pluie-de-titres-pour-lac-lanester-56-sur-les-championnats-du-morbihan-sur-piste\/\">Une pluie de titres pour l'AC Lanester 56 sur les championnats du Morbihan sur piste !<\/a><\/li>\n<li><a href=\"https:\/\/www.aclanester56.com\/velo\/circuit-des-jeunes-tous-les-classements\/\">Circuit des Jeunes : Tous les classements !<\/a><\/li>\n<li><a href=\"https:\/\/www.aclanester56.com\/velo\/le-maillot-dedicace-de-warren-barguil-a-gagner-dimanche-sur-le-circuit-des-jeunes\/\">Le maillot de Warren Barguil \u00e0 gagner dimanche sur le Circuit des Jeunes !<\/a><\/li>\n<li><a href=\"https:\/\/www.aclanester56.com\/velo\/plusieurs-lanesteriens-titres-sur-les-championnats-du-morbihan-sur-piste\/\">Plusieurs Lanest\u00e9riens titr\u00e9s sur les championnats du Morbihan sur piste !<\/a><\/li>\n<li><a href=\"https:\/\/www.aclanester56.com\/velo\/j-10-avant-le-circuit-des-jeunes-a-lanester\/\">J-10 avant le Circuit des Jeunes \u00e0 Lanester !<\/a><\/li>\n<li><a href=\"https:\/\/www.aclanester56.com\/velo\/ou-seront-nos-coureurs-ce-week-end-40\/\">O\u00f9 seront nos coureurs ce week-end ?<\/a><\/li>\n<li><a href=\"https:\/\/www.aclanester56.com\/velo\/resultats-du-week-end-21\/\">R\u00e9sultats du week-end<\/a><\/li>\n<li><a href=\"https:\/\/www.aclanester56.com\/velo\/languidic-victoire-de-benjamin-duval\/\">Languidic : victoire de Benjamin Duval !<\/a><\/li>\n<li><a href=\"https:\/\/www.aclanester56.com\/velo\/1ere-manche-de-la-coupe-du-conseil-general-du-morbihan\/\">1\u00e8re manche de la coupe du Conseil G\u00e9n\u00e9ral du Morbihan<\/a><\/li>\n<li><a href=\"https:\/\/www.aclanester56.com\/velo\/ou-seront-nos-coureurs-ce-week-end-39\/\">O\u00f9 seront nos coureurs ce week-end ?<\/a><\/li>\n<li><a href=\"https:\/\/www.aclanester56.com\/velo\/les-lanesteriens-sur-le-tour-du-loire-layon\/\">Les Lanest\u00e9riens sur le Tour du Loire Layon<\/a><\/li>\n<li><a href=\"https:\/\/www.aclanester56.com\/velo\/nathan-andre-sur-le-podium-du-kreiz-breizh-avenir-a-ploerdut\/\">Nathan Andr\u00e9 sur le podium du Kreiz Breizh Avenir \u00e0 Ploerdut !<\/a><\/li>\n\n\t\t\t<\/ul>\n\t\t<\/div>\n\t\t<div class=\"pane\">\n\t\t\t<h2 class=\"month-heading\">mai 2013 <span class=\"month-archive-link\">( <a href=\"https:\/\/www.aclanester56.com\/velo\/2013\/05\/\">Voir la page d&rsquo;archive compl&egrave;te<\/a> )<\/span><\/h2>\n\t\t\t<ul class=\"archive-list\">\n\t\t\t\t<li><a href=\"https:\/\/www.aclanester56.com\/velo\/ou-seront-nos-coureurs-en-ce-premier-weekend-de-juin\/\">O\u00f9 seront nos coureurs en ce premier weekend de Juin ?<\/a><\/li>\n<li><a href=\"https:\/\/www.aclanester56.com\/velo\/resultats-du-week-end-24\/\">R\u00e9sultats du week-end<\/a><\/li>\n<li><a href=\"https:\/\/www.aclanester56.com\/velo\/thomas-denis-double-champion-de-bretagne-sur-piste\/\">Thomas Denis double champion de Bretagne sur piste !<\/a><\/li>\n<li><a href=\"https:\/\/www.aclanester56.com\/velo\/ou-seront-nos-coureurs-ce-week-end-44\/\">O\u00f9 seront nos coureurs ce week-end ?<\/a><\/li>\n<li><a href=\"https:\/\/www.aclanester56.com\/velo\/contre-la-montre-par-equipe-au-saint-la-video-du-dernier-entrainement\/\">contre la montre par \u00e9quipe au Saint : la vid\u00e9o du dernier entrainement !<\/a><\/li>\n<li><a href=\"https:\/\/www.aclanester56.com\/velo\/les-resultats-de-la-pentecote-du-18-au-20-mai-2013\/\">Les r\u00e9sultats de la Pentec\u00f4te du 18 au 20 Mai 2013<\/a><\/li>\n<li><a href=\"https:\/\/www.aclanester56.com\/velo\/weekend-de-la-pentecote-ou-seront-nos-coureurs\/\">Weekend de la Pentec\u00f4te : O\u00f9 seront nos coureurs ?<\/a><\/li>\n<li><a href=\"https:\/\/www.aclanester56.com\/velo\/vu-dans-la-presse\/\">Vu dans la presse !<\/a><\/li>\n<li><a href=\"https:\/\/www.aclanester56.com\/velo\/resultats-du-week-end-23\/\">R\u00e9sultats du week-end<\/a><\/li>\n<li><a href=\"https:\/\/www.aclanester56.com\/velo\/la-newsletter-de-mai-vient-de-sortir\/\">La newsletter de Mai vient de sortir !<\/a><\/li>\n<li><a href=\"https:\/\/www.aclanester56.com\/velo\/ou-seront-nos-coureurs-ce-week-end-43\/\">O\u00f9 seront nos coureurs ce week-end ?<\/a><\/li>\n<li><a href=\"https:\/\/www.aclanester56.com\/velo\/le-bronze-pour-les-cadets-lanesteriens-sur-le-championnat-de-bretagne-de-clm-par-equipes\/\">Le bronze pour les cadets lanest\u00e9riens sur le championnat de Bretagne de CLM par \u00e9quipes !<\/a><\/li>\n<li><a href=\"https:\/\/www.aclanester56.com\/velo\/les-jeunes-lanesteriens-sur-le-trophee-departemental-des-ecoles-de-cyclisme\/\">Les jeunes Lanest\u00e9riens sur le Troph\u00e9e D\u00e9partemental des Ecoles de Cyclisme<\/a><\/li>\n<li><a href=\"https:\/\/www.aclanester56.com\/velo\/ou-seront-nos-coureurs-ce-week-end-42\/\">O\u00f9 seront nos coureurs ce week-end ?<\/a><\/li>\n<li><a href=\"https:\/\/www.aclanester56.com\/velo\/lac-lanester-56-prepare-le-championnat-de-bretagne-du-clm-par-equipes\/\">L'AC Lanester 56 pr\u00e9pare le championnat de Bretagne du CLM par \u00e9quipes<\/a><\/li>\n<li><a href=\"https:\/\/www.aclanester56.com\/velo\/les-juniors-seniors-sur-piste-a-lanester-en-video\/\">Les juniors-seniors sur piste \u00e0 Lanester en vid\u00e9o !<\/a><\/li>\n\n\t\t\t<\/ul>\n\t\t<\/div>\n\t\t<div class=\"pane\">\n\t\t\t<h2 class=\"month-heading\">juin 2013 <span class=\"month-archive-link\">( <a href=\"https:\/\/www.aclanester56.com\/velo\/2013\/06\/\">Voir la page d&rsquo;archive compl&egrave;te<\/a> )<\/span><\/h2>\n\t\t\t<ul class=\"archive-list\">\n\t\t\t\t<li><a href=\"https:\/\/www.aclanester56.com\/velo\/videos-de-la-course-cadets-de-missiriac-championnat-du-morbihan-30-juin-2013\/\">Vid\u00e9os de  la course Cadets de Missiriac Championnat du Morbihan - 30 juin 2013<\/a><\/li>\n<li><a href=\"https:\/\/www.aclanester56.com\/velo\/30-juin-2013-championnat-du-morbihan-a-missiriac-cadets\/\">30 juin 2013 - Championnat du Morbihan \u00e0 Missiriac Cadets<\/a><\/li>\n<li><a href=\"https:\/\/www.aclanester56.com\/velo\/ou-seront-nos-coureurs-ce-week-end-46\/\">O\u00f9 seront nos coureurs ce week-end ?<\/a><\/li>\n<li><a href=\"https:\/\/www.aclanester56.com\/velo\/22eme-grand-prix-de-la-ville-de-lanester-quelques-extraits-en-video\/\">22\u00e8me Grand Prix de la ville de Lanester : Quelques extraits en vid\u00e9o<\/a><\/li>\n<li><a href=\"https:\/\/www.aclanester56.com\/velo\/beau-succes-du-22eme-grand-prix-de-la-ville-de-lanester\/\">Beau succ\u00e8s du 22\u00e8me Grand Prix de la ville de Lanester<\/a><\/li>\n<li><a href=\"https:\/\/www.aclanester56.com\/velo\/reaction-de-karl-chandavoine-double-champion-de-france-master-sur-piste\/\">R\u00e9action de Karl Chandavoine, double champion de France Master sur piste<\/a><\/li>\n<li><a href=\"https:\/\/www.aclanester56.com\/velo\/22eme-grand-prix-de-la-ville-de-lanester-liste-des-engages\/\">22\u00e8me Grand Prix de la Ville de Lanester : Liste des engag\u00e9s<\/a><\/li>\n<li><a href=\"https:\/\/www.aclanester56.com\/velo\/nicolas-primas-vainqueur-detape-sur-le-gp-de-la-jeunesse-a-guipry-messac\/\">Nicolas Primas vainqueur d'\u00e9tape sur le GP de la Jeunesse \u00e0 Guipry-Messac !<\/a><\/li>\n<li><a href=\"https:\/\/www.aclanester56.com\/velo\/derniere-minute-championnats-de-france-masters-sur-piste-2013\/\">Derni\u00e8re minute ! : Championnats de France MASTERS sur Piste 2013<\/a><\/li>\n<li><a href=\"https:\/\/www.aclanester56.com\/velo\/ou-seront-nos-coureurs-ce-week-end-45\/\">O\u00f9 seront nos coureurs ce week-end ?<\/a><\/li>\n<li><a href=\"https:\/\/www.aclanester56.com\/velo\/resultats-du-week-end-25\/\">R\u00e9sultats du week-end<\/a><\/li>\n<li><a href=\"https:\/\/www.aclanester56.com\/velo\/ou-seront-nos-coureurs-ce-dimanche\/\">O\u00f9 seront nos coureurs ce dimanche ?<\/a><\/li>\n<li><a href=\"https:\/\/www.aclanester56.com\/velo\/deux-podiums-sur-le-championnat-de-bretagne-sur-piste-pour-karl-chandavoine\/\">Deux podiums sur le championnat de Bretagne sur piste pour Karl Chandavoine !<\/a><\/li>\n<li><a href=\"https:\/\/www.aclanester56.com\/velo\/les-juniors-lanesteriens-en-progression-sur-le-trophee-sebaco-a-ergue-gaberic\/\">Les juniors Lanest\u00e9riens en progression sur le Troph\u00e9e S\u00e9baco \u00e0 Ergu\u00e9-Gab\u00e9ric<\/a><\/li>\n<li><a href=\"https:\/\/www.aclanester56.com\/velo\/rappel-sur-les-engagements-saison-2013\/\">Rappel sur les engagements saison 2013 !<\/a><\/li>\n<li><a href=\"https:\/\/www.aclanester56.com\/velo\/le-22eme-grand-prix-de-la-ville-de-lanester-se-devoile\/\">Le 22\u00e8me Grand Prix de la Ville de Lanester se d\u00e9voile<\/a><\/li>\n<li><a href=\"https:\/\/www.aclanester56.com\/velo\/retour-sur-le-championnat-de-bretagne-sur-piste-la-video-de-thomas-denis\/\">Retour sur le championnat de Bretagne sur Piste : la vid\u00e9o de Thomas Denis<\/a><\/li>\n<li><a href=\"https:\/\/www.aclanester56.com\/velo\/retour-sur-le-chpt-de-bretagne-clm-par-equipe-videos-des-juniors\/\">Retour sur le chpt de Bretagne CLM par \u00e9quipe : Vid\u00e9os des juniors<\/a><\/li>\n<li><a href=\"https:\/\/www.aclanester56.com\/velo\/retour-sur-le-chpt-de-bretagne-clm-par-equipe-videos-des-cadets\/\">Retour sur le chpt de Bretagne CLM par equipe : Vid\u00e9os des cadets<\/a><\/li>\n<li><a href=\"https:\/\/www.aclanester56.com\/velo\/deux-victoires-lanesteriennes-ce-week-end\/\">Deux victoires lanest\u00e9riennes ce week-end !<\/a><\/li>\n\n\t\t\t<\/ul>\n\t\t<\/div>\n\t\t<div class=\"pane\">\n\t\t\t<h2 class=\"month-heading\">juillet 2013 <span class=\"month-archive-link\">( <a href=\"https:\/\/www.aclanester56.com\/velo\/2013\/07\/\">Voir la page d&rsquo;archive compl&egrave;te<\/a> )<\/span><\/h2>\n\t\t\t<ul class=\"archive-list\">\n\t\t\t\t<li><a href=\"https:\/\/www.aclanester56.com\/velo\/thomas-denis-3eme-du-championnat-de-france-de-lamericaine\/\">Thomas Denis 3\u00e8me du championnat de France de l'Am\u00e9ricaine<\/a><\/li>\n<li><a href=\"https:\/\/www.aclanester56.com\/velo\/resultats-du-week-end-28\/\">R\u00e9sultats du week-end<\/a><\/li>\n<li><a href=\"https:\/\/www.aclanester56.com\/velo\/revue-de-presse-thomas-denis-champion-de-france-sur-piste\/\">Revue de Presse : Thomas Denis champion de France sur Piste<\/a><\/li>\n<li><a href=\"https:\/\/www.aclanester56.com\/velo\/thomas-denis-champion-de-france-de-poursuite-individuelle-je-ne-realise-pas-encore\/\">Thomas Denis, Champion de France de poursuite individuelle : \"Je ne r\u00e9alise pas encore\"<\/a><\/li>\n<li><a href=\"https:\/\/www.aclanester56.com\/velo\/resultats-du-week-end-27\/\">R\u00e9sultats du week-end<\/a><\/li>\n<li><a href=\"https:\/\/www.aclanester56.com\/velo\/resultats-du-week-end-26\/\">R\u00e9sultats du week-end<\/a><\/li>\n<li><a href=\"https:\/\/www.aclanester56.com\/velo\/ou-seront-nos-coureurs-ce-week-end-47\/\">O\u00f9 seront nos coureurs ce week-end ?<\/a><\/li>\n<li><a href=\"https:\/\/www.aclanester56.com\/velo\/thomas-denis-vice-champion-de-bretagne-sur-route\/\">Thomas Denis vice-champion de Bretagne sur route<\/a><\/li>\n<li><a href=\"https:\/\/www.aclanester56.com\/velo\/lac-lanester-56-part-en-vacances\/\">L'AC Lanester 56 part en vacances !<\/a><\/li>\n<li><a href=\"https:\/\/www.aclanester56.com\/velo\/ou-seront-nos-coureurs-ce-dimanche-2\/\">O\u00f9 seront nos coureurs ce dimanche ?<\/a><\/li>\n<li><a href=\"https:\/\/www.aclanester56.com\/velo\/les-qualifies-pour-le-championnat-de-bretagne\/\">Les qualifi\u00e9s pour le championnat de Bretagne<\/a><\/li>\n<li><a href=\"https:\/\/www.aclanester56.com\/velo\/les-coureurs-de-lac-lanester-56-places-sur-le-chpt-du-morbihan-de-lavenir\/\">Les coureurs de l'AC Lanester 56 plac\u00e9s sur le Chpt du Morbihan de l'Avenir<\/a><\/li>\n<li><a href=\"https:\/\/www.aclanester56.com\/velo\/office-municipal-des-sports-3-societaires-de-lac-lanester-56-a-lhonneur\/\">Office Municipal des Sports  : 3 soci\u00e9taires de l'AC Lanester 56 \u00e0 l'honneur<\/a><\/li>\n\n\t\t\t<\/ul>\n\t\t<\/div>\n\t\t<div class=\"pane\">\n\t\t\t<h2 class=\"month-heading\">ao&ucirc;t 2013 <span class=\"month-archive-link\">( <a href=\"https:\/\/www.aclanester56.com\/velo\/2013\/08\/\">Voir la page d&rsquo;archive compl&egrave;te<\/a> )<\/span><\/h2>\n\t\t\t<ul class=\"archive-list\">\n\t\t\t\t<li><a href=\"https:\/\/www.aclanester56.com\/velo\/ou-seront-nos-coureurs-ce-week-end-51\/\">O\u00f9 seront nos coureurs ce week end ?<\/a><\/li>\n<li><a href=\"https:\/\/www.aclanester56.com\/velo\/presse-le-club-prepare-sa-saison\/\">Presse : Le club pr\u00e9pare sa saison ...<\/a><\/li>\n<li><a href=\"https:\/\/www.aclanester56.com\/velo\/les-cadets-a-queven-le-25-aout-2013\/\">Les cadets \u00e0 Qu\u00e9ven le 25 ao\u00fbt 2013<\/a><\/li>\n<li><a href=\"https:\/\/www.aclanester56.com\/velo\/championnat-de-france-de-lavenir-cadet-2013-a-albi\/\">Championnat de France de l'Avenir Cadet 2013 \u00e0 Albi<\/a><\/li>\n<li><a href=\"https:\/\/www.aclanester56.com\/velo\/ou-seront-nos-coureurs-ce-dernier-week-end-daout\/\">O\u00f9 seront nos coureurs en ce dernier week end d'ao\u00fbt ?<\/a><\/li>\n<li><a href=\"https:\/\/www.aclanester56.com\/velo\/18-aout-2013-les-cadets-a-meslan\/\">18 aout 2013 : Les cadets \u00e0 Meslan<\/a><\/li>\n<li><a href=\"https:\/\/www.aclanester56.com\/velo\/championnat-de-france-de-lavenir-a-albi-du-22-au-25-aout-2013\/\">Championnat de France de l'avenir \u00e0 Albi du 22 au 25 Ao\u00fbt 2013<\/a><\/li>\n<li><a href=\"https:\/\/www.aclanester56.com\/velo\/ou-seront-nos-coureurs-ce-week-end-50\/\">O\u00f9 seront nos coureurs ce week-end ?<\/a><\/li>\n<li><a href=\"https:\/\/www.aclanester56.com\/velo\/la-lettre-dinformation-daout-2013\/\">La lettre d'information d'aout 2013<\/a><\/li>\n<li><a href=\"https:\/\/www.aclanester56.com\/velo\/ou-seront-nos-coureurs-ce-week-end-49\/\">O\u00f9 seront nos coureurs ce 15 ao\u00fbt ?<\/a><\/li>\n<li><a href=\"https:\/\/www.aclanester56.com\/velo\/une-victoire-et-un-podium-les-cadets-lanesteriens-font-le-plein-a-pluvigner\/\">Une victoire et un podium : les cadets lanest\u00e9riens font le plein \u00e0 Pluvigner !<\/a><\/li>\n<li><a href=\"https:\/\/www.aclanester56.com\/velo\/carnet-rose-3\/\">Carnet rose<\/a><\/li>\n<li><a href=\"https:\/\/www.aclanester56.com\/velo\/ou-seront-nos-coureurs-ce-week-end-48\/\">O\u00f9 seront nos coureurs ce week-end ?<\/a><\/li>\n\n\t\t\t<\/ul>\n\t\t<\/div>\n\t\t<div class=\"pane\">\n\t\t\t<h2 class=\"month-heading\">septembre 2013 <span class=\"month-archive-link\">( <a href=\"https:\/\/www.aclanester56.com\/velo\/2013\/09\/\">Voir la page d&rsquo;archive compl&egrave;te<\/a> )<\/span><\/h2>\n\t\t\t<ul class=\"archive-list\">\n\t\t\t\t<li><a href=\"https:\/\/www.aclanester56.com\/velo\/ou-seront-nos-coureurs-ce-week-end-53\/\">O\u00f9 seront nos coureurs ce week-end ?<\/a><\/li>\n<li><a href=\"https:\/\/www.aclanester56.com\/velo\/lequipe-juniors-de-lac-lanester-56-2eme-du-trophee-ca-mozaic\/\">L'\u00e9quipe Juniors de l'AC Lanester 56 2\u00e8me du Troph\u00e9e CA Mozaic<\/a><\/li>\n<li><a href=\"https:\/\/www.aclanester56.com\/velo\/deux-podiums-sur-les-championnats-de-bretagne-contre-la-montre\/\">Deux podiums sur les championnats de Bretagne Contre-la-Montre !<\/a><\/li>\n<li><a href=\"https:\/\/www.aclanester56.com\/velo\/ou-seront-nos-coureurs-ce-dimanche-3\/\">O\u00f9 seront nos coureurs ce dimanche ?<\/a><\/li>\n<li><a href=\"https:\/\/www.aclanester56.com\/velo\/presentation-du-championnat-de-bretagne-contre-la-montre-individuel\/\">Pr\u00e9sentation du championnat de Bretagne Contre-la-Montre individuel<\/a><\/li>\n<li><a href=\"https:\/\/www.aclanester56.com\/velo\/lorient-lanveur-benjamin-duval-sur-le-podium\/\">Lorient-Lanveur : Benjamin Duval sur le podium<\/a><\/li>\n<li><a href=\"https:\/\/www.aclanester56.com\/velo\/resultats-de-la-semaine-yoann-selo-victorieux-a-loctudy\/\">R\u00e9sultats de la semaine : Yoann S\u00e9lo victorieux \u00e0 Loctudy<\/a><\/li>\n<li><a href=\"https:\/\/www.aclanester56.com\/velo\/lac-lanester-56-met-en-vente-des-velos-de-contre-la-montre\/\">L'AC Lanester 56 met en vente des v\u00e9los de Contre-La-Montre<\/a><\/li>\n<li><a href=\"https:\/\/www.aclanester56.com\/velo\/ou-seront-nos-coureurs-ce-week-enddu-15-septembre\/\">O\u00f9 seront nos coureurs ce week end du 15 septembre ?<\/a><\/li>\n<li><a href=\"https:\/\/www.aclanester56.com\/velo\/presse-locale-une-journee-decouverte-reussie\/\">Presse locale : Une journ\u00e9e \"D\u00e9couverte des Sports Cyclistes\" r\u00e9ussie !<\/a><\/li>\n<li><a href=\"https:\/\/www.aclanester56.com\/velo\/lac-lanester-56-a-participe-a-loperation-a-la-decouverte-des-sports-cyclistes\/\">L'AC Lanester 56 a particip\u00e9 \u00e0 l'op\u00e9ration \"A la d\u00e9couverte des sports cyclistes\"<\/a><\/li>\n<li><a href=\"https:\/\/www.aclanester56.com\/velo\/2eme-victoire-detape-sur-la-vuelta-pour-warren-barguil\/\">2\u00e8me victoire d'\u00e9tape sur la Vuelta pour Warren Barguil !<\/a><\/li>\n<li><a href=\"https:\/\/www.aclanester56.com\/velo\/nicolas-primas-5eme-du-tour-du-morbihan-juniors\/\">Nicolas Primas 5\u00e8me du Tour du Morbihan Juniors<\/a><\/li>\n<li><a href=\"https:\/\/www.aclanester56.com\/velo\/ou-seront-nos-coureurs-ce-week-end-52\/\">O\u00f9 seront nos coureurs ce week end ?<\/a><\/li>\n<li><a href=\"https:\/\/www.aclanester56.com\/velo\/victoire-de-warren-barguil-sur-la-13eme-etape-de-la-vuelta\/\">Victoire de Warren Barguil sur la 13\u00e8me \u00e9tape de la Vuelta<\/a><\/li>\n<li><a href=\"https:\/\/www.aclanester56.com\/velo\/le-7-septembre-2013-a-la-decouverte-des-sports-cyclistes\/\">A la d\u00e9couverte des sports cyclistes - Venez d\u00e9couvrir les activit\u00e9s de l'ACL 56 le samedi 7 septembre !<\/a><\/li>\n\n\t\t\t<\/ul>\n\t\t<\/div>\n\t\t<div class=\"pane\">\n\t\t\t<h2 class=\"month-heading\">octobre 2013 <span class=\"month-archive-link\">( <a href=\"https:\/\/www.aclanester56.com\/velo\/2013\/10\/\">Voir la page d&rsquo;archive compl&egrave;te<\/a> )<\/span><\/h2>\n\t\t\t<ul class=\"archive-list\">\n\t\t\t\t<li><a href=\"https:\/\/www.aclanester56.com\/velo\/deux-lanesteriens-honores-a-la-soiree-des-champions-du-comite-du-morbihan\/\">Deux Lanest\u00e9riens honor\u00e9s \u00e0 la Soir\u00e9e des Champions du Comit\u00e9 du Morbihan !<\/a><\/li>\n<li><a href=\"https:\/\/www.aclanester56.com\/velo\/reaction-de-karl-chandavoine-de-retour-des-championnats-du-monde-masters-sur-piste\/\">R\u00e9action de Karl Chandavoine, de retour des Championnats du Monde Masters sur piste de Manchester<\/a><\/li>\n<li><a href=\"https:\/\/www.aclanester56.com\/velo\/thomas-denis-et-benjamin-duval-sur-le-gp-de-lhumanite-2013-a-bordeaux\/\">Thomas Denis et Benjamin Duval sur le GP de l'Humanit\u00e9 2013 \u00e0 Bordeaux<\/a><\/li>\n<li><a href=\"https:\/\/www.aclanester56.com\/velo\/revue-de-presse-assemblee-generale-de-lac-lanester-56\/\">Revue de presse : Assembl\u00e9e g\u00e9n\u00e9rale de l'AC Lanester 56<\/a><\/li>\n<li><a href=\"https:\/\/www.aclanester56.com\/velo\/thomas-denis-11eme-du-km-paris-tours-2013\/\">Thomas Denis 11\u00e8me du KM Paris-Tours 2013<\/a><\/li>\n<li><a href=\"https:\/\/www.aclanester56.com\/velo\/mondiaux-masters-piste-2013-karl-chandavoine-5eme-du-scratch-et-11eme-de-la-course-aux-points\/\">Mondiaux Masters Piste 2013 : Karl Chandavoine 5\u00e8me du scratch et 11\u00e8me de la course aux points<\/a><\/li>\n<li><a href=\"https:\/\/www.aclanester56.com\/velo\/assemblee-generale-de-lac-lanester-56-le-samedi-12-octobre-2013\/\">Assembl\u00e9e g\u00e9n\u00e9rale de l'AC Lanester 56 le samedi 12 octobre 2013<\/a><\/li>\n<li><a href=\"https:\/\/www.aclanester56.com\/velo\/karl-chandavoine-5eme-du-championnat-du-monde-de-poursuite-individuelle\/\">Karl Chandavoine 5\u00e8me du championnat du monde de poursuite individuelle<\/a><\/li>\n<li><a href=\"https:\/\/www.aclanester56.com\/velo\/le-vice-president-de-lac-lanester-56-pour-la-bonne-cause-avec-la-lorientaise\/\">Le vice-pr\u00e9sident de l'AC Lanester 56 pour la bonne cause avec la Lorientaise !<\/a><\/li>\n<li><a href=\"https:\/\/www.aclanester56.com\/velo\/mathieu-le-gal-2eme-du-challenge-du-blavet-a-level-2013\/\">Mathieu Le Gal 2\u00e8me du Challenge du Blavet \u00e0 l'Evel 2013<\/a><\/li>\n<li><a href=\"https:\/\/www.aclanester56.com\/velo\/karl-chandavoine-sur-les-championnats-du-monde-sur-piste\/\">Karl Chandavoine sur les Championnats du Monde sur piste<\/a><\/li>\n<li><a href=\"https:\/\/www.aclanester56.com\/velo\/ou-seront-nos-coureurs-ce-week-end-54\/\">O\u00f9 seront nos coureurs ce dimanche 6 octobre  ?<\/a><\/li>\n<li><a href=\"https:\/\/www.aclanester56.com\/velo\/resultats-du-week-end-du-2829-septembre-2013\/\">R\u00e9sultats du week-end du 28\/29 septembre 2013<\/a><\/li>\n<li><a href=\"https:\/\/www.aclanester56.com\/velo\/quatre-coureurs-de-lac-lanester-56-au-roch-des-monts-darree\/\">Quatre coureurs de l'AC Lanester 56 au Roc'h des Monts d'Arr\u00e9e<\/a><\/li>\n\n\t\t\t<\/ul>\n\t\t<\/div>\n\t\t<div class=\"pane\">\n\t\t\t<h2 class=\"month-heading\">novembre 2013 <span class=\"month-archive-link\">( <a href=\"https:\/\/www.aclanester56.com\/velo\/2013\/11\/\">Voir la page d&rsquo;archive compl&egrave;te<\/a> )<\/span><\/h2>\n\t\t\t<ul class=\"archive-list\">\n\t\t\t\t<li><a href=\"https:\/\/www.aclanester56.com\/velo\/les-jeunes-lanesteriens-au-travail\/\">Les jeunes Lanest\u00e9riens au travail !<\/a><\/li>\n<li><a href=\"https:\/\/www.aclanester56.com\/velo\/les-juniorsseniors-ont-repris-lentrainement\/\">Les Juniors\/Seniors ont repris l'entrainement !<\/a><\/li>\n<li><a href=\"https:\/\/www.aclanester56.com\/velo\/thibault-rouzau-40eme-sur-le-challenge-national-de-cyclo-cross-a-quelneuc\/\">Thibault Rouzau 40\u00e8me sur le Challenge National de Cyclo-Cross \u00e0 Quelneuc<\/a><\/li>\n<li><a href=\"https:\/\/www.aclanester56.com\/velo\/nicolas-primas-dans-le-club-bretagne-juniors-2014\/\">Nicolas Primas dans le Club Bretagne Juniors 2014<\/a><\/li>\n<li><a href=\"https:\/\/www.aclanester56.com\/velo\/inscriptions-a-lac-lanester-56-demandes-de-licences-2014\/\">Inscriptions \u00e0 l'AC Lanester 56 - Demandes de licences 2014<\/a><\/li>\n\n\t\t\t<\/ul>\n\t\t<\/div>\n\t\t<div class=\"pane\">\n\t\t\t<h2 class=\"month-heading\">d&eacute;cembre 2013 <span class=\"month-archive-link\">( <a href=\"https:\/\/www.aclanester56.com\/velo\/2013\/12\/\">Voir la page d&rsquo;archive compl&egrave;te<\/a> )<\/span><\/h2>\n\t\t\t<ul class=\"archive-list\">\n\t\t\t\t<li><a href=\"https:\/\/www.aclanester56.com\/velo\/bonne-annee-2014-et-nouveau-site-internet\/\">Bonne ann\u00e9e 2014 et nouveau site Internet<\/a><\/li>\n<li><a href=\"https:\/\/www.aclanester56.com\/velo\/revue-de-presse-de-novembre-a-lac-lanester\/\">Revue de presse de Novembre \u00e0 l'AC Lanester<\/a><\/li>\n<li><a href=\"https:\/\/www.aclanester56.com\/velo\/bientot-la-reprise-pour-les-cadets-de-lac-lanester-56\/\">Bient\u00f4t la reprise pour les Cadets de l'AC Lanester 56 !<\/a><\/li>\n<li><a href=\"https:\/\/www.aclanester56.com\/velo\/thibault-rouzau-3eme-du-championnat-du-morbihan-de-cyclo-cross\/\">Thibault Rouzau 3\u00e8me du championnat du Morbihan de cyclo-cross<\/a><\/li>\n\n\t\t\t<\/ul>\n\t\t<\/div>\n\t<\/div>\n\t<div class=\"pane\">\n\t\t<ul id=\"month-list-2014\" class=\"tabs month-list\">\n\t\t\t<li>\t<a  href=\"https:\/\/www.aclanester56.com\/velo\/2014\/01\/\">Jan<\/a>\t<\/li><li>\t<a  href=\"https:\/\/www.aclanester56.com\/velo\/2014\/02\/\">F&eacute;v<\/a>\t<\/li><li>\t<a  href=\"https:\/\/www.aclanester56.com\/velo\/2014\/03\/\">Mar<\/a>\t<\/li><li>\t<a  href=\"https:\/\/www.aclanester56.com\/velo\/2014\/04\/\">Avr<\/a>\t<\/li><li>\t<a  href=\"https:\/\/www.aclanester56.com\/velo\/2014\/05\/\">Mai<\/a>\t<\/li><li>\t<a  href=\"https:\/\/www.aclanester56.com\/velo\/2014\/06\/\">Juin<\/a>\t<\/li><li>\t<a  href=\"https:\/\/www.aclanester56.com\/velo\/2014\/07\/\">Juil<\/a>\t<\/li><li>\t<a  href=\"https:\/\/www.aclanester56.com\/velo\/2014\/08\/\">Ao&ucirc;t<\/a>\t<\/li><li>\t<a  href=\"https:\/\/www.aclanester56.com\/velo\/2014\/09\/\">Sep<\/a>\t<\/li><li>\t<a  href=\"https:\/\/www.aclanester56.com\/velo\/2014\/10\/\">Oct<\/a>\t<\/li><li>\t<a  href=\"https:\/\/www.aclanester56.com\/velo\/2014\/11\/\">Nov<\/a>\t<\/li><li>\t<a  href=\"https:\/\/www.aclanester56.com\/velo\/2014\/12\/\">D&eacute;c<\/a>\t<\/li>\n\t\t<\/ul>\n\t\t<div class=\"pane\">\n\t\t\t<h2 class=\"month-heading\">janvier 2014 <span class=\"month-archive-link\">( <a href=\"https:\/\/www.aclanester56.com\/velo\/2014\/01\/\">Voir la page d&rsquo;archive compl&egrave;te<\/a> )<\/span><\/h2>\n\t\t\t<ul class=\"archive-list\">\n\t\t\t\t<li><a href=\"https:\/\/www.aclanester56.com\/velo\/2eme-manche-des-samedis-decouverte-de-la-piste-tous-les-classements\/\">2\u00e8me manche des Samedis D\u00e9couverte de la Piste : Tous les classements !<\/a><\/li>\n<li><a href=\"https:\/\/www.aclanester56.com\/velo\/les-entrainements-des-juniors-seniors-lac-lanester\/\">Les entrainements des juniors et seniors \u00e0 l'AC Lanester <\/a><\/li>\n<li><a href=\"https:\/\/www.aclanester56.com\/velo\/revue-de-presse-jerome-warren-sur-les-journaux\/\">Revue de presse : J\u00e9rome et Warren sur les journaux<\/a><\/li>\n<li><a href=\"https:\/\/www.aclanester56.com\/velo\/saisir-velos-de-la-montre-specialized-transition-modele-2013\/\">A saisir : v\u00e9los de contre-la-montre SPECIALIZED Transition 2013 !<\/a><\/li>\n<li><a href=\"https:\/\/www.aclanester56.com\/velo\/trois-juniors-lanesteriens-en-stage-avec-le-cd-56\/\">Trois Juniors lanest\u00e9riens en stage avec le CD 56<\/a><\/li>\n<li><a href=\"https:\/\/www.aclanester56.com\/velo\/camion-atelier-a-vendre\/\">Notre Camion-Atelier est \u00e0 vendre !<\/a><\/li>\n<li><a href=\"https:\/\/www.aclanester56.com\/velo\/warren-barguil-a-signe-sa-licence-2014-a-lac-lanester-56\/\">Warren Barguil a sign\u00e9 sa licence 2014 \u00e0 l'AC LANESTER 56 !<\/a><\/li>\n<li><a href=\"https:\/\/www.aclanester56.com\/velo\/comite-de-bretagne-uzel-soiree-des-champions-karl-chandavoine-recompense\/\">Comit\u00e9 de Bretagne \u00e0 Uzel : Soir\u00e9e des champions , Karl Chandavoine r\u00e9compens\u00e9 !<\/a><\/li>\n<li><a href=\"https:\/\/www.aclanester56.com\/velo\/ecole-de-cyclisme-les-samedis-decouverte-la-presse-en-parle\/\">Ecole de cyclisme Les Samedis d\u00e9couverte : La presse en parle <\/a><\/li>\n<li><a href=\"https:\/\/www.aclanester56.com\/velo\/les-juniorsseniors-de-lac-lanester-56-reunis-en-stage\/\">Les Juniors\/Seniors de l'AC LANESTER 56 r\u00e9unis en stage<\/a><\/li>\n<li><a href=\"https:\/\/www.aclanester56.com\/velo\/1ere-manche-des-samedis-decouverte-de-la-piste-2014-tous-les-classements\/\">1\u00e8re Manche des Samedis D\u00e9couverte de la Piste 2014 : Tous les classements !<\/a><\/li>\n\n\t\t\t<\/ul>\n\t\t<\/div>\n\t\t<div class=\"pane\">\n\t\t\t<h2 class=\"month-heading\">f&eacute;vrier 2014 <span class=\"month-archive-link\">( <a href=\"https:\/\/www.aclanester56.com\/velo\/2014\/02\/\">Voir la page d&rsquo;archive compl&egrave;te<\/a> )<\/span><\/h2>\n\t\t\t<ul class=\"archive-list\">\n\t\t\t\t<li><a href=\"https:\/\/www.aclanester56.com\/velo\/ou-seront-nos-coureurs-ce-week-end-56\/\">O\u00f9 seront nos coureurs ce week-end ?<\/a><\/li>\n<li><a href=\"https:\/\/www.aclanester56.com\/velo\/jerome-beldent-nouveau-directeur-sportif-salarie-lac-lanester-56\/\">J\u00e9r\u00f4me Beldent nouveau directeur sportif salari\u00e9 \u00e0 l'AC Lanester 56<\/a><\/li>\n<li><a href=\"https:\/\/www.aclanester56.com\/velo\/interclubs-de-camors-julien-cordroch-dans-lallure\/\">Interclubs de Camors : Julien Cordroch d\u00e9j\u00e0 dans l'allure !<\/a><\/li>\n<li><a href=\"https:\/\/www.aclanester56.com\/velo\/les-effectifs-2014-lac-lanester\/\">Les effectifs 2014 \u00e0 l'AC Lanester 56<\/a><\/li>\n<li><a href=\"https:\/\/www.aclanester56.com\/velo\/remise-des-equipements-pour-la-saison-2014\/\">Remise des \u00e9quipements pour la saison 2014<\/a><\/li>\n<li><a href=\"https:\/\/www.aclanester56.com\/velo\/finale-des-samedis-decouverte-de-la-piste-les-resultats\/\">Finale des Samedis D\u00e9couverte de la Piste 2014 : Tous les r\u00e9sultats !<\/a><\/li>\n<li><a href=\"https:\/\/www.aclanester56.com\/velo\/ou-seront-nos-coureurs-ce-week-end-55\/\">O\u00f9 seront nos coureurs ce week-end ?<\/a><\/li>\n<li><a href=\"https:\/\/www.aclanester56.com\/velo\/rectificatif-remise-des-equipements-22-fevrier-2014\/\"> Rectificatif  ! - Remise des \u00e9quipements 22 F\u00e9vrier 2014<\/a><\/li>\n<li><a href=\"https:\/\/www.aclanester56.com\/velo\/nouveau-report-de-la-finale-des-samedis-decouverte-de-la-piste-au-22-fevrier-2014\/\">Nouveau report de la finale des Samedis D\u00e9couverte de la piste au 22 f\u00e9vrier 2014<\/a><\/li>\n<li><a href=\"https:\/\/www.aclanester56.com\/velo\/vos-agendas-remise-des-equipements-des-licences-2014\/\">A vos agendas : Remise des \u00e9quipements et des licences 2014<\/a><\/li>\n<li><a href=\"https:\/\/www.aclanester56.com\/velo\/entrainements-cadets-juniors-seniors-annules\/\">Entrainements Cadets et juniors-seniors annul\u00e9s<\/a><\/li>\n<li><a href=\"https:\/\/www.aclanester56.com\/velo\/meteo-samedi-decouverte-journee-annulee\/\">M\u00e9t\u00e9o - Samedi D\u00e9couverte :  journ\u00e9e annul\u00e9e<\/a><\/li>\n<li><a href=\"https:\/\/www.aclanester56.com\/velo\/soiree-brassard-credit-agricole\/\">Soir\u00e9e Brassard Cr\u00e9dit Agricole<\/a><\/li>\n\n\t\t\t<\/ul>\n\t\t<\/div>\n\t\t<div class=\"pane\">\n\t\t\t<h2 class=\"month-heading\">mars 2014 <span class=\"month-archive-link\">( <a href=\"https:\/\/www.aclanester56.com\/velo\/2014\/03\/\">Voir la page d&rsquo;archive compl&egrave;te<\/a> )<\/span><\/h2>\n\t\t\t<ul class=\"archive-list\">\n\t\t\t\t<li><a href=\"https:\/\/www.aclanester56.com\/velo\/thomas-denis-vainqueur-route-deole-2014\/\">Thomas Denis vainqueur de la Route d'Eole 2014 !<\/a><\/li>\n<li><a href=\"https:\/\/www.aclanester56.com\/velo\/rappel-les-entrainements-du-club\/\">Rappel : les entra\u00eenements du club ...<\/a><\/li>\n<li><a href=\"https:\/\/www.aclanester56.com\/velo\/warren-barguil-en-visite-a-lecole-de-cyclisme-de-lac-lanester-56\/\">Warren Barguil en visite surprise \u00e0 l'Ecole de Cyclisme de l'AC Lanester 56 !<\/a><\/li>\n<li><a href=\"https:\/\/www.aclanester56.com\/velo\/benoit-le-bruchec-sur-le-challenge-oust-vilaine-vtt\/\">Benoit Le Bruchec sur le Challenge Oust et Vilaine VTT<\/a><\/li>\n<li><a href=\"https:\/\/www.aclanester56.com\/velo\/ou-seront-nos-coureurs-ce-week-end-58\/\">O\u00f9 seront nos coureurs ce week-end ?<\/a><\/li>\n<li><a href=\"https:\/\/www.aclanester56.com\/velo\/julien-cordroch-echoue-de-peu-plumelec\/\">Julien Cordroch \u00e9choue de peu \u00e0 Plumelec !<\/a><\/li>\n<li><a href=\"https:\/\/www.aclanester56.com\/velo\/ou-seront-nos-coureurs-ce-week-end-57\/\">O\u00f9 seront nos coureurs ce week-end ?<\/a><\/li>\n<li><a href=\"https:\/\/www.aclanester56.com\/velo\/stage-de-decouverte-de-preparation-piste\/\">Stage de d\u00e9couverte et de pr\u00e9paration piste<\/a><\/li>\n<li><a href=\"https:\/\/www.aclanester56.com\/velo\/thomas-denis-victorieux-sur-la-ronde-du-sel\/\">Thomas Denis victorieux sur la Ronde du Sel !<\/a><\/li>\n<li><a href=\"https:\/\/www.aclanester56.com\/velo\/radenac-trois-podiums-pour-les-jeunes-coureurs-de-lac-lanester-56\/\">Radenac : trois podiums pour les jeunes coureurs de l'AC Lanester 56 !<\/a><\/li>\n<li><a href=\"https:\/\/www.aclanester56.com\/velo\/nicolas-primas-10eme-de-kuurne-bruxelles-kuurne-juniors\/\">Nicolas Primas 10\u00e8me de Kuurne-Bruxelles-Kuurne Juniors<\/a><\/li>\n<li><a href=\"https:\/\/www.aclanester56.com\/velo\/victoire-de-julien-cordroch-a-st-ave\/\">Victoire de Julien Cordroch \u00e0 St Av\u00e9 !<\/a><\/li>\n\n\t\t\t<\/ul>\n\t\t<\/div>\n\t\t<div class=\"pane\">\n\t\t\t<h2 class=\"month-heading\">avril 2014 <span class=\"month-archive-link\">( <a href=\"https:\/\/www.aclanester56.com\/velo\/2014\/04\/\">Voir la page d&rsquo;archive compl&egrave;te<\/a> )<\/span><\/h2>\n\t\t\t<ul class=\"archive-list\">\n\t\t\t\t<li><a href=\"https:\/\/www.aclanester56.com\/velo\/les-photos-du-2eme-circuit-jeunes\/\">Les photos du 2eme circuit des Jeunes<\/a><\/li>\n<li><a href=\"https:\/\/www.aclanester56.com\/velo\/travers-pays-louvigne\/\">A travers le pays de Louvign\u00e9<\/a><\/li>\n<li><a href=\"https:\/\/www.aclanester56.com\/velo\/2eme-edition-du-circuit-des-jeunes-a-lanester-le-dimanche-27-avril-2014\/\">2\u00e8me \u00e9dition du Circuit des Jeunes \u00e0 Lanester le dimanche 27 avril 2014<\/a><\/li>\n<li><a href=\"https:\/\/www.aclanester56.com\/velo\/seront-coureurs-ce-week-end-2\/\">O\u00f9 seront nos coureurs ce week-end ?<\/a><\/li>\n<li><a href=\"https:\/\/www.aclanester56.com\/velo\/ewen-foussadier-vainqueur-lomnium-du-cg56-piste-vannes\/\">Ewen Foussadier vainqueur de l'Omnium du CG56 sur piste \u00e0 Vannes !<\/a><\/li>\n<li><a href=\"https:\/\/www.aclanester56.com\/velo\/nicolas-primas-4eme-du-tour-loire-layon\/\">Nicolas Primas 4\u00e8me du Tour Loire Layon<\/a><\/li>\n<li><a href=\"https:\/\/www.aclanester56.com\/velo\/julien-cordroch-victorieux-languidic-nathan-andre-2eme-chez-les-cadets\/\">Julien Cordroch victorieux \u00e0 Languidic, Nathan Andr\u00e9 2\u00e8me chez les Cadets<\/a><\/li>\n<li><a href=\"https:\/\/www.aclanester56.com\/velo\/seront-coureurs-ce-week-end\/\">O\u00f9 seront nos coureurs ce week-end ?<\/a><\/li>\n\n\t\t\t<\/ul>\n\t\t<\/div>\n\t\t<div class=\"pane\">\n\t\t\t<h2 class=\"month-heading\">mai 2014 <span class=\"month-archive-link\">( <a href=\"https:\/\/www.aclanester56.com\/velo\/2014\/05\/\">Voir la page d&rsquo;archive compl&egrave;te<\/a> )<\/span><\/h2>\n\t\t\t<ul class=\"archive-list\">\n\t\t\t\t<li><a href=\"https:\/\/www.aclanester56.com\/velo\/ou-seront-nos-coureurs-ce-week-end-59\/\">O\u00f9 seront nos coureurs en ce week-end de l'ascension ?<\/a><\/li>\n<li><a href=\"https:\/\/www.aclanester56.com\/velo\/presse-julien-cordroch-bretagne-cycliste\/\">Revue de presse : Julien Cordroch dans la Bretagne Cycliste<\/a><\/li>\n<li><a href=\"https:\/\/www.aclanester56.com\/velo\/premier-podium-pour-chloe-seveno-a-landevant\/\">Premier podium pour Chlo\u00e9 Seveno \u00e0 Land\u00e9vant !<\/a><\/li>\n<li><a href=\"https:\/\/www.aclanester56.com\/velo\/trophee-departemental-2014-ecoles-cyclisme\/\">Troph\u00e9e d\u00e9partemental 2014 des \u00e9coles de cyclisme<\/a><\/li>\n<li><a href=\"https:\/\/www.aclanester56.com\/velo\/championnats-du-morbihan-piste-plouay\/\">Championnats du Morbihan Piste \u00e0 Plouay<\/a><\/li>\n<li><a href=\"https:\/\/www.aclanester56.com\/velo\/les-cadets-lanesteriens-sur-les-boucles-sournaises-2014\/\">Les Cadets lanest\u00e9riens sur les Boucles Sournaises 2014<\/a><\/li>\n<li><a href=\"https:\/\/www.aclanester56.com\/velo\/2eme-circuit-jeunes-les-classements\/\">2\u00e8me Circuit des Jeunes : les classements<\/a><\/li>\n<li><a href=\"https:\/\/www.aclanester56.com\/velo\/maxime-lannurien-podium-au-trevou\/\">Maxime Lannurien sur le podium au Tr\u00e9vou<\/a><\/li>\n\n\t\t\t<\/ul>\n\t\t<\/div>\n\t\t<div class=\"pane\">\n\t\t\t<h2 class=\"month-heading\">juin 2014 <span class=\"month-archive-link\">( <a href=\"https:\/\/www.aclanester56.com\/velo\/2014\/06\/\">Voir la page d&rsquo;archive compl&egrave;te<\/a> )<\/span><\/h2>\n\t\t\t<ul class=\"archive-list\">\n\t\t\t\t<li><a href=\"https:\/\/www.aclanester56.com\/velo\/championnats-bretagne-lavenir-baille-les-lanesteriens-qualifies\/\">Championnats de Bretagne de l'Avenir \u00e0 Baill\u00e9 : les Lanest\u00e9riens qualifi\u00e9s<\/a><\/li>\n<li><a href=\"https:\/\/www.aclanester56.com\/velo\/championnat-du-morbihan-juniors-quadruple-lac-lanester-56\/\">Championnat du Morbihan Juniors : quadrupl\u00e9 de l'AC Lanester 56 !<\/a><\/li>\n<li><a href=\"https:\/\/www.aclanester56.com\/velo\/championnat-du-morbihan-minimes-ewen-foussadier-vice-champion\/\">Championnat du Morbihan Minimes : Ewen Foussadier vice-champion !<\/a><\/li>\n<li><a href=\"https:\/\/www.aclanester56.com\/velo\/championnat-du-morbihan-cadets-nathan-andre-en-bronze\/\">Championnat du Morbihan Cadets : Nathan Andr\u00e9 en bronze<\/a><\/li>\n<li><a href=\"https:\/\/www.aclanester56.com\/velo\/grand-prix-cycliste-ville-lanester-2014-les-classements\/\">Grand Prix Cycliste de la Ville de Lanester 2014 : Les classements !<\/a><\/li>\n<li><a href=\"https:\/\/www.aclanester56.com\/velo\/seront-coureurs-ce-week-end-5\/\">O\u00f9 seront nos coureurs ce week-end ?<\/a><\/li>\n<li><a href=\"https:\/\/www.aclanester56.com\/velo\/les-photos-du-grand-prix-ville-lanester\/\">Les Photos du Grand Prix de la Ville de lanester <\/a><\/li>\n<li><a href=\"https:\/\/www.aclanester56.com\/velo\/karl-chandavoine-vice-champion-france-master-course-aux-points\/\">Karl Chandavoine vice-champion de France Master de la course aux points !<\/a><\/li>\n<li><a href=\"https:\/\/www.aclanester56.com\/velo\/seront-coureurs-ce-week-end-4\/\">O\u00f9 seront nos coureurs ce week-end ?<\/a><\/li>\n<li><a href=\"https:\/\/www.aclanester56.com\/velo\/bon-retablissement-fabrice\/\">Bon r\u00e9tablissement Fabrice !<\/a><\/li>\n<li><a href=\"https:\/\/www.aclanester56.com\/velo\/trophee-sebaco-juniors-ergue-gaberic-les-lanesteriens-places\/\">Troph\u00e9e Sebaco Juniors \u00e0 Ergu\u00e9-Gab\u00e9ric : les Lanest\u00e9riens plac\u00e9s<\/a><\/li>\n<li><a href=\"https:\/\/www.aclanester56.com\/velo\/les-lanesteriens-sur-le-trophee-sebaco-juniors-a-suivre-en-direct-ce-dimanche\/\">Les Lanest\u00e9riens sur le Troph\u00e9e Sebaco Juniors \u00e0 suivre en direct ce dimanche !<\/a><\/li>\n<li><a href=\"https:\/\/www.aclanester56.com\/velo\/seront-coureurs-ce-week-end-3\/\">O\u00f9 seront nos coureurs ce week-end ?<\/a><\/li>\n<li><a href=\"https:\/\/www.aclanester56.com\/velo\/25-juin-2014-grand-prix-ville\/\">Le Grand Prix de la Ville de Lanester le 25 juin 2014 !<\/a><\/li>\n<li><a href=\"https:\/\/www.aclanester56.com\/velo\/beau-week-end-thibault-morvan\/\">Un beau week-end de Pentec\u00f4te pour Thibault Morvan !<\/a><\/li>\n<li><a href=\"https:\/\/www.aclanester56.com\/velo\/lac-lanester-les-routes-du-scorff\/\">L'AC Lanester sur les routes du Scorff <\/a><\/li>\n<li><a href=\"https:\/\/www.aclanester56.com\/velo\/bretagne-piste-places-dhonneur-t-denis-k-chandavoine\/\">Bretagne Piste : Places d'honneur pour T. Denis et K. Chandavoine <\/a><\/li>\n\n\t\t\t<\/ul>\n\t\t<\/div>\n\t\t<div class=\"pane\">\n\t\t\t<h2 class=\"month-heading\">juillet 2014 <span class=\"month-archive-link\">( <a href=\"https:\/\/www.aclanester56.com\/velo\/2014\/07\/\">Voir la page d&rsquo;archive compl&egrave;te<\/a> )<\/span><\/h2>\n\t\t\t<ul class=\"archive-list\">\n\t\t\t\t<li><a href=\"https:\/\/www.aclanester56.com\/velo\/europe-piste-thomas-denis-10eme-apres-les-3-premieres-manches\/\">Europe Piste : Thomas Denis 7\u00e8me de l'Omnium !<\/a><\/li>\n<li><a href=\"https:\/\/www.aclanester56.com\/velo\/seront-coureurs-ce-week-end-6\/\">O\u00f9 seront nos coureurs ce week-end ?<\/a><\/li>\n<li><a href=\"https:\/\/www.aclanester56.com\/velo\/thomas-denis-les-bleus-championnat-deurope-piste\/\">Thomas Denis avec les Bleus pour le Championnat d'Europe Piste !<\/a><\/li>\n<li><a href=\"https:\/\/www.aclanester56.com\/velo\/thomas-denis-double-medaille-championnat-france-piste-hyeres\/\">Thomas Denis double m\u00e9daill\u00e9 sur le Championnat France Piste \u00e0 Hy\u00e8res !<\/a><\/li>\n<li><a href=\"https:\/\/www.aclanester56.com\/velo\/les-entrainements-continuent-lete\/\">Les entra\u00eenements continuent pendant l'\u00e9t\u00e9 !<\/a><\/li>\n<li><a href=\"https:\/\/www.aclanester56.com\/velo\/championnat-france-piste-2014-cest-hiyeres-thomas-denis\/\">Championnat de France sur Piste  2014 C'est \u00e0 Hiyeres  avec Thomas Denis<\/a><\/li>\n<li><a href=\"https:\/\/www.aclanester56.com\/velo\/loic-barbier-vice-champion-bretagne-junior\/\">Loic Le Barbier vice-champion de Bretagne Junior \u00e0 Baill\u00e9 !<\/a><\/li>\n<li><a href=\"https:\/\/www.aclanester56.com\/velo\/stephane-coz-champion-bretagne-pc-d4\/\">St\u00e9phane Le Coz champion de Bretagne PC D4 !<\/a><\/li>\n<li><a href=\"https:\/\/www.aclanester56.com\/velo\/championnat-bretagne-cadets-baille-thibault-rouzau-13eme\/\">Championnat de Bretagne Cadets \u00e0 Baill\u00e9 : Thibault Rouzau 13\u00e8me<\/a><\/li>\n<li><a href=\"https:\/\/www.aclanester56.com\/velo\/ou-seront-nos-coureurs-ce-week-end-60\/\">O\u00f9 seront nos coureurs ce week-end ?<\/a><\/li>\n<li><a href=\"https:\/\/www.aclanester56.com\/velo\/benjamin-duval-3eme-challenge-regional-piste\/\">Benjamin Duval 3\u00e8me sur le Challenge R\u00e9gional Piste Juniors !<\/a><\/li>\n\n\t\t\t<\/ul>\n\t\t<\/div>\n\t\t<div class=\"pane\">\n\t\t\t<h2 class=\"month-heading\">ao&ucirc;t 2014 <span class=\"month-archive-link\">( <a href=\"https:\/\/www.aclanester56.com\/velo\/2014\/08\/\">Voir la page d&rsquo;archive compl&egrave;te<\/a> )<\/span><\/h2>\n\t\t\t<ul class=\"archive-list\">\n\t\t\t\t<li><a href=\"https:\/\/www.aclanester56.com\/velo\/thibault-rouzau-julien-cordroch-victorieux-week-end-dernier\/\">Thibault Rouzau et Julien Cordroch victorieux le week-end dernier !<\/a><\/li>\n<li><a href=\"https:\/\/www.aclanester56.com\/velo\/v-crom-b-duval-finale-du-challenge-29-piste-cleden-poher\/\">Victor Le Crom et Benjamin Duval sur la finale du Challenge 29 Piste \u00e0 Cl\u00e9den-Poher<\/a><\/li>\n<li><a href=\"https:\/\/www.aclanester56.com\/velo\/loic-barbier-52eme-du-championnat-france-juniors-route\/\">Loic Le Barbier 52\u00e8me du championnat de France Juniors sur route !<\/a><\/li>\n<li><a href=\"https:\/\/www.aclanester56.com\/velo\/thomas-denis-11eme-du-championnat-france-clm-juniors-st-omer\/\">Thomas Denis 11\u00e8me du championnat de France CLM Juniors \u00e0 St-Omer<\/a><\/li>\n<li><a href=\"https:\/\/www.aclanester56.com\/velo\/thomas-denis-loic-barbier-les-gwenn-ha-du-les-championnats-france\/\">Thomas Denis et Loic Le Barbier avec les Gwenn-ha-Du sur les championnats de France<\/a><\/li>\n<li><a href=\"https:\/\/www.aclanester56.com\/velo\/victoire-thibault-rouzau-st-yves-bubry\/\">Victoire de Thibault Rouzau \u00e0 St Yves-Bubry !<\/a><\/li>\n<li><a href=\"https:\/\/www.aclanester56.com\/velo\/seront-les-coureurs-lac-lanester-56-ce-week-end\/\">O\u00f9 seront les coureurs de l'AC Lanester 56 ce week-end ?<\/a><\/li>\n<li><a href=\"https:\/\/www.aclanester56.com\/velo\/petite-sortie-pays-manosque\/\">Petite sortie dans le pays de Manosque<\/a><\/li>\n\n\t\t\t<\/ul>\n\t\t<\/div>\n\t\t<div class=\"pane\">\n\t\t\t<h2 class=\"month-heading\">septembre 2014 <span class=\"month-archive-link\">( <a href=\"https:\/\/www.aclanester56.com\/velo\/2014\/09\/\">Voir la page d&rsquo;archive compl&egrave;te<\/a> )<\/span><\/h2>\n\t\t\t<ul class=\"archive-list\">\n\t\t\t\t<li><a href=\"https:\/\/www.aclanester56.com\/velo\/thomas-denis-champion-bretagne-juniors-du-clm-les-resultats-lac-lanester\/\">Thomas Denis champion de Bretagne Juniors du CLM  -Tous les r\u00e9sultats de l'AC Lanester<\/a><\/li>\n<li><a href=\"https:\/\/www.aclanester56.com\/velo\/championnat-du-monde-2014-route-ponferrada-warren-barguil-19eme\/\">Championnat du Monde 2014 sur route \u00e0 Ponferrada : Warren Barguil 19\u00e8me<\/a><\/li>\n<li><a href=\"https:\/\/www.aclanester56.com\/velo\/podiums-departementaux-piste-benjamin-duval\/\">Deux podiums d\u00e9partementaux sur piste pour Benjamin Duval !<\/a><\/li>\n<li><a href=\"https:\/\/www.aclanester56.com\/velo\/20481\/\">O\u00f9 seront les coureurs de l'AC Lanester 56 ce week-end ?<\/a><\/li>\n<li><a href=\"https:\/\/www.aclanester56.com\/velo\/yoann-selo-remet-couvert-loctudy\/\">Yoann Selo remet le couvert \u00e0 Loctudy !<\/a><\/li>\n<li><a href=\"https:\/\/www.aclanester56.com\/velo\/28-septembre-2014-contre-montre-bretagne-st-brandan\/\">28 septembre 2014 Le contre la montre Bretagne \u00e0 St Brandan <\/a><\/li>\n<li><a href=\"https:\/\/www.aclanester56.com\/velo\/retour-en-images-route-du-roc-lac-lanester-56-brille\/\">Retour en images sur la Route du Roc o\u00f9 l'AC Lanester 56 a brill\u00e9 !<\/a><\/li>\n<li><a href=\"https:\/\/www.aclanester56.com\/velo\/les-jeunes-lanesteriens-finale-coupe-du-cg56-plouay-en-images\/\">Les jeunes Lanest\u00e9riens sur la finale de la Coupe du CG56 \u00e0 Plouay en images !<\/a><\/li>\n<li><a href=\"https:\/\/www.aclanester56.com\/velo\/nouvelles-denzo\/\">Des nouvelles d'Enzo ....<\/a><\/li>\n<li><a href=\"https:\/\/www.aclanester56.com\/velo\/portes-ouvertes-lac-lanester-56-samedi-6-septembre-2014\/\">Venez nous rencontrer aux Portes Ouvertes de l'AC Lanester 56 le samedi 6 septembre 2014 !<\/a><\/li>\n<li><a href=\"https:\/\/www.aclanester56.com\/velo\/revue-presse-lac-lanester-56-fait\/\">Revue de presse : l'AC Lanester 56 fait la Une !<\/a><\/li>\n<li><a href=\"https:\/\/www.aclanester56.com\/velo\/4-jours-plouay-les-jeunes-lanesteriens-brillent-piste\/\">4 Jours de Plouay : les jeunes Lanest\u00e9riens brillent sur la piste !<\/a><\/li>\n<li><a href=\"https:\/\/www.aclanester56.com\/velo\/denis-barguil-vuelta-warren\/\">Denis Barguil sur la Vuelta avec Warren !<\/a><\/li>\n\n\t\t\t<\/ul>\n\t\t<\/div>\n\t\t<div class=\"pane\">\n\t\t\t<h2 class=\"month-heading\">octobre 2014 <span class=\"month-archive-link\">( <a href=\"https:\/\/www.aclanester56.com\/velo\/2014\/10\/\">Voir la page d&rsquo;archive compl&egrave;te<\/a> )<\/span><\/h2>\n\t\t\t<ul class=\"archive-list\">\n\t\t\t\t<li><a href=\"https:\/\/www.aclanester56.com\/velo\/thomas-denis-2eme-du-chrono-nations-juniors-aux-herbiers\/\">Thomas Denis 2\u00e8me du Chrono des Nations Juniors aux Herbiers !<\/a><\/li>\n<li><a href=\"https:\/\/www.aclanester56.com\/velo\/benjamin-duval-en-evidence-gp-lhumanite-bordeaux-lac\/\">Benjamin Duval en \u00e9vidence sur le GP de l'Humanit\u00e9 \u00e0 Bordeaux-Lac !<\/a><\/li>\n<li><a href=\"https:\/\/www.aclanester56.com\/velo\/thomas-denis-benjamin-duval-km-paris-tours\/\">Thomas Denis et Benjamin Duval sur le KM Paris-Tours<\/a><\/li>\n<li><a href=\"https:\/\/www.aclanester56.com\/velo\/lac-lanester-56-en-route-2015\/\">L'AC Lanester 56 en route pour 2015<\/a><\/li>\n<li><a href=\"https:\/\/www.aclanester56.com\/velo\/victoire-mickael-siby-nizon\/\">Victoire de Mickael Siby \u00e0 Nizon !<\/a><\/li>\n\n\t\t\t<\/ul>\n\t\t<\/div>\n\t\t<div class=\"pane\">\n\t\t\t<h2 class=\"month-heading\">novembre 2014 <span class=\"month-archive-link\">( <a href=\"https:\/\/www.aclanester56.com\/velo\/2014\/11\/\">Voir la page d&rsquo;archive compl&egrave;te<\/a> )<\/span><\/h2>\n\t\t\t<ul class=\"archive-list\">\n\t\t\t\t<li><a href=\"https:\/\/www.aclanester56.com\/velo\/top-15-sur-le-departemental-de-cyclo-cross-pour-charles-le-crom\/\">Top 15 sur le D\u00e9partemental de cyclo-cross pour Charles Le Crom<\/a><\/li>\n<li><a href=\"https:\/\/www.aclanester56.com\/velo\/premier-stage-chez-les-juniors-et-seniors-de-lac-lanester-56\/\">Premier stage chez les Juniors et Seniors de l'AC Lanester 56<\/a><\/li>\n<li><a href=\"https:\/\/www.aclanester56.com\/velo\/les-jeunes-lanesteriens-au-travail-2\/\">Les jeunes Lanest\u00e9riens au travail !<\/a><\/li>\n<li><a href=\"https:\/\/www.aclanester56.com\/velo\/charles-crom-14eme-cyclo-cross-locmine\/\">Charles Le Crom 14\u00e8me sur le cyclo-cross de Locmin\u00e9<\/a><\/li>\n<li><a href=\"https:\/\/www.aclanester56.com\/velo\/les-entrainements-route-juniors-seniors-repris\/\">Les entra\u00eenements sur route Juniors-Seniors ont repris !<\/a><\/li>\n<li><a href=\"https:\/\/www.aclanester56.com\/velo\/charles-crom-challenge-regional-cyclo-cross-scaer\/\">Charles Le Crom sur le Challenge R\u00e9gional de cyclo-cross \u00e0 Scaer<\/a><\/li>\n\n\t\t\t<\/ul>\n\t\t<\/div>\n\t\t<div class=\"pane\">\n\t\t\t<h2 class=\"month-heading\">d&eacute;cembre 2014 <span class=\"month-archive-link\">( <a href=\"https:\/\/www.aclanester56.com\/velo\/2014\/12\/\">Voir la page d&rsquo;archive compl&egrave;te<\/a> )<\/span><\/h2>\n\t\t\t<ul class=\"archive-list\">\n\t\t\t\t<li><a href=\"https:\/\/www.aclanester56.com\/velo\/les-entrainements-pendant-les-fetes-de-fin-dannee\/\">Les entrainements pendant les f\u00eates de fin d'ann\u00e9e<\/a><\/li>\n<li><a href=\"https:\/\/www.aclanester56.com\/velo\/lac-lanester-56-4eme-du-challenge-u-des-clubs\/\">L'AC LANESTER 56 4\u00e8me du Challenge U des Clubs<\/a><\/li>\n<li><a href=\"https:\/\/www.aclanester56.com\/velo\/charles-le-crom-36eme-sur-le-championnat-bzh-de-cyclo-cross-cruguel\/\">Charles Le Crom 36\u00e8me sur le Championnat BZH de cyclo-cross \u00e0 Cruguel<\/a><\/li>\n\n\t\t\t<\/ul>\n\t\t<\/div>\n\t<\/div>\n\t<div class=\"pane\">\n\t\t<ul id=\"month-list-2015\" class=\"tabs month-list\">\n\t\t\t<li>\t<a  href=\"https:\/\/www.aclanester56.com\/velo\/2015\/01\/\">Jan<\/a>\t<\/li><li>\t<a  href=\"https:\/\/www.aclanester56.com\/velo\/2015\/02\/\">F&eacute;v<\/a>\t<\/li><li>\t<a  href=\"https:\/\/www.aclanester56.com\/velo\/2015\/03\/\">Mar<\/a>\t<\/li><li>\t<a  href=\"https:\/\/www.aclanester56.com\/velo\/2015\/04\/\">Avr<\/a>\t<\/li><li>\t<a  href=\"https:\/\/www.aclanester56.com\/velo\/2015\/05\/\">Mai<\/a>\t<\/li><li>\t<a  href=\"https:\/\/www.aclanester56.com\/velo\/2015\/06\/\">Juin<\/a>\t<\/li><li>\t<a  href=\"https:\/\/www.aclanester56.com\/velo\/2015\/07\/\">Juil<\/a>\t<\/li><li>\t<a  href=\"https:\/\/www.aclanester56.com\/velo\/2015\/08\/\">Ao&ucirc;t<\/a>\t<\/li><li>\t<a  href=\"https:\/\/www.aclanester56.com\/velo\/2015\/09\/\">Sep<\/a>\t<\/li><li>\t<a  href=\"https:\/\/www.aclanester56.com\/velo\/2015\/10\/\">Oct<\/a>\t<\/li><li>\t<a  href=\"https:\/\/www.aclanester56.com\/velo\/2015\/11\/\">Nov<\/a>\t<\/li><li>\t<a  href=\"https:\/\/www.aclanester56.com\/velo\/2015\/12\/\">D&eacute;c<\/a>\t<\/li>\n\t\t<\/ul>\n\t\t<div class=\"pane\">\n\t\t\t<h2 class=\"month-heading\">janvier 2015 <span class=\"month-archive-link\">( <a href=\"https:\/\/www.aclanester56.com\/velo\/2015\/01\/\">Voir la page d&rsquo;archive compl&egrave;te<\/a> )<\/span><\/h2>\n\t\t\t<ul class=\"archive-list\">\n\t\t\t\t<li><a href=\"https:\/\/www.aclanester56.com\/velo\/presse-samedis-populaires-76-jeunes-cyclistes-kervido\/\">Presse : Samedis populaires. 76 jeunes cyclistes \u00e0 Kervido<\/a><\/li>\n<li><a href=\"https:\/\/www.aclanester56.com\/velo\/inside-un-entrainement-des-seniors-et-juniors-en-videos-embarquees\/\">Inside : Un entrainement des seniors et juniors en vid\u00e9os embarqu\u00e9es<\/a><\/li>\n<li><a href=\"https:\/\/www.aclanester56.com\/velo\/2eme-manche-des-samedis-decouverte-de-la-piste-les-classements\/\">2\u00e8me Manche des Samedis D\u00e9couverte de la Piste 2015 : les classements<\/a><\/li>\n<li><a href=\"https:\/\/www.aclanester56.com\/velo\/lac-lanester-en-stage-les-17-et-18-janvier-2015\/\">L'AC Lanester en stage les 17 et 18 janvier 2015<\/a><\/li>\n<li><a href=\"https:\/\/www.aclanester56.com\/velo\/1ere-manche-des-samedis-decouverte-de-la-piste-2015-tous-les-classements\/\">1\u00e8re Manche des Samedis D\u00e9couverte de la Piste 2015 : Tous les classements !<\/a><\/li>\n<li><a href=\"https:\/\/www.aclanester56.com\/velo\/nos-meilleurs-voeux-pour-2015\/\">Nos meilleurs v\u0153ux pour 2015<\/a><\/li>\n\n\t\t\t<\/ul>\n\t\t<\/div>\n\t\t<div class=\"pane\">\n\t\t\t<h2 class=\"month-heading\">f&eacute;vrier 2015 <span class=\"month-archive-link\">( <a href=\"https:\/\/www.aclanester56.com\/velo\/2015\/02\/\">Voir la page d&rsquo;archive compl&egrave;te<\/a> )<\/span><\/h2>\n\t\t\t<ul class=\"archive-list\">\n\t\t\t\t<li><a href=\"https:\/\/www.aclanester56.com\/velo\/retour-en-video-sur-la-signature-de-warren-barguil-dans-le-multisport-sur-tebesud\/\">Retour en vid\u00e9o sur la signature de Warren Barguil dans le Multisport sur TebeSud !<\/a><\/li>\n<li><a href=\"https:\/\/www.aclanester56.com\/velo\/thomas-denis-3eme-du-prix-des-amoureux-2015-sur-le-velodrome-de-bourges\/\">Thomas Denis 3\u00e8me du Prix des Amoureux 2015 sur le v\u00e9lodrome de Bourges<\/a><\/li>\n<li><a href=\"https:\/\/www.aclanester56.com\/velo\/ou-seront-nos-coureurs-ce-week-end-61\/\">O\u00f9 seront nos coureurs ce week-end ?<\/a><\/li>\n<li><a href=\"https:\/\/www.aclanester56.com\/velo\/retour-en-images-sur-la-finale-des-samedi-decouverte-de-la-piste-2015\/\">Retour en images sur la finale des Samedi D\u00e9couverte de la Piste 2015 !<\/a><\/li>\n<li><a href=\"https:\/\/www.aclanester56.com\/velo\/warren-barguil-signe-sa-licence-2015\/\">Warren Barguil a sign\u00e9 sa licence 2015 \u00e0 l'AC Lanester 56 !<\/a><\/li>\n<li><a href=\"https:\/\/www.aclanester56.com\/velo\/finale-des-samedis-decouverte-de-la-piste-les-classements\/\">Finale des Samedis D\u00e9couverte de la Piste 2015 : les classements !<\/a><\/li>\n\n\t\t\t<\/ul>\n\t\t<\/div>\n\t\t<div class=\"pane\">\n\t\t\t<h2 class=\"month-heading\">mars 2015 <span class=\"month-archive-link\">( <a href=\"https:\/\/www.aclanester56.com\/velo\/2015\/03\/\">Voir la page d&rsquo;archive compl&egrave;te<\/a> )<\/span><\/h2>\n\t\t\t<ul class=\"archive-list\">\n\t\t\t\t<li><a href=\"https:\/\/www.aclanester56.com\/velo\/chloe-seveno-sur-le-podium-a-plouhinec-29\/\">Chlo\u00e9 Seveno sur le podium \u00e0 Plouhinec (29) !<\/a><\/li>\n<li><a href=\"https:\/\/www.aclanester56.com\/velo\/des-nouvelles-de-mael-nivinou-au-cameroun\/\">Des nouvelles de Mael Nivinou au Cameroun<\/a><\/li>\n<li><a href=\"https:\/\/www.aclanester56.com\/velo\/loic-le-barbier-victorieux-a-locmine\/\">Loic Le Barbier victorieux \u00e0 Locmin\u00e9 !<\/a><\/li>\n<li><a href=\"https:\/\/www.aclanester56.com\/velo\/reprise-des-entrainements-sur-piste-sur-lanneau-cycliste-gerard-le-maguer\/\">Reprise des entrainements sur piste sur l'anneau cycliste G\u00e9rard Le Maguer !<\/a><\/li>\n<li><a href=\"https:\/\/www.aclanester56.com\/velo\/mael-nivinou-au-tour-du-cameroun\/\">Mael Nivinou au tour du  Cameroun<\/a><\/li>\n<li><a href=\"https:\/\/www.aclanester56.com\/velo\/nos-partenaires-pour-la-saison-2015\/\">Nos partenaires pour la saison 2015<\/a><\/li>\n<li><a href=\"https:\/\/www.aclanester56.com\/velo\/ou-seront-nos-coureurs-ce-week-end-62\/\">O\u00f9 seront nos coureurs ce week-end ?<\/a><\/li>\n<li><a href=\"https:\/\/www.aclanester56.com\/velo\/3eme-place-pour-loic-le-barbier-plumelec-le-8-mars-2015\/\">3eme Place Pour Loic Le Barbier \u00e0 Plumelec le 8 Mars 2015<\/a><\/li>\n<li><a href=\"https:\/\/www.aclanester56.com\/velo\/la-video-de-presentation-pour-la-saison-2015\/\">La vid\u00e9o de pr\u00e9sentation pour la saison 2015<\/a><\/li>\n<li><a href=\"https:\/\/www.aclanester56.com\/velo\/presentation-des-equipes-pour-la-saison-2015-de-lecole-de-cyclisme-a-lequipe-1\/\">Pr\u00e9sentation des Equipes pour la saison  2015 : De l'Ecole de cyclisme \u00e0 l'equipe 1<\/a><\/li>\n<li><a href=\"https:\/\/www.aclanester56.com\/velo\/les-cadets-et-juniors-de-lac-lanester-56-en-stage-avec-le-cd-56\/\">Les Cadets et Juniors de l'AC Lanester 56 en stage avec le CD 56 !<\/a><\/li>\n\n\t\t\t<\/ul>\n\t\t<\/div>\n\t\t<div class=\"pane\">\n\t\t\t<h2 class=\"month-heading\">avril 2015 <span class=\"month-archive-link\">( <a href=\"https:\/\/www.aclanester56.com\/velo\/2015\/04\/\">Voir la page d&rsquo;archive compl&egrave;te<\/a> )<\/span><\/h2>\n\t\t\t<ul class=\"archive-list\">\n\t\t\t\t<li><a href=\"https:\/\/www.aclanester56.com\/velo\/des-photos-du-circuit-des-jeunes-2015-deja-en-ligne\/\">Des photos du Circuit des Jeunes 2015 d\u00e9j\u00e0 en ligne !<\/a><\/li>\n<li><a href=\"https:\/\/www.aclanester56.com\/velo\/3eme-circuit-des-jeunes-a-lanester-les-classements\/\">3\u00e8me Circuit des Jeunes \u00e0 Lanester : les classements !<\/a><\/li>\n<li><a href=\"https:\/\/www.aclanester56.com\/velo\/3eme-circuit-des-jeunes-le-26-avril-2015-le-circuit\/\">3\u00e8me Circuit des Jeunes le 26 Avril 2015 : Le circuit<\/a><\/li>\n<li><a href=\"https:\/\/www.aclanester56.com\/velo\/circuit-des-jeunes-chloe-seveno-espere-monter-sur-le-podium\/\">Circuit des Jeunes : Chlo\u00e9 Seveno esp\u00e8re \"monter sur le podium\"<\/a><\/li>\n<li><a href=\"https:\/\/www.aclanester56.com\/velo\/victoire-de-yoann-selo-a-calan\/\">Victoire de Yoann Selo \u00e0 Calan !<\/a><\/li>\n<li><a href=\"https:\/\/www.aclanester56.com\/velo\/3eme-edition-du-circuit-des-jeunes-a-lanester-le-dimanche-26-avril-2015\/\">3\u00e8me \u00e9dition du Circuit des Jeunes \u00e0 Lanester le dimanche 26 avril 2015<\/a><\/li>\n<li><a href=\"https:\/\/www.aclanester56.com\/velo\/ou-seront-nos-coureurs-ce-week-end-63\/\">O\u00f9 seront nos coureurs ce week-end ?<\/a><\/li>\n<li><a href=\"https:\/\/www.aclanester56.com\/velo\/thomas-denis-2eme-du-grand-prix-fernand-durel\/\">Thomas Denis 2\u00e8me du Grand Prix Fernand Durel  !<\/a><\/li>\n<li><a href=\"https:\/\/www.aclanester56.com\/velo\/de-belles-performances-des-jeunes-lanesteriens-le-week-end-pascal\/\">De belles performances des jeunes Lanest\u00e9riens le week-end pascal !<\/a><\/li>\n\n\t\t\t<\/ul>\n\t\t<\/div>\n\t\t<div class=\"pane\">\n\t\t\t<h2 class=\"month-heading\">mai 2015 <span class=\"month-archive-link\">( <a href=\"https:\/\/www.aclanester56.com\/velo\/2015\/05\/\">Voir la page d&rsquo;archive compl&egrave;te<\/a> )<\/span><\/h2>\n\t\t\t<ul class=\"archive-list\">\n\t\t\t\t<li><a href=\"https:\/\/www.aclanester56.com\/velo\/les-photos-de-nos-juniors-a-inguiniel-ce-dernier-dimanche-de-mai\/\">Les photos de nos Juniors \u00e0 Inguiniel ce  dernier dimanche de Mai<\/a><\/li>\n<li><a href=\"https:\/\/www.aclanester56.com\/velo\/les-routes-du-scorff-1ere-etape-les-photos\/\">Les Routes du Scorff : 1ere \u00e9tape ...les photos !<\/a><\/li>\n<li><a href=\"https:\/\/www.aclanester56.com\/velo\/ou-rouleront-nos-cyclistes-en-ce-dernier-week-end-du-mois-de-mai\/\">O\u00f9 rouleront nos cyclistes en ce dernier week end du mois de mai ?<\/a><\/li>\n<li><a href=\"https:\/\/www.aclanester56.com\/velo\/les-resultats-des-courses-de-la-pentecote\/\">Quelques r\u00e9sultats des courses de la Pentec\u00f4te<\/a><\/li>\n<li><a href=\"https:\/\/www.aclanester56.com\/velo\/cote-et-pentecote-ca-va-rouler-ce-week-end-a-lac-lanester\/\">Cote et Pentecote : ca va rouler ce week end \u00e0 L'AC Lanester !<\/a><\/li>\n<li><a href=\"https:\/\/www.aclanester56.com\/velo\/belle-seconde-place-de-loic-le-barbier-a-taupont\/\">Belle seconde place de Loic Le Barbier \u00e0 Taupont !<\/a><\/li>\n\n\t\t\t<\/ul>\n\t\t<\/div>\n\t\t<div class=\"pane\">\n\t\t\t<h2 class=\"month-heading\">juin 2015 <span class=\"month-archive-link\">( <a href=\"https:\/\/www.aclanester56.com\/velo\/2015\/06\/\">Voir la page d&rsquo;archive compl&egrave;te<\/a> )<\/span><\/h2>\n\t\t\t<ul class=\"archive-list\">\n\t\t\t\t<li><a href=\"https:\/\/www.aclanester56.com\/velo\/les-resultats-de-ce-dernier-weekend-de-juin\/\">Les r\u00e9sultats de ce dernier weekend de Juin<\/a><\/li>\n<li><a href=\"https:\/\/www.aclanester56.com\/velo\/encore-un-champion-de-france-a-lac-lanester\/\">Encore un champion de france \u00e0 L'AC Lanester !<\/a><\/li>\n<li><a href=\"https:\/\/www.aclanester56.com\/velo\/les-engagements-du-dernier-week-end-de-juin\/\">Les engagements du dernier week end de Juin<\/a><\/li>\n<li><a href=\"https:\/\/www.aclanester56.com\/velo\/grand-prix-de-ville-de-lanester-24-juin-2015\/\">Le Grand Prix de la ville de Lanester 24 Juin  2015<\/a><\/li>\n<li><a href=\"https:\/\/www.aclanester56.com\/velo\/grand-prix-de-la-ville-de-lanester-nos-engages\/\">Grand Prix de la Ville de Lanester  : Nos engag\u00e9s<\/a><\/li>\n<li><a href=\"https:\/\/www.aclanester56.com\/velo\/les-resultats-du-weekend-le-plus-long\/\">Les r\u00e9sultats du weekend le plus long<\/a><\/li>\n<li><a href=\"https:\/\/www.aclanester56.com\/velo\/3eme-medaille-pour-karl-au-championnat-de-france-masters-a-roubaix\/\">3\u00e8me m\u00e9daille pour Karl au Championnat de France Masters \u00e0 Roubaix<\/a><\/li>\n<li><a href=\"https:\/\/www.aclanester56.com\/velo\/championnat-de-france-sur-piste-masters-19-20-et-21-juin-2015\/\">Championnat de France sur Piste Masters 19-20 et 21 juin 2015<\/a><\/li>\n<li><a href=\"https:\/\/www.aclanester56.com\/velo\/ce-week-end-fete-de-la-musique-et-aussi-les-courses-a-lanester\/\">Ce week end : F\u00eate de la musique et  aussi les courses \u00e0 Lanester<\/a><\/li>\n<li><a href=\"https:\/\/www.aclanester56.com\/velo\/championnats-de-france-master-sur-piste-a-roubaix\/\">Championnats de France master sur piste \u00e0 Roubaix.<\/a><\/li>\n<li><a href=\"https:\/\/www.aclanester56.com\/velo\/les-resultats-du-week-end-du-13-et-14-juin-2015\/\">Les r\u00e9sultats du week-end du 13 et  14 Juin 2015<\/a><\/li>\n<li><a href=\"https:\/\/www.aclanester56.com\/velo\/thomas-denis-champion-de-bretagne-en-poursuite\/\">Thomas Denis : Champion de Bretagne en Poursuite !<\/a><\/li>\n<li><a href=\"https:\/\/www.aclanester56.com\/velo\/les-lanesteriens-dans-toute-la-bretagne-ce-weekend-du-14-juin\/\">Les lanesteriens dans toute la Bretagne ce weekend du 14 juin !<\/a><\/li>\n<li><a href=\"https:\/\/www.aclanester56.com\/velo\/laffiche-24eme-grand-prix-de-ville-se-devoile\/\">L'affiche du 24\u00e8me Grand Prix de la Ville se d\u00e9voile ...<\/a><\/li>\n<li><a href=\"https:\/\/www.aclanester56.com\/velo\/les-resultats-de-la-piste-cleden-poher\/\">Les r\u00e9sultats de la Piste Cleden-Poher<\/a><\/li>\n<li><a href=\"https:\/\/www.aclanester56.com\/velo\/les-photos-de-redene-du-7-juin-2015\/\">Les Photos de R\u00e9d\u00e9n\u00e9 du  7 juin 2015<\/a><\/li>\n<li><a href=\"https:\/\/www.aclanester56.com\/velo\/les-photos-de-vos-coureurs-sur-le-site-comment-faire\/\">Les photos de vos coureurs sur le site : Comment faire  ?<\/a><\/li>\n<li><a href=\"https:\/\/www.aclanester56.com\/velo\/toutes-les-courses-du-week-end-du-6-et-7-juin-2015-a-lac-lanester\/\">Toutes les courses du week end du  6 et 7  Juin 2015 \u00e0 l'AC Lanester<\/a><\/li>\n<li><a href=\"https:\/\/www.aclanester56.com\/velo\/les-routes-du-scorff-dautres-photos\/\">Les routes du Scorff d'autres photos ....<\/a><\/li>\n<li><a href=\"https:\/\/www.aclanester56.com\/velo\/lac-lanester-56-sur-les-routes-du-scorff\/\">L'AC lanester 56 sur les Routes du Scorff<\/a><\/li>\n\n\t\t\t<\/ul>\n\t\t<\/div>\n\t\t<div class=\"pane\">\n\t\t\t<h2 class=\"month-heading\">juillet 2015 <span class=\"month-archive-link\">( <a href=\"https:\/\/www.aclanester56.com\/velo\/2015\/07\/\">Voir la page d&rsquo;archive compl&egrave;te<\/a> )<\/span><\/h2>\n\t\t\t<ul class=\"archive-list\">\n\t\t\t\t<li><a href=\"https:\/\/www.aclanester56.com\/velo\/thomas-denis-vice-champion-deurope-de-poursuite-individuelle\/\">Thomas Denis vice-champion d'Europe de poursuite individuelle !<\/a><\/li>\n<li><a href=\"https:\/\/www.aclanester56.com\/velo\/retour-en-image-sur-les-championnats-de-france-sur-piste-a-hyeres\/\">Retour en image sur les championnats de France sur Piste \u00e0 Hyeres<\/a><\/li>\n<li><a href=\"https:\/\/www.aclanester56.com\/velo\/thomas-denis-champion-de-france-piste-poursuite-individuelle\/\">Thomas Denis : Champion de France sur Piste en poursuite individuelle<\/a><\/li>\n<li><a href=\"https:\/\/www.aclanester56.com\/velo\/yoann-selo-vainqueur-a-pluneret-treauray\/\">Yoann Selo Vainqueur \u00e0 Pluneret-Treauray<\/a><\/li>\n<li><a href=\"https:\/\/www.aclanester56.com\/velo\/les-courses-cyclistes-du-1er-weekend-de-juillet\/\">Les courses cyclistes du 1er weekend de  juillet<\/a><\/li>\n\n\t\t\t<\/ul>\n\t\t<\/div>\n\t\t<div class=\"pane\">\n\t\t\t<h2 class=\"month-heading\">ao&ucirc;t 2015 <span class=\"month-archive-link\">( <a href=\"https:\/\/www.aclanester56.com\/velo\/2015\/08\/\">Voir la page d&rsquo;archive compl&egrave;te<\/a> )<\/span><\/h2>\n\t\t\t<ul class=\"archive-list\">\n\t\t\t\t<li><a href=\"https:\/\/www.aclanester56.com\/velo\/thomas-denis-5eme-du-championnat-du-monde-de-poursuite-individuelle\/\">Thomas Denis 5\u00e8me du championnat du Monde de poursuite individuelle !<\/a><\/li>\n<li><a href=\"https:\/\/www.aclanester56.com\/velo\/reaction-de-thomas-denis-avant-les-mondiaux-sur-piste-a-astana-kaz\/\">R\u00e9action de Thomas Denis avant les Mondiaux sur Piste \u00e0 Astana (KAZ)<\/a><\/li>\n<li><a href=\"https:\/\/www.aclanester56.com\/velo\/meme-pendant-lete-ca-grimpe-a-lac-lanester\/\">Meme pendant l'\u00e9t\u00e9 \u00e7a grimpe \u00e0 l'AC Lanester !<\/a><\/li>\n\n\t\t\t<\/ul>\n\t\t<\/div>\n\t\t<div class=\"pane\">\n\t\t\t<h2 class=\"month-heading\">septembre 2015 <span class=\"month-archive-link\">( <a href=\"https:\/\/www.aclanester56.com\/velo\/2015\/09\/\">Voir la page d&rsquo;archive compl&egrave;te<\/a> )<\/span><\/h2>\n\t\t\t<ul class=\"archive-list\">\n\t\t\t\t<li><a href=\"https:\/\/www.aclanester56.com\/velo\/meme-nos-partenaires-mouillent-le-maillot\/\">M\u00eame nos partenaires mouillent le maillot !<\/a><\/li>\n<li><a href=\"https:\/\/www.aclanester56.com\/velo\/trois-lanesteriens-au-tour-du-morbihan\/\">Trois lanest\u00e9riens au Tour du Morbihan<\/a><\/li>\n<li><a href=\"https:\/\/www.aclanester56.com\/velo\/victoire-de-loic-le-barbier-a-hennebont\/\">Victoire de Loic Le Barbier \u00e0 Hennebont<\/a><\/li>\n<li><a href=\"https:\/\/www.aclanester56.com\/velo\/journee-decouverte-des-sports-cycliste-5-septembre-2015\/\">Journ\u00e9e d\u00e9couverte des sports cycliste 5 septembre 2015<\/a><\/li>\n<li><a href=\"https:\/\/www.aclanester56.com\/velo\/tour-du-morbihan-junior-3-lanesteriens-y-participent\/\">Tour du Morbihan Junior  : 3 Lanest\u00e9riens y participent<\/a><\/li>\n<li><a href=\"https:\/\/www.aclanester56.com\/velo\/5-septembre-journee-decouverte-du-cyclisme\/\">5 septembre : journ\u00e9e d\u00e9couverte du cyclisme<\/a><\/li>\n\n\t\t\t<\/ul>\n\t\t<\/div>\n\t\t<div class=\"pane\">\n\t\t\t<h2 class=\"month-heading\">octobre 2015 <span class=\"month-archive-link\">( <a href=\"https:\/\/www.aclanester56.com\/velo\/2015\/10\/\">Voir la page d&rsquo;archive compl&egrave;te<\/a> )<\/span><\/h2>\n\t\t\t<ul class=\"archive-list\">\n\t\t\t\t<li><a href=\"https:\/\/www.aclanester56.com\/velo\/lecole-de-cyclisme-au-cyclocross\/\">L'\u00e9cole de cyclisme au cyclocross ...<\/a><\/li>\n<li><a href=\"https:\/\/www.aclanester56.com\/velo\/cyclo-cross-ce-week-end-lignol-et-1ere-manche-de-bretagne-a-guidel\/\">Cyclo-Cross : Ce week end  Lignol et 1ere manche de Bretagne \u00e0 Guidel<\/a><\/li>\n<li><a href=\"https:\/\/www.aclanester56.com\/velo\/thomas-denis-elu-cycliste-morbihanais-de-lannee-2015\/\">Thomas Denis - Elu cycliste morbihanais de l'ann\u00e9e 2015<\/a><\/li>\n<li><a href=\"https:\/\/www.aclanester56.com\/velo\/lac-lanester-56-solidaire-present-lors-de-la-premiere-rando-la-warren-barguil\/\">L'AC Lanester 56 solidaire ! pr\u00e9sent lors de la premi\u00e8re rando \"La Warren Barguil\"<\/a><\/li>\n<li><a href=\"https:\/\/www.aclanester56.com\/velo\/retour-sur-la-cyclo-lors-du-grand-prix-de-plouay-en-aout-2015\/\">Retour sur la cyclo lors du Grand Prix de Plouay en Aout 2015<\/a><\/li>\n<li><a href=\"https:\/\/www.aclanester56.com\/velo\/attention-lac-lanester-change-dequipementier\/\">Attention ! L'AC Lanester change d'\u00e9quipementier !<\/a><\/li>\n<li><a href=\"https:\/\/www.aclanester56.com\/velo\/victoire-de-mael-nivinou-en-nouvelle-caledonie-9eme-etape\/\">Victoire de Mael Nivinou en Nouvelle Cal\u00e9donie 9\u00e8me \u00e9tape<\/a><\/li>\n<li><a href=\"https:\/\/www.aclanester56.com\/velo\/le-17-octobre-2015-assemblee-generale-du-club\/\">Le 17 octobre 2015 : Assembl\u00e9e g\u00e9n\u00e9rale du club<\/a><\/li>\n<li><a href=\"https:\/\/www.aclanester56.com\/velo\/thomas-denis-sera-t-il-le-cycliste-morbihannais-de-lannee\/\">Thomas Denis sera-t-il le cycliste Morbihannais de l'ann\u00e9e ?<\/a><\/li>\n<li><a href=\"https:\/\/www.aclanester56.com\/velo\/assemblee-generale-du-club-le-samedi-17-octobre-a-17h00\/\">Assembl\u00e9e g\u00e9n\u00e9rale du club le samedi  17 octobre \u00e0 17h00<\/a><\/li>\n<li><a href=\"https:\/\/www.aclanester56.com\/velo\/brandivy-cyclocross-6eme-place-pour-lanester\/\">Brandivy - Cyclocross : 6\u00e8me Place pour Lanester !<\/a><\/li>\n<li><a href=\"https:\/\/www.aclanester56.com\/velo\/la-saison-se-termine-tres-bien-pour-nos-jeunes-coureurs\/\">La saison se termine tr\u00e8s bien pour nos jeunes coureurs !<\/a><\/li>\n<li><a href=\"https:\/\/www.aclanester56.com\/velo\/a-lanester-la-saison-de-cyclo-cross-a-repris-a-qusitinic\/\">\u00e0 Lanester , la saison de cyclo-cross a repris \u00e0 Qusitinic<\/a><\/li>\n<li><a href=\"https:\/\/www.aclanester56.com\/velo\/ecole-de-cyclisme-a-lac-lanester\/\">Ecole de cyclisme \u00e0 l'AC Lanester<\/a><\/li>\n\n\t\t\t<\/ul>\n\t\t<\/div>\n\t\t<div class=\"pane\">\n\t\t\t<h2 class=\"month-heading\">novembre 2015 <span class=\"month-archive-link\">( <a href=\"https:\/\/www.aclanester56.com\/velo\/2015\/11\/\">Voir la page d&rsquo;archive compl&egrave;te<\/a> )<\/span><\/h2>\n\t\t\t<ul class=\"archive-list\">\n\t\t\t\t<li><a href=\"https:\/\/www.aclanester56.com\/velo\/les-resultats-du-1er-cyclo-cross-de-lec-queven\/\">Les r\u00e9sultats du 1er cyclo cross de l'EC Qu\u00e9ven<\/a><\/li>\n<li><a href=\"https:\/\/www.aclanester56.com\/velo\/les-cadets-en-stage-egalement\/\">Les cadets en stage  \u00e9galement ...<\/a><\/li>\n<li><a href=\"https:\/\/www.aclanester56.com\/velo\/les-juniors-et-seniors-en-stage-de-reprise\/\">Les Juniors et Seniors en stage de reprise !<\/a><\/li>\n<li><a href=\"https:\/\/www.aclanester56.com\/velo\/quatre-lanesteriens-a-la-pre-formation-entraineur\/\">Quatre Lanest\u00e9riens \u00e0 la pr\u00e9-formation \"Entraineur\"<\/a><\/li>\n<li><a href=\"https:\/\/www.aclanester56.com\/velo\/pas-dentrainement-le-mercredi-11-novembre\/\">Pas d'entrainement le mercredi 11 novembre !<\/a><\/li>\n<li><a href=\"https:\/\/www.aclanester56.com\/velo\/championnat-du-morbihan-de-cyclo-cross\/\">Championnat du Morbihan de Cyclo-Cross<\/a><\/li>\n\n\t\t\t<\/ul>\n\t\t<\/div>\n\t\t<div class=\"pane\">\n\t\t\t<h2 class=\"month-heading\">d&eacute;cembre 2015 <span class=\"month-archive-link\">( <a href=\"https:\/\/www.aclanester56.com\/velo\/2015\/12\/\">Voir la page d&rsquo;archive compl&egrave;te<\/a> )<\/span><\/h2>\n\t\t\t<ul class=\"archive-list\">\n\t\t\t\t<li><a href=\"https:\/\/www.aclanester56.com\/velo\/meilleurs-voeux-pour-2016\/\">Meilleurs V\u0153ux pour 2016<\/a><\/li>\n<li><a href=\"https:\/\/www.aclanester56.com\/velo\/lentrainement-du-26-decembre\/\">L'entrainement du 26 decembre<\/a><\/li>\n<li><a href=\"https:\/\/www.aclanester56.com\/velo\/cyclo-cross-de-tregunc\/\">Cyclo Cross de Tregunc<\/a><\/li>\n<li><a href=\"https:\/\/www.aclanester56.com\/velo\/les-resultats-du-cyclo-cross-de-locmine\/\">Les r\u00e9sultats du cyclo cross de Locmin\u00e9<\/a><\/li>\n<li><a href=\"https:\/\/www.aclanester56.com\/velo\/bretagne-de-cyclo-cross-a-kerlouan\/\">Bretagne de Cyclo-Cross \u00e0 Kerlouan<\/a><\/li>\n\n\t\t\t<\/ul>\n\t\t<\/div>\n\t<\/div>\n\t<div class=\"pane\">\n\t\t<ul id=\"month-list-2016\" class=\"tabs month-list\">\n\t\t\t<li>\t<a  href=\"https:\/\/www.aclanester56.com\/velo\/2016\/01\/\">Jan<\/a>\t<\/li><li>\t<a  href=\"https:\/\/www.aclanester56.com\/velo\/2016\/02\/\">F&eacute;v<\/a>\t<\/li><li>\t<a  href=\"https:\/\/www.aclanester56.com\/velo\/2016\/03\/\">Mar<\/a>\t<\/li><li>\t<a  href=\"https:\/\/www.aclanester56.com\/velo\/2016\/04\/\">Avr<\/a>\t<\/li><li>\t<a  href=\"https:\/\/www.aclanester56.com\/velo\/2016\/05\/\">Mai<\/a>\t<\/li><li>\t<a  href=\"https:\/\/www.aclanester56.com\/velo\/2016\/06\/\">Juin<\/a>\t<\/li><li>\t<a  href=\"https:\/\/www.aclanester56.com\/velo\/2016\/07\/\">Juil<\/a>\t<\/li><li>\t<a  href=\"https:\/\/www.aclanester56.com\/velo\/2016\/08\/\">Ao&ucirc;t<\/a>\t<\/li><li>\t<a  href=\"https:\/\/www.aclanester56.com\/velo\/2016\/09\/\">Sep<\/a>\t<\/li><li>\t<a  href=\"https:\/\/www.aclanester56.com\/velo\/2016\/10\/\">Oct<\/a>\t<\/li><li>\t<a  href=\"https:\/\/www.aclanester56.com\/velo\/2016\/11\/\">Nov<\/a>\t<\/li><li>\t<a  href=\"https:\/\/www.aclanester56.com\/velo\/2016\/12\/\">D&eacute;c<\/a>\t<\/li>\n\t\t<\/ul>\n\t\t<div class=\"pane\">\n\t\t\t<h2 class=\"month-heading\">janvier 2016 <span class=\"month-archive-link\">( <a href=\"https:\/\/www.aclanester56.com\/velo\/2016\/01\/\">Voir la page d&rsquo;archive compl&egrave;te<\/a> )<\/span><\/h2>\n\t\t\t<ul class=\"archive-list\">\n\t\t\t\t<li><a href=\"https:\/\/www.aclanester56.com\/velo\/warren-signe-sa-4eme-licence-professionnelle\/\">Warren signe sa 4\u00e8me licence professionnelle \u00e0 l'AC Lanester 56 !<\/a><\/li>\n<li><a href=\"https:\/\/www.aclanester56.com\/velo\/cyclo-cross-de-kerleano-a-auray\/\">Cyclo Cross de Kerleano \u00e0 Auray<\/a><\/li>\n<li><a href=\"https:\/\/www.aclanester56.com\/velo\/1ere-manche-des-samedis-decouverte-de-la-piste-2016-les-classements\/\">1\u00e8re Manche des Samedis D\u00e9couverte de la Piste 2016 : les classements !<\/a><\/li>\n<li><a href=\"https:\/\/www.aclanester56.com\/velo\/1ere-manche-des-samedis-decouverte-de-la-piste-2016-samedi-prochain\/\">1\u00e8re manche des Samedis D\u00e9couverte de la Piste 2016 samedi prochain !<\/a><\/li>\n<li><a href=\"https:\/\/www.aclanester56.com\/velo\/le-maillot-2016\/\">Le maillot 2016 de l'AC Lanester 56<\/a><\/li>\n\n\t\t\t<\/ul>\n\t\t<\/div>\n\t\t<div class=\"pane\">\n\t\t\t<h2 class=\"month-heading\">f&eacute;vrier 2016 <span class=\"month-archive-link\">( <a href=\"https:\/\/www.aclanester56.com\/velo\/2016\/02\/\">Voir la page d&rsquo;archive compl&egrave;te<\/a> )<\/span><\/h2>\n\t\t\t<ul class=\"archive-list\">\n\t\t\t\t<li><a href=\"https:\/\/www.aclanester56.com\/velo\/les-engagements-du-weekend-du-27-et-28-fevrier-2016\/\">Les engagements du weekend du 27 et 28 f\u00e9vrier 2016<\/a><\/li>\n<li><a href=\"https:\/\/www.aclanester56.com\/velo\/marzan-antoine-briend-au-pied-du-podium\/\">Marzan : Antoine Briend au pied du podium<\/a><\/li>\n<li><a href=\"https:\/\/www.aclanester56.com\/velo\/soiree-de-presentation-des-equipes-pour-la-saison-2016\/\">Soir\u00e9e de pr\u00e9sentation des \u00e9quipes pour la saison 2016<\/a><\/li>\n<li><a href=\"https:\/\/www.aclanester56.com\/velo\/les-jeunes-lanesteriens-en-stage-departemental\/\">Les jeunes Lanest\u00e9riens en stage d\u00e9partemental<\/a><\/li>\n<li><a href=\"https:\/\/www.aclanester56.com\/velo\/karl-chandavoine-presente-son-maillot-2016\/\">Karl Chandavoine pr\u00e9sente le maillot 2016 de l'AC Lanester 56 !<\/a><\/li>\n<li><a href=\"https:\/\/www.aclanester56.com\/velo\/les-dates-a-retenir\/\">Les dates \u00e0 retenir en 2016 !<\/a><\/li>\n<li><a href=\"https:\/\/www.aclanester56.com\/velo\/report-de-la-1ere-manche-des-samedis-decouverte-de-la-piste-au-16-janvier-2016\/\">Annulation des deux derni\u00e8res manches des Samedis D\u00e9couverte de la Piste 2016<\/a><\/li>\n<li><a href=\"https:\/\/www.aclanester56.com\/velo\/benjamin-duval-6eme-du-championnat-dhiver-de-lomnium-2016-a-bordeaux\/\">Benjamin Duval 6\u00e8me du Championnat d'Hiver de l'Omnium 2016 \u00e0 Bordeaux<\/a><\/li>\n\n\t\t\t<\/ul>\n\t\t<\/div>\n\t\t<div class=\"pane\">\n\t\t\t<h2 class=\"month-heading\">mars 2016 <span class=\"month-archive-link\">( <a href=\"https:\/\/www.aclanester56.com\/velo\/2016\/03\/\">Voir la page d&rsquo;archive compl&egrave;te<\/a> )<\/span><\/h2>\n\t\t\t<ul class=\"archive-list\">\n\t\t\t\t<li><a href=\"https:\/\/www.aclanester56.com\/velo\/victoire-de-antoine-briend-a-guegon\/\">Victoire de Antoine Briend \u00e0 Guegon<\/a><\/li>\n<li><a href=\"https:\/\/www.aclanester56.com\/velo\/engages-week-end-de-paques\/\">Les engag\u00e9s du week end de P\u00e2ques ...<\/a><\/li>\n<li><a href=\"https:\/\/www.aclanester56.com\/velo\/quelques-photos-de-locmine\/\">Quelques photos de Locmin\u00e9<\/a><\/li>\n<li><a href=\"https:\/\/www.aclanester56.com\/velo\/engages-19-20-mars-2016\/\">Les engag\u00e9s du  19 et 20 mars 2016<\/a><\/li>\n<li><a href=\"https:\/\/www.aclanester56.com\/velo\/stephane-bourgougnon-2eme-a-rieux\/\">St\u00e9phane BOURGOUGNON : 2\u00e8me \u00e0 Rieux<\/a><\/li>\n<li><a href=\"https:\/\/www.aclanester56.com\/velo\/lequipe-piste-de-lac-lanester-56-a-plouzane\/\">L'\u00e9quipe Piste de l'AC Lanester 56 \u00e0 Plouzan\u00e9 !<\/a><\/li>\n<li><a href=\"https:\/\/www.aclanester56.com\/velo\/courses-de-mi-mars-2016\/\">Nos engag\u00e9s sur les courses de la mi-mars 2016<\/a><\/li>\n<li><a href=\"https:\/\/www.aclanester56.com\/velo\/8-lanesteriens-detection-departementale-piste\/\">8 Lanest\u00e9riens en d\u00e9tection d\u00e9partementale sur la piste<\/a><\/li>\n<li><a href=\"https:\/\/www.aclanester56.com\/velo\/engagements-premier-weekend-de-mars-2016\/\">Les engagements du premier weekend  de mars 2016<\/a><\/li>\n\n\t\t\t<\/ul>\n\t\t<\/div>\n\t\t<div class=\"pane\">\n\t\t\t<h2 class=\"month-heading\">avril 2016 <span class=\"month-archive-link\">( <a href=\"https:\/\/www.aclanester56.com\/velo\/2016\/04\/\">Voir la page d&rsquo;archive compl&egrave;te<\/a> )<\/span><\/h2>\n\t\t\t<ul class=\"archive-list\">\n\t\t\t\t<li><a href=\"https:\/\/www.aclanester56.com\/velo\/courses-cyclistes-1er-weekend-de-mai\/\">Les courses cyclistes du 1er weekend de mai<\/a><\/li>\n<li><a href=\"https:\/\/www.aclanester56.com\/velo\/retour-images-4eme-circuit-jeunes\/\">Retour en images sur le 4\u00e8me Circuit des Jeunes !<\/a><\/li>\n<li><a href=\"https:\/\/www.aclanester56.com\/velo\/4eme-circuit-jeunes-a-lanester-classements\/\">4\u00e8me Circuit des Jeunes \u00e0 Lanester : les classements !<\/a><\/li>\n<li><a href=\"https:\/\/www.aclanester56.com\/velo\/27960-2\/\">L'\u00e9quipe piste de l'AC Lanester 56 en pr\u00e9paration pour les Championnats du Morbihan<\/a><\/li>\n<li><a href=\"https:\/\/www.aclanester56.com\/velo\/circuit-jeunes-2016-cadeaux-parrain-warren-barguil\/\">Circuit des Jeunes 2016 : les cadeaux du parrain Warren Barguil !<\/a><\/li>\n<li><a href=\"https:\/\/www.aclanester56.com\/velo\/circuit-jeunes-24-avril-2016-sport-patrimoine-dimanche-prochain-a-lanester\/\">Circuit des Jeunes le 24 avril 2016 : Sport, jeunesse et patrimoine dimanche prochain \u00e0 Lanester !<\/a><\/li>\n<li><a href=\"https:\/\/www.aclanester56.com\/velo\/4eme-circuit-jeunes-a-lanester-parraine-warren-barguil-dimanche-24-avril-2016\/\">4\u00e8me Circuit des Jeunes \u00e0 Lanester parrain\u00e9 par Warren Barguil le dimanche 24 avril 2016 !<\/a><\/li>\n<li><a href=\"https:\/\/www.aclanester56.com\/velo\/circuit-jeunes-2016-arrivee-de-pros\/\">Circuit des Jeunes 2016 : une arriv\u00e9e de \"Pros\" !<\/a><\/li>\n<li><a href=\"https:\/\/www.aclanester56.com\/velo\/docu-52mn-warren-route-vers-sommets\/\">Docu 52mn \"Warren, en route vers les sommets\"<\/a><\/li>\n<li><a href=\"https:\/\/www.aclanester56.com\/velo\/quelques-photos-de-nos-juniors-a-missiriac\/\">Quelques photos de nos juniors \u00e0 Missiriac<\/a><\/li>\n<li><a href=\"https:\/\/www.aclanester56.com\/velo\/ecoles-de-cyclisme-a-belle-ile-mer-tres-belle-journee\/\">Ecoles de Cyclisme \u00e0 Belle-Ile-en-Mer : une tr\u00e8s belle journ\u00e9e !<\/a><\/li>\n<li><a href=\"https:\/\/www.aclanester56.com\/velo\/courses-weekend-9-10-avril\/\">Les courses du weekend du 9 et 10 avril<\/a><\/li>\n<li><a href=\"https:\/\/www.aclanester56.com\/velo\/photos-de-languidic-course-cadets-course-ligne\/\">Les photos de Languidic ... Course Cadets et Course en  ligne<\/a><\/li>\n<li><a href=\"https:\/\/www.aclanester56.com\/velo\/aujourdhui-cetait-piste-piste-a-plouay-piste-a-lanester\/\">Aujourd'hui, c'\u00e9tait journ\u00e9e Piste ! A Lanester et \u00e0 Plouay !<\/a><\/li>\n<li><a href=\"https:\/\/www.aclanester56.com\/velo\/engages-2-3-4-avril-2016\/\">Les engag\u00e9s du  2-3 et 4 Avril 2016<\/a><\/li>\n<li><a href=\"https:\/\/www.aclanester56.com\/velo\/nouveau-circuit-jeunes-2016\/\">Du nouveau pour le Circuit des Jeunes 2016 ! (POISSON D'AVRIL !)<\/a><\/li>\n\n\t\t\t<\/ul>\n\t\t<\/div>\n\t\t<div class=\"pane\">\n\t\t\t<h2 class=\"month-heading\">mai 2016 <span class=\"month-archive-link\">( <a href=\"https:\/\/www.aclanester56.com\/velo\/2016\/05\/\">Voir la page d&rsquo;archive compl&egrave;te<\/a> )<\/span><\/h2>\n\t\t\t<ul class=\"archive-list\">\n\t\t\t\t<li><a href=\"https:\/\/www.aclanester56.com\/velo\/ecole-de-cyclisme-1er-podium-noe\/\">Ecole de cyclisme  : des podiums pour les jeunes Lanest\u00e9riens !<\/a><\/li>\n<li><a href=\"https:\/\/www.aclanester56.com\/velo\/antoine-chenadec-victorieux-a-inguiniel\/\">Antoine Le Chenadec victorieux sur l'Inguinieloise !<\/a><\/li>\n<li><a href=\"https:\/\/www.aclanester56.com\/velo\/lac-lanester-56-routes-scorff-2016\/\">L'AC Lanester 56 sur les Routes du Scorff 2016<\/a><\/li>\n<li><a href=\"https:\/\/www.aclanester56.com\/velo\/nouveau-titre-regional-piste-lac-lanester-56\/\">Un nouveau titre r\u00e9gional sur piste pour l'AC Lanester 56 !<\/a><\/li>\n<li><a href=\"https:\/\/www.aclanester56.com\/velo\/excellents-resultats-lanesteriens-week-end-dernier\/\">Excellents r\u00e9sultats des Lanest\u00e9riens le week-end dernier !<\/a><\/li>\n<li><a href=\"https:\/\/www.aclanester56.com\/velo\/championnats-de-bretagne-piste-plusieurs-maillots-a-hermine-lac-lanester-56\/\">Championnats de Bretagne sur piste : plusieurs maillots \u00e0 hermines pour l'AC Lanester 56 !<\/a><\/li>\n<li><a href=\"https:\/\/www.aclanester56.com\/velo\/lac-lanester-56-trophee-departemental-ecoles-de-cyclisme\/\">L'AC Lanester 56 au Troph\u00e9e D\u00e9partemental des Ecoles de Cyclisme<\/a><\/li>\n<li><a href=\"https:\/\/www.aclanester56.com\/velo\/theotime-cadoret-2eme-challenge-de-cote-de-granit-rose\/\">Th\u00e9otime Cadoret 2\u00e8me du Challenge de la C\u00f4te de Granit Rose !<\/a><\/li>\n<li><a href=\"https:\/\/www.aclanester56.com\/velo\/programme-week-end-victoire\/\">Au programme du week end : une Victoire  ?<\/a><\/li>\n<li><a href=\"https:\/\/www.aclanester56.com\/velo\/programme-jeudi-cest-lascension\/\">Au programme  : Jeudi ... c'est l'Ascension  !<\/a><\/li>\n\n\t\t\t<\/ul>\n\t\t<\/div>\n\t\t<div class=\"pane\">\n\t\t\t<h2 class=\"month-heading\">juin 2016 <span class=\"month-archive-link\">( <a href=\"https:\/\/www.aclanester56.com\/velo\/2016\/06\/\">Voir la page d&rsquo;archive compl&egrave;te<\/a> )<\/span><\/h2>\n\t\t\t<ul class=\"archive-list\">\n\t\t\t\t<li><a href=\"https:\/\/www.aclanester56.com\/velo\/grand-prix-de-ville-photos\/\">Grand Prix de ville  : les photos ...<\/a><\/li>\n<li><a href=\"https:\/\/www.aclanester56.com\/velo\/grand-prix-de-ville-de-lanester-2016-classement\/\">Grand Prix de la Ville de Lanester 2016 : classement<\/a><\/li>\n<li><a href=\"https:\/\/www.aclanester56.com\/velo\/derniere-manche-trophee-regional-de-piste-a-pordic\/\">Derni\u00e8re manche du Troph\u00e9e R\u00e9gional de la piste \u00e0 Pordic<\/a><\/li>\n<li><a href=\"https:\/\/www.aclanester56.com\/velo\/double-lanesterien-a-st-rene-hillion-richard-meleuc-devant-stephane-coz\/\">Doubl\u00e9 lanest\u00e9rien \u00e0 St Ren\u00e9 Hillion : Richard Meleuc devant St\u00e9phane Le Coz !<\/a><\/li>\n<li><a href=\"https:\/\/www.aclanester56.com\/velo\/grand-prix-cycliste-de-ville-de-lanester-a-laffiche\/\">Le Grand Prix Cycliste de la Ville de Lanester \u00e0 l'affiche !<\/a><\/li>\n<li><a href=\"https:\/\/www.aclanester56.com\/velo\/25eme-edition-grand-prix-de-ville-de-lanester-29-juin-2016\/\">25\u00e8me \u00e9dition du Grand Prix de la Ville de Lanester le 29 juin 2016 !<\/a><\/li>\n<li><a href=\"https:\/\/www.aclanester56.com\/velo\/nouveau-titre-de-champion-de-france-karl-chandavoine\/\">Nouveau titre de champion de France pour Karl Chandavoine !<\/a><\/li>\n<li><a href=\"https:\/\/www.aclanester56.com\/velo\/lac-lanester-56-trophee-regional-piste-a-plouzane\/\">L'AC Lanester 56 sur le Troph\u00e9e R\u00e9gional Piste \u00e0 Plouzan\u00e9<\/a><\/li>\n<li><a href=\"https:\/\/www.aclanester56.com\/velo\/resultats-week-end-de-mi-juin\/\">R\u00e9sultats du week-end de la mi-juin<\/a><\/li>\n<li><a href=\"https:\/\/www.aclanester56.com\/velo\/nouvelles-de-mael-nivinou-tour-de-republique-democratique-congo\/\">Des nouvelles de Ma\u00ebl Nivinou sur le Tour de la R\u00e9publique D\u00e9mocratique du Congo !<\/a><\/li>\n<li><a href=\"https:\/\/www.aclanester56.com\/velo\/tremorel-soen-le-bouedec-sur-le-podium\/\">Tr\u00e9morel : Soen Le Bou\u00ebdec sur le podium !<\/a><\/li>\n\n\t\t\t<\/ul>\n\t\t<\/div>\n\t\t<div class=\"pane\">\n\t\t\t<h2 class=\"month-heading\">juillet 2016 <span class=\"month-archive-link\">( <a href=\"https:\/\/www.aclanester56.com\/velo\/2016\/07\/\">Voir la page d&rsquo;archive compl&egrave;te<\/a> )<\/span><\/h2>\n\t\t\t<ul class=\"archive-list\">\n\t\t\t\t<li><a href=\"https:\/\/www.aclanester56.com\/velo\/lac-lanester-56-criterium-de-camors\/\">L'AC Lanester 56 au Crit\u00e9rium de Camors<\/a><\/li>\n<li><a href=\"https:\/\/www.aclanester56.com\/velo\/oscar-dugue-vainqueur-de-liron-breizh\/\">Oscar Dugu\u00e9 vainqueur de l'Iron Breizh !<\/a><\/li>\n<li><a href=\"https:\/\/www.aclanester56.com\/velo\/berne\/\">Bern\u00e9 : un nouveau podium pour Esteban !<\/a><\/li>\n<li><a href=\"https:\/\/www.aclanester56.com\/velo\/inguiniel-matis-esteban-podium\/\">Inguiniel : Matis et Esteban sur le podium !<\/a><\/li>\n<li><a href=\"https:\/\/www.aclanester56.com\/velo\/lanesteriens-championnats-de-bretagne-de-lavenir-a-plabennec\/\">Les Lanest\u00e9riens sur les championnats de Bretagne de l'Avenir \u00e0 Plabennec<\/a><\/li>\n<li><a href=\"https:\/\/www.aclanester56.com\/velo\/ecole-de-cyclisme-resultats-de-locoal-mendon-10-juillet\/\">Ecole de cyclisme  : Les resultats de Locoal Mendon du 10 juillet<\/a><\/li>\n<li><a href=\"https:\/\/www.aclanester56.com\/velo\/resultats-de-lecole-de-cyclisme-2-3-juillet-2016\/\">R\u00e9sultats de l'Ecole de cyclisme des 2 et 3 juillet 2016<\/a><\/li>\n\n\t\t\t<\/ul>\n\t\t<\/div>\n\t\t<div class=\"pane\">\n\t\t\t<h2 class=\"month-heading\">ao&ucirc;t 2016 <span class=\"month-archive-link\">( <a href=\"https:\/\/www.aclanester56.com\/velo\/2016\/08\/\">Voir la page d&rsquo;archive compl&egrave;te<\/a> )<\/span><\/h2>\n\t\t\t<ul class=\"archive-list\">\n\t\t\t\t<li><a href=\"https:\/\/www.aclanester56.com\/velo\/portes-ouvertes-inscriptions-20162017-a-lac-lanester-56\/\">Portes ouvertes et inscriptions 2016\/2017 \u00e0 l'AC Lanester 56<\/a><\/li>\n<li><a href=\"https:\/\/www.aclanester56.com\/velo\/lecole-de-velo-de-lac-lanester-56-tres-bonne-position-aux-brassards-ca-cd56\/\">L'Ecole de v\u00e9lo de l'AC Lanester 56 bien class\u00e9e aux Brassards CA 56 !<\/a><\/li>\n<li><a href=\"https:\/\/www.aclanester56.com\/velo\/retour-lepreuve-de-guehenno\/\">Retour sur l'\u00e9preuve de Gu\u00e9henno<\/a><\/li>\n\n\t\t\t<\/ul>\n\t\t<\/div>\n\t\t<div class=\"pane\">\n\t\t\t<h2 class=\"month-heading\">septembre 2016 <span class=\"month-archive-link\">( <a href=\"https:\/\/www.aclanester56.com\/velo\/2016\/09\/\">Voir la page d&rsquo;archive compl&egrave;te<\/a> )<\/span><\/h2>\n\t\t\t<ul class=\"archive-list\">\n\t\t\t\t<li><a href=\"https:\/\/www.aclanester56.com\/velo\/route-de-lespoir-a-muzillac-sacha-theotime-podium\/\">Route de l'Espoir \u00e0 Muzillac : Sacha et Th\u00e9otime sur le podium !<\/a><\/li>\n<li><a href=\"https:\/\/www.aclanester56.com\/velo\/finale-samedis-decouverte-de-piste-2016-classements\/\">Finale des Samedis D\u00e9couverte de la Piste 2016 : les classements !<\/a><\/li>\n<li><a href=\"https:\/\/www.aclanester56.com\/velo\/ewen-foussadier-conclut-victorieusement-belle-course-dequipe-a-lanveur\/\">Ewen Foussadier conclut victorieusement une belle course d'\u00e9quipe \u00e0 Lanveur !<\/a><\/li>\n<li><a href=\"https:\/\/www.aclanester56.com\/velo\/finale-samedis-decouverte-de-piste-2016-17-septembre\/\">Finale des Samedis D\u00e9couverte de la Piste 2016 le 17 septembre !<\/a><\/li>\n<li><a href=\"https:\/\/www.aclanester56.com\/velo\/rando-warren-barguil-16-octobre-2016\/\">Rando La Warren Barguil le 16 octobre 2016<\/a><\/li>\n<li><a href=\"https:\/\/www.aclanester56.com\/velo\/dylan-audic-bientot-petit-ecran\/\">Dylan Audic bient\u00f4t sur le petit \u00e9cran !<\/a><\/li>\n\n\t\t\t<\/ul>\n\t\t<\/div>\n\t\t<div class=\"pane\">\n\t\t\t<h2 class=\"month-heading\">octobre 2016 <span class=\"month-archive-link\">( <a href=\"https:\/\/www.aclanester56.com\/velo\/2016\/10\/\">Voir la page d&rsquo;archive compl&egrave;te<\/a> )<\/span><\/h2>\n\t\t\t<ul class=\"archive-list\">\n\t\t\t\t<li><a href=\"https:\/\/www.aclanester56.com\/velo\/cyclo-cross-de-guidel-charles-3eme-juniors\/\">Cyclo cross de Guidel : Charles  3\u00e8me en Juniors<\/a><\/li>\n<li><a href=\"https:\/\/www.aclanester56.com\/velo\/karl-chandavoine-champion-de-bretagne-2016-clm\/\">Karl Chandavoine champion de Bretagne 2016 du CLM !<\/a><\/li>\n<li><a href=\"https:\/\/www.aclanester56.com\/velo\/lac-lanester-56-deuxieme-challenge-interregional-ecoles-de-cyclisme-a-bignan\/\">L'AC Lanester 56 deuxi\u00e8me du Challenge Interr\u00e9gional des Ecoles de Cyclisme \u00e0 Bignan !<\/a><\/li>\n\n\t\t\t<\/ul>\n\t\t<\/div>\n\t\t<div class=\"pane\">\n\t\t\t<h2 class=\"month-heading\">novembre 2016 <span class=\"month-archive-link\">( <a href=\"https:\/\/www.aclanester56.com\/velo\/2016\/11\/\">Voir la page d&rsquo;archive compl&egrave;te<\/a> )<\/span><\/h2>\n\t\t\t<ul class=\"archive-list\">\n\t\t\t\t<li><a href=\"https:\/\/www.aclanester56.com\/velo\/cyclo-cross-de-plouay-27-novembre-2016\/\">Cyclo cross de Plouay du  27 novembre 2016<\/a><\/li>\n<li><a href=\"https:\/\/www.aclanester56.com\/velo\/dimanche-20-novembre-championnat-morbihan-de-cyclo-cross\/\">Dimanche  20 Novembre : Championnat du Morbihan de cyclo-cross<\/a><\/li>\n<li><a href=\"https:\/\/www.aclanester56.com\/velo\/cyclocross-podium-a-baud\/\">Cyclocross : Podium \u00e0 Baud !<\/a><\/li>\n<li><a href=\"https:\/\/www.aclanester56.com\/velo\/stage-ac-lanester-29-30-octobre-2016\/\">Stage AC Lanester 29 et 30 octobre 2016<\/a><\/li>\n\n\t\t\t<\/ul>\n\t\t<\/div>\n\t\t<div class=\"pane\">\n\t\t\t<h2 class=\"month-heading\">d&eacute;cembre 2016 <span class=\"month-archive-link\">( <a href=\"https:\/\/www.aclanester56.com\/velo\/2016\/12\/\">Voir la page d&rsquo;archive compl&egrave;te<\/a> )<\/span><\/h2>\n\t\t\t<ul class=\"archive-list\">\n\t\t\t\t<li><a href=\"https:\/\/www.aclanester56.com\/velo\/juniors-espoirs-stage\/\">Les Juniors et Espoirs en stage<\/a><\/li>\n<li><a href=\"https:\/\/www.aclanester56.com\/velo\/bientot-samedis-decouverte-de-piste-2017-a-lanester\/\">Bient\u00f4t les Samedis D\u00e9couverte de la Piste 2017 \u00e0 Lanester !<\/a><\/li>\n<li><a href=\"https:\/\/www.aclanester56.com\/velo\/feminines-cadets-stage\/\">Les f\u00e9minines et les cadets en stage !<\/a><\/li>\n<li><a href=\"https:\/\/www.aclanester56.com\/velo\/reprise-entrainements-cadets\/\">Reprise des entrainements pour les Cadets<\/a><\/li>\n<li><a href=\"https:\/\/www.aclanester56.com\/velo\/charles-crom-3eme-cyclocross-de-taupont\/\">Charles LE CROM  : 3eme au cyclocross de Taupont !<\/a><\/li>\n<li><a href=\"https:\/\/www.aclanester56.com\/velo\/2eme-place-charles-crom-cyclo-cross-dauray\/\">2eme place  pour Charles LE CROM  au Cyclo-cross d'Auray<\/a><\/li>\n\n\t\t\t<\/ul>\n\t\t<\/div>\n\t<\/div>\n\t<div class=\"pane\">\n\t\t<ul id=\"month-list-2017\" class=\"tabs month-list\">\n\t\t\t<li>\t<a  href=\"https:\/\/www.aclanester56.com\/velo\/2017\/01\/\">Jan<\/a>\t<\/li><li>\t<a  href=\"https:\/\/www.aclanester56.com\/velo\/2017\/02\/\">F&eacute;v<\/a>\t<\/li><li>\t<a  href=\"https:\/\/www.aclanester56.com\/velo\/2017\/03\/\">Mar<\/a>\t<\/li><li>\t<a  href=\"https:\/\/www.aclanester56.com\/velo\/2017\/04\/\">Avr<\/a>\t<\/li><li>\t<a  href=\"https:\/\/www.aclanester56.com\/velo\/2017\/05\/\">Mai<\/a>\t<\/li><li>\t<a  href=\"https:\/\/www.aclanester56.com\/velo\/2017\/06\/\">Juin<\/a>\t<\/li><li>\t<a  href=\"https:\/\/www.aclanester56.com\/velo\/2017\/07\/\">Juil<\/a>\t<\/li><li>\t<a  href=\"https:\/\/www.aclanester56.com\/velo\/2017\/08\/\">Ao&ucirc;t<\/a>\t<\/li><li>\t<a  href=\"https:\/\/www.aclanester56.com\/velo\/2017\/09\/\">Sep<\/a>\t<\/li><li>\t<a  href=\"https:\/\/www.aclanester56.com\/velo\/2017\/10\/\">Oct<\/a>\t<\/li><li>\t<a  href=\"https:\/\/www.aclanester56.com\/velo\/2017\/11\/\">Nov<\/a>\t<\/li><li>\t<a  href=\"https:\/\/www.aclanester56.com\/velo\/2017\/12\/\">D&eacute;c<\/a>\t<\/li>\n\t\t<\/ul>\n\t\t<div class=\"pane\">\n\t\t\t<h2 class=\"month-heading\">janvier 2017 <span class=\"month-archive-link\">( <a href=\"https:\/\/www.aclanester56.com\/velo\/2017\/01\/\">Voir la page d&rsquo;archive compl&egrave;te<\/a> )<\/span><\/h2>\n\t\t\t<ul class=\"archive-list\">\n\t\t\t\t<li><a href=\"https:\/\/www.aclanester56.com\/velo\/soiree-de-presentation-de-lac-lanester-56\/\">Soir\u00e9e de pr\u00e9sentation de l'AC LANESTER 56<\/a><\/li>\n<li><a href=\"https:\/\/www.aclanester56.com\/velo\/piste-velodrome-de-bordeaux\/\">En piste sur le v\u00e9lodrome de Bordeaux<\/a><\/li>\n<li><a href=\"https:\/\/www.aclanester56.com\/velo\/2eme-manche-samedis-decouverte-de-piste-2017-classements\/\">2\u00e8me manche des Samedis D\u00e9couverte de la Piste 2017 : les classements !<\/a><\/li>\n<li><a href=\"https:\/\/www.aclanester56.com\/velo\/retour-images-soiree-champions-2016\/\">Retour en images sur la Soir\u00e9e des Champions 2016 !<\/a><\/li>\n<li><a href=\"https:\/\/www.aclanester56.com\/velo\/charles-crom-podium-de-chapelle-neuve-challenge-departemental\/\">Charles Le Crom sur le podium de La Chapelle-Neuve ... et du Challenge D\u00e9partemental !<\/a><\/li>\n<li><a href=\"https:\/\/www.aclanester56.com\/velo\/1ere-manche-des-samedis-decouverte-de-la-piste-2017-les-classements\/\">1\u00e8re Manche des Samedis D\u00e9couverte de la Piste 2017 : les classements !<\/a><\/li>\n<li><a href=\"https:\/\/www.aclanester56.com\/velo\/meilleurs-voeux-2017\/\">Meilleurs voeux  pour 2017<\/a><\/li>\n\n\t\t\t<\/ul>\n\t\t<\/div>\n\t\t<div class=\"pane\">\n\t\t\t<h2 class=\"month-heading\">f&eacute;vrier 2017 <span class=\"month-archive-link\">( <a href=\"https:\/\/www.aclanester56.com\/velo\/2017\/02\/\">Voir la page d&rsquo;archive compl&egrave;te<\/a> )<\/span><\/h2>\n\t\t\t<ul class=\"archive-list\">\n\t\t\t\t<li><a href=\"https:\/\/www.aclanester56.com\/velo\/classements-20-26-fevrier-2017\/\">Classements du 20 au 26 f\u00e9vrier 2017<\/a><\/li>\n<li><a href=\"https:\/\/www.aclanester56.com\/velo\/saison-demarre-a-melrandaise\/\">La saison d\u00e9marre \u00e0 la  Melrandaise<\/a><\/li>\n<li><a href=\"https:\/\/www.aclanester56.com\/velo\/resultats-de-semaine-13022017-19022017\/\">R\u00e9sultats de la semaine du 13\/02\/2017 au 19\/02\/2017<\/a><\/li>\n<li><a href=\"https:\/\/www.aclanester56.com\/velo\/nos-jeunes-stage-monts-darree\/\">Nos jeunes en stage dans les  Monts d'Arr\u00e9e !<\/a><\/li>\n<li><a href=\"https:\/\/www.aclanester56.com\/velo\/finale-samedis-decouverte-de-piste-2017-classements\/\">Finale des Samedis D\u00e9couverte de la Piste 2017 : les classements !<\/a><\/li>\n<li><a href=\"https:\/\/www.aclanester56.com\/velo\/samedis-decouverte-de-piste-2017-cest-finale\/\">Samedis D\u00e9couverte de la Piste 2017 : c'est la finale !<\/a><\/li>\n<li><a href=\"https:\/\/www.aclanester56.com\/velo\/warren-signe-licence-a-lanester\/\">Warren a sign\u00e9 sa licence 2017 \u00e0 l'AC Lanester 56 !<\/a><\/li>\n<li><a href=\"https:\/\/www.aclanester56.com\/velo\/report-de-finale-samedis-decouverte-de-piste-11-fevrier-2017\/\">Report de la finale des Samedis D\u00e9couverte de la Piste au 11 f\u00e9vrier 2017<\/a><\/li>\n<li><a href=\"https:\/\/www.aclanester56.com\/velo\/soiree-de-presentation-effectifs-2017-photos\/\">Soir\u00e9e de pr\u00e9sentation des effectifs 2017 : encore des photos !<\/a><\/li>\n\n\t\t\t<\/ul>\n\t\t<\/div>\n\t\t<div class=\"pane\">\n\t\t\t<h2 class=\"month-heading\">mars 2017 <span class=\"month-archive-link\">( <a href=\"https:\/\/www.aclanester56.com\/velo\/2017\/03\/\">Voir la page d&rsquo;archive compl&egrave;te<\/a> )<\/span><\/h2>\n\t\t\t<ul class=\"archive-list\">\n\t\t\t\t<li><a href=\"https:\/\/www.aclanester56.com\/velo\/rendez-de-1-er-2-avril-2017\/\">Les Rendez-vous de 1 er et 2 Avril 2017<\/a><\/li>\n<li><a href=\"https:\/\/www.aclanester56.com\/velo\/resultats-26-mars-2017\/\">R\u00e9sultats 26 Mars 2017<\/a><\/li>\n<li><a href=\"https:\/\/www.aclanester56.com\/velo\/rendez-26-mars-2017\/\">Les rendez vous du 26 mars 2017<\/a><\/li>\n<li><a href=\"https:\/\/www.aclanester56.com\/velo\/maeva-selectionnee-equipe-morbihan\/\">Maeva s\u00e9lectionn\u00e9e en \u00e9quipe du Morbihan !<\/a><\/li>\n<li><a href=\"https:\/\/www.aclanester56.com\/velo\/19-mars-2017-la-course-de-ste-anne-dauray-en-video\/\">19 mars 2017 : La course de Ste Anne d'Auray en vid\u00e9o<\/a><\/li>\n<li><a href=\"https:\/\/www.aclanester56.com\/velo\/%e3%80%8ainfirmerie%e3%80%8b\/\">\u300aINFIRMERIE\u300b<\/a><\/li>\n<li><a href=\"https:\/\/www.aclanester56.com\/velo\/resultats-18-19-mars-2017\/\">Les R\u00e9sultats du 18 et 19 Mars 2017<\/a><\/li>\n<li><a href=\"https:\/\/www.aclanester56.com\/velo\/rendez-18-19-mars-2017\/\">Les rendez-vous du 18 & 19 Mars 2017<\/a><\/li>\n<li><a href=\"https:\/\/www.aclanester56.com\/velo\/boutique-club-se-refait-beaute\/\">La boutique du club se refait une beaut\u00e9 !<\/a><\/li>\n<li><a href=\"https:\/\/www.aclanester56.com\/velo\/circuit-jeunes-a-lanester-cest-deja-mois\/\">Le Circuit des Jeunes \u00e0 Lanester, c'est d\u00e9j\u00e0 dans un mois !<\/a><\/li>\n<li><a href=\"https:\/\/www.aclanester56.com\/velo\/resultats-11-12-mars-2017\/\">R\u00e9sultats du 11 et 12 Mars 2017<\/a><\/li>\n<li><a href=\"https:\/\/www.aclanester56.com\/velo\/rendez-vous-du-11-12-mars-2017\/\">Les rendez-vous du 11 et 12 mars 2017<\/a><\/li>\n<li><a href=\"https:\/\/www.aclanester56.com\/velo\/classements-3-4-mars-2017\/\">Classements du 3 au 4 mars 2017<\/a><\/li>\n<li><a href=\"https:\/\/www.aclanester56.com\/velo\/dylan-audic-petit-ecran-samedi-prochain\/\">Dylan Audic sur le petit \u00e9cran samedi prochain !<\/a><\/li>\n<li><a href=\"https:\/\/www.aclanester56.com\/velo\/weekend-3-4-mars-2017-seront-nos-coureurs\/\">Weekend du 3 et 4 mars 2017 : Ou seront nos coureurs ?<\/a><\/li>\n\n\t\t\t<\/ul>\n\t\t<\/div>\n\t\t<div class=\"pane\">\n\t\t\t<h2 class=\"month-heading\">avril 2017 <span class=\"month-archive-link\">( <a href=\"https:\/\/www.aclanester56.com\/velo\/2017\/04\/\">Voir la page d&rsquo;archive compl&egrave;te<\/a> )<\/span><\/h2>\n\t\t\t<ul class=\"archive-list\">\n\t\t\t\t<li><a href=\"https:\/\/www.aclanester56.com\/velo\/rendez-22-23-avril-2017\/\">Les Rendez-vous du 22 & 23 avril 2017<\/a><\/li>\n<li><a href=\"https:\/\/www.aclanester56.com\/velo\/5eme-circuit-jeunes-photos\/\">5\u00e8me Circuit des Jeunes : les photos !<\/a><\/li>\n<li><a href=\"https:\/\/www.aclanester56.com\/velo\/championnats-morbihan-piste-juniorsseniors\/\">Championnats du Morbihan Piste juniors\/seniors !<\/a><\/li>\n<li><a href=\"https:\/\/www.aclanester56.com\/velo\/5eme-circuit-jeunes-a-lanester-classements\/\">5\u00e8me Circuit des Jeunes \u00e0 Lanester : les classements !<\/a><\/li>\n<li><a href=\"https:\/\/www.aclanester56.com\/velo\/rendez-14-15-avril-2017\/\">Les Rendez-vous du 14 & 15 Avril 2017<\/a><\/li>\n<li><a href=\"https:\/\/www.aclanester56.com\/velo\/5eme-circuit-jeunes-parraine-warren-barguil-16-04-2017\/\">5\u00e8me Circuit des Jeunes parrain\u00e9 par Warren Barguil le 16-04-2017<\/a><\/li>\n<li><a href=\"https:\/\/www.aclanester56.com\/velo\/stage-pyrenees-6eme-jour-deja-fin\/\">Stage Pyr\u00e9n\u00e9es \u2013 6\u00e8me jour : d\u00e9j\u00e0 la fin !<\/a><\/li>\n<li><a href=\"https:\/\/www.aclanester56.com\/velo\/presse-plus-jeunes-taquet\/\">Presse : Les plus jeunes au taquet<\/a><\/li>\n<li><a href=\"https:\/\/www.aclanester56.com\/velo\/stage-pyrenees-5eme-jour-cols-cols-cols\/\">Stage Pyr\u00e9n\u00e9es \u2013 5\u00e8me jour : des cols, des cols et encore des cols !<\/a><\/li>\n<li><a href=\"https:\/\/www.aclanester56.com\/velo\/resultats-8-9-avril-2017\/\">Les R\u00e9sultats 8 et 9 Avril 2017<\/a><\/li>\n<li><a href=\"https:\/\/www.aclanester56.com\/velo\/stage-pyrenees-4eme-jour-tourmalet-menu\/\">Stage Pyr\u00e9n\u00e9es - 4\u00e8me jour : le Tourmalet au menu !<\/a><\/li>\n<li><a href=\"https:\/\/www.aclanester56.com\/velo\/de-belles-recompenses-circuit-jeunes\/\">De belles r\u00e9compenses pour le Circuit des Jeunes !<\/a><\/li>\n<li><a href=\"https:\/\/www.aclanester56.com\/velo\/lac-lanester-56-stage-a-montagne\/\">L'AC Lanester 56 en stage \u00e0 la montagne !<\/a><\/li>\n<li><a href=\"https:\/\/www.aclanester56.com\/velo\/rendez-week-end\/\">Rendez-vous du week-end du 8 et 9 avril !<\/a><\/li>\n<li><a href=\"https:\/\/www.aclanester56.com\/velo\/resultats-week-end\/\">R\u00e9sultats du week-end du 2 avril !<\/a><\/li>\n<li><a href=\"https:\/\/www.aclanester56.com\/velo\/projet-de-velodrome-couvert-relance-a-lanester\/\">Le projet de v\u00e9lodrome couvert relanc\u00e9 \u00e0 Lanester ! (POISSON D'AVRIL !)<\/a><\/li>\n\n\t\t\t<\/ul>\n\t\t<\/div>\n\t\t<div class=\"pane\">\n\t\t\t<h2 class=\"month-heading\">mai 2017 <span class=\"month-archive-link\">( <a href=\"https:\/\/www.aclanester56.com\/velo\/2017\/05\/\">Voir la page d&rsquo;archive compl&egrave;te<\/a> )<\/span><\/h2>\n\t\t\t<ul class=\"archive-list\">\n\t\t\t\t<li><a href=\"https:\/\/www.aclanester56.com\/velo\/brendan-cam-tour-bocage-de-lernee\/\">Brendan Le Cam au tour du Bocage et de l'Ern\u00e9e !<\/a><\/li>\n<li><a href=\"https:\/\/www.aclanester56.com\/velo\/charles-crom-2-eme-a-landevant\/\">Charles Le Crom 2 \u00e8me \u00e0 Land\u00e9vant !<\/a><\/li>\n<li><a href=\"https:\/\/www.aclanester56.com\/velo\/resultats-13-14-mai-2017\/\">R\u00e9sultats du 13 & 14 Mai 2017<\/a><\/li>\n<li><a href=\"https:\/\/www.aclanester56.com\/velo\/premiere-course-premier-podium-leonie-loussouarn\/\">Premi\u00e8re course et premier podium pour L\u00e9onie Loussouarn !<\/a><\/li>\n<li><a href=\"https:\/\/www.aclanester56.com\/velo\/maeva-corlay-baron-vice-championne-morbihan-cadette\/\">Ma\u00ebva Corlay Le Baron vice-championne du Morbihan !<\/a><\/li>\n<li><a href=\"https:\/\/www.aclanester56.com\/velo\/retour-images-championnat-de-bretagne-clmequipe\/\">Retour en images sur le championnat de Bretagne CLM\/Equipe Cadets et Juniors<\/a><\/li>\n<li><a href=\"https:\/\/www.aclanester56.com\/velo\/resutats-week-end-8-mai\/\">Les r\u00e9sutats du week-end du 8 mai<\/a><\/li>\n<li><a href=\"https:\/\/www.aclanester56.com\/velo\/rendez-67-8-mai\/\">Les rendez-vous des 6, 7 et 8 mai<\/a><\/li>\n<li><a href=\"https:\/\/www.aclanester56.com\/velo\/lac-lanester-56-5eme-trophee-56-ecoles-de-cyclisme\/\">L'AC Lanester 56 5\u00e8me du Troph\u00e9e 56 des Ecoles de Cyclisme !<\/a><\/li>\n<li><a href=\"https:\/\/www.aclanester56.com\/velo\/resultats-29-30-avril-1-er-mai\/\">R\u00e9sultats du 29 & 30 Avril et 1 er Mai<\/a><\/li>\n\n\t\t\t<\/ul>\n\t\t<\/div>\n\t\t<div class=\"pane\">\n\t\t\t<h2 class=\"month-heading\">juin 2017 <span class=\"month-archive-link\">( <a href=\"https:\/\/www.aclanester56.com\/velo\/2017\/06\/\">Voir la page d&rsquo;archive compl&egrave;te<\/a> )<\/span><\/h2>\n\t\t\t<ul class=\"archive-list\">\n\t\t\t\t<li><a href=\"https:\/\/www.aclanester56.com\/velo\/grand-prix-cycliste-de-la-ville-de-lanester-2017-classement\/\">Grand Prix Cycliste de la Ville de Lanester 2017 : classement<\/a><\/li>\n<li><a href=\"https:\/\/www.aclanester56.com\/velo\/le-26eme-grand-prix-cycliste-de-la-ville-de-lanester-sur-jaime-radio-le-lundi-26-juin-a-19h\/\">Le 26\u00e8me Grand Prix Cycliste de la Ville de Lanester sur Jaime Radio le lundi 26 Juin \u00e0 19h !<\/a><\/li>\n<li><a href=\"https:\/\/www.aclanester56.com\/velo\/j-7-26eme-grand-prix-cycliste-de-ville-de-lanester-premiers-engages\/\">J-7 avant le 26\u00e8me Grand Prix Cycliste de la Ville de Lanester : les premiers engag\u00e9s<\/a><\/li>\n<li><a href=\"https:\/\/www.aclanester56.com\/velo\/26eme-edition-grand-prix-de-ville-de-lanester-28-juin-2017\/\">26\u00e8me \u00e9dition du Grand Prix de la Ville de Lanester le 28 juin 2017 !<\/a><\/li>\n<li><a href=\"https:\/\/www.aclanester56.com\/velo\/tony-letellier-karl-chandavoine-champions-de-france-2017-piste\/\">Tony Letellier et Karl Chandavoine champions de France 2017 sur piste !<\/a><\/li>\n<li><a href=\"https:\/\/www.aclanester56.com\/velo\/2-nouveaux-podiums-cadets\/\">2 nouveaux podiums pour les cadets !<\/a><\/li>\n<li><a href=\"https:\/\/www.aclanester56.com\/velo\/lecole-de-cyclisme-a-tregunc\/\">L'\u00e9cole de cyclisme \u00e0 Tr\u00e9gunc<\/a><\/li>\n<li><a href=\"https:\/\/www.aclanester56.com\/velo\/resultats-quelques-photos-de-lecole-cyclisme\/\">Les r\u00e9sultats (et quelques  photos) de l'\u00e9cole du cyclisme<\/a><\/li>\n<li><a href=\"https:\/\/www.aclanester56.com\/velo\/26eme-grand-prix-cycliste-de-ville-de-lanester-a-laffiche\/\">Le 26\u00e8me Grand Prix Cycliste de la Ville de Lanester \u00e0 l'affiche !<\/a><\/li>\n<li><a href=\"https:\/\/www.aclanester56.com\/velo\/karl-chandavoine-qualifie-championnat-monde-masters-de-clm\/\">Karl Chandavoine qualifi\u00e9 pour le championnat du monde Masters de CLM<\/a><\/li>\n<li><a href=\"https:\/\/www.aclanester56.com\/velo\/lac-lanester-56-trophee-regional-ecoles-de-cyclisme-a-carhaix\/\">L'AC Lanester 56 sur le Troph\u00e9e R\u00e9gional des Ecoles de Cyclisme \u00e0 Carhaix<\/a><\/li>\n<li><a href=\"https:\/\/www.aclanester56.com\/velo\/prix-de-kerjules-a-redene-dimanche-4-juin-2017\/\">Prix de Kerjules \u00e0 R\u00e9d\u00e9n\u00e9 le dimanche  4 juin 2017<\/a><\/li>\n\n\t\t\t<\/ul>\n\t\t<\/div>\n\t\t<div class=\"pane\">\n\t\t\t<h2 class=\"month-heading\">juillet 2017 <span class=\"month-archive-link\">( <a href=\"https:\/\/www.aclanester56.com\/velo\/2017\/07\/\">Voir la page d&rsquo;archive compl&egrave;te<\/a> )<\/span><\/h2>\n\t\t\t<ul class=\"archive-list\">\n\t\t\t\t<li><a href=\"https:\/\/www.aclanester56.com\/velo\/freres-cadoret-a-lhonneur-a-chapelle-erdre\/\">Les fr\u00e8res Cadoret a l'honneur \u00e0 La Chapelle sur Erdre !<\/a><\/li>\n<li><a href=\"https:\/\/www.aclanester56.com\/velo\/resultats-23-juillet-2017\/\">R\u00e9sultats du 23 Juillet 2017<\/a><\/li>\n<li><a href=\"https:\/\/www.aclanester56.com\/velo\/retour-1ere-victoire-dewen-chenadec\/\">Retour sur la 1\u00e8re victoire d'Ewen Le Chenadec !<\/a><\/li>\n<li><a href=\"https:\/\/www.aclanester56.com\/velo\/resultats-13-16-juillet-2017\/\">R\u00e9sultats du 13 au 16 juillet 2017<\/a><\/li>\n<li><a href=\"https:\/\/www.aclanester56.com\/velo\/allez-wawa\/\">Allez Wawa !<\/a><\/li>\n<li><a href=\"https:\/\/www.aclanester56.com\/velo\/retour-images-grand-prix-cycliste-de-ville-de-lanester-2017\/\">Retour en images sur le Grand Prix Cycliste de la Ville de Lanester 2017 !<\/a><\/li>\n<li><a href=\"https:\/\/www.aclanester56.com\/velo\/resultats-7-8-9-juillet-2017\/\">R\u00e9sultats 7 8 et 9 juillet 2017<\/a><\/li>\n<li><a href=\"https:\/\/www.aclanester56.com\/velo\/pluneret-2-juillet-victoire-de-hugo-bail\/\">Pluneret le 2 juillet : Victoire de Hugo Le Bail  !<\/a><\/li>\n\n\t\t\t<\/ul>\n\t\t<\/div>\n\t\t<div class=\"pane\">\n\t\t\t<h2 class=\"month-heading\">ao&ucirc;t 2017 <span class=\"month-archive-link\">( <a href=\"https:\/\/www.aclanester56.com\/velo\/2017\/08\/\">Voir la page d&rsquo;archive compl&egrave;te<\/a> )<\/span><\/h2>\n\t\t\t<ul class=\"archive-list\">\n\t\t\t\t<li><a href=\"https:\/\/www.aclanester56.com\/velo\/5-juniors-lanesteriens-selection-departementale-gp-de-plouay\/\">5 Juniors lanest\u00e9riens en s\u00e9lection d\u00e9partementale sur le GP de Plouay !<\/a><\/li>\n<li><a href=\"https:\/\/www.aclanester56.com\/velo\/resultats-2526-27-aout-2017\/\">R\u00e9sultats du 25,26 & 27 Aout 2017<\/a><\/li>\n<li><a href=\"https:\/\/www.aclanester56.com\/velo\/lac-lanester-56-aux-6-heures-de-manehouarne-a-plouay\/\">L'AC Lanester 56 aux 6 Heures de Man\u00e9houarne \u00e0 Plouay !<\/a><\/li>\n<li><a href=\"https:\/\/www.aclanester56.com\/velo\/resultats-19-20-aout-2017\/\">R\u00e9sultats du 19 & 20 Ao\u00fbt 2017<\/a><\/li>\n<li><a href=\"https:\/\/www.aclanester56.com\/velo\/celestin-cadoret-pres-de-victoire-a-guehenno\/\">C\u00e9lestin Cadoret tout pr\u00e8s de la victoire \u00e0 Gu\u00e9henno !<\/a><\/li>\n<li><a href=\"https:\/\/www.aclanester56.com\/velo\/retour-images-coupe-conseil-general-56-piste-a-plouay\/\">Retour en images sur la Coupe du Conseil G\u00e9n\u00e9ral 56 sur piste \u00e0 Plouay !<\/a><\/li>\n<li><a href=\"https:\/\/www.aclanester56.com\/velo\/carnet-rose-4\/\">Carnet rose<\/a><\/li>\n<li><a href=\"https:\/\/www.aclanester56.com\/velo\/resultats-45-6-aout-2017\/\">R\u00e9sultats 4,5 et 6 Aout 2017<\/a><\/li>\n<li><a href=\"https:\/\/www.aclanester56.com\/velo\/a-velo-tony-letellier-garde-esprit-de-combattant-article-ouest-france\/\">\u00c0 v\u00e9lo, Tony Letellier garde son esprit de combattant (Article Ouest-France)<\/a><\/li>\n<li><a href=\"https:\/\/www.aclanester56.com\/velo\/resultats-29-30-juillet-2017\/\">R\u00e9sultats 29 & 30 Juillet 2017<\/a><\/li>\n\n\t\t\t<\/ul>\n\t\t<\/div>\n\t\t<div class=\"pane\">\n\t\t\t<h2 class=\"month-heading\">septembre 2017 <span class=\"month-archive-link\">( <a href=\"https:\/\/www.aclanester56.com\/velo\/2017\/09\/\">Voir la page d&rsquo;archive compl&egrave;te<\/a> )<\/span><\/h2>\n\t\t\t<ul class=\"archive-list\">\n\t\t\t\t<li><a href=\"https:\/\/www.aclanester56.com\/velo\/paire-charles-crombrendan-cam-3eme-duo-de-rostrenen\/\">La paire Charles Le Crom\/Brendan Le Cam 3\u00e8me du Duo de Rostrenen !<\/a><\/li>\n<li><a href=\"https:\/\/www.aclanester56.com\/velo\/rodolphe-henry-rejoint-lencadrement-de-lac-lanester-56\/\">Rodolphe Henry rejoint l'encadrement de l'AC Lanester 56 !<\/a><\/li>\n<li><a href=\"https:\/\/www.aclanester56.com\/velo\/lac-lanester-56-prepare-deja-saison-2018\/\">L'AC Lanester 56 pr\u00e9pare la saison 2018 !<\/a><\/li>\n<li><a href=\"https:\/\/www.aclanester56.com\/velo\/jeunes-lanesteriens-a-belle-ile-mer\/\">Les jeunes Lanest\u00e9riens \u00e0 Belle-Ile-en-Mer !<\/a><\/li>\n<li><a href=\"https:\/\/www.aclanester56.com\/velo\/meddy-josso-2eme-a-plumeliau\/\">Meddy Josso 2\u00e8me \u00e0 Plum\u00e9liau<\/a><\/li>\n<li><a href=\"https:\/\/www.aclanester56.com\/velo\/resultats-9-10-septembre-2017\/\">R\u00e9sultats 9 & 10 Septembre 2017<\/a><\/li>\n<li><a href=\"https:\/\/www.aclanester56.com\/velo\/tour-morbihan-juniors-brendan-cam-2eme\/\">Tour du Morbihan Juniors : Brendan Le Cam 2\u00e8me !<\/a><\/li>\n<li><a href=\"https:\/\/www.aclanester56.com\/velo\/portes-ouvertes-inscriptions-20172018-a-lac-lanester-56\/\">Portes ouvertes et inscriptions 2017\/2018 \u00e0 l'AC Lanester 56<\/a><\/li>\n<li><a href=\"https:\/\/www.aclanester56.com\/velo\/les-freres-chandavoine-23eme-et-35eme-du-championnat-du-monde-master-de-clm\/\">Les fr\u00e8res Chandavoine 23\u00e8me et 35\u00e8me du championnat du monde Master de CLM !<\/a><\/li>\n\n\t\t\t<\/ul>\n\t\t<\/div>\n\t\t<div class=\"pane\">\n\t\t\t<h2 class=\"month-heading\">octobre 2017 <span class=\"month-archive-link\">( <a href=\"https:\/\/www.aclanester56.com\/velo\/2017\/10\/\">Voir la page d&rsquo;archive compl&egrave;te<\/a> )<\/span><\/h2>\n\t\t\t<ul class=\"archive-list\">\n\t\t\t\t<li><a href=\"https:\/\/www.aclanester56.com\/velo\/presse-cyclisme-belle-annee-routes\/\">Presse : Cyclisme. Une belle ann\u00e9e sur les routes<\/a><\/li>\n<li><a href=\"https:\/\/www.aclanester56.com\/velo\/assemblee-generale-2017-de-lac-lanester-56-voyants-beau-fixe-projets-davenir\/\">Assembl\u00e9e g\u00e9n\u00e9rale 2017 de l'AC Lanester 56 : des voyants au beau fixe et des projets d'avenir !<\/a><\/li>\n<li><a href=\"https:\/\/www.aclanester56.com\/velo\/championnat-de-bretagne-2017-clm-a-pommeret-karl-chandavoine-champion\/\">Championnat de Bretagne 2017 CLM \u00e0 Pommeret : Karl Chandavoine champion !<\/a><\/li>\n\n\t\t\t<\/ul>\n\t\t<\/div>\n\t\t<div class=\"pane\">\n\t\t\t<h2 class=\"month-heading\">novembre 2017 <span class=\"month-archive-link\">( <a href=\"https:\/\/www.aclanester56.com\/velo\/2017\/11\/\">Voir la page d&rsquo;archive compl&egrave;te<\/a> )<\/span><\/h2>\n\t\t\t<ul class=\"archive-list\">\n\t\t\t\t<li><a href=\"https:\/\/www.aclanester56.com\/velo\/carnet-rose-5\/\">Carnet rose<\/a><\/li>\n<li><a href=\"https:\/\/www.aclanester56.com\/velo\/anniversaires-a-souhaiter-novembre\/\">Les anniversaires \u00e0 souhaiter en novembre !<\/a><\/li>\n\n\t\t\t<\/ul>\n\t\t<\/div>\n\t\t<div class=\"pane\">\n\t\t\t<h2 class=\"month-heading\">d&eacute;cembre 2017 <span class=\"month-archive-link\">( <a href=\"https:\/\/www.aclanester56.com\/velo\/2017\/12\/\">Voir la page d&rsquo;archive compl&egrave;te<\/a> )<\/span><\/h2>\n\t\t\t<ul class=\"archive-list\">\n\t\t\t\t<li><a href=\"https:\/\/www.aclanester56.com\/velo\/bonnes-fetes-de-fin-dannee\/\">Bonnes f\u00eates de fin d'ann\u00e9e !<\/a><\/li>\n<li><a href=\"https:\/\/www.aclanester56.com\/velo\/lac-lanester-56-distingue-aux-brassards-credit-agricole-56-2017\/\">L'AC Lanester 56 distingu\u00e9 aux Brassards du Cr\u00e9dit Agricole 56 2017<\/a><\/li>\n<li><a href=\"https:\/\/www.aclanester56.com\/velo\/dates-samedis-pop-2018\/\">Les dates des Samedis Pop' 2018 !<\/a><\/li>\n<li><a href=\"https:\/\/www.aclanester56.com\/velo\/exit-samedis-decouverte-de-piste-2018-on-appellera-samedis-pop\/\">Exit les Samedis D\u00e9couverte de la Piste, en 2018 on les appellera \"Samedis Pop'\" !<\/a><\/li>\n<li><a href=\"https:\/\/www.aclanester56.com\/velo\/juniors-espoirs-stage-2\/\">Les Juniors\/Espoirs en stage<\/a><\/li>\n<li><a href=\"https:\/\/www.aclanester56.com\/velo\/feminines-cadets-stage-2\/\">Les f\u00e9minines et les cadets en stage<\/a><\/li>\n<li><a href=\"https:\/\/www.aclanester56.com\/velo\/anniversaires-a-souhaiter-decembre\/\">Les anniversaires \u00e0 souhaiter en d\u00e9cembre !<\/a><\/li>\n\n\t\t\t<\/ul>\n\t\t<\/div>\n\t<\/div>\n\t<div class=\"pane\">\n\t\t<ul id=\"month-list-2018\" class=\"tabs month-list\">\n\t\t\t<li>\t<a  href=\"https:\/\/www.aclanester56.com\/velo\/2018\/01\/\">Jan<\/a>\t<\/li><li>\t<a  href=\"https:\/\/www.aclanester56.com\/velo\/2018\/02\/\">F&eacute;v<\/a>\t<\/li><li>\t<a  href=\"https:\/\/www.aclanester56.com\/velo\/2018\/03\/\">Mar<\/a>\t<\/li><li>\t<a  href=\"https:\/\/www.aclanester56.com\/velo\/2018\/04\/\">Avr<\/a>\t<\/li><li>\t<a  href=\"https:\/\/www.aclanester56.com\/velo\/2018\/05\/\">Mai<\/a>\t<\/li><li>\t<a  href=\"https:\/\/www.aclanester56.com\/velo\/2018\/06\/\">Juin<\/a>\t<\/li><li>\t<a  href=\"https:\/\/www.aclanester56.com\/velo\/2018\/07\/\">Juil<\/a>\t<\/li><li>\t<a  href=\"https:\/\/www.aclanester56.com\/velo\/2018\/08\/\">Ao&ucirc;t<\/a>\t<\/li><li>\t<a  href=\"https:\/\/www.aclanester56.com\/velo\/2018\/09\/\">Sep<\/a>\t<\/li><li>\t<a  href=\"https:\/\/www.aclanester56.com\/velo\/2018\/10\/\">Oct<\/a>\t<\/li><li>\t<a  href=\"https:\/\/www.aclanester56.com\/velo\/2018\/11\/\">Nov<\/a>\t<\/li><li>\t<a  href=\"https:\/\/www.aclanester56.com\/velo\/2018\/12\/\">D&eacute;c<\/a>\t<\/li>\n\t\t<\/ul>\n\t\t<div class=\"pane\">\n\t\t\t<h2 class=\"month-heading\">janvier 2018 <span class=\"month-archive-link\">( <a href=\"https:\/\/www.aclanester56.com\/velo\/2018\/01\/\">Voir la page d&rsquo;archive compl&egrave;te<\/a> )<\/span><\/h2>\n\t\t\t<ul class=\"archive-list\">\n\t\t\t\t<li><a href=\"https:\/\/www.aclanester56.com\/velo\/report-de-2eme-manche-samedis-pop-2018\/\">Report de la 2\u00e8me manche des Samedis Pop' 2018<\/a><\/li>\n<li><a href=\"https:\/\/www.aclanester56.com\/velo\/nouveaute-maillots-de-leader-samedis-pop\/\">Nouveaut\u00e9 : des maillots de leader sur les Samedis Pop' !<\/a><\/li>\n<li><a href=\"https:\/\/www.aclanester56.com\/velo\/photos-de-1ere-manche-samedis-pop-2018\/\">Les photos de la 1\u00e8re manche des Samedis Pop' 2018 !<\/a><\/li>\n<li><a href=\"https:\/\/www.aclanester56.com\/velo\/1ere-manche-samedis-pop-2018-classements\/\">1\u00e8re Manche des Samedis Pop' 2018 : les classements !<\/a><\/li>\n<li><a href=\"https:\/\/www.aclanester56.com\/velo\/rendez-de-saison-2018\/\">Les rendez-vous de la saison 2018 !<\/a><\/li>\n<li><a href=\"https:\/\/www.aclanester56.com\/velo\/anniversaires-a-souhaiter-janvier\/\">Les anniversaires \u00e0 souhaiter en Janvier !<\/a><\/li>\n<li><a href=\"https:\/\/www.aclanester56.com\/velo\/bonne-annee-2018\/\">Bonne ann\u00e9e 2018<\/a><\/li>\n\n\t\t\t<\/ul>\n\t\t<\/div>\n\t\t<div class=\"pane\">\n\t\t\t<h2 class=\"month-heading\">f&eacute;vrier 2018 <span class=\"month-archive-link\">( <a href=\"https:\/\/www.aclanester56.com\/velo\/2018\/02\/\">Voir la page d&rsquo;archive compl&egrave;te<\/a> )<\/span><\/h2>\n\t\t\t<ul class=\"archive-list\">\n\t\t\t\t<li><a href=\"https:\/\/www.aclanester56.com\/velo\/resultats-week-end-24-25-fevrier-2018\/\">R\u00e9sultats du week-end du 24 et 25 f\u00e9vrier 2018<\/a><\/li>\n<li><a href=\"https:\/\/www.aclanester56.com\/velo\/seront-nos-coureurs-week-end-25-fevrier-2018\/\">O\u00f9 seront nos coureurs le week-end du 25 f\u00e9vrier 2018 ?<\/a><\/li>\n<li><a href=\"https:\/\/www.aclanester56.com\/velo\/photos-de-finale-samedis-pop-2018\/\">Les photos de la finale des Samedis Pop\u2019 2018 !<\/a><\/li>\n<li><a href=\"https:\/\/www.aclanester56.com\/velo\/finale-samedis-pop-2018-classements\/\">Finale des Samedis Pop\u2019 2018 : tous les classements !<\/a><\/li>\n<li><a href=\"https:\/\/www.aclanester56.com\/velo\/aujourdhui-finale-samedis-pop-2018-a-lanester\/\">Aujourd'hui, finale des Samedis Pop' 2018 \u00e0 Lanester<\/a><\/li>\n<li><a href=\"https:\/\/www.aclanester56.com\/velo\/j-1-finale-samedis-pop-2018\/\">J-1 avant la finale des Samedis Pop' 2018 !<\/a><\/li>\n<li><a href=\"https:\/\/www.aclanester56.com\/velo\/report-de-finale-samedis-pop-2018\/\">Report de la finale des Samedis Pop' 2018<\/a><\/li>\n<li><a href=\"https:\/\/www.aclanester56.com\/velo\/photos-de-2eme-manche-samedis-pop-2018\/\">Les photos de la 2\u00e8me manche des Samedis Pop' 2018 !<\/a><\/li>\n<li><a href=\"https:\/\/www.aclanester56.com\/velo\/2eme-manche-des-samedis-pop-2018-les-classements\/\">2\u00e8me manche des Samedis Pop' 2018 : les classements !<\/a><\/li>\n<li><a href=\"https:\/\/www.aclanester56.com\/velo\/anniversaires-a-souhaiter-fevrier\/\">Les anniversaires \u00e0 souhaiter en F\u00e9vrier !<\/a><\/li>\n\n\t\t\t<\/ul>\n\t\t<\/div>\n\t\t<div class=\"pane\">\n\t\t\t<h2 class=\"month-heading\">mars 2018 <span class=\"month-archive-link\">( <a href=\"https:\/\/www.aclanester56.com\/velo\/2018\/03\/\">Voir la page d&rsquo;archive compl&egrave;te<\/a> )<\/span><\/h2>\n\t\t\t<ul class=\"archive-list\">\n\t\t\t\t<li><a href=\"https:\/\/www.aclanester56.com\/velo\/lequipe-juniors-de-lac-lanester-56-sur-le-1er-tour-de-pontivy-communaute\/\">L\u2019\u00e9quipe Juniors de l\u2019AC Lanester 56 sur le 1er Tour de Pontivy Communaut\u00e9<\/a><\/li>\n<li><a href=\"https:\/\/www.aclanester56.com\/velo\/seront-nos-coureurs-week-end-de-paques-2018\/\">O\u00f9 seront nos coureurs le week-end de P\u00e2ques 2018 ?<\/a><\/li>\n<li><a href=\"https:\/\/www.aclanester56.com\/velo\/le-6eme-circuit-des-jeunes-a-laffiche\/\">Le 6\u00e8me Circuit des Jeunes \u00e0 l'affiche !<\/a><\/li>\n<li><a href=\"https:\/\/www.aclanester56.com\/velo\/resultats-du-week-end-du-24-et-25-mars-2018\/\">R\u00e9sultats du week-end du 24 et 25 mars 2018<\/a><\/li>\n<li><a href=\"https:\/\/www.aclanester56.com\/velo\/lequipe-juniors-de-lac-lanester-56-sur-la-penn-ar-bed-2018\/\">L\u2019\u00e9quipe Juniors de l\u2019AC Lanester 56 sur la Penn-ar-Bed 2018<\/a><\/li>\n<li><a href=\"https:\/\/www.aclanester56.com\/velo\/seront-nos-coureurs-week-end-24-25-mars-2018\/\">O\u00f9 seront nos coureurs le week-end du 24 et 25 mars 2018 ?<\/a><\/li>\n<li><a href=\"https:\/\/www.aclanester56.com\/velo\/resultats-week-end-17-18-mars-2018\/\">R\u00e9sultats du week-end du 17 et 18 mars 2018<\/a><\/li>\n<li><a href=\"https:\/\/www.aclanester56.com\/velo\/lequipe-juniors-de-lac-lanester-56-ronde-printemps-2018\/\">L\u2019\u00e9quipe Juniors de l\u2019AC Lanester 56 sur la Ronde du Printemps 2018<\/a><\/li>\n<li><a href=\"https:\/\/www.aclanester56.com\/velo\/lequipe-feminine-de-lac-lanester-56-1ere-manche-de-route-de-louest-2018\/\">L\u2019\u00e9quipe F\u00e9minine de l\u2019AC Lanester 56 sur la 1\u00e8re manche de la Route de l'Ouest 2018<\/a><\/li>\n<li><a href=\"https:\/\/www.aclanester56.com\/velo\/seront-nos-coureurs-week-end-17-18-mars-2018\/\">O\u00f9 seront nos coureurs le week-end du 17 et 18 mars 2018 ?<\/a><\/li>\n<li><a href=\"https:\/\/www.aclanester56.com\/velo\/resultats-week-end-10-11-mars-2018\/\">R\u00e9sultats du week-end du 10 et 11 mars 2018<\/a><\/li>\n<li><a href=\"https:\/\/www.aclanester56.com\/velo\/lequipe-feminine-de-lac-lanester-56-stage\/\">L'\u00e9quipe F\u00e9minine de l'AC Lanester 56 en stage<\/a><\/li>\n<li><a href=\"https:\/\/www.aclanester56.com\/velo\/lequipe-juniors-de-lac-lanester-56-trophee-louison-bobet-2018\/\">L'\u00e9quipe Juniors de l'AC Lanester 56 sur le Troph\u00e9e Louison Bobet 2018<\/a><\/li>\n<li><a href=\"https:\/\/www.aclanester56.com\/velo\/seront-nos-coureurs-week-end-10-11-mars-2018\/\">O\u00f9 seront nos coureurs le week-end du 10 et 11 mars 2018 ?<\/a><\/li>\n<li><a href=\"https:\/\/www.aclanester56.com\/velo\/resultats-week-end-3-4-mars-2018\/\">R\u00e9sultats du week-end du 3 et 4 mars 2018<\/a><\/li>\n<li><a href=\"https:\/\/www.aclanester56.com\/velo\/seront-nos-coureurs-week-end-3-4-mars-2018\/\">O\u00f9 seront nos coureurs le week-end du 3 et 4 mars 2018 ?<\/a><\/li>\n<li><a href=\"https:\/\/www.aclanester56.com\/velo\/anniversaires-a-souhaiter-mars\/\">Les anniversaires \u00e0 souhaiter en Mars !<\/a><\/li>\n\n\t\t\t<\/ul>\n\t\t<\/div>\n\t\t<div class=\"pane\">\n\t\t\t<h2 class=\"month-heading\">avril 2018 <span class=\"month-archive-link\">( <a href=\"https:\/\/www.aclanester56.com\/velo\/2018\/04\/\">Voir la page d&rsquo;archive compl&egrave;te<\/a> )<\/span><\/h2>\n\t\t\t<ul class=\"archive-list\">\n\t\t\t\t<li><a href=\"https:\/\/www.aclanester56.com\/velo\/lecole-de-cyclisme-de-lac-lanester-56-sur-le-trophee-departemental-des-ecoles-de-velo-2018\/\">L\u2019Ecole de cyclisme de l'AC Lanester 56 sur le Troph\u00e9e D\u00e9partemental des Ecoles de v\u00e9lo 2018<\/a><\/li>\n<li><a href=\"https:\/\/www.aclanester56.com\/velo\/ou-seront-nos-coureurs-le-week-end-du-28-et-29-avril-2018\/\">O\u00f9 seront nos coureurs le week-end du 28 et 29 avril 2018 ?<\/a><\/li>\n<li><a href=\"https:\/\/www.aclanester56.com\/velo\/6eme-circuit-des-jeunes-remerciements\/\">6\u00e8me Circuit des Jeunes - Remerciements<\/a><\/li>\n<li><a href=\"https:\/\/www.aclanester56.com\/velo\/resultats-du-week-end-du-22-avril-2018\/\">R\u00e9sultats du week-end du 22 avril 2018<\/a><\/li>\n<li><a href=\"https:\/\/www.aclanester56.com\/velo\/6eme-circuit-des-jeunes-a-lanester-tous-les-classements\/\">6\u00e8me Circuit des Jeunes \u00e0 Lanester : Tous les classements !<\/a><\/li>\n<li><a href=\"https:\/\/www.aclanester56.com\/velo\/6eme-circuit-des-jeunes-j-1\/\">Demain, le 6\u00e8me Circuit des Jeunes \u00e0 Lanester<\/a><\/li>\n<li><a href=\"https:\/\/www.aclanester56.com\/velo\/6eme-circuit-des-jeunes-a-lanester-les-horaires-des-epreuves\/\">6\u00e8me Circuit des Jeunes \u00e0 Lanester : les horaires des \u00e9preuves<\/a><\/li>\n<li><a href=\"https:\/\/www.aclanester56.com\/velo\/circuit-des-jeunes-le-22-avril-2018-sport-jeunesse-et-patrimoine-a-lanester\/\">Circuit des Jeunes le 22 avril 2018 : Sport, jeunesse et patrimoine \u00e0 Lanester !<\/a><\/li>\n<li><a href=\"https:\/\/www.aclanester56.com\/velo\/resultats-du-week-end-du-15-avril-2018\/\">R\u00e9sultats du week-end du 15 avril 2018<\/a><\/li>\n<li><a href=\"https:\/\/www.aclanester56.com\/velo\/le-6eme-circuit-des-jeunes-cest-deja-dans-une-semaine\/\">Le 6\u00e8me Circuit des Jeunes, c'est d\u00e9j\u00e0 dans une semaine !<\/a><\/li>\n<li><a href=\"https:\/\/www.aclanester56.com\/velo\/lequipe-feminine-de-lac-lanester-56-sur-la-2eme-manche-de-la-route-de-louest-2018\/\">L\u2019\u00e9quipe F\u00e9minine de l\u2019AC Lanester 56 sur la 2\u00e8me manche de la Route de l'Ouest 2018<\/a><\/li>\n<li><a href=\"https:\/\/www.aclanester56.com\/velo\/ou-seront-nos-coureurs-le-week-end-du-15-avril-2018\/\">O\u00f9 seront nos coureurs le week-end du 15 avril 2018 ?<\/a><\/li>\n<li><a href=\"https:\/\/www.aclanester56.com\/velo\/j-10-avant-le-6eme-circuit-des-jeunes-a-lanester\/\">J-10 avant le 6\u00e8me Circuit des Jeunes \u00e0 Lanester !<\/a><\/li>\n<li><a href=\"https:\/\/www.aclanester56.com\/velo\/resultats-du-week-end-du-8-avril-2018\/\">R\u00e9sultats du week-end du 8 avril 2018<\/a><\/li>\n<li><a href=\"https:\/\/www.aclanester56.com\/velo\/les-juniors-lanesteriens-sur-le-tour-de-leure-2018\/\">Les juniors lanest\u00e9riens sur le Tour de l'Eure 2018<\/a><\/li>\n<li><a href=\"https:\/\/www.aclanester56.com\/velo\/ou-seront-nos-coureurs-le-week-end-du-8-avril-2018\/\">O\u00f9 seront nos coureurs le week-end du 8 avril 2018 ?<\/a><\/li>\n<li><a href=\"https:\/\/www.aclanester56.com\/velo\/circuit-des-jeunes-le-22-avril-les-inscriptions-sont-ouvertes\/\">Circuit des Jeunes le 22 avril : Les inscriptions sont ouvertes !<\/a><\/li>\n<li><a href=\"https:\/\/www.aclanester56.com\/velo\/resultats-du-week-end-de-paques-2018\/\">R\u00e9sultats du week-end de P\u00e2ques 2018<\/a><\/li>\n<li><a href=\"https:\/\/www.aclanester56.com\/velo\/les-anniversaires-a-souhaiter-en-avril\/\">Les anniversaires \u00e0 souhaiter en Avril !<\/a><\/li>\n\n\t\t\t<\/ul>\n\t\t<\/div>\n\t\t<div class=\"pane\">\n\t\t\t<h2 class=\"month-heading\">mai 2018 <span class=\"month-archive-link\">( <a href=\"https:\/\/www.aclanester56.com\/velo\/2018\/05\/\">Voir la page d&rsquo;archive compl&egrave;te<\/a> )<\/span><\/h2>\n\t\t\t<ul class=\"archive-list\">\n\t\t\t\t<li><a href=\"https:\/\/www.aclanester56.com\/velo\/resultats-du-week-end-du-26-et-27-mai-2018\/\">R\u00e9sultats du week-end du 26 et 27 mai 2018<\/a><\/li>\n<li><a href=\"https:\/\/www.aclanester56.com\/velo\/ou-seront-nos-coureurs-le-week-end-du-27-mai-2018\/\">O\u00f9 seront nos coureurs le week-end du 27 mai 2018 ?<\/a><\/li>\n<li><a href=\"https:\/\/www.aclanester56.com\/velo\/lecole-de-cyclisme-de-lac-lanester-56-sur-le-trophee-regional-des-ecoles-de-velo-2018\/\">L\u2019Ecole de cyclisme de l'AC Lanester 56 sur le Troph\u00e9e R\u00e9gional des Ecoles de v\u00e9lo 2018<\/a><\/li>\n<li><a href=\"https:\/\/www.aclanester56.com\/velo\/a-la-rencontre-de-warren-et-des-professionnels-de-lequipe-fortuneo-samsic\/\">A la rencontre de Warren et des professionnels de l'\u00e9quipe Fortun\u00e9o-Samsic...<\/a><\/li>\n<li><a href=\"https:\/\/www.aclanester56.com\/velo\/resultats-du-week-end-de-la-pentecote-2018\/\">R\u00e9sultats du week-end de la Pentec\u00f4te 2018<\/a><\/li>\n<li><a href=\"https:\/\/www.aclanester56.com\/velo\/ou-seront-nos-coureurs-le-week-end-du-20-mai-2018\/\">O\u00f9 seront nos coureurs le week-end du 20 mai 2018 ?<\/a><\/li>\n<li><a href=\"https:\/\/www.aclanester56.com\/velo\/resultats-du-week-end-du-13-mai-2018\/\">R\u00e9sultats du week-end du 13 mai 2018<\/a><\/li>\n<li><a href=\"https:\/\/www.aclanester56.com\/velo\/lequipe-juniors-de-lac-lanester-56-sur-le-tour-du-coglais\/\">L\u2019\u00e9quipe Juniors de l\u2019AC Lanester 56 sur le Tour du Coglais<\/a><\/li>\n<li><a href=\"https:\/\/www.aclanester56.com\/velo\/lequipe-feminine-de-lac-lanester-56-sur-la-2eme-manche-de-la-coupe-de-france-feminine-2018\/\">L\u2019\u00e9quipe F\u00e9minine de l\u2019AC Lanester 56 sur la 2\u00e8me manche de la Coupe de France F\u00e9minine 2018<\/a><\/li>\n<li><a href=\"https:\/\/www.aclanester56.com\/velo\/ou-seront-nos-coureurs-le-week-end-du-13-mai-2018\/\">O\u00f9 seront nos coureurs le week-end du 13 mai 2018 ?<\/a><\/li>\n<li><a href=\"https:\/\/www.aclanester56.com\/velo\/resultats-de-la-semaine-de-lascension-2018\/\">R\u00e9sultats de la semaine de l'Ascension 2018<\/a><\/li>\n<li><a href=\"https:\/\/www.aclanester56.com\/velo\/podium-regional-pour-les-cadettes-de-lac-lanester-56\/\">Podium r\u00e9gional pour les Cadettes de l'AC Lanester 56 !<\/a><\/li>\n<li><a href=\"https:\/\/www.aclanester56.com\/velo\/lequipe-juniors-de-lac-lanester-56-sur-le-championnat-de-bretagne-clm-equipe\/\">L\u2019\u00e9quipe Juniors de l\u2019AC Lanester 56 sur le championnat de Bretagne CLM\/Equipe<\/a><\/li>\n<li><a href=\"https:\/\/www.aclanester56.com\/velo\/lequipe-feminine-cadettes-de-lac-lanester-56-sur-le-championnat-de-bretagne-clm-equipe\/\">L\u2019\u00e9quipe F\u00e9minine Cadettes de l\u2019AC Lanester 56 sur le championnat de Bretagne CLM\/Equipe<\/a><\/li>\n<li><a href=\"https:\/\/www.aclanester56.com\/velo\/ou-seront-nos-coureurs-le-week-end-du-6-mai-2018\/\">O\u00f9 seront nos coureurs le week-end du 6 mai 2018 ?<\/a><\/li>\n<li><a href=\"https:\/\/www.aclanester56.com\/velo\/classement-national-ffc-provisoire-au-15-avril-2018\/\">Classement national FFC provisoire au 15 avril 2018<\/a><\/li>\n<li><a href=\"https:\/\/www.aclanester56.com\/velo\/lecole-de-cyclisme-de-lac-lanester-56-qualifiee-pour-le-championnat-de-bretagne\/\">L'Ecole de cyclisme de l'AC Lanester 56 qualifi\u00e9e pour le championnat de Bretagne !<\/a><\/li>\n<li><a href=\"https:\/\/www.aclanester56.com\/velo\/resultats-du-week-end-du-1er-mai-2018\/\">R\u00e9sultats du week-end du 1er mai 2018<\/a><\/li>\n<li><a href=\"https:\/\/www.aclanester56.com\/velo\/les-anniversaires-a-souhaiter-en-mai\/\">Les anniversaires \u00e0 souhaiter en Mai !<\/a><\/li>\n\n\t\t\t<\/ul>\n\t\t<\/div>\n\t\t<div class=\"pane\">\n\t\t\t<h2 class=\"month-heading\">juin 2018 <span class=\"month-archive-link\">( <a href=\"https:\/\/www.aclanester56.com\/velo\/2018\/06\/\">Voir la page d&rsquo;archive compl&egrave;te<\/a> )<\/span><\/h2>\n\t\t\t<ul class=\"archive-list\">\n\t\t\t\t<li><a href=\"https:\/\/www.aclanester56.com\/velo\/lac-lanester-56-pour-les-championnats-de-bretagne-de-lavenir-2018\/\">L\u2019AC Lanester 56 pour les championnats de Bretagne de l\u2019Avenir 2018<\/a><\/li>\n<li><a href=\"https:\/\/www.aclanester56.com\/velo\/ou-seront-nos-coureurs-le-week-end-du-1-juillet-2018\/\">O\u00f9 seront nos coureurs le week-end du 1 juillet 2018 ?<\/a><\/li>\n<li><a href=\"https:\/\/www.aclanester56.com\/velo\/decompte-le-grand-prix-cycliste-de-la-ville-de-lanester-2018\/\">Aujourd'hui, le Grand Prix Cycliste de la Ville de Lanester 2018 !<\/a><\/li>\n<li><a href=\"https:\/\/www.aclanester56.com\/velo\/resultats-du-week-end-du-23-et-24-juin-2018\/\">R\u00e9sultats du week-end du 23 et 24 Juin 2018<\/a><\/li>\n<li><a href=\"https:\/\/www.aclanester56.com\/velo\/du-beau-monde-sur-le-27eme-grand-prix-cycliste-de-la-ville-de-lanester\/\">Du beau monde sur le 27\u00e8me Grand Prix Cycliste de la Ville de Lanester !<\/a><\/li>\n<li><a href=\"https:\/\/www.aclanester56.com\/velo\/le-circuit-du-grand-prix-cycliste-de-la-ville-de-lanester\/\">Le circuit du Grand Prix Cycliste de la Ville de Lanester<\/a><\/li>\n<li><a href=\"https:\/\/www.aclanester56.com\/velo\/lac-lanester-56-pour-les-championnats-du-morbihan-de-lavenir-2018\/\">L\u2019AC Lanester 56 pour les championnats du Morbihan de l'Avenir 2018<\/a><\/li>\n<li><a href=\"https:\/\/www.aclanester56.com\/velo\/27eme-edition-du-grand-prix-de-la-ville-de-lanester-le-27-juin-2018\/\">27\u00e8me \u00e9dition du Grand Prix de la Ville de Lanester le 27 juin 2018 : Toutes les infos !<\/a><\/li>\n<li><a href=\"https:\/\/www.aclanester56.com\/velo\/lequipe-de-lac-lanester-56-pour-le-championnat-de-bretagne-2018-fond-sur-piste\/\">L\u2019\u00e9quipe de l\u2019AC Lanester 56 pour le championnat de Bretagne 2018 Fond sur Piste<\/a><\/li>\n<li><a href=\"https:\/\/www.aclanester56.com\/velo\/ou-seront-nos-coureurs-le-week-end-du-24-juin-2018\/\">O\u00f9 seront nos coureurs le week-end du 24 juin 2018 ?<\/a><\/li>\n<li><a href=\"https:\/\/www.aclanester56.com\/velo\/resultats-du-week-end-du-16-et-17-juin-2018\/\">R\u00e9sultats du week-end du 16 et 17 Juin 2018<\/a><\/li>\n<li><a href=\"https:\/\/www.aclanester56.com\/velo\/ou-seront-nos-coureurs-le-week-end-du-17-juin-2018\/\">O\u00f9 seront nos coureurs le week-end du 17 juin 2018 ?<\/a><\/li>\n<li><a href=\"https:\/\/www.aclanester56.com\/velo\/grand-prix-de-la-ville-de-lanester-les-inscriptions-sont-ouvertes\/\">Grand Prix de la Ville de Lanester 2018 : les inscriptions sont ouvertes !<\/a><\/li>\n<li><a href=\"https:\/\/www.aclanester56.com\/velo\/resultats-du-week-end-du-9-et-10-juin-2018\/\">R\u00e9sultats du week-end du 9 et 10 Juin 2018<\/a><\/li>\n<li><a href=\"https:\/\/www.aclanester56.com\/velo\/lequipe-juniors-de-lac-lanester-56-sur-le-trophee-sebaco-2018\/\">L\u2019\u00e9quipe Juniors de l\u2019AC Lanester 56 sur le Troph\u00e9e S\u00e9baco 2018<\/a><\/li>\n<li><a href=\"https:\/\/www.aclanester56.com\/velo\/lequipe-feminine-de-lac-lanester-56-sur-le-championnat-de-bretagne-2018\/\">L\u2019\u00e9quipe F\u00e9minine de l\u2019AC Lanester 56 sur le championnat de Bretagne 2018<\/a><\/li>\n<li><a href=\"https:\/\/www.aclanester56.com\/velo\/ou-seront-nos-coureurs-le-week-end-du-10-juin-2018\/\">O\u00f9 seront nos coureurs le week-end du 10 juin 2018 ?<\/a><\/li>\n<li><a href=\"https:\/\/www.aclanester56.com\/velo\/le-27eme-grand-prix-cycliste-de-la-ville-de-lanester-a-laffiche\/\">Le 27\u00e8me Grand Prix Cycliste de la Ville de Lanester \u00e0 l'affiche !<\/a><\/li>\n<li><a href=\"https:\/\/www.aclanester56.com\/velo\/resultats-du-week-end-du-2-et-3-juin-2018\/\">R\u00e9sultats du week-end du 2 et 3 Juin 2018<\/a><\/li>\n<li><a href=\"https:\/\/www.aclanester56.com\/velo\/ou-seront-nos-coureurs-le-week-end-du-3-juin-2018\/\">O\u00f9 seront nos coureurs le week-end du 3 juin 2018 ?<\/a><\/li>\n<li><a href=\"https:\/\/www.aclanester56.com\/velo\/les-anniversaires-a-souhaiter-en-juin\/\">Les anniversaires \u00e0 souhaiter en Juin !<\/a><\/li>\n\n\t\t\t<\/ul>\n\t\t<\/div>\n\t\t<div class=\"pane\">\n\t\t\t<h2 class=\"month-heading\">juillet 2018 <span class=\"month-archive-link\">( <a href=\"https:\/\/www.aclanester56.com\/velo\/2018\/07\/\">Voir la page d&rsquo;archive compl&egrave;te<\/a> )<\/span><\/h2>\n\t\t\t<ul class=\"archive-list\">\n\t\t\t\t<li><a href=\"https:\/\/www.aclanester56.com\/velo\/resultats-du-week-end-du-29-juillet-2018\/\">R\u00e9sultats du week-end du 29 juillet 2018<\/a><\/li>\n<li><a href=\"https:\/\/www.aclanester56.com\/velo\/ou-seront-nos-coureurs-le-week-end-du-29-juillet-2018\/\">O\u00f9 seront nos coureurs le week-end du 29 juillet 2018 ?<\/a><\/li>\n<li><a href=\"https:\/\/www.aclanester56.com\/velo\/resultats-du-week-end-du-22-juillet-2018\/\">R\u00e9sultats du week-end du 22 juillet 2018<\/a><\/li>\n<li><a href=\"https:\/\/www.aclanester56.com\/velo\/ou-seront-nos-coureurs-le-week-end-du-22-juillet-2018\/\">O\u00f9 seront nos coureurs le week-end du 22 juillet 2018 ?<\/a><\/li>\n<li><a href=\"https:\/\/www.aclanester56.com\/velo\/resultats-du-week-end-du-15-juillet-2018\/\">R\u00e9sultats du week-end du 15 juillet 2018<\/a><\/li>\n<li><a href=\"https:\/\/www.aclanester56.com\/velo\/ou-seront-nos-coureurs-le-week-end-du-15-juillet-2018-2\/\">O\u00f9 seront nos coureurs le week-end du 15 juillet 2018 ?<\/a><\/li>\n<li><a href=\"https:\/\/www.aclanester56.com\/velo\/lac-lanester-56-au-tour-de-france-2018-avec-ef-education-first\/\">L'AC Lanester 56 au Tour de France 2018 avec EF Education First<\/a><\/li>\n<li><a href=\"https:\/\/www.aclanester56.com\/velo\/resultats-du-week-end-du-8-juillet-2018\/\">R\u00e9sultats du week-end du 8 juillet 2018<\/a><\/li>\n<li><a href=\"https:\/\/www.aclanester56.com\/velo\/ou-seront-nos-coureurs-le-week-end-du-8-juillet-2018\/\">O\u00f9 seront nos coureurs le week-end du 8 juillet 2018 ?<\/a><\/li>\n<li><a href=\"https:\/\/www.aclanester56.com\/velo\/27eme-grand-prix-cycliste-de-la-ville-de-lanester-remerciements\/\">27\u00e8me Grand Prix Cycliste de la Ville de Lanester - Remerciements<\/a><\/li>\n<li><a href=\"https:\/\/www.aclanester56.com\/velo\/retour-en-images-sur-le-grand-prix-cycliste-de-la-ville-de-lanester-2018\/\">Retour en images sur le Grand Prix Cycliste de la Ville de Lanester 2018<\/a><\/li>\n<li><a href=\"https:\/\/www.aclanester56.com\/velo\/27eme-grand-prix-cycliste-de-la-ville-de-lanester-les-classements\/\">27\u00e8me Grand Prix Cycliste de la Ville de Lanester : le classement [MAJ]<\/a><\/li>\n<li><a href=\"https:\/\/www.aclanester56.com\/velo\/resultats-du-week-end-du-1er-juillet-2018-et-ceux-du-23-juin-qui-viennent-darriver\/\">R\u00e9sultats du week-end du 1er juillet 2018 (et ceux du 23 juin qui viennent d'arriver !)<\/a><\/li>\n<li><a href=\"https:\/\/www.aclanester56.com\/velo\/les-anniversaires-a-souhaiter-en-juillet\/\">Les anniversaires \u00e0 souhaiter en Juillet !<\/a><\/li>\n\n\t\t\t<\/ul>\n\t\t<\/div>\n\t\t<div class=\"pane\">\n\t\t\t<h2 class=\"month-heading\">ao&ucirc;t 2018 <span class=\"month-archive-link\">( <a href=\"https:\/\/www.aclanester56.com\/velo\/2018\/08\/\">Voir la page d&rsquo;archive compl&egrave;te<\/a> )<\/span><\/h2>\n\t\t\t<ul class=\"archive-list\">\n\t\t\t\t<li><a href=\"https:\/\/www.aclanester56.com\/velo\/ou-seront-nos-coureurs-le-week-end-du-2-septembre-2018\/\">O\u00f9 seront nos coureurs le week-end du 2 septembre 2018 ?<\/a><\/li>\n<li><a href=\"https:\/\/www.aclanester56.com\/velo\/les-resultats-du-week-end-du-26-aout-2018\/\">Les r\u00e9sultats du week-end du 26 ao\u00fbt 2018<\/a><\/li>\n<li><a href=\"https:\/\/www.aclanester56.com\/velo\/ou-seront-nos-coureurs-le-week-end-du-26-aout-2018\/\">O\u00f9 seront nos coureurs le week-end du 26 ao\u00fbt 2018 ?<\/a><\/li>\n<li><a href=\"https:\/\/www.aclanester56.com\/velo\/lequipe-juniors-de-lac-lanester-56-sur-le-grand-prix-de-plouay\/\">L'\u00e9quipe Juniors de l'AC Lanester 56 sur le Grand Prix de Plouay<\/a><\/li>\n<li><a href=\"https:\/\/www.aclanester56.com\/velo\/equipe-juniors-ca-bosse-le-contre-la-montre\/\">Equipe Juniors : \u00e7a bosse le contre-la-montre !<\/a><\/li>\n<li><a href=\"https:\/\/www.aclanester56.com\/velo\/clement-teisseire-sacre-champion-de-bretagne-elite-du-kilometre-sur-piste\/\">Cl\u00e9ment Teisseire sacr\u00e9 Champion de Bretagne \u00c9lite du kilom\u00e8tre sur piste !<\/a><\/li>\n<li><a href=\"https:\/\/www.aclanester56.com\/velo\/pauline-le-gourrierec-participera-au-championnat-de-bretagne-cadettes-le-jeudi-23-aout-2018\/\">Pauline Le Gourrierec participera au Championnat de France Cadettes, le jeudi 23 ao\u00fbt 2018 !<\/a><\/li>\n<li><a href=\"https:\/\/www.aclanester56.com\/velo\/les-resultats-du-week-end-du-19-aout-2018\/\">Les r\u00e9sultats du week-end du 19 ao\u00fbt 2018<\/a><\/li>\n<li><a href=\"https:\/\/www.aclanester56.com\/velo\/ou-seront-nos-coureurs-le-week-end-du-19-aout-2018\/\">O\u00f9 seront nos coureurs le week-end du 19 ao\u00fbt 2018 ?<\/a><\/li>\n<li><a href=\"https:\/\/www.aclanester56.com\/velo\/les-resultats-du-week-end-du-12-aout-2018\/\">Les r\u00e9sultats du week-end du 12 ao\u00fbt 2018<\/a><\/li>\n<li><a href=\"https:\/\/www.aclanester56.com\/velo\/ou-seront-nos-coureurs-le-week-end-du-12-aout-2018\/\">O\u00f9 seront nos coureurs le week-end du 12 ao\u00fbt 2018 ?<\/a><\/li>\n<li><a href=\"https:\/\/www.aclanester56.com\/velo\/ou-seront-nos-coureurs-le-week-end-du-5-aout-2018\/\">O\u00f9 seront nos coureurs le week-end du 5 ao\u00fbt 2018 ?<\/a><\/li>\n<li><a href=\"https:\/\/www.aclanester56.com\/velo\/les-anniversaires-a-souhaiter-en-aout\/\">Les anniversaires \u00e0 souhaiter en Ao\u00fbt !<\/a><\/li>\n\n\t\t\t<\/ul>\n\t\t<\/div>\n\t\t<div class=\"pane\">\n\t\t\t<h2 class=\"month-heading\">septembre 2018 <span class=\"month-archive-link\">( <a href=\"https:\/\/www.aclanester56.com\/velo\/2018\/09\/\">Voir la page d&rsquo;archive compl&egrave;te<\/a> )<\/span><\/h2>\n\t\t\t<ul class=\"archive-list\">\n\t\t\t\t<li><a href=\"https:\/\/www.aclanester56.com\/velo\/lequipe-de-lac-lanester-56-sur-le-championnat-de-bretagne-clm-individuel\/\">L'\u00e9quipe de l'AC Lanester 56 sur le Championnat de Bretagne CLM individuel<\/a><\/li>\n<li><a href=\"https:\/\/www.aclanester56.com\/velo\/ou-seront-nos-coureurs-le-week-end-du-30-septembre-2018\/\">O\u00f9 seront nos coureurs le week-end du 30 septembre 2018 ?<\/a><\/li>\n<li><a href=\"https:\/\/www.aclanester56.com\/velo\/les-resultats-du-week-end-du-23-septembre-2018\/\">Les r\u00e9sultats du week-end du 23 septembre 2018<\/a><\/li>\n<li><a href=\"https:\/\/www.aclanester56.com\/velo\/ou-seront-nos-coureurs-le-week-end-du-23-septembre-2018\/\">O\u00f9 seront nos coureurs le week-end du 23 septembre 2018 ?<\/a><\/li>\n<li><a href=\"https:\/\/www.aclanester56.com\/velo\/classement-national-ffc-femmes-et-hommes-des-coureurs-de-lac-lanester-56\/\">Classement national FFC Femmes et Hommes des coureurs de l'AC Lanester 56<\/a><\/li>\n<li><a href=\"https:\/\/www.aclanester56.com\/velo\/vente-de-velos-traditionnel-et-contre-la-montre\/\">A vendre : v\u00e9los traditionnel et contre-la-montre<\/a><\/li>\n<li><a href=\"https:\/\/www.aclanester56.com\/velo\/les-resultats-du-week-end-du-16-septembre-2018\/\">Les r\u00e9sultats du week-end du 16 septembre 2018<\/a><\/li>\n<li><a href=\"https:\/\/www.aclanester56.com\/velo\/ou-seront-nos-coureurs-le-week-end-du-16-septembre-2018\/\">O\u00f9 seront nos coureurs le week-end du 16 septembre 2018 ?<\/a><\/li>\n<li><a href=\"https:\/\/www.aclanester56.com\/velo\/les-inscriptions-au-club-pour-la-saison-2018-2019-sont-ouvertes\/\">Journ\u00e9e Portes Ouvertes samedi 15 septembre de 14H \u00e0 16H \u00e0 Kervido<\/a><\/li>\n<li><a href=\"https:\/\/www.aclanester56.com\/velo\/les-resultats-du-week-end-du-9-septembre-2018\/\">Les r\u00e9sultats du week-end du 9 septembre 2018<\/a><\/li>\n<li><a href=\"https:\/\/www.aclanester56.com\/velo\/les-anniversaires-a-souhaiter-en-septembre\/\">Les anniversaires \u00e0 souhaiter en Septembre !<\/a><\/li>\n<li><a href=\"https:\/\/www.aclanester56.com\/velo\/ou-seront-nos-coureurs-le-week-end-du-9-septembre-2018\/\">O\u00f9 seront nos coureurs le week-end du 9 septembre 2018 ?<\/a><\/li>\n<li><a href=\"https:\/\/www.aclanester56.com\/velo\/les-resultats-du-week-end-du-2-septembre-2018\/\">Les r\u00e9sultats du week-end du 2 septembre 2018<\/a><\/li>\n\n\t\t\t<\/ul>\n\t\t<\/div>\n\t\t<div class=\"pane\">\n\t\t\t<h2 class=\"month-heading\">octobre 2018 <span class=\"month-archive-link\">( <a href=\"https:\/\/www.aclanester56.com\/velo\/2018\/10\/\">Voir la page d&rsquo;archive compl&egrave;te<\/a> )<\/span><\/h2>\n\t\t\t<ul class=\"archive-list\">\n\t\t\t\t<li><a href=\"https:\/\/www.aclanester56.com\/velo\/lorelei-vachey-et-clement-teisseire-honores-a-la-soiree-des-champions-du-cd56\/\">Lorele\u00ef Vachey et Cl\u00e9ment Teisseire honor\u00e9s \u00e0 la soir\u00e9e des champions du CD56 !<\/a><\/li>\n<li><a href=\"https:\/\/www.aclanester56.com\/velo\/anthony-mira-le-retour-en-2019\/\">Anthony Mira, le retour en 2019 !<\/a><\/li>\n<li><a href=\"https:\/\/www.aclanester56.com\/velo\/assemblee-generale-2018-terminee-vive-2019\/\">Assembl\u00e9e G\u00e9n\u00e9rale : 2018 termin\u00e9e, vive 2019 !<\/a><\/li>\n<li><a href=\"https:\/\/www.aclanester56.com\/velo\/bienvenue-a-axel-laurance\/\">Bienvenue \u00e0 Axel Laurance !<\/a><\/li>\n<li><a href=\"https:\/\/www.aclanester56.com\/velo\/cap-sur-2019-pour-lac-lanester-56-avec-rodolphe-henry\/\">Rodolphe Henry : \"Cap sur 2019 !\"<\/a><\/li>\n<li><a href=\"https:\/\/www.aclanester56.com\/velo\/ou-seront-nos-coureurs-le-week-end-du-7-octobre-2018\/\">O\u00f9 seront nos coureurs le week-end du 7 octobre 2018 ?<\/a><\/li>\n<li><a href=\"https:\/\/www.aclanester56.com\/velo\/les-resultats-du-week-end-du-30-septembre-2018\/\">Les r\u00e9sultats du week-end du 30 septembre 2018<\/a><\/li>\n\n\t\t\t<\/ul>\n\t\t<\/div>\n\t\t<div class=\"pane\">\n\t\t\t<h2 class=\"month-heading\">novembre 2018 <span class=\"month-archive-link\">( <a href=\"https:\/\/www.aclanester56.com\/velo\/2018\/11\/\">Voir la page d&rsquo;archive compl&egrave;te<\/a> )<\/span><\/h2>\n\t\t\t<ul class=\"archive-list\">\n\t\t\t\t<li><a href=\"https:\/\/www.aclanester56.com\/velo\/axel-laurance-champion-du-morbihan-junior-de-cyclo-cross-a-brandivy\/\">Axel Laurance champion du Morbihan Junior de cyclo-cross \u00e0 Brandivy<\/a><\/li>\n<li><a href=\"https:\/\/www.aclanester56.com\/velo\/deces-dandre-le-goff\/\">D\u00e9c\u00e8s d'Andr\u00e9 Le Goff<\/a><\/li>\n<li><a href=\"https:\/\/www.aclanester56.com\/velo\/juniors-elites-lheure-de-la-reprise-a-sonne\/\">Juniors-Elites : l\u2019heure de la reprise a sonn\u00e9 !<\/a><\/li>\n\n\t\t\t<\/ul>\n\t\t<\/div>\n\t\t<div class=\"pane\">\n\t\t\t<h2 class=\"month-heading\">d&eacute;cembre 2018 <span class=\"month-archive-link\">( <a href=\"https:\/\/www.aclanester56.com\/velo\/2018\/12\/\">Voir la page d&rsquo;archive compl&egrave;te<\/a> )<\/span><\/h2>\n\t\t\t<ul class=\"archive-list\">\n\t\t\t\t<li><a href=\"https:\/\/www.aclanester56.com\/velo\/lorelei-vachey-honoree-a-la-soiree-des-champions-du-comite-de-bretagne\/\">Lorele\u00ef Vachey honor\u00e9e \u00e0 la soir\u00e9e des champions du Comit\u00e9 de Bretagne<\/a><\/li>\n<li><a href=\"https:\/\/www.aclanester56.com\/velo\/axel-laurance-medaille-de-bronze-sur-le-regional-de-cyclo-cross\/\">Axel Laurance m\u00e9daill\u00e9 de bronze sur le R\u00e9gional de cyclo-cross<\/a><\/li>\n<li><a href=\"https:\/\/www.aclanester56.com\/velo\/les-juniors-seniors-en-stage\/\">Les Juniors\/Seniors en stage<\/a><\/li>\n<li><a href=\"https:\/\/www.aclanester56.com\/velo\/reprise-des-entrainements-pour-les-feminines-et-les-cadets\/\">Reprise des entrainements pour les F\u00e9minines et les Cadets<\/a><\/li>\n<li><a href=\"https:\/\/www.aclanester56.com\/velo\/3eme-victoire-daxel-laurance-a-cruguel\/\">3\u00e8me victoire d'Axel Laurance \u00e0 Cruguel<\/a><\/li>\n\n\t\t\t<\/ul>\n\t\t<\/div>\n\t<\/div>\n\t<div class=\"pane\">\n\t\t<ul id=\"month-list-2019\" class=\"tabs month-list\">\n\t\t\t<li>\t<a  href=\"https:\/\/www.aclanester56.com\/velo\/2019\/01\/\">Jan<\/a>\t<\/li><li>\t<a  href=\"https:\/\/www.aclanester56.com\/velo\/2019\/02\/\">F&eacute;v<\/a>\t<\/li><li>\t<a  href=\"https:\/\/www.aclanester56.com\/velo\/2019\/03\/\">Mar<\/a>\t<\/li><li>\t<a  href=\"https:\/\/www.aclanester56.com\/velo\/2019\/04\/\">Avr<\/a>\t<\/li><li>\t<a  href=\"https:\/\/www.aclanester56.com\/velo\/2019\/05\/\">Mai<\/a>\t<\/li><li>\t<a  href=\"https:\/\/www.aclanester56.com\/velo\/2019\/06\/\">Juin<\/a>\t<\/li><li>\t\t<span class=\"empty-month\">Juil<\/span><\/li><li>\t\t<span class=\"empty-month\">Ao&ucirc;t<\/span><\/li><li>\t<a  href=\"https:\/\/www.aclanester56.com\/velo\/2019\/09\/\">Sep<\/a>\t<\/li><li>\t\t<span class=\"empty-month\">Oct<\/span><\/li><li>\t\t<span class=\"empty-month\">Nov<\/span><\/li><li>\t<a  href=\"https:\/\/www.aclanester56.com\/velo\/2019\/12\/\">D&eacute;c<\/a>\t<\/li>\n\t\t<\/ul>\n\t\t<div class=\"pane\">\n\t\t\t<h2 class=\"month-heading\">janvier 2019 <span class=\"month-archive-link\">( <a href=\"https:\/\/www.aclanester56.com\/velo\/2019\/01\/\">Voir la page d&rsquo;archive compl&egrave;te<\/a> )<\/span><\/h2>\n\t\t\t<ul class=\"archive-list\">\n\t\t\t\t<li><a href=\"https:\/\/www.aclanester56.com\/velo\/lorelei-vachey-sur-le-championnat-dhiver-de-lomnium-sur-le-velodrome-de-bordeaux\/\">Lorele\u00ef Vachey sur le championnat d'hiver de l'omnium \u00e0 Bordeaux<\/a><\/li>\n<li><a href=\"https:\/\/www.aclanester56.com\/velo\/axel-laurance-34eme-du-championnat-de-france-juniors-2019-de-cyclo-cross-a-besancon\/\">Axel Laurance 34\u00e8me du championnat de France Juniors 2019 de cyclo-cross \u00e0 Besan\u00e7on<\/a><\/li>\n<li><a href=\"https:\/\/www.aclanester56.com\/velo\/1ere-manche-des-samedis-pop-2019-les-classements\/\">1\u00e8re Manche des Samedis Pop\u2019 2019 : les classements !<\/a><\/li>\n<li><a href=\"https:\/\/www.aclanester56.com\/velo\/les-samedis-pop-de-la-piste-reviennent-le-12-janvier-2019\/\">Les Samedis Pop' de la Piste reviennent le 12 janvier 2019 !<\/a><\/li>\n<li><a href=\"https:\/\/www.aclanester56.com\/velo\/victoire-internationale-pour-axel-laurance-a-la-meziere\/\">Victoire internationale pour Axel Laurance \u00e0 La M\u00e9zi\u00e8re !<\/a><\/li>\n<li><a href=\"https:\/\/www.aclanester56.com\/velo\/les-juniors-espoirs-au-travail-et-a-la-rencontre-des-partenaires-du-club\/\">Les Juniors\/Espoirs au travail... et \u00e0 la rencontre des partenaires du club !<\/a><\/li>\n<li><a href=\"https:\/\/www.aclanester56.com\/velo\/bonne-annee-2019\/\">Bonne ann\u00e9e 2019<\/a><\/li>\n\n\t\t\t<\/ul>\n\t\t<\/div>\n\t\t<div class=\"pane\">\n\t\t\t<h2 class=\"month-heading\">f&eacute;vrier 2019 <span class=\"month-archive-link\">( <a href=\"https:\/\/www.aclanester56.com\/velo\/2019\/02\/\">Voir la page d&rsquo;archive compl&egrave;te<\/a> )<\/span><\/h2>\n\t\t\t<ul class=\"archive-list\">\n\t\t\t\t<li><a href=\"https:\/\/www.aclanester56.com\/velo\/signature-officielle-de-la-licence-2019-de-warren-barguil-a-lac-lanester-56\/\">Signature officielle de la licence 2019 de Warren Barguil \u00e0 l'AC Lanester 56<\/a><\/li>\n<li><a href=\"https:\/\/www.aclanester56.com\/velo\/retour-sur-la-presentation-des-effectifs-de-lac-lanester-56\/\">Retour sur la pr\u00e9sentation des effectifs de l'AC Lanester 56<\/a><\/li>\n<li><a href=\"https:\/\/www.aclanester56.com\/velo\/retour-en-images-sur-la-finale-des-samedis-pop-2019\/\">Retour en images sur la finale des Samedis Pop' 2019<\/a><\/li>\n<li><a href=\"https:\/\/www.aclanester56.com\/velo\/finale-des-samedis-pop-2019-tous-les-classements\/\">Finale des Samedis Pop\u2019 2019 : tous les classements !<\/a><\/li>\n<li><a href=\"https:\/\/www.aclanester56.com\/velo\/j-1-avant-la-finale-des-samedis-pop-2019\/\">J-1 avant la finale des Samedis Pop' 2019 !<\/a><\/li>\n<li><a href=\"https:\/\/www.aclanester56.com\/velo\/report-de-la-finale-des-samedis-pop-au-16-fevrier-2019\/\">Report de la finale des Samedis Pop' au 16 f\u00e9vrier 2019<\/a><\/li>\n<li><a href=\"https:\/\/www.aclanester56.com\/velo\/2eme-manche-des-samedis-pop-2019-les-classements\/\">2\u00e8me manche des Samedis Pop' 2019 : les classements !<\/a><\/li>\n\n\t\t\t<\/ul>\n\t\t<\/div>\n\t\t<div class=\"pane\">\n\t\t\t<h2 class=\"month-heading\">mars 2019 <span class=\"month-archive-link\">( <a href=\"https:\/\/www.aclanester56.com\/velo\/2019\/03\/\">Voir la page d&rsquo;archive compl&egrave;te<\/a> )<\/span><\/h2>\n\t\t\t<ul class=\"archive-list\">\n\t\t\t\t<li><a href=\"https:\/\/www.aclanester56.com\/velo\/ou-seront-nos-coureurs-le-week-end-du-31-mars-2019\/\">O\u00f9 seront nos coureurs le week-end du 31 mars 2019 ?<\/a><\/li>\n<li><a href=\"https:\/\/www.aclanester56.com\/velo\/j-1-mois-pour-le-7eme-circuit-des-jeunes-ouverture-des-inscriptions\/\">J-1 Mois pour le 7\u00e8me Circuit des Jeunes : Ouverture des inscriptions !<\/a><\/li>\n<li><a href=\"https:\/\/www.aclanester56.com\/velo\/les-resultats-du-week-end-du-24-mars-2019-1-victoire-et-2-podiums\/\">Les r\u00e9sultats du week-end du 24 mars 2019 : 1 victoire et 2 podiums !<\/a><\/li>\n<li><a href=\"https:\/\/www.aclanester56.com\/velo\/ou-seront-nos-coureurs-le-week-end-du-24-mars-2019\/\">O\u00f9 seront nos coureurs le week-end du 24 mars 2019 ?<\/a><\/li>\n<li><a href=\"https:\/\/www.aclanester56.com\/velo\/les-resultats-du-week-end-du-17-mars-2019-4-podiums\/\">Les r\u00e9sultats du week-end du 17 mars 2019 : 4 podiums !<\/a><\/li>\n<li><a href=\"https:\/\/www.aclanester56.com\/velo\/ou-seront-nos-coureurs-le-week-end-du-17-mars-2019\/\">O\u00f9 seront nos coureurs le week-end du 17 mars 2019 ?<\/a><\/li>\n<li><a href=\"https:\/\/www.aclanester56.com\/velo\/carnet-rose-bienvenue-a-emile\/\">Carnet rose : bienvenue \u00e0 \u00c9mile !<\/a><\/li>\n<li><a href=\"https:\/\/www.aclanester56.com\/velo\/les-resultats-du-week-end-du-10-mars-2019-1-victoire-et-3-podiums\/\">Les r\u00e9sultats du week-end du 10 mars 2019 : 1 victoire et 3 podiums !<\/a><\/li>\n<li><a href=\"https:\/\/www.aclanester56.com\/velo\/warren-barguil-parrain-du-7eme-circuit-des-jeunes-a-lanester\/\">Warren Barguil, parrain du 7\u00e8me Circuit des Jeunes \u00e0 Lanester<\/a><\/li>\n<li><a href=\"https:\/\/www.aclanester56.com\/velo\/ou-seront-nos-coureurs-le-week-end-du-10-mars-2019\/\">O\u00f9 seront nos coureurs le week-end du 10 mars 2019 ?<\/a><\/li>\n<li><a href=\"https:\/\/www.aclanester56.com\/velo\/les-resultats-du-week-end-du-3-mars-2019-1-victoire-et-1-podium\/\">Les r\u00e9sultats du week-end du 3 mars 2019 : 1 victoire et 1 podium !<\/a><\/li>\n<li><a href=\"https:\/\/www.aclanester56.com\/velo\/ou-seront-nos-coureurs-le-week-end-du-3-mars-2019\/\">O\u00f9 seront nos coureurs le week-end du 3 mars 2019 ?<\/a><\/li>\n\n\t\t\t<\/ul>\n\t\t<\/div>\n\t\t<div class=\"pane\">\n\t\t\t<h2 class=\"month-heading\">avril 2019 <span class=\"month-archive-link\">( <a href=\"https:\/\/www.aclanester56.com\/velo\/2019\/04\/\">Voir la page d&rsquo;archive compl&egrave;te<\/a> )<\/span><\/h2>\n\t\t\t<ul class=\"archive-list\">\n\t\t\t\t<li><a href=\"https:\/\/www.aclanester56.com\/velo\/7eme-circuit-des-jeunes-a-lanester-tous-les-classements\/\">7\u00e8me Circuit des Jeunes \u00e0 Lanester : Tous les classements !<\/a><\/li>\n<li><a href=\"https:\/\/www.aclanester56.com\/velo\/resultats-du-week-end-de-paques-2019\/\">R\u00e9sultats du week-end de P\u00e2ques 2019<\/a><\/li>\n<li><a href=\"https:\/\/www.aclanester56.com\/velo\/lecole-de-cyclisme-de-lacl56-4eme-du-trophee-departemental-des-ecoles-de-velo\/\">L'\u00e9cole de cyclisme de l'ACL56 4\u00e8me du Troph\u00e9e D\u00e9partemental des Ecoles de V\u00e9lo !<\/a><\/li>\n<li><a href=\"https:\/\/www.aclanester56.com\/velo\/un-titre-et-une-medaille-de-bronze-sur-les-championnats-du-morbihan-sur-piste\/\">Un titre et une m\u00e9daille de bronze sur les championnats du Morbihan sur piste<\/a><\/li>\n<li><a href=\"https:\/\/www.aclanester56.com\/velo\/circuit-des-jeunes-retour-sur-le-palmares-des-six-premieres-editions\/\">Circuit des Jeunes - Retour sur le palmar\u00e8s des six premi\u00e8res \u00e9ditions<\/a><\/li>\n<li><a href=\"https:\/\/www.aclanester56.com\/velo\/deux-lanesteriens-selectionnes-en-equipe-de-bretagne-pour-la-coupe-de-france-piste\/\">Deux Lanest\u00e9riens s\u00e9lectionn\u00e9s en \u00e9quipe de Bretagne pour la Coupe de France Piste !<\/a><\/li>\n<li><a href=\"https:\/\/www.aclanester56.com\/velo\/encore-de-belles-recompenses-pour-le-circuit-des-jeunes-2019\/\">Encore de belles r\u00e9compenses pour le Circuit des Jeunes 2019 \u00e0 Lanester !<\/a><\/li>\n<li><a href=\"https:\/\/www.aclanester56.com\/velo\/ou-seront-nos-coureurs-ce-week-end-de-paques-2019\/\">O\u00f9 seront nos coureurs ce week-end de P\u00e2ques 2019 ?<\/a><\/li>\n<li><a href=\"https:\/\/www.aclanester56.com\/velo\/j-10-avant-le-7eme-circuit-des-jeunes-a-lanester\/\">J-10 avant le 7\u00e8me Circuit des Jeunes \u00e0 Lanester<\/a><\/li>\n<li><a href=\"https:\/\/www.aclanester56.com\/velo\/resultats-du-week-end-du-13-et-14-avril-1-victoire-et-4-podiums\/\">R\u00e9sultats du week-end du 13 et 14 avril : 1 victoire et 4 podiums !<\/a><\/li>\n<li><a href=\"https:\/\/www.aclanester56.com\/velo\/ou-seront-nos-coureurs-le-week-end-du-13-et-14-avril-2019\/\">O\u00f9 seront nos coureurs le week-end du 13 et 14 avril 2019 ?<\/a><\/li>\n<li><a href=\"https:\/\/www.aclanester56.com\/velo\/resultats-du-week-end-du-6-et-7-avril-1-victoire-et-1-podium\/\">R\u00e9sultats du week-end du 6 et 7 avril : 1 victoire et 1 podium !<\/a><\/li>\n<li><a href=\"https:\/\/www.aclanester56.com\/velo\/ou-seront-nos-coureurs-le-week-end-du-6-et-7-avril-2019\/\">O\u00f9 seront nos coureurs le week-end du 6 et 7 avril 2019 ?<\/a><\/li>\n<li><a href=\"https:\/\/www.aclanester56.com\/velo\/axel-laurance-selectionne-pour-paris-roubaix-et-la-coupe-de-france\/\">Axel Laurance s\u00e9lectionn\u00e9 pour Paris-Roubaix et la Coupe de France<\/a><\/li>\n<li><a href=\"https:\/\/www.aclanester56.com\/velo\/resultats-du-week-end-2-victoires-et-3-podiums\/\">R\u00e9sultats du week-end : 2 victoires et 3 podiums<\/a><\/li>\n\n\t\t\t<\/ul>\n\t\t<\/div>\n\t\t<div class=\"pane\">\n\t\t\t<h2 class=\"month-heading\">mai 2019 <span class=\"month-archive-link\">( <a href=\"https:\/\/www.aclanester56.com\/velo\/2019\/05\/\">Voir la page d&rsquo;archive compl&egrave;te<\/a> )<\/span><\/h2>\n\t\t\t<ul class=\"archive-list\">\n\t\t\t\t<li><a href=\"https:\/\/www.aclanester56.com\/velo\/le-28eme-grand-prix-cycliste-de-la-ville-de-lanester-cest-dans-un-mois\/\">Le 28\u00e8me Grand Prix Cycliste de la Ville de Lanester, c'est dans un mois !<\/a><\/li>\n<li><a href=\"https:\/\/www.aclanester56.com\/velo\/ou-seront-nos-coureurs-le-week-end-du-24-au-26-mai-2019\/\">O\u00f9 seront nos coureurs le week-end du 24 au 26 mai 2019 ?<\/a><\/li>\n<li><a href=\"https:\/\/www.aclanester56.com\/velo\/resultats-du-week-end-du-18-et-19-mai-2019\/\">R\u00e9sultats du week-end du 18 et 19 mai 2019 + photos Quimperl\u00e9<\/a><\/li>\n<li><a href=\"https:\/\/www.aclanester56.com\/velo\/resultats-du-week-end-du-11-et-12-mai-2019\/\">R\u00e9sultats du week-end du 11 et 12 mai 2019<\/a><\/li>\n<li><a href=\"https:\/\/www.aclanester56.com\/velo\/ou-seront-nos-coureurs-le-week-end-du-11-et-12-mai-2019\/\">O\u00f9 seront nos coureurs le week-end du 11 et 12 mai 2019 ?<\/a><\/li>\n\n\t\t\t<\/ul>\n\t\t<\/div>\n\t\t<div class=\"pane\">\n\t\t\t<h2 class=\"month-heading\">juin 2019 <span class=\"month-archive-link\">( <a href=\"https:\/\/www.aclanester56.com\/velo\/2019\/06\/\">Voir la page d&rsquo;archive compl&egrave;te<\/a> )<\/span><\/h2>\n\t\t\t<ul class=\"archive-list\">\n\t\t\t\t<li><a href=\"https:\/\/www.aclanester56.com\/velo\/bravo-a-karl-chandavoine-et-frederic-simon-champions-de-france-masters-sur-piste\/\">Bravo \u00e0 Karl Chandavoine et Fr\u00e9d\u00e9ric Simon, champions de France Masters sur piste !<\/a><\/li>\n<li><a href=\"https:\/\/www.aclanester56.com\/velo\/clement-teisseire-vice-champion-de-bretagne-2019-des-3eme-categorie-a-scaer\/\">Cl\u00e9ment Teisseire vice-champion de Bretagne 2019 des 3\u00e8me Cat\u00e9gorie \u00e0 Sca\u00ebr<\/a><\/li>\n<li><a href=\"https:\/\/www.aclanester56.com\/velo\/carnet-rose-bienvenue-a-noa\/\">Carnet rose : bienvenue \u00e0 Noa !<\/a><\/li>\n<li><a href=\"https:\/\/www.aclanester56.com\/velo\/lorelei-vachey-championne-de-bretagne-2019-junior-du-500m\/\">Lorele\u00ef Vachey championne de Bretagne 2019 Junior du 500m<\/a><\/li>\n<li><a href=\"https:\/\/www.aclanester56.com\/velo\/j-2-semaines-pour-le-28eme-grand-prix-cycliste-de-la-ville-de-lanester-ouverture-des-inscriptions\/\">J-2 semaines pour le 28\u00e8me Grand Prix Cycliste de la Ville de Lanester : Ouverture des inscriptions !<\/a><\/li>\n\n\t\t\t<\/ul>\n\t\t<\/div>\n\t\t<div class=\"pane\">\n\t\t\t<h2 class=\"month-heading\">septembre 2019 <span class=\"month-archive-link\">( <a href=\"https:\/\/www.aclanester56.com\/velo\/2019\/09\/\">Voir la page d&rsquo;archive compl&egrave;te<\/a> )<\/span><\/h2>\n\t\t\t<ul class=\"archive-list\">\n\t\t\t\t<li><a href=\"https:\/\/www.aclanester56.com\/velo\/portes-ouvertes-et-nouvelles-inscriptions-2019-2020-le-samedi-7-septembre-a-partir-de-14h\/\">Portes ouvertes et nouvelles inscriptions 2019\/2020 le samedi 7 septembre \u00e0 partir de 14H<\/a><\/li>\n\n\t\t\t<\/ul>\n\t\t<\/div>\n\t\t<div class=\"pane\">\n\t\t\t<h2 class=\"month-heading\">d&eacute;cembre 2019 <span class=\"month-archive-link\">( <a href=\"https:\/\/www.aclanester56.com\/velo\/2019\/12\/\">Voir la page d&rsquo;archive compl&egrave;te<\/a> )<\/span><\/h2>\n\t\t\t<ul class=\"archive-list\">\n\t\t\t\t<li><a href=\"https:\/\/www.aclanester56.com\/velo\/les-samedis-pop-de-la-piste-reviennent-le-11-janvier-2020\/\">Les Samedis Pop\u2019 de la Piste reviennent le 11 janvier 2020 !<\/a><\/li>\n\n\t\t\t<\/ul>\n\t\t<\/div>\n\t<\/div>\n\t<div class=\"pane\">\n\t\t<ul id=\"month-list-2020\" class=\"tabs month-list\">\n\t\t\t<li>\t<a  href=\"https:\/\/www.aclanester56.com\/velo\/2020\/01\/\">Jan<\/a>\t<\/li><li>\t<a  href=\"https:\/\/www.aclanester56.com\/velo\/2020\/02\/\">F&eacute;v<\/a>\t<\/li><li>\t\t<span class=\"empty-month\">Mar<\/span><\/li><li>\t<a  href=\"https:\/\/www.aclanester56.com\/velo\/2020\/04\/\">Avr<\/a>\t<\/li><li>\t\t<span class=\"empty-month\">Mai<\/span><\/li><li>\t\t<span class=\"empty-month\">Juin<\/span><\/li><li>\t\t<span class=\"empty-month\">Juil<\/span><\/li><li>\t<a  href=\"https:\/\/www.aclanester56.com\/velo\/2020\/08\/\">Ao&ucirc;t<\/a>\t<\/li><li>\t\t<span class=\"empty-month\">Sep<\/span><\/li><li>\t<a  href=\"https:\/\/www.aclanester56.com\/velo\/2020\/10\/\">Oct<\/a>\t<\/li><li>\t<a  href=\"https:\/\/www.aclanester56.com\/velo\/2020\/11\/\">Nov<\/a>\t<\/li><li>\t<a  href=\"https:\/\/www.aclanester56.com\/velo\/2020\/12\/\">D&eacute;c<\/a>\t<\/li>\n\t\t<\/ul>\n\t\t<div class=\"pane\">\n\t\t\t<h2 class=\"month-heading\">janvier 2020 <span class=\"month-archive-link\">( <a href=\"https:\/\/www.aclanester56.com\/velo\/2020\/01\/\">Voir la page d&rsquo;archive compl&egrave;te<\/a> )<\/span><\/h2>\n\t\t\t<ul class=\"archive-list\">\n\t\t\t\t<li><a href=\"https:\/\/www.aclanester56.com\/velo\/2eme-manche-des-samedis-pop-2020-les-classements\/\">2\u00e8me manche des Samedis Pop' 2020 : les classements !<\/a><\/li>\n<li><a href=\"https:\/\/www.aclanester56.com\/velo\/1ere-manche-des-samedis-pop-2020-les-classements\/\">1\u00e8re Manche des Samedis Pop\u2019 2020 : les classements !<\/a><\/li>\n\n\t\t\t<\/ul>\n\t\t<\/div>\n\t\t<div class=\"pane\">\n\t\t\t<h2 class=\"month-heading\">f&eacute;vrier 2020 <span class=\"month-archive-link\">( <a href=\"https:\/\/www.aclanester56.com\/velo\/2020\/02\/\">Voir la page d&rsquo;archive compl&egrave;te<\/a> )<\/span><\/h2>\n\t\t\t<ul class=\"archive-list\">\n\t\t\t\t<li><a href=\"https:\/\/www.aclanester56.com\/velo\/soiree-de-presentation-des-equipes-pour-la-saison-2020\/\">Soir\u00e9e de pr\u00e9sentation des \u00e9quipes pour la saison 2020<\/a><\/li>\n<li><a href=\"https:\/\/www.aclanester56.com\/velo\/finale-des-samedis-pop-2020-tous-les-classements\/\">Finale des Samedis Pop\u2019 2020 : tous les classements ! [Avec vid\u00e9o et photos]<\/a><\/li>\n\n\t\t\t<\/ul>\n\t\t<\/div>\n\t\t<div class=\"pane\">\n\t\t\t<h2 class=\"month-heading\">avril 2020 <span class=\"month-archive-link\">( <a href=\"https:\/\/www.aclanester56.com\/velo\/2020\/04\/\">Voir la page d&rsquo;archive compl&egrave;te<\/a> )<\/span><\/h2>\n\t\t\t<ul class=\"archive-list\">\n\t\t\t\t<li><a href=\"https:\/\/www.aclanester56.com\/velo\/un-geste-de-solidarite-pour-les-soignants\/\">Un geste de solidarit\u00e9 pour les soignants<\/a><\/li>\n<li><a href=\"https:\/\/www.aclanester56.com\/velo\/lac-lanester-56-soutient-ses-partenaires\/\">L'AC Lanester 56 soutient ses partenaires<\/a><\/li>\n\n\t\t\t<\/ul>\n\t\t<\/div>\n\t\t<div class=\"pane\">\n\t\t\t<h2 class=\"month-heading\">ao&ucirc;t 2020 <span class=\"month-archive-link\">( <a href=\"https:\/\/www.aclanester56.com\/velo\/2020\/08\/\">Voir la page d&rsquo;archive compl&egrave;te<\/a> )<\/span><\/h2>\n\t\t\t<ul class=\"archive-list\">\n\t\t\t\t<li><a href=\"https:\/\/www.aclanester56.com\/velo\/journees-portes-ouvertes-les-19-et-26-septembre-prochain\/\">Journ\u00e9es Portes ouvertes les 19 et 26 septembre prochain<\/a><\/li>\n<li><a href=\"https:\/\/www.aclanester56.com\/velo\/le-29eme-grand-prix-de-la-ville-reporte-au-11-octobre\/\">Le 29\u00e8me Grand Prix de la ville report\u00e9 au  11 octobre !<\/a><\/li>\n\n\t\t\t<\/ul>\n\t\t<\/div>\n\t\t<div class=\"pane\">\n\t\t\t<h2 class=\"month-heading\">octobre 2020 <span class=\"month-archive-link\">( <a href=\"https:\/\/www.aclanester56.com\/velo\/2020\/10\/\">Voir la page d&rsquo;archive compl&egrave;te<\/a> )<\/span><\/h2>\n\t\t\t<ul class=\"archive-list\">\n\t\t\t\t<li><a href=\"https:\/\/www.aclanester56.com\/velo\/lecole-de-velo-fete-la-coupe-du-trophee-departemental\/\">L'\u00e9cole de v\u00e9lo f\u00eate la coupe du Troph\u00e9e D\u00e9partemental<\/a><\/li>\n<li><a href=\"https:\/\/www.aclanester56.com\/velo\/retour-sur-le-km-paris-tours-avec-angelina-robic\/\">Retour sur le Km Paris-Tours avec Ang\u00e9lina Robic<\/a><\/li>\n<li><a href=\"https:\/\/www.aclanester56.com\/velo\/%f0%9f%93%a2%f0%9f%9a%b4-lac-lanester-56-formation-se-renforce-%f0%9f%94%b8%e2%97%bc\/\">L'AC Lanester 56 Formation se renforce !<\/a><\/li>\n<li><a href=\"https:\/\/www.aclanester56.com\/velo\/lac-lanester-56-sur-la-3eme-marche-du-podium-du-trophee-departemental-des-ecoles-de-velo\/\">L'AC Lanester 56 Formation sur la 3\u00e8me marche du podium du Troph\u00e9e D\u00e9partemental des \u00e9coles de v\u00e9lo<\/a><\/li>\n<li><a href=\"https:\/\/www.aclanester56.com\/velo\/29eme-grand-prix-cycliste-de-la-ville-de-lanester-les-classements-et-photos\/\">29\u00e8me Grand Prix Cycliste de la Ville de Lanester : Les classements et photos<\/a><\/li>\n<li><a href=\"https:\/\/www.aclanester56.com\/velo\/le-29eme-grand-prix-de-la-ville-de-lanester-les-benevoles-dans-les-starting-block\/\">le 29\u00e8me grand prix de la ville de LANESTER : Les b\u00e9n\u00e9voles dans les starting block<\/a><\/li>\n<li><a href=\"https:\/\/www.aclanester56.com\/velo\/podium-pour-lac-lanester-a-servan\/\">Podium pour l'AC Lanester 56 Formation \u00e0 Servan<\/a><\/li>\n<li><a href=\"https:\/\/www.aclanester56.com\/velo\/carton-plein-pour-les-feminines-juniors-de-lac-lanester-56-formation\/\">Carton plein pour les f\u00e9minines juniors de l'AC Lanester 56 Formation !<\/a><\/li>\n<li><a href=\"https:\/\/www.aclanester56.com\/velo\/le-grand-prix-de-la-ville-cest-dimanche\/\">le Grand Prix de la Ville : C'est Dimanche  !<\/a><\/li>\n<li><a href=\"https:\/\/www.aclanester56.com\/velo\/nouveau-velo-pour-la-saison-2021\/\">Nouveau v\u00e9lo pour la saison  2021 !<\/a><\/li>\n<li><a href=\"https:\/\/www.aclanester56.com\/velo\/lorelei-vachey-selectionnee-pour-le-championnat-de-france-de-lavenir\/\">Lorele\u00ef Vachey s\u00e9lectionn\u00e9e pour le championnat de France de l'avenir  !<\/a><\/li>\n<li><a href=\"https:\/\/www.aclanester56.com\/velo\/theotime-cadoret-et-enzo-thomas-terminent-respectivement-4eme-et-6eme-sur-lepreuve-darzano\/\">Th\u00e9otime Cadoret et Enzo Thomas terminent respectivement 4\u00e8me et 6\u00e8me sur l'\u00e9preuve d'Arzano<\/a><\/li>\n<li><a href=\"https:\/\/www.aclanester56.com\/velo\/remerciements-a-alexis-lavole-et-clement-teisseire-pour-leurs-belles-saisons-au-club\/\">Remerciements \u00e0 Alexis Lavol\u00e9\u00a0 et Cl\u00e9ment Teisseire pour leurs belles saisons au club<\/a><\/li>\n\n\t\t\t<\/ul>\n\t\t<\/div>\n\t\t<div class=\"pane\">\n\t\t\t<h2 class=\"month-heading\">novembre 2020 <span class=\"month-archive-link\">( <a href=\"https:\/\/www.aclanester56.com\/velo\/2020\/11\/\">Voir la page d&rsquo;archive compl&egrave;te<\/a> )<\/span><\/h2>\n\t\t\t<ul class=\"archive-list\">\n\t\t\t\t<li><a href=\"https:\/\/www.aclanester56.com\/velo\/le-tour-de-france-2021-passera-par-lanester\/\">le Tour de France 2021 passera par Lanester !<\/a><\/li>\n<li><a href=\"https:\/\/www.aclanester56.com\/velo\/assemblee-generale-et-en-route-pour-2021\/\">Assembl\u00e9e g\u00e9n\u00e9rale et en route  pour  2021 ...<\/a><\/li>\n\n\t\t\t<\/ul>\n\t\t<\/div>\n\t\t<div class=\"pane\">\n\t\t\t<h2 class=\"month-heading\">d&eacute;cembre 2020 <span class=\"month-archive-link\">( <a href=\"https:\/\/www.aclanester56.com\/velo\/2020\/12\/\">Voir la page d&rsquo;archive compl&egrave;te<\/a> )<\/span><\/h2>\n\t\t\t<ul class=\"archive-list\">\n\t\t\t\t<li><a href=\"https:\/\/www.aclanester56.com\/velo\/lheure-de-la-reprise-pour-lecole-de-velo\/\">L'heure de la reprise pour l'\u00e9cole de v\u00e9lo<\/a><\/li>\n\n\t\t\t<\/ul>\n\t\t<\/div>\n\t<\/div>\n\t<div class=\"pane\">\n\t\t<ul id=\"month-list-2021\" class=\"tabs month-list\">\n\t\t\t<li>\t<a  href=\"https:\/\/www.aclanester56.com\/velo\/2021\/01\/\">Jan<\/a>\t<\/li><li>\t<a  href=\"https:\/\/www.aclanester56.com\/velo\/2021\/02\/\">F&eacute;v<\/a>\t<\/li><li>\t<a  href=\"https:\/\/www.aclanester56.com\/velo\/2021\/03\/\">Mar<\/a>\t<\/li><li>\t\t<span class=\"empty-month\">Avr<\/span><\/li><li>\t<a  href=\"https:\/\/www.aclanester56.com\/velo\/2021\/05\/\">Mai<\/a>\t<\/li><li>\t<a  href=\"https:\/\/www.aclanester56.com\/velo\/2021\/06\/\">Juin<\/a>\t<\/li><li>\t<a  href=\"https:\/\/www.aclanester56.com\/velo\/2021\/07\/\">Juil<\/a>\t<\/li><li>\t<a  href=\"https:\/\/www.aclanester56.com\/velo\/2021\/08\/\">Ao&ucirc;t<\/a>\t<\/li><li>\t<a  href=\"https:\/\/www.aclanester56.com\/velo\/2021\/09\/\">Sep<\/a>\t<\/li><li>\t<a  href=\"https:\/\/www.aclanester56.com\/velo\/2021\/10\/\">Oct<\/a>\t<\/li><li>\t<a  href=\"https:\/\/www.aclanester56.com\/velo\/2021\/11\/\">Nov<\/a>\t<\/li><li>\t\t<span class=\"empty-month\">D&eacute;c<\/span><\/li>\n\t\t<\/ul>\n\t\t<div class=\"pane\">\n\t\t\t<h2 class=\"month-heading\">janvier 2021 <span class=\"month-archive-link\">( <a href=\"https:\/\/www.aclanester56.com\/velo\/2021\/01\/\">Voir la page d&rsquo;archive compl&egrave;te<\/a> )<\/span><\/h2>\n\t\t\t<ul class=\"archive-list\">\n\t\t\t\t<li><a href=\"https:\/\/www.aclanester56.com\/velo\/bienvenue-a-pacome\/\">Bienvenue \u00e0 Pac\u00f4me  !<\/a><\/li>\n<li><a href=\"https:\/\/www.aclanester56.com\/velo\/bienvenue-quentin\/\">Bienvenue Quentin !<\/a><\/li>\n\n\t\t\t<\/ul>\n\t\t<\/div>\n\t\t<div class=\"pane\">\n\t\t\t<h2 class=\"month-heading\">f&eacute;vrier 2021 <span class=\"month-archive-link\">( <a href=\"https:\/\/www.aclanester56.com\/velo\/2021\/02\/\">Voir la page d&rsquo;archive compl&egrave;te<\/a> )<\/span><\/h2>\n\t\t\t<ul class=\"archive-list\">\n\t\t\t\t<li><a href=\"https:\/\/www.aclanester56.com\/velo\/nouvelle-saison-nouveau-maillot\/\">Nouvelle saison  : Nouveau maillot !<\/a><\/li>\n<li><a href=\"https:\/\/www.aclanester56.com\/velo\/trois-cadets-de-lac-lanester-56-formation-a-la-detection-du-cd56\/\">Trois cadets de l'AC Lanester 56 Formation \u00e0 la d\u00e9tection du CD56<\/a><\/li>\n\n\t\t\t<\/ul>\n\t\t<\/div>\n\t\t<div class=\"pane\">\n\t\t\t<h2 class=\"month-heading\">mars 2021 <span class=\"month-archive-link\">( <a href=\"https:\/\/www.aclanester56.com\/velo\/2021\/03\/\">Voir la page d&rsquo;archive compl&egrave;te<\/a> )<\/span><\/h2>\n\t\t\t<ul class=\"archive-list\">\n\t\t\t\t<li><a href=\"https:\/\/www.aclanester56.com\/velo\/les-feminines-au-clm-de-poullan-mer\/\">Les f\u00e9minines au CLM de  Poullan \/ Mer<\/a><\/li>\n<li><a href=\"https:\/\/www.aclanester56.com\/velo\/entrainement-ecole-de-cyclisme-du-samedi-27-mars-2021\/\">Entra\u00eenement \u00e9cole de cyclisme du samedi 27 Mars 2021<\/a><\/li>\n<li><a href=\"https:\/\/www.aclanester56.com\/velo\/les-feminines-de-lac-lanester-56-formation-se-preparent\/\">Les f\u00e9minines de l'AC Lanester 56 Formation se pr\u00e9parent ..<\/a><\/li>\n<li><a href=\"https:\/\/www.aclanester56.com\/velo\/en-piste-les-minimes\/\">En piste  ! les minimes  !<\/a><\/li>\n<li><a href=\"https:\/\/www.aclanester56.com\/velo\/sortie-cyclo-cross-pour-lecole-de-cyclisme\/\">Sortie Cyclo-cross  pour l'\u00e9cole de cyclisme<\/a><\/li>\n<li><a href=\"https:\/\/www.aclanester56.com\/velo\/grosse-sortie-pour-lequipe-feminine\/\">Grosse sortie  pour l'\u00e9quipe f\u00e9minine !<\/a><\/li>\n\n\t\t\t<\/ul>\n\t\t<\/div>\n\t\t<div class=\"pane\">\n\t\t\t<h2 class=\"month-heading\">mai 2021 <span class=\"month-archive-link\">( <a href=\"https:\/\/www.aclanester56.com\/velo\/2021\/05\/\">Voir la page d&rsquo;archive compl&egrave;te<\/a> )<\/span><\/h2>\n\t\t\t<ul class=\"archive-list\">\n\t\t\t\t<li><a href=\"https:\/\/www.aclanester56.com\/velo\/deces-dalain-raude\/\">D\u00e9c\u00e8s d'Alain Raude<\/a><\/li>\n<li><a href=\"https:\/\/www.aclanester56.com\/velo\/operation-recyclage-de-materiels-de-velo-sur-le-marche-de-lanester\/\">Op\u00e9ration \"Recyclage de mat\u00e9riels de v\u00e9lo\" sur le march\u00e9 de Lanester<\/a><\/li>\n\n\t\t\t<\/ul>\n\t\t<\/div>\n\t\t<div class=\"pane\">\n\t\t\t<h2 class=\"month-heading\">juin 2021 <span class=\"month-archive-link\">( <a href=\"https:\/\/www.aclanester56.com\/velo\/2021\/06\/\">Voir la page d&rsquo;archive compl&egrave;te<\/a> )<\/span><\/h2>\n\t\t\t<ul class=\"archive-list\">\n\t\t\t\t<li><a href=\"https:\/\/www.aclanester56.com\/velo\/grand-prix-cycliste-de-la-ville-de-lanester-les-classements\/\">Grand Prix Cycliste de la Ville de Lanester : les classements<\/a><\/li>\n<li><a href=\"https:\/\/www.aclanester56.com\/velo\/lac-lanester-56-au-tour-de-france\/\">L'AC Lanester 56 au  Tour de France !<\/a><\/li>\n<li><a href=\"https:\/\/www.aclanester56.com\/velo\/presse-le-tour-a-lorient-cest-vraiment-cool\/\">[Presse] : Le Tour \u00e0 Lorient, c\u2019est \u00ab vraiment cool \u00bb !<\/a><\/li>\n<li><a href=\"https:\/\/www.aclanester56.com\/velo\/inzinzac-lochrist-les-classements\/\">Inzinzac-Lochrist : Tous les classements<\/a><\/li>\n<li><a href=\"https:\/\/www.aclanester56.com\/velo\/lac-lanester-56-formation-et-le-fan-club-warren-barguil-organisent-trois-epreuves-a-inzinzac-lochrist-ce-dimanche-6-juin\/\">L'AC Lanester 56 Formation et le Fan Club Warren Barguil organisent trois \u00e9preuves \u00e0 Inzinzac-Lochrist ce dimanche 6 juin<\/a><\/li>\n\n\t\t\t<\/ul>\n\t\t<\/div>\n\t\t<div class=\"pane\">\n\t\t\t<h2 class=\"month-heading\">juillet 2021 <span class=\"month-archive-link\">( <a href=\"https:\/\/www.aclanester56.com\/velo\/2021\/07\/\">Voir la page d&rsquo;archive compl&egrave;te<\/a> )<\/span><\/h2>\n\t\t\t<ul class=\"archive-list\">\n\t\t\t\t<li><a href=\"https:\/\/www.aclanester56.com\/velo\/lorelei-vachey-en-lice-sur-le-championnat-de-france\/\">Lorele\u00ef Vachey en lice sur le championnat de France<\/a><\/li>\n<li><a href=\"https:\/\/www.aclanester56.com\/velo\/30eme-grand-prix-de-la-ville-de-lanester-les-photos\/\">30\u00e8me Grand Prix de la Ville de Lanester  : Les photos  !<\/a><\/li>\n\n\t\t\t<\/ul>\n\t\t<\/div>\n\t\t<div class=\"pane\">\n\t\t\t<h2 class=\"month-heading\">ao&ucirc;t 2021 <span class=\"month-archive-link\">( <a href=\"https:\/\/www.aclanester56.com\/velo\/2021\/08\/\">Voir la page d&rsquo;archive compl&egrave;te<\/a> )<\/span><\/h2>\n\t\t\t<ul class=\"archive-list\">\n\t\t\t\t<li><a href=\"https:\/\/www.aclanester56.com\/velo\/victoire-de-romain-tomassacci-vainqueur-a-landerneau\/\">Victoire de Romain Tomassacci \u00e0 Landerneau<\/a><\/li>\n<li><a href=\"https:\/\/www.aclanester56.com\/velo\/deces-de-marc-esvan\/\">D\u00e9c\u00e8s de Marc Esvan<\/a><\/li>\n\n\t\t\t<\/ul>\n\t\t<\/div>\n\t\t<div class=\"pane\">\n\t\t\t<h2 class=\"month-heading\">septembre 2021 <span class=\"month-archive-link\">( <a href=\"https:\/\/www.aclanester56.com\/velo\/2021\/09\/\">Voir la page d&rsquo;archive compl&egrave;te<\/a> )<\/span><\/h2>\n\t\t\t<ul class=\"archive-list\">\n\t\t\t\t<li><a href=\"https:\/\/www.aclanester56.com\/velo\/tdec-le-dimanche-26-septembre-a-lanester-modifications-des-regles-de-stationnement-et-circulation\/\">TDEC le dimanche 26 septembre \u00e0 Lanester : Modifications des r\u00e8gles de stationnement et circulation<\/a><\/li>\n<li><a href=\"https:\/\/www.aclanester56.com\/velo\/angelina-robic-brille-sur-la-coupe-de-france-sur-piste-a-lyon\/\">Ang\u00e9lina Robic brille sur la Coupe de France sur piste \u00e0 Lyon<\/a><\/li>\n<li><a href=\"https:\/\/www.aclanester56.com\/velo\/equipe-juniors-cap-sur-2022\/\">Equipe Juniors : Cap sur 2022 !<\/a><\/li>\n<li><a href=\"https:\/\/www.aclanester56.com\/velo\/le-trophee-departemental-des-ecoles-de-cyclisme-le-26-septembre-2021\/\">Le troph\u00e9e d\u00e9partemental des \u00e9coles de cyclisme le 26 septembre 2021<\/a><\/li>\n<li><a href=\"https:\/\/www.aclanester56.com\/velo\/portes-ouvertes-a-lecole-de-cyclisme\/\">Portes ouvertes \u00e0 l'\u00e9cole de cyclisme !<\/a><\/li>\n\n\t\t\t<\/ul>\n\t\t<\/div>\n\t\t<div class=\"pane\">\n\t\t\t<h2 class=\"month-heading\">octobre 2021 <span class=\"month-archive-link\">( <a href=\"https:\/\/www.aclanester56.com\/velo\/2021\/10\/\">Voir la page d&rsquo;archive compl&egrave;te<\/a> )<\/span><\/h2>\n\t\t\t<ul class=\"archive-list\">\n\t\t\t\t<li><a href=\"https:\/\/www.aclanester56.com\/velo\/championnat-de-bretagne-clm-cadets-brayann-barguil-en-argent\/\">Championnat de Bretagne CLM Cadets : Brayann Barguil en argent<\/a><\/li>\n\n\t\t\t<\/ul>\n\t\t<\/div>\n\t\t<div class=\"pane\">\n\t\t\t<h2 class=\"month-heading\">novembre 2021 <span class=\"month-archive-link\">( <a href=\"https:\/\/www.aclanester56.com\/velo\/2021\/11\/\">Voir la page d&rsquo;archive compl&egrave;te<\/a> )<\/span><\/h2>\n\t\t\t<ul class=\"archive-list\">\n\t\t\t\t<li><a href=\"https:\/\/www.aclanester56.com\/velo\/trois-podiums-et-deux-titres-au-championnat-du-morbihan-de-cyclo-cross\/\">Trois podiums et deux titres au championnat du Morbihan de cyclo-cross<\/a><\/li>\n\n\t\t\t<\/ul>\n\t\t<\/div>\n\t<\/div>\n\t<div class=\"pane\">\n\t\t<ul id=\"month-list-2022\" class=\"tabs month-list\">\n\t\t\t<li>\t<a  href=\"https:\/\/www.aclanester56.com\/velo\/2022\/01\/\">Jan<\/a>\t<\/li><li>\t<a  href=\"https:\/\/www.aclanester56.com\/velo\/2022\/02\/\">F&eacute;v<\/a>\t<\/li><li>\t<a  href=\"https:\/\/www.aclanester56.com\/velo\/2022\/03\/\">Mar<\/a>\t<\/li><li>\t<a  href=\"https:\/\/www.aclanester56.com\/velo\/2022\/04\/\">Avr<\/a>\t<\/li><li>\t<a  href=\"https:\/\/www.aclanester56.com\/velo\/2022\/05\/\">Mai<\/a>\t<\/li><li>\t<a  href=\"https:\/\/www.aclanester56.com\/velo\/2022\/06\/\">Juin<\/a>\t<\/li><li>\t<a  href=\"https:\/\/www.aclanester56.com\/velo\/2022\/07\/\">Juil<\/a>\t<\/li><li>\t<a  href=\"https:\/\/www.aclanester56.com\/velo\/2022\/08\/\">Ao&ucirc;t<\/a>\t<\/li><li>\t<a  href=\"https:\/\/www.aclanester56.com\/velo\/2022\/09\/\">Sep<\/a>\t<\/li><li>\t\t<span class=\"empty-month\">Oct<\/span><\/li><li>\t<a  href=\"https:\/\/www.aclanester56.com\/velo\/2022\/11\/\">Nov<\/a>\t<\/li><li>\t<a  href=\"https:\/\/www.aclanester56.com\/velo\/2022\/12\/\">D&eacute;c<\/a>\t<\/li>\n\t\t<\/ul>\n\t\t<div class=\"pane\">\n\t\t\t<h2 class=\"month-heading\">janvier 2022 <span class=\"month-archive-link\">( <a href=\"https:\/\/www.aclanester56.com\/velo\/2022\/01\/\">Voir la page d&rsquo;archive compl&egrave;te<\/a> )<\/span><\/h2>\n\t\t\t<ul class=\"archive-list\">\n\t\t\t\t<li><a href=\"https:\/\/www.aclanester56.com\/velo\/belle-et-heureuse-annee-2022\/\">Belle et heureuse ann\u00e9e  2022<\/a><\/li>\n\n\t\t\t<\/ul>\n\t\t<\/div>\n\t\t<div class=\"pane\">\n\t\t\t<h2 class=\"month-heading\">f&eacute;vrier 2022 <span class=\"month-archive-link\">( <a href=\"https:\/\/www.aclanester56.com\/velo\/2022\/02\/\">Voir la page d&rsquo;archive compl&egrave;te<\/a> )<\/span><\/h2>\n\t\t\t<ul class=\"archive-list\">\n\t\t\t\t<li><a href=\"https:\/\/www.aclanester56.com\/velo\/les-resultats-du-26-fevrier-2022\/\">Les r\u00e9sultats du  26 f\u00e9vrier 2022<\/a><\/li>\n<li><a href=\"https:\/\/www.aclanester56.com\/velo\/course-de-camors-2022\/\">Course de Camors 2022<\/a><\/li>\n\n\t\t\t<\/ul>\n\t\t<\/div>\n\t\t<div class=\"pane\">\n\t\t\t<h2 class=\"month-heading\">mars 2022 <span class=\"month-archive-link\">( <a href=\"https:\/\/www.aclanester56.com\/velo\/2022\/03\/\">Voir la page d&rsquo;archive compl&egrave;te<\/a> )<\/span><\/h2>\n\t\t\t<ul class=\"archive-list\">\n\t\t\t\t<li><a href=\"https:\/\/www.aclanester56.com\/velo\/penn-ar-bed-juniors-des-efforts-recompenses\/\">Penn Ar Bed Juniors : Des efforts r\u00e9compens\u00e9s !<\/a><\/li>\n<li><a href=\"https:\/\/www.aclanester56.com\/velo\/les-resultats-du-26-et-27-mars-2022\/\">les r\u00e9sultats du  26 et 27 mars 2022<\/a><\/li>\n<li><a href=\"https:\/\/www.aclanester56.com\/velo\/les-resultats-du-19-et-20-mars-2022\/\">Les r\u00e9sultats du  19 et 20 mars 2022<\/a><\/li>\n<li><a href=\"https:\/\/www.aclanester56.com\/velo\/les-resultats-du-12-et-13-mars-2022\/\">les r\u00e9sultats du  12 et 13 mars 2022<\/a><\/li>\n<li><a href=\"https:\/\/www.aclanester56.com\/velo\/les-resultats-du-week-end-du-5-et-6-mars-2022\/\">Les r\u00e9sultats du week end du 5 et 6 mars 2022<\/a><\/li>\n\n\t\t\t<\/ul>\n\t\t<\/div>\n\t\t<div class=\"pane\">\n\t\t\t<h2 class=\"month-heading\">avril 2022 <span class=\"month-archive-link\">( <a href=\"https:\/\/www.aclanester56.com\/velo\/2022\/04\/\">Voir la page d&rsquo;archive compl&egrave;te<\/a> )<\/span><\/h2>\n\t\t\t<ul class=\"archive-list\">\n\t\t\t\t<li><a href=\"https:\/\/www.aclanester56.com\/velo\/les-resultats-du-16-17-et-18-avril-dernier\/\">Les r\u00e9sultats du  16-17 et  18 avril dernier<\/a><\/li>\n<li><a href=\"https:\/\/www.aclanester56.com\/velo\/8eme-circuit-des-jeunes-les-classements\/\">8\u00e8me Circuit des Jeunes : Les classements<\/a><\/li>\n<li><a href=\"https:\/\/www.aclanester56.com\/velo\/18-avril-2022-le-circuit-des-jeunes\/\">18 Avril  2022 : Le circuit des Jeunes<\/a><\/li>\n<li><a href=\"https:\/\/www.aclanester56.com\/velo\/les-resultats-du-2-et-3-avril-2022\/\">Les r\u00e9sultats du  2 et 3 avril 2022<\/a><\/li>\n\n\t\t\t<\/ul>\n\t\t<\/div>\n\t\t<div class=\"pane\">\n\t\t\t<h2 class=\"month-heading\">mai 2022 <span class=\"month-archive-link\">( <a href=\"https:\/\/www.aclanester56.com\/velo\/2022\/05\/\">Voir la page d&rsquo;archive compl&egrave;te<\/a> )<\/span><\/h2>\n\t\t\t<ul class=\"archive-list\">\n\t\t\t\t<li><a href=\"https:\/\/www.aclanester56.com\/velo\/resultats-du-28-et-29-mai-2022\/\">R\u00e9sultats du 28 et 29 mai 2022<\/a><\/li>\n<li><a href=\"https:\/\/www.aclanester56.com\/velo\/resultats-du-20-22-mai-2022\/\">R\u00e9sultats du 20-22 mai 2022<\/a><\/li>\n<li><a href=\"https:\/\/www.aclanester56.com\/velo\/medaille-de-bronze-par-equipe-pour-nos-lanesteriens\/\">M\u00e9daille de bronze par \u00e9quipe pour nos lanest\u00e9riens<\/a><\/li>\n<li><a href=\"https:\/\/www.aclanester56.com\/velo\/resultats-du-week-end-du-23-24-avril-2022\/\">R\u00e9sultats du week-end du  23-24 Avril 2022<\/a><\/li>\n\n\t\t\t<\/ul>\n\t\t<\/div>\n\t\t<div class=\"pane\">\n\t\t\t<h2 class=\"month-heading\">juin 2022 <span class=\"month-archive-link\">( <a href=\"https:\/\/www.aclanester56.com\/velo\/2022\/06\/\">Voir la page d&rsquo;archive compl&egrave;te<\/a> )<\/span><\/h2>\n\t\t\t<ul class=\"archive-list\">\n\t\t\t\t<li><a href=\"https:\/\/www.aclanester56.com\/velo\/31eme-grand-prix-de-la-ville-les-photos\/\">31eme Grand Prix de la ville  : les  photos<\/a><\/li>\n<li><a href=\"https:\/\/www.aclanester56.com\/velo\/grand-prix-cycliste-de-la-ville-de-lanester-les-classements-2\/\">Grand Prix Cycliste de la Ville de Lanester : les classements<\/a><\/li>\n<li><a href=\"https:\/\/www.aclanester56.com\/velo\/les-resultats-du-25-et-26-juin-2022\/\">Les r\u00e9sultats du  25 et 26 juin 2022<\/a><\/li>\n<li><a href=\"https:\/\/www.aclanester56.com\/velo\/29-juin-2022-31e-grand-prix-cycliste-de-la-ville-de-lanester\/\">29 juin  2022 : 31e Grand Prix Cycliste de la Ville de Lanester<\/a><\/li>\n<li><a href=\"https:\/\/www.aclanester56.com\/velo\/erwan-le-roux-3eme-place-pour-les-minimes-garcons\/\">Erwan Le Roux : 3eme place pour les minimes gar\u00e7ons !<\/a><\/li>\n<li><a href=\"https:\/\/www.aclanester56.com\/velo\/3eme-place-chez-les-juniors\/\">3eme place  chez les juniors<\/a><\/li>\n<li><a href=\"https:\/\/www.aclanester56.com\/velo\/championne-du-morbihan-minimes\/\">Championne du  morbihan Minimes !<\/a><\/li>\n<li><a href=\"https:\/\/www.aclanester56.com\/velo\/lenny-cren-3eme-a-brech\/\">Lenny Cren  3eme a Brech  !<\/a><\/li>\n<li><a href=\"https:\/\/www.aclanester56.com\/velo\/2-lanesteriens-sur-le-podium-a-priziac\/\">2 lanesteriens sur le podium \u00e0 Priziac !<\/a><\/li>\n<li><a href=\"https:\/\/www.aclanester56.com\/velo\/les-resultats-des-10-11-12-juin-2022\/\">Les r\u00e9sultats des 10-11-12 juin  2022<\/a><\/li>\n<li><a href=\"https:\/\/www.aclanester56.com\/velo\/classique-des-alpes\/\">Classique des Alpes<\/a><\/li>\n<li><a href=\"https:\/\/www.aclanester56.com\/velo\/resultats-du-3-4-5-juin-2022\/\">R\u00e9sultats du  3-4-5 juin  2022<\/a><\/li>\n<li><a href=\"https:\/\/www.aclanester56.com\/velo\/eva-philippe-brille-en-coupe-de-france\/\">Eva Philippe brille en coupe de France<\/a><\/li>\n<li><a href=\"https:\/\/www.aclanester56.com\/velo\/resultat-de-guidel\/\">R\u00e9sultat de Guidel<\/a><\/li>\n\n\t\t\t<\/ul>\n\t\t<\/div>\n\t\t<div class=\"pane\">\n\t\t\t<h2 class=\"month-heading\">juillet 2022 <span class=\"month-archive-link\">( <a href=\"https:\/\/www.aclanester56.com\/velo\/2022\/07\/\">Voir la page d&rsquo;archive compl&egrave;te<\/a> )<\/span><\/h2>\n\t\t\t<ul class=\"archive-list\">\n\t\t\t\t<li><a href=\"https:\/\/www.aclanester56.com\/velo\/les-resultats-des-8-et-9-juillet-derniers\/\">les r\u00e9sultats des 8 et 9 juillet  derniers<\/a><\/li>\n<li><a href=\"https:\/\/www.aclanester56.com\/velo\/les-resultats-du-2-et-3-juillet-2022\/\">Les r\u00e9sultats du  2 et 3 juillet 2022<\/a><\/li>\n\n\t\t\t<\/ul>\n\t\t<\/div>\n\t\t<div class=\"pane\">\n\t\t\t<h2 class=\"month-heading\">ao&ucirc;t 2022 <span class=\"month-archive-link\">( <a href=\"https:\/\/www.aclanester56.com\/velo\/2022\/08\/\">Voir la page d&rsquo;archive compl&egrave;te<\/a> )<\/span><\/h2>\n\t\t\t<ul class=\"archive-list\">\n\t\t\t\t<li><a href=\"https:\/\/www.aclanester56.com\/velo\/championnat-de-france-de-lavenir-2022\/\">Championnat de France de l'Avenir 2022<\/a><\/li>\n<li><a href=\"https:\/\/www.aclanester56.com\/velo\/ca-monte-a-hautacam\/\">Ca monte a  Hautacam  !<\/a><\/li>\n<li><a href=\"https:\/\/www.aclanester56.com\/velo\/les-resultats-du-dernier-weekend-de-juillet\/\">les r\u00e9sultats du dernier weekend de juillet<\/a><\/li>\n<li><a href=\"https:\/\/www.aclanester56.com\/velo\/les-resultats-du-23-et-24-juillet-dernier\/\">les r\u00e9sultats du 23 et 24 juillet dernier<\/a><\/li>\n<li><a href=\"https:\/\/www.aclanester56.com\/velo\/resultats-du-16-et-17-juillet-2022\/\">Resultats du  16 et 17 juillet 2022<\/a><\/li>\n\n\t\t\t<\/ul>\n\t\t<\/div>\n\t\t<div class=\"pane\">\n\t\t\t<h2 class=\"month-heading\">septembre 2022 <span class=\"month-archive-link\">( <a href=\"https:\/\/www.aclanester56.com\/velo\/2022\/09\/\">Voir la page d&rsquo;archive compl&egrave;te<\/a> )<\/span><\/h2>\n\t\t\t<ul class=\"archive-list\">\n\t\t\t\t<li><a href=\"https:\/\/www.aclanester56.com\/velo\/championnat-de-bretagne-des-elus-2022-les-classements\/\">Championnat de Bretagne des Elus 2022 : Les Classements<\/a><\/li>\n\n\t\t\t<\/ul>\n\t\t<\/div>\n\t\t<div class=\"pane\">\n\t\t\t<h2 class=\"month-heading\">novembre 2022 <span class=\"month-archive-link\">( <a href=\"https:\/\/www.aclanester56.com\/velo\/2022\/11\/\">Voir la page d&rsquo;archive compl&egrave;te<\/a> )<\/span><\/h2>\n\t\t\t<ul class=\"archive-list\">\n\t\t\t\t<li><a href=\"https:\/\/www.aclanester56.com\/velo\/typhaine-laurance-warren-barguil-et-axel-laurance-ont-signe-leur-licence-2023-a-lac-lanester-56\/\">Typhaine Laurance, Warren Barguil et Axel Laurance ont sign\u00e9 leur licence 2023 \u00e0 l'AC Lanester 56 !<\/a><\/li>\n<li><a href=\"https:\/\/www.aclanester56.com\/velo\/lac-lanester-56-formation-a-tenu-son-assemblee-generale-2022\/\">L'AC Lanester 56 Formation a tenu son assembl\u00e9e g\u00e9n\u00e9rale 2022<\/a><\/li>\n\n\t\t\t<\/ul>\n\t\t<\/div>\n\t\t<div class=\"pane\">\n\t\t\t<h2 class=\"month-heading\">d&eacute;cembre 2022 <span class=\"month-archive-link\">( <a href=\"https:\/\/www.aclanester56.com\/velo\/2022\/12\/\">Voir la page d&rsquo;archive compl&egrave;te<\/a> )<\/span><\/h2>\n\t\t\t<ul class=\"archive-list\">\n\t\t\t\t<li><a href=\"https:\/\/www.aclanester56.com\/velo\/les-samedis-pop-de-la-piste-reviennent-en-janvier-2023\/\">Les Samedis Pop\u2019 de la Piste reviennent en janvier 2023 !<\/a><\/li>\n\n\t\t\t<\/ul>\n\t\t<\/div>\n\t<\/div>\n\t<div class=\"pane\">\n\t\t<ul id=\"month-list-2023\" class=\"tabs month-list\">\n\t\t\t<li>\t<a  href=\"https:\/\/www.aclanester56.com\/velo\/2023\/01\/\">Jan<\/a>\t<\/li><li>\t<a  href=\"https:\/\/www.aclanester56.com\/velo\/2023\/02\/\">F&eacute;v<\/a>\t<\/li><li>\t<a  href=\"https:\/\/www.aclanester56.com\/velo\/2023\/03\/\">Mar<\/a>\t<\/li><li>\t<a  href=\"https:\/\/www.aclanester56.com\/velo\/2023\/04\/\">Avr<\/a>\t<\/li><li>\t<a  href=\"https:\/\/www.aclanester56.com\/velo\/2023\/05\/\">Mai<\/a>\t<\/li><li>\t<a  href=\"https:\/\/www.aclanester56.com\/velo\/2023\/06\/\">Juin<\/a>\t<\/li><li>\t\t<span class=\"empty-month\">Juil<\/span><\/li><li>\t\t<span class=\"empty-month\">Ao&ucirc;t<\/span><\/li><li>\t\t<span class=\"empty-month\">Sep<\/span><\/li><li>\t\t<span class=\"empty-month\">Oct<\/span><\/li><li>\t\t<span class=\"empty-month\">Nov<\/span><\/li><li>\t\t<span class=\"empty-month\">D&eacute;c<\/span><\/li>\n\t\t<\/ul>\n\t\t<div class=\"pane\">\n\t\t\t<h2 class=\"month-heading\">janvier 2023 <span class=\"month-archive-link\">( <a href=\"https:\/\/www.aclanester56.com\/velo\/2023\/01\/\">Voir la page d&rsquo;archive compl&egrave;te<\/a> )<\/span><\/h2>\n\t\t\t<ul class=\"archive-list\">\n\t\t\t\t<li><a href=\"https:\/\/www.aclanester56.com\/velo\/annulation-des-samedis-pop-2023\/\">Annulation des Samedis Pop' 2023<\/a><\/li>\n<li><a href=\"https:\/\/www.aclanester56.com\/velo\/report-de-la-1ere-manche-des-samedis-pop-2023-au-samedi-21-janvier\/\">Report de la 1\u00e8re manche des Samedis Pop' 2023 au samedi 21 janvier<\/a><\/li>\n\n\t\t\t<\/ul>\n\t\t<\/div>\n\t\t<div class=\"pane\">\n\t\t\t<h2 class=\"month-heading\">f&eacute;vrier 2023 <span class=\"month-archive-link\">( <a href=\"https:\/\/www.aclanester56.com\/velo\/2023\/02\/\">Voir la page d&rsquo;archive compl&egrave;te<\/a> )<\/span><\/h2>\n\t\t\t<ul class=\"archive-list\">\n\t\t\t\t<li><a href=\"https:\/\/www.aclanester56.com\/velo\/presentation-des-effectifs-2023\/\">Pr\u00e9sentation des effectifs 2023<\/a><\/li>\n\n\t\t\t<\/ul>\n\t\t<\/div>\n\t\t<div class=\"pane\">\n\t\t\t<h2 class=\"month-heading\">mars 2023 <span class=\"month-archive-link\">( <a href=\"https:\/\/www.aclanester56.com\/velo\/2023\/03\/\">Voir la page d&rsquo;archive compl&egrave;te<\/a> )<\/span><\/h2>\n\t\t\t<ul class=\"archive-list\">\n\t\t\t\t<li><a href=\"https:\/\/www.aclanester56.com\/velo\/tour-du-bocage-et-de-lernee-2023-le-debrief\/\">Tour du Bocage et de l'Ern\u00e9e 2023 : Le d\u00e9brief'<\/a><\/li>\n<li><a href=\"https:\/\/www.aclanester56.com\/velo\/resultats-du-week-end-du-25-et-26-mars-2023\/\">R\u00e9sultats du week-end du 25 et 26 mars 2023<\/a><\/li>\n<li><a href=\"https:\/\/www.aclanester56.com\/velo\/une-course-internationale-par-etapes-au-menu-de-lequipe-u19\/\">Une course internationale par \u00e9tapes au menu de l'\u00e9quipe U19 !<\/a><\/li>\n<li><a href=\"https:\/\/www.aclanester56.com\/velo\/retour-sur-la-ronde-du-printemps-2023\/\">Retour sur la Ronde du Printemps 2023<\/a><\/li>\n<li><a href=\"https:\/\/www.aclanester56.com\/velo\/resultats-du-week-end-du-19-mars-2023\/\">R\u00e9sultats du week-end du 19 mars 2023<\/a><\/li>\n<li><a href=\"https:\/\/www.aclanester56.com\/velo\/lequipe-u19-de-lac-lanester-56-formation-pour-la-ronde-du-printemps\/\">L\u2019\u00e9quipe U19 de l\u2019AC Lanester 56 Formation pour la Ronde du Printemps<\/a><\/li>\n<li><a href=\"https:\/\/www.aclanester56.com\/velo\/retour-sur-le-trophee-louison-bobet-2023\/\">\u0301Retour sur le Troph\u00e9e Louison Bobet 2023<\/a><\/li>\n<li><a href=\"https:\/\/www.aclanester56.com\/velo\/resultats-du-week-end-du-11-12-mars-2023\/\">R\u00e9sultats du week-end du 11 & 12 mars 2023<\/a><\/li>\n<li><a href=\"https:\/\/www.aclanester56.com\/velo\/lequipe-u19-de-lac-lanester-56-formation-pour-la-bobet\/\">L'\u00e9quipe U19 de l'AC Lanester 56 Formation pour la Bobet<\/a><\/li>\n<li><a href=\"https:\/\/www.aclanester56.com\/velo\/resultats-du-week-end-du-4-5-mars-2023\/\">R\u00e9sultats du week-end du 4 & 5 mars 2023<\/a><\/li>\n\n\t\t\t<\/ul>\n\t\t<\/div>\n\t\t<div class=\"pane\">\n\t\t\t<h2 class=\"month-heading\">avril 2023 <span class=\"month-archive-link\">( <a href=\"https:\/\/www.aclanester56.com\/velo\/2023\/04\/\">Voir la page d&rsquo;archive compl&egrave;te<\/a> )<\/span><\/h2>\n\t\t\t<ul class=\"archive-list\">\n\t\t\t\t<li><a href=\"https:\/\/www.aclanester56.com\/velo\/lanester-accueillera-la-route-de-louest-feminine-le-21-mai-2023\/\">Lanester accueillera la Route de l'Ouest F\u00e9minine le 21 mai 2023<\/a><\/li>\n<li><a href=\"https:\/\/www.aclanester56.com\/velo\/lequipe-u19-sur-le-kreiz-breizh-avenir-2023\/\">L'\u00e9quipe U19 sur le Kreiz Breizh Avenir 2023<\/a><\/li>\n<li><a href=\"https:\/\/www.aclanester56.com\/velo\/lequipe-u17-au-depart-des-boucles-sournaises-2023\/\">L'\u00e9quipe U17 au d\u00e9part des Boucles Sournaises 2023<\/a><\/li>\n<li><a href=\"https:\/\/www.aclanester56.com\/velo\/9eme-circuit-des-jeunes-les-classements\/\">9\u00e8me Circuit des Jeunes : Les classements<\/a><\/li>\n<li><a href=\"https:\/\/www.aclanester56.com\/velo\/le-23-avril-2023-9eme-edition-du-circuit-des-jeunes\/\">le 23 avril  2023 : 9eme edition du circuit des jeunes<\/a><\/li>\n<li><a href=\"https:\/\/www.aclanester56.com\/velo\/les-resultats-du-week-end-du-15-16-et-17-avril\/\">Les R\u00e9sultats du week-end du 15, 16 et 17 avril<\/a><\/li>\n<li><a href=\"https:\/\/www.aclanester56.com\/velo\/retour-sur-la-penn-ar-bed\/\">Retour sur la Penn Ar  Bed<\/a><\/li>\n<li><a href=\"https:\/\/www.aclanester56.com\/velo\/trophee-departemental-des-ecoles-de-cyclisme\/\">Troph\u00e9e d\u00e9partemental des \u00e9coles de cyclisme<\/a><\/li>\n<li><a href=\"https:\/\/www.aclanester56.com\/velo\/les-resultats-du-8-9-et-10-avril\/\">Les R\u00e9sultats du 8, 9 et 10 avril<\/a><\/li>\n\n\t\t\t<\/ul>\n\t\t<\/div>\n\t\t<div class=\"pane\">\n\t\t\t<h2 class=\"month-heading\">mai 2023 <span class=\"month-archive-link\">( <a href=\"https:\/\/www.aclanester56.com\/velo\/2023\/05\/\">Voir la page d&rsquo;archive compl&egrave;te<\/a> )<\/span><\/h2>\n\t\t\t<ul class=\"archive-list\">\n\t\t\t\t<li><a href=\"https:\/\/www.aclanester56.com\/velo\/les-resultats-du-week-end-du-26-au-29-mai\/\">Les R\u00e9sultats du Week-end du 26 au 29 mai<\/a><\/li>\n<li><a href=\"https:\/\/www.aclanester56.com\/velo\/route-de-louest-feminine-2023-a-lanester-les-classements\/\">Route de l'Ouest F\u00e9minine 2023 \u00e0 Lanester : Les Classements<\/a><\/li>\n<li><a href=\"https:\/\/www.aclanester56.com\/velo\/route-de-louest-feminine-a-lanester-le-21-mai-2023-le-circuit\/\">Route de l'Ouest F\u00e9minine \u00e0 Lanester le 21 mai 2023 : Le Circuit<\/a><\/li>\n\n\t\t\t<\/ul>\n\t\t<\/div>\n\t\t<div class=\"pane\">\n\t\t\t<h2 class=\"month-heading\">juin 2023 <span class=\"month-archive-link\">( <a href=\"https:\/\/www.aclanester56.com\/velo\/2023\/06\/\">Voir la page d&rsquo;archive compl&egrave;te<\/a> )<\/span><\/h2>\n\t\t\t<ul class=\"archive-list\">\n\t\t\t\t<li><a href=\"https:\/\/www.aclanester56.com\/velo\/grand-prix-cycliste-de-la-ville-de-lanester-2023-les-classements\/\">Grand Prix Cycliste de la Ville de Lanester 2023 : Les classements<\/a><\/li>\n<li><a href=\"https:\/\/www.aclanester56.com\/velo\/les-jeunes-brillent-a-lochrist\/\">Les jeunes brillent \u00e0 Lochrist<\/a><\/li>\n<li><a href=\"https:\/\/www.aclanester56.com\/velo\/le-grand-prix-de-la-ville-32eme-edition\/\">le Grand Prix de la Ville :32eme edition<\/a><\/li>\n<li><a href=\"https:\/\/www.aclanester56.com\/velo\/les-resultats-du-10-et-11-juin-2023\/\">Les r\u00e9sultats du 10 et 11 juin  2023<\/a><\/li>\n<li><a href=\"https:\/\/www.aclanester56.com\/velo\/les-u19-sur-le-trophee-sebaco\/\">Les U19 sur le troph\u00e9e SEBACO<\/a><\/li>\n<li><a href=\"https:\/\/www.aclanester56.com\/velo\/les-resultats-du-2-au-4-juin-2023\/\">Les r\u00e9sultats du  2 au  4 juin 2023<\/a><\/li>\n<li><a href=\"https:\/\/www.aclanester56.com\/velo\/le-we-de-la-pentencote-a-lac-lanester\/\">Le we de la Pentencote \u00e0 L'AC Lanester<\/a><\/li>\n\n\t\t\t<\/ul>\n\t\t<\/div>\n\t<\/div>\n\t<div class=\"pane\">\n\t\t<ul id=\"month-list-2024\" class=\"tabs month-list\">\n\t\t\t<li>\t<a  href=\"https:\/\/www.aclanester56.com\/velo\/2024\/01\/\">Jan<\/a>\t<\/li><li>\t<a  href=\"https:\/\/www.aclanester56.com\/velo\/2024\/02\/\">F&eacute;v<\/a>\t<\/li><li>\t\t<span class=\"empty-month\">Mar<\/span><\/li><li>\t<a  href=\"https:\/\/www.aclanester56.com\/velo\/2024\/04\/\">Avr<\/a>\t<\/li><li>\t\t<span class=\"empty-month\">Mai<\/span><\/li><li>\t<a  href=\"https:\/\/www.aclanester56.com\/velo\/2024\/06\/\">Juin<\/a>\t<\/li><li>\t\t<span class=\"empty-month\">Juil<\/span><\/li><li>\t\t<span class=\"empty-month\">Ao&ucirc;t<\/span><\/li><li>\t<a  href=\"https:\/\/www.aclanester56.com\/velo\/2024\/09\/\">Sep<\/a>\t<\/li><li>\t\t<span class=\"empty-month\">Oct<\/span><\/li><li>\t<a  href=\"https:\/\/www.aclanester56.com\/velo\/2024\/11\/\">Nov<\/a>\t<\/li><li>\t<a  href=\"https:\/\/www.aclanester56.com\/velo\/2024\/12\/\">D&eacute;c<\/a>\t<\/li>\n\t\t<\/ul>\n\t\t<div class=\"pane\">\n\t\t\t<h2 class=\"month-heading\">janvier 2024 <span class=\"month-archive-link\">( <a href=\"https:\/\/www.aclanester56.com\/velo\/2024\/01\/\">Voir la page d&rsquo;archive compl&egrave;te<\/a> )<\/span><\/h2>\n\t\t\t<ul class=\"archive-list\">\n\t\t\t\t<li><a href=\"https:\/\/www.aclanester56.com\/velo\/samedis-pop-2024-tous-les-details\/\">Samedis Pop' 2024 : Tous les d\u00e9tails<\/a><\/li>\n\n\t\t\t<\/ul>\n\t\t<\/div>\n\t\t<div class=\"pane\">\n\t\t\t<h2 class=\"month-heading\">f&eacute;vrier 2024 <span class=\"month-archive-link\">( <a href=\"https:\/\/www.aclanester56.com\/velo\/2024\/02\/\">Voir la page d&rsquo;archive compl&egrave;te<\/a> )<\/span><\/h2>\n\t\t\t<ul class=\"archive-list\">\n\t\t\t\t<li><a href=\"https:\/\/www.aclanester56.com\/velo\/quand-la-wawa-mania-sempare-des-samedis-pop\/\">Quand la \u00ab Wawa mania \u00bb s'empare des Samedis Pop' !<\/a><\/li>\n<li><a href=\"https:\/\/www.aclanester56.com\/velo\/warren-barguil-a-signe-sa-licence-2024-a-lac-lanester-56-formation\/\">Warren Barguil a sign\u00e9 sa licence 2024 \u00e0 l'AC Lanester 56 Formation<\/a><\/li>\n<li><a href=\"https:\/\/www.aclanester56.com\/velo\/samedis-pop-2024-les-classements-de-la-finale\/\">Samedis Pop\u2019 2024 : Les classements de la finale<\/a><\/li>\n<li><a href=\"https:\/\/www.aclanester56.com\/velo\/samedis-pop-2024-les-classements-de-la-2eme-manche\/\">Samedis Pop\u2019 2024 : Les classements de la 2\u00e8me manche<\/a><\/li>\n<li><a href=\"https:\/\/www.aclanester56.com\/velo\/le-maillot-2024-de-lac-lanester-56-formation\/\">Le maillot 2024 de l'AC Lanester 56 Formation<\/a><\/li>\n<li><a href=\"https:\/\/www.aclanester56.com\/velo\/samedis-pop-2024-retour-en-images-sur-la-1ere-manche\/\">Samedis Pop\u2019 2024 : Retour en images sur la 1\u00e8re manche<\/a><\/li>\n<li><a href=\"https:\/\/www.aclanester56.com\/velo\/samedis-pop-2024-les-classements-de-la-1ere-manche\/\">Samedis Pop' 2024 : Les classements de la 1\u00e8re manche<\/a><\/li>\n\n\t\t\t<\/ul>\n\t\t<\/div>\n\t\t<div class=\"pane\">\n\t\t\t<h2 class=\"month-heading\">avril 2024 <span class=\"month-archive-link\">( <a href=\"https:\/\/www.aclanester56.com\/velo\/2024\/04\/\">Voir la page d&rsquo;archive compl&egrave;te<\/a> )<\/span><\/h2>\n\t\t\t<ul class=\"archive-list\">\n\t\t\t\t<li><a href=\"https:\/\/www.aclanester56.com\/velo\/10eme-circuit-des-jeunes-les-classements\/\">10\u00e8me Circuit des Jeunes : Les Classements<\/a><\/li>\n<li><a href=\"https:\/\/www.aclanester56.com\/velo\/j-10-avant-le-10eme-circuit-des-jeunes-a-lanester\/\">J-10 avant le 10\u00e8me Circuit des Jeunes \u00e0 Lanester !<\/a><\/li>\n\n\t\t\t<\/ul>\n\t\t<\/div>\n\t\t<div class=\"pane\">\n\t\t\t<h2 class=\"month-heading\">juin 2024 <span class=\"month-archive-link\">( <a href=\"https:\/\/www.aclanester56.com\/velo\/2024\/06\/\">Voir la page d&rsquo;archive compl&egrave;te<\/a> )<\/span><\/h2>\n\t\t\t<ul class=\"archive-list\">\n\t\t\t\t<li><a href=\"https:\/\/www.aclanester56.com\/velo\/33e-grand-prix-cycliste-de-la-ville-de-lanester-les-classements\/\">33e Grand Prix Cycliste de la Ville de Lanester : Les classements<\/a><\/li>\n<li><a href=\"https:\/\/www.aclanester56.com\/velo\/comment-circuler-a-lanester-ce-mercredi-26-juin-en-soiree-pendant-le-grand-prix-cycliste\/\">Comment circuler \u00e0 Lanester ce mercredi 26 juin en soir\u00e9e pendant le Grand Prix Cycliste ?<\/a><\/li>\n\n\t\t\t<\/ul>\n\t\t<\/div>\n\t\t<div class=\"pane\">\n\t\t\t<h2 class=\"month-heading\">septembre 2024 <span class=\"month-archive-link\">( <a href=\"https:\/\/www.aclanester56.com\/velo\/2024\/09\/\">Voir la page d&rsquo;archive compl&egrave;te<\/a> )<\/span><\/h2>\n\t\t\t<ul class=\"archive-list\">\n\t\t\t\t<li><a href=\"https:\/\/www.aclanester56.com\/velo\/finale-de-la-coupe-de-bretagne-a-lanester-les-classements\/\">Finale de la Coupe de Bretagne Femmes \u00e0 Lanester : Les classements<\/a><\/li>\n<li><a href=\"https:\/\/www.aclanester56.com\/velo\/comment-circuler-a-lanester-ce-dimanche-29-septembre-pendant-la-finale-de-la-coupe-de-bretagne-femmes\/\">Comment circuler \u00e0 Lanester ce dimanche 29 septembre  pendant la finale de la Coupe de Bretagne Femmes ?<\/a><\/li>\n\n\t\t\t<\/ul>\n\t\t<\/div>\n\t\t<div class=\"pane\">\n\t\t\t<h2 class=\"month-heading\">novembre 2024 <span class=\"month-archive-link\">( <a href=\"https:\/\/www.aclanester56.com\/velo\/2024\/11\/\">Voir la page d&rsquo;archive compl&egrave;te<\/a> )<\/span><\/h2>\n\t\t\t<ul class=\"archive-list\">\n\t\t\t\t<li><a href=\"https:\/\/www.aclanester56.com\/velo\/lac-lanester-56-formation-a-tenu-son-assemblee-generale-2024\/\">L\u2019AC Lanester 56 Formation a tenu son assembl\u00e9e g\u00e9n\u00e9rale 2024<\/a><\/li>\n\n\t\t\t<\/ul>\n\t\t<\/div>\n\t\t<div class=\"pane\">\n\t\t\t<h2 class=\"month-heading\">d&eacute;cembre 2024 <span class=\"month-archive-link\">( <a href=\"https:\/\/www.aclanester56.com\/velo\/2024\/12\/\">Voir la page d&rsquo;archive compl&egrave;te<\/a> )<\/span><\/h2>\n\t\t\t<ul class=\"archive-list\">\n\t\t\t\t<li><a href=\"https:\/\/www.aclanester56.com\/velo\/samedis-pop-2025-tous-les-details\/\">Samedis Pop\u2019 2025 : Tous les d\u00e9tails<\/a><\/li>\n\n\t\t\t<\/ul>\n\t\t<\/div>\n\t<\/div>\n\t<div class=\"pane\">\n\t\t<ul id=\"month-list-2025\" class=\"tabs month-list\">\n\t\t\t<li>\t<a  href=\"https:\/\/www.aclanester56.com\/velo\/2025\/01\/\">Jan<\/a>\t<\/li><li>\t<a  href=\"https:\/\/www.aclanester56.com\/velo\/2025\/02\/\">F&eacute;v<\/a>\t<\/li><li>\t<a  href=\"https:\/\/www.aclanester56.com\/velo\/2025\/03\/\">Mar<\/a>\t<\/li><li>\t\t<span class=\"empty-month\">Avr<\/span><\/li><li>\t\t<span class=\"empty-month\">Mai<\/span><\/li><li>\t<a  href=\"https:\/\/www.aclanester56.com\/velo\/2025\/06\/\">Juin<\/a>\t<\/li><li>\t\t<span class=\"empty-month\">Juil<\/span><\/li><li>\t\t<span class=\"empty-month\">Ao&ucirc;t<\/span><\/li><li>\t<a  href=\"https:\/\/www.aclanester56.com\/velo\/2025\/09\/\">Sep<\/a>\t<\/li><li>\t\t<span class=\"empty-month\">Oct<\/span><\/li><li>\t\t<span class=\"empty-month\">Nov<\/span><\/li><li>\t\t<span class=\"empty-month\">D&eacute;c<\/span><\/li>\n\t\t<\/ul>\n\t\t<div class=\"pane\">\n\t\t\t<h2 class=\"month-heading\">janvier 2025 <span class=\"month-archive-link\">( <a href=\"https:\/\/www.aclanester56.com\/velo\/2025\/01\/\">Voir la page d&rsquo;archive compl&egrave;te<\/a> )<\/span><\/h2>\n\t\t\t<ul class=\"archive-list\">\n\t\t\t\t<li><a href=\"https:\/\/www.aclanester56.com\/velo\/samedis-pop-2025-classements-de-la-1ere-journee\/\">Samedis Pop' 2025 - Classements de la 1\u00e8re journ\u00e9e<\/a><\/li>\n\n\t\t\t<\/ul>\n\t\t<\/div>\n\t\t<div class=\"pane\">\n\t\t\t<h2 class=\"month-heading\">f&eacute;vrier 2025 <span class=\"month-archive-link\">( <a href=\"https:\/\/www.aclanester56.com\/velo\/2025\/02\/\">Voir la page d&rsquo;archive compl&egrave;te<\/a> )<\/span><\/h2>\n\t\t\t<ul class=\"archive-list\">\n\t\t\t\t<li><a href=\"https:\/\/www.aclanester56.com\/velo\/finale-des-samedis-pop-2025-les-classements\/\">Finale des Samedis Pop' 2025 : Les classements<\/a><\/li>\n\n\t\t\t<\/ul>\n\t\t<\/div>\n\t\t<div class=\"pane\">\n\t\t\t<h2 class=\"month-heading\">mars 2025 <span class=\"month-archive-link\">( <a href=\"https:\/\/www.aclanester56.com\/velo\/2025\/03\/\">Voir la page d&rsquo;archive compl&egrave;te<\/a> )<\/span><\/h2>\n\t\t\t<ul class=\"archive-list\">\n\t\t\t\t<li><a href=\"https:\/\/www.aclanester56.com\/velo\/nouveaute-ouverture-dun-programme-cyclisme-performance-mixte-au-lycee-colbert-de-lorient\/\">Nouveaut\u00e9 : Ouverture d'une section cyclisme mixte au lyc\u00e9e Colbert de Lorient<\/a><\/li>\n\n\t\t\t<\/ul>\n\t\t<\/div>\n\t\t<div class=\"pane\">\n\t\t\t<h2 class=\"month-heading\">juin 2025 <span class=\"month-archive-link\">( <a href=\"https:\/\/www.aclanester56.com\/velo\/2025\/06\/\">Voir la page d&rsquo;archive compl&egrave;te<\/a> )<\/span><\/h2>\n\t\t\t<ul class=\"archive-list\">\n\t\t\t\t<li><a href=\"https:\/\/www.aclanester56.com\/velo\/grand-prix-de-la-ville-de-lanester-2025-les-classements\/\">Grand Prix de la Ville de Lanester 2025 : Les Classements<\/a><\/li>\n<li><a href=\"https:\/\/www.aclanester56.com\/velo\/comment-circuler-a-lanester-ce-mercredi-25-juin-en-soiree-pendant-le-grand-prix-cycliste\/\">Comment circuler \u00e0 Lanester ce mercredi 25 juin en soir\u00e9e pendant le Grand Prix Cycliste ?<\/a><\/li>\n\n\t\t\t<\/ul>\n\t\t<\/div>\n\t\t<div class=\"pane\">\n\t\t\t<h2 class=\"month-heading\">septembre 2025 <span class=\"month-archive-link\">( <a href=\"https:\/\/www.aclanester56.com\/velo\/2025\/09\/\">Voir la page d&rsquo;archive compl&egrave;te<\/a> )<\/span><\/h2>\n\t\t\t<ul class=\"archive-list\">\n\t\t\t\t<li><a href=\"https:\/\/www.aclanester56.com\/velo\/circuit-des-jeunes-a-inzinzac-lochrist-les-classements\/\">Circuit des Jeunes \u00e0 Inzinzac-Lochrist : Les classements<\/a><\/li>\n<li><a href=\"https:\/\/www.aclanester56.com\/velo\/lac-lanester-56-formation-ouvre-ses-portes-le-samedi-6-septembre-2025\/\">L'AC Lanester 56 Formation ouvre ses portes le samedi 6 septembre 2025 !<\/a><\/li>\n\n\t\t\t<\/ul>\n\t\t<\/div>\n\t<\/div>\n\t<div class=\"pane\">\n\t\t<ul id=\"month-list-2026\" class=\"tabs month-list\">\n\t\t\t<li>\t<a  href=\"https:\/\/www.aclanester56.com\/velo\/2026\/01\/\">Jan<\/a>\t<\/li><li>\t\t<span class=\"empty-month\">F&eacute;v<\/span><\/li><li>\t<a  href=\"https:\/\/www.aclanester56.com\/velo\/2026\/03\/\">Mar<\/a>\t<\/li><li>\t<a  href=\"https:\/\/www.aclanester56.com\/velo\/2026\/04\/\">Avr<\/a>\t<\/li><li>\t\t<span class=\"empty-month\">Mai<\/span><\/li><li>\t\t<span class=\"empty-month\">Juin<\/span><\/li><li>\t\t<span class=\"empty-month\">Juil<\/span><\/li><li>\t\t<span class=\"empty-month\">Ao&ucirc;t<\/span><\/li><li>\t\t<span class=\"empty-month\">Sep<\/span><\/li><li>\t\t<span class=\"empty-month\">Oct<\/span><\/li><li>\t\t<span class=\"empty-month\">Nov<\/span><\/li><li>\t\t<span class=\"empty-month\">D&eacute;c<\/span><\/li>\n\t\t<\/ul>\n\t\t<div class=\"pane\">\n\t\t\t<h2 class=\"month-heading\">janvier 2026 <span class=\"month-archive-link\">( <a href=\"https:\/\/www.aclanester56.com\/velo\/2026\/01\/\">Voir la page d&rsquo;archive compl&egrave;te<\/a> )<\/span><\/h2>\n\t\t\t<ul class=\"archive-list\">\n\t\t\t\t<li><a href=\"https:\/\/www.aclanester56.com\/velo\/report-de-la-1ere-manche-des-samedis-pop-2026\/\">Report de la 1\u00e8re manche des Samedis Pop' 2026<\/a><\/li>\n<li><a href=\"https:\/\/www.aclanester56.com\/velo\/samedis-pop-2026-tous-les-details\/\">Samedis Pop\u2019 2026 : Tous les d\u00e9tails<\/a><\/li>\n\n\t\t\t<\/ul>\n\t\t<\/div>\n\t\t<div class=\"pane\">\n\t\t\t<h2 class=\"month-heading\">mars 2026 <span class=\"month-archive-link\">( <a href=\"https:\/\/www.aclanester56.com\/velo\/2026\/03\/\">Voir la page d&rsquo;archive compl&egrave;te<\/a> )<\/span><\/h2>\n\t\t\t<ul class=\"archive-list\">\n\t\t\t\t<li><a href=\"https:\/\/www.aclanester56.com\/velo\/12e-circuit-des-jeunes-a-lanester-le-12-avril-2026-les-inscriptions-sont-ouvertes\/\">12e Circuit des Jeunes \u00e0 Lanester le 12 avril 2026 : Les inscriptions sont ouvertes !<\/a><\/li>\n\n\t\t\t<\/ul>\n\t\t<\/div>\n\t\t<div class=\"pane\">\n\t\t\t<h2 class=\"month-heading\">avril 2026 <span class=\"month-archive-link\">( <a href=\"https:\/\/www.aclanester56.com\/velo\/2026\/04\/\">Voir la page d&rsquo;archive compl&egrave;te<\/a> )<\/span><\/h2>\n\t\t\t<ul class=\"archive-list\">\n\t\t\t\t<li><a href=\"https:\/\/www.aclanester56.com\/velo\/12e-circuit-des-jeunes-a-lanester-les-classements\/\">12e Circuit des Jeunes \u00e0 Lanester : Les classements<\/a><\/li>\n<li><a href=\"https:\/\/www.aclanester56.com\/velo\/comment-circuler-a-lanester-ce-dimanche-12-avril-apres-midi-pendant-le-circuit-des-jeunes\/\">Comment circuler \u00e0 Lanester ce dimanche 12 avril apr\u00e8s-midi pendant le Circuit des Jeunes ?<\/a><\/li>\n\n\t\t\t<\/ul>\n\t\t<\/div>\n\t<\/div>\n<\/div>\n\n","protected":false},"excerpt":{"rendered":"","protected":false},"author":2,"featured_media":0,"parent":0,"menu_order":0,"comment_status":"open","ping_status":"closed","template":"","meta":{"ngg_post_thumbnail":0,"footnotes":""},"class_list":["post-16903","page","type-page","status-publish","format-standard","hentry"],"yoast_head":"<!-- This site is optimized with the Yoast SEO plugin v27.5 - https:\/\/yoast.com\/product\/yoast-seo-wordpress\/ -->\n<title>Archives des articles - Avenir Cycliste Lanester 56<\/title>\n<meta name=\"robots\" content=\"index, follow, max-snippet:-1, max-image-preview:large, max-video-preview:-1\" \/>\n<link rel=\"canonical\" href=\"https:\/\/www.aclanester56.com\/velo\/archives-des-articles\/\" \/>\n<meta property=\"og:locale\" content=\"fr_FR\" \/>\n<meta property=\"og:type\" content=\"article\" \/>\n<meta property=\"og:title\" content=\"Archives des articles - Avenir Cycliste Lanester 56\" \/>\n<meta property=\"og:url\" content=\"https:\/\/www.aclanester56.com\/velo\/archives-des-articles\/\" \/>\n<meta property=\"og:site_name\" content=\"Avenir Cycliste Lanester 56\" \/>\n<meta property=\"article:publisher\" content=\"https:\/\/www.facebook.com\/pages\/AC-Lanester-56\/190286300991242?fref=ts\" \/>\n<meta property=\"article:modified_time\" content=\"2013-12-23T21:15:38+00:00\" \/>\n<script type=\"application\/ld+json\" class=\"yoast-schema-graph\">{\"@context\":\"https:\\\/\\\/schema.org\",\"@graph\":[{\"@type\":\"WebPage\",\"@id\":\"https:\\\/\\\/www.aclanester56.com\\\/velo\\\/archives-des-articles\\\/\",\"url\":\"https:\\\/\\\/www.aclanester56.com\\\/velo\\\/archives-des-articles\\\/\",\"name\":\"Archives des articles - Avenir Cycliste Lanester 56\",\"isPartOf\":{\"@id\":\"https:\\\/\\\/www.aclanester56.com\\\/velo\\\/#website\"},\"datePublished\":\"2013-12-23T20:22:04+00:00\",\"dateModified\":\"2013-12-23T21:15:38+00:00\",\"inLanguage\":\"fr-FR\",\"potentialAction\":[{\"@type\":\"ReadAction\",\"target\":[\"https:\\\/\\\/www.aclanester56.com\\\/velo\\\/archives-des-articles\\\/\"]}]},{\"@type\":\"WebSite\",\"@id\":\"https:\\\/\\\/www.aclanester56.com\\\/velo\\\/#website\",\"url\":\"https:\\\/\\\/www.aclanester56.com\\\/velo\\\/\",\"name\":\"Avenir Cycliste Lanester 56\",\"description\":\"Club cycliste de l&#039;AC LANESTER 56\",\"publisher\":{\"@id\":\"https:\\\/\\\/www.aclanester56.com\\\/velo\\\/#organization\"},\"potentialAction\":[{\"@type\":\"SearchAction\",\"target\":{\"@type\":\"EntryPoint\",\"urlTemplate\":\"https:\\\/\\\/www.aclanester56.com\\\/velo\\\/?s={search_term_string}\"},\"query-input\":{\"@type\":\"PropertyValueSpecification\",\"valueRequired\":true,\"valueName\":\"search_term_string\"}}],\"inLanguage\":\"fr-FR\"},{\"@type\":\"Organization\",\"@id\":\"https:\\\/\\\/www.aclanester56.com\\\/velo\\\/#organization\",\"name\":\"Avenir Cycliste Lanester 56\",\"url\":\"https:\\\/\\\/www.aclanester56.com\\\/velo\\\/\",\"logo\":{\"@type\":\"ImageObject\",\"inLanguage\":\"fr-FR\",\"@id\":\"https:\\\/\\\/www.aclanester56.com\\\/velo\\\/#\\\/schema\\\/logo\\\/image\\\/\",\"url\":\"https:\\\/\\\/www.aclanester56.com\\\/velo\\\/wp-content\\\/uploads\\\/2013\\\/04\\\/logo-ACL.jpg\",\"contentUrl\":\"https:\\\/\\\/www.aclanester56.com\\\/velo\\\/wp-content\\\/uploads\\\/2013\\\/04\\\/logo-ACL.jpg\",\"width\":400,\"height\":334,\"caption\":\"Avenir Cycliste Lanester 56\"},\"image\":{\"@id\":\"https:\\\/\\\/www.aclanester56.com\\\/velo\\\/#\\\/schema\\\/logo\\\/image\\\/\"},\"sameAs\":[\"https:\\\/\\\/www.facebook.com\\\/pages\\\/AC-Lanester-56\\\/190286300991242?fref=ts\"]}]}<\/script>\n<!-- \/ Yoast SEO plugin. -->","yoast_head_json":{"title":"Archives des articles - Avenir Cycliste Lanester 56","robots":{"index":"index","follow":"follow","max-snippet":"max-snippet:-1","max-image-preview":"max-image-preview:large","max-video-preview":"max-video-preview:-1"},"canonical":"https:\/\/www.aclanester56.com\/velo\/archives-des-articles\/","og_locale":"fr_FR","og_type":"article","og_title":"Archives des articles - Avenir Cycliste Lanester 56","og_url":"https:\/\/www.aclanester56.com\/velo\/archives-des-articles\/","og_site_name":"Avenir Cycliste Lanester 56","article_publisher":"https:\/\/www.facebook.com\/pages\/AC-Lanester-56\/190286300991242?fref=ts","article_modified_time":"2013-12-23T21:15:38+00:00","schema":{"@context":"https:\/\/schema.org","@graph":[{"@type":"WebPage","@id":"https:\/\/www.aclanester56.com\/velo\/archives-des-articles\/","url":"https:\/\/www.aclanester56.com\/velo\/archives-des-articles\/","name":"Archives des articles - Avenir Cycliste Lanester 56","isPartOf":{"@id":"https:\/\/www.aclanester56.com\/velo\/#website"},"datePublished":"2013-12-23T20:22:04+00:00","dateModified":"2013-12-23T21:15:38+00:00","inLanguage":"fr-FR","potentialAction":[{"@type":"ReadAction","target":["https:\/\/www.aclanester56.com\/velo\/archives-des-articles\/"]}]},{"@type":"WebSite","@id":"https:\/\/www.aclanester56.com\/velo\/#website","url":"https:\/\/www.aclanester56.com\/velo\/","name":"Avenir Cycliste Lanester 56","description":"Club cycliste de l&#039;AC LANESTER 56","publisher":{"@id":"https:\/\/www.aclanester56.com\/velo\/#organization"},"potentialAction":[{"@type":"SearchAction","target":{"@type":"EntryPoint","urlTemplate":"https:\/\/www.aclanester56.com\/velo\/?s={search_term_string}"},"query-input":{"@type":"PropertyValueSpecification","valueRequired":true,"valueName":"search_term_string"}}],"inLanguage":"fr-FR"},{"@type":"Organization","@id":"https:\/\/www.aclanester56.com\/velo\/#organization","name":"Avenir Cycliste Lanester 56","url":"https:\/\/www.aclanester56.com\/velo\/","logo":{"@type":"ImageObject","inLanguage":"fr-FR","@id":"https:\/\/www.aclanester56.com\/velo\/#\/schema\/logo\/image\/","url":"https:\/\/www.aclanester56.com\/velo\/wp-content\/uploads\/2013\/04\/logo-ACL.jpg","contentUrl":"https:\/\/www.aclanester56.com\/velo\/wp-content\/uploads\/2013\/04\/logo-ACL.jpg","width":400,"height":334,"caption":"Avenir Cycliste Lanester 56"},"image":{"@id":"https:\/\/www.aclanester56.com\/velo\/#\/schema\/logo\/image\/"},"sameAs":["https:\/\/www.facebook.com\/pages\/AC-Lanester-56\/190286300991242?fref=ts"]}]}},"_links":{"self":[{"href":"https:\/\/www.aclanester56.com\/velo\/wp-json\/wp\/v2\/pages\/16903","targetHints":{"allow":["GET"]}}],"collection":[{"href":"https:\/\/www.aclanester56.com\/velo\/wp-json\/wp\/v2\/pages"}],"about":[{"href":"https:\/\/www.aclanester56.com\/velo\/wp-json\/wp\/v2\/types\/page"}],"author":[{"embeddable":true,"href":"https:\/\/www.aclanester56.com\/velo\/wp-json\/wp\/v2\/users\/2"}],"replies":[{"embeddable":true,"href":"https:\/\/www.aclanester56.com\/velo\/wp-json\/wp\/v2\/comments?post=16903"}],"version-history":[{"count":0,"href":"https:\/\/www.aclanester56.com\/velo\/wp-json\/wp\/v2\/pages\/16903\/revisions"}],"wp:attachment":[{"href":"https:\/\/www.aclanester56.com\/velo\/wp-json\/wp\/v2\/media?parent=16903"}],"curies":[{"name":"wp","href":"https:\/\/api.w.org\/{rel}","templated":true}]}}